{"id":1343,"date":"2025-01-10T13:48:30","date_gmt":"2025-01-10T13:48:30","guid":{"rendered":"https:\/\/c3t-utn.ar\/?page_id=1343"},"modified":"2025-01-10T18:01:13","modified_gmt":"2025-01-10T18:01:13","slug":"diplomaturas","status":"publish","type":"page","link":"https:\/\/c3t-utn.ar\/?page_id=1343","title":{"rendered":"Diplomaturas"},"content":{"rendered":"<!-- NOTE: If you need to make changes to this file, copy it to your current theme's main\n\tdirectory so your changes won't be overwritten when the plugin is upgraded. -->\n\n<!-- Start of Post Wrap -->\n<div class=\"post hentry ivycat-post\">\n\t<!-- This is the output of the post TITLE -->\n\t<h2 class=\"entry-title\"><a href=\"https:\/\/c3t-utn.ar\/?p=1440\">Diplomatura en \u00abTransporte, Movilidad, Seguridad Vial y Log\u00edstica\u00bb en la UTN <\/a><\/h2>\n\t<\/br>\n\t<b><i>31 diciembre, 2025<\/i><\/b> <!-- Agrego fecha en el POST. DAS 17\/10\/2017. Lo bajo una fila. DAS 07\/03\/2018-->\n\n\t<!-- This is the output of the EXCERPT -->\n\t<div class=\"entry-summary\">\n\t\t <!-- COMENTADO PORQUE NO MOSTRABA INFO COMPLETA. SE CAMBIO A THE_CONTENT. DAS 17\/10\/2017 -->\n\t\t\n<p style=\"font-size:16px\"><strong>Octava cohorte \u2013 Edici\u00f3n 2026<\/strong><\/p>\n\n\n\n<div style=\"height:10px\" aria-hidden=\"true\" class=\"wp-block-spacer\"><\/div>\n\n\n\n<figure class=\"wp-block-image size-full\"><a href=\"https:\/\/c3t-utn.ar\/wp-content\/uploads\/2025\/12\/Diseno-sin-titulo-2.png\"><img loading=\"lazy\" width=\"839\" height=\"328\" src=\"https:\/\/c3t-utn.ar\/wp-content\/uploads\/2025\/12\/Diseno-sin-titulo-2.png\" alt=\"\" class=\"wp-image-1459\" srcset=\"https:\/\/c3t-utn.ar\/wp-content\/uploads\/2025\/12\/Diseno-sin-titulo-2.png 839w, https:\/\/c3t-utn.ar\/wp-content\/uploads\/2025\/12\/Diseno-sin-titulo-2-300x117.png 300w, https:\/\/c3t-utn.ar\/wp-content\/uploads\/2025\/12\/Diseno-sin-titulo-2-768x300.png 768w, https:\/\/c3t-utn.ar\/wp-content\/uploads\/2025\/12\/Diseno-sin-titulo-2-250x98.png 250w\" sizes=\"(max-width: 839px) 100vw, 839px\" \/><\/a><\/figure>\n\n\n\n<div style=\"height:5px\" aria-hidden=\"true\" class=\"wp-block-spacer\"><\/div>\n\n\n\n<p>Te invitamos a formar parte de la <strong>Diplomatura 2026 en Transporte, Movilidad, Seguridad Vial y Log\u00edstica<\/strong>, una propuesta acad\u00e9mica del <strong>Centro Tecnol\u00f3gico de Transporte, Tr\u00e1nsito y Seguridad Vial <\/strong>de la<strong> Universidad Tecnol\u00f3gica Nacional (UTN)<\/strong>, orientada a brindar una formaci\u00f3n integral en el campo del transporte.<\/p>\n\n\n\n<div style=\"height:15px\" aria-hidden=\"true\" class=\"wp-block-spacer\"><\/div>\n\n\n\n<p><strong>Objetivos<\/strong><\/p>\n\n\n\n<p><\/p>\n\n\n\n<p>El programa est\u00e1 dise\u00f1ado para capacitar a los participantes en tareas de planificaci\u00f3n, gesti\u00f3n, operaci\u00f3n, control y monitoreo, brindando conocimientos te\u00f3ricos y herramientas pr\u00e1cticas, aplicables a los \u00e1mbitos del transporte, la log\u00edstica y la seguridad vial. A lo largo de la cursada se abordan enfoques t\u00e9cnicos, sociales, ambientales y tecnol\u00f3gicos vinculados a la movilidad y los diversos sistemas de transporte.<\/p>\n\n\n\n<p><\/p>\n\n\n\n<div style=\"height:10px\" aria-hidden=\"true\" class=\"wp-block-spacer\"><\/div>\n\n\n\n<p><strong>Contenidos<\/strong><\/p>\n\n\n\n<ul><li>Transporte de pasajeros<\/li><li>Transporte de cargas<\/li><li>Infraestructura y sistemas inteligentes de transporte<\/li><li>Movilidad, seguridad vial y externalidades<\/li><li>Log\u00edstica<\/li><li>Trabajo Pr\u00e1ctico Integrador<\/li><\/ul>\n\n\n\n<p class=\"has-small-font-size\"><\/p>\n\n\n\n<p class=\"has-medium-font-size\"><a href=\"https:\/\/drive.google.com\/file\/d\/1XcL4YCkh4upgUijeCJGoJKUL_SnU6DMM\/view?usp=drive_link\" target=\"_blank\" rel=\"noreferrer noopener\">M\u00e1s informaci\u00f3n (Programa y Aranceles)<\/a><\/p>\n\n\n\n<p><strong>Modalidad y duraci\u00f3n<\/strong><\/p>\n\n\n\n<ul><li><strong>Duraci\u00f3n:<\/strong> abril a diciembre (1 a\u00f1o)<\/li><li><strong>Carga horaria total:<\/strong> 192 horas<\/li><li><strong>Modalidad:<\/strong> virtual<\/li><li><strong>Dictado:<\/strong> clases sincr\u00f3nicas y actividades asincr\u00f3nicas<\/li><li><strong>D\u00edas de cursada:<\/strong> s\u00e1bados cada 15 d\u00edas<\/li><li><strong>Horario:<\/strong> de 14 a 17 hs<\/li><\/ul>\n\n\n\n<p><\/p>\n\n\n\n<div style=\"height:10px\" aria-hidden=\"true\" class=\"wp-block-spacer\"><\/div>\n\n\n\n<p><strong>Metodolog\u00eda de trabajo<\/strong><\/p>\n\n\n\n<p>La diplomatura combina distintas estrategias de aprendizaje y evaluaciones, entre ellas:<\/p>\n\n\n\n<ul><li>Actividades individuales y grupales<\/li><li>Trabajos de campo y an\u00e1lisis territorial<\/li><li>Evaluaciones grupales e individuales<\/li><li>Exposiciones orales<\/li><\/ul>\n\n\n\n<p><\/p>\n\n\n\n<div style=\"height:10px\" aria-hidden=\"true\" class=\"wp-block-spacer\"><\/div>\n\n\n\n<p><strong>Material acad\u00e9mico<\/strong><\/p>\n\n\n\n<p>Los estudiantes contar\u00e1n con acceso a:<\/p>\n\n\n\n<ul><li>Clases grabadas y en vivo<\/li><li>Material bibliogr\u00e1fico y de lectura<\/li><li>Presentaciones, videos y recursos digitales<\/li><\/ul>\n\n\n\n<div style=\"height:5px\" aria-hidden=\"true\" class=\"wp-block-spacer\"><\/div>\n\n\n\n<hr class=\"wp-block-separator has-text-color has-background is-style-wide\" style=\"background-color:#0c5580;color:#0c5580\"\/>\n\n\n\n<div style=\"height:5px\" aria-hidden=\"true\" class=\"wp-block-spacer\"><\/div>\n\n\n\n<p><strong>Inscripci\u00f3n y consultas<\/strong><\/p>\n\n\n\n<p>Para iniciar el proceso de inscripci\u00f3n, complet\u00e1 el<a href=\"https:\/\/forms.gle\/x9HyUVXDcW422pcD7\" target=\"_blank\" rel=\"noreferrer noopener\"> <strong><em>Formulario de preinscripci\u00f3n<\/em><\/strong><\/a> y el equipo se comunicar\u00e1 a la brevedad.<\/p>\n\n\n\n<p><strong>Consultas:<\/strong> c3t@rec.utn.edu.ar<\/p>\n\n\n\n<p><strong>Whatsapp:<\/strong> 11 6730 9413<\/p>\n\n\n\n<div style=\"height:5px\" aria-hidden=\"true\" class=\"wp-block-spacer\"><\/div>\n\n\n\n<hr class=\"wp-block-separator has-text-color has-background is-style-wide\" style=\"background-color:#0c5580;color:#0c5580\"\/>\n\n\n\n<div style=\"height:10px\" aria-hidden=\"true\" class=\"wp-block-spacer\"><\/div>\n\n\n\n<p><strong>Formaci\u00f3n arancelada<\/strong><br>Consultar por valores y tarifas corporativas.<\/p>\n\n\n\n<div style=\"height:10px\" aria-hidden=\"true\" class=\"wp-block-spacer\"><\/div>\n\n\n\n<p>Sumate a una formaci\u00f3n especializada en un \u00e1rea estrat\u00e9gica para el desarrollo econ\u00f3mico y social. <strong>Capacitate en transporte, log\u00edstica y movilidad con el respaldo acad\u00e9mico de la UTN.<\/strong> <\/p>\n\n\n\n<div style=\"height:10px\" aria-hidden=\"true\" class=\"wp-block-spacer\"><\/div>\n\n\n\n<p><strong><em>Seguinos en nuestras redes<\/em><\/strong><\/p>\n\n\n\n<p><a href=\"https:\/\/www.instagram.com\/c3t.utn\/\" target=\"_blank\" rel=\"noreferrer noopener\">Instagram <\/a>| <a href=\"https:\/\/www.facebook.com\/profile.php?id=61556386444356\" target=\"_blank\" rel=\"noreferrer noopener\">Facebook<\/a><\/p>\n\t<\/div>\n\n\t<!-- This is the output of the META information -->\n\t<div class=\"entry-utility\">\n\t\t\t\t\t<span class=\"cat-links\">\n\t\t\t\t<span class=\"entry-utility-prep entry-utility-prep-cat-links\">Publicado en<\/span> <a href=\"https:\/\/c3t-utn.ar\/?cat=111\" rel=\"category\">Diplomatura<\/a>, <a href=\"https:\/\/c3t-utn.ar\/?cat=1\" rel=\"category\">Novedades<\/a>\t\t\t<\/span>\n\t\t\t<span class=\"meta-sep\">|<\/span>\n\t\t\t\t\t\t<!--<span class=\"comments-link\"><span>Comentarios desactivados<span class=\"screen-reader-text\"> en Diplomatura en \u00abTransporte, Movilidad, Seguridad Vial y Log\u00edstica\u00bb en la UTN<\/span><\/span><\/span>-->\n\t\t\t<\/div>\n<\/div>\n<!-- \/\/ End of Post Wrap -->\n<!-- NOTE: If you need to make changes to this file, copy it to your current theme's main\n\tdirectory so your changes won't be overwritten when the plugin is upgraded. -->\n\n<!-- Start of Post Wrap -->\n<div class=\"post hentry ivycat-post\">\n\t<!-- This is the output of the post TITLE -->\n\t<h2 class=\"entry-title\"><a href=\"https:\/\/c3t-utn.ar\/?p=1423\">Finaliz\u00f3 la sexta edici\u00f3n consecutiva de las Diplomaturas dictadas en Esteban Echeverr\u00eda <\/a><\/h2>\n\t<\/br>\n\t<b><i>22 diciembre, 2025<\/i><\/b> <!-- Agrego fecha en el POST. DAS 17\/10\/2017. Lo bajo una fila. DAS 07\/03\/2018-->\n\n\t<!-- This is the output of the EXCERPT -->\n\t<div class=\"entry-summary\">\n\t\t <!-- COMENTADO PORQUE NO MOSTRABA INFO COMPLETA. SE CAMBIO A THE_CONTENT. DAS 17\/10\/2017 -->\n\t\t\n<p>El <strong>Centro Tecnol\u00f3gico de Transporte, Tr\u00e1nsito y Seguridad Vial (C3T)<\/strong> de la <strong>Universidad Tecnol\u00f3gica Nacional<\/strong>, en convenio con el <strong>Municipio de Esteban Echeverr\u00eda<\/strong>, finaliz\u00f3 una nueva edici\u00f3n de la <strong>Diplomatura en Administraci\u00f3n de Instituciones<\/strong> y la <strong>Diplomatura en Transporte, Tr\u00e1nsito y Log\u00edstica<\/strong>, alcanzando as\u00ed la sexta edici\u00f3n consecutiva de ambas propuestas formativas en el distrito.<\/p>\n\n\n\n<div class=\"wp-block-columns\">\n<div class=\"wp-block-column\">\n<figure class=\"wp-block-image size-full is-resized\"><a href=\"https:\/\/c3t-utn.ar\/wp-content\/uploads\/2025\/12\/ee3-1.png\"><img loading=\"lazy\" src=\"https:\/\/c3t-utn.ar\/wp-content\/uploads\/2025\/12\/ee3-1.png\" alt=\"\" class=\"wp-image-1427\" width=\"354\" height=\"455\" srcset=\"https:\/\/c3t-utn.ar\/wp-content\/uploads\/2025\/12\/ee3-1.png 610w, https:\/\/c3t-utn.ar\/wp-content\/uploads\/2025\/12\/ee3-1-233x300.png 233w, https:\/\/c3t-utn.ar\/wp-content\/uploads\/2025\/12\/ee3-1-250x322.png 250w\" sizes=\"(max-width: 354px) 100vw, 354px\" \/><\/a><\/figure>\n<\/div>\n\n\n\n<div class=\"wp-block-column\">\n<figure class=\"wp-block-image size-full is-resized\"><a href=\"https:\/\/c3t-utn.ar\/wp-content\/uploads\/2025\/12\/ee2-1.png\"><img loading=\"lazy\" src=\"https:\/\/c3t-utn.ar\/wp-content\/uploads\/2025\/12\/ee2-1.png\" alt=\"\" class=\"wp-image-1426\" width=\"403\" height=\"455\" srcset=\"https:\/\/c3t-utn.ar\/wp-content\/uploads\/2025\/12\/ee2-1.png 611w, https:\/\/c3t-utn.ar\/wp-content\/uploads\/2025\/12\/ee2-1-265x300.png 265w, https:\/\/c3t-utn.ar\/wp-content\/uploads\/2025\/12\/ee2-1-250x283.png 250w\" sizes=\"(max-width: 403px) 100vw, 403px\" \/><\/a><\/figure>\n<\/div>\n<\/div>\n\n\n\n<p>Estas diplomaturas se desarrollan por sexto a\u00f1o consecutivo en articulaci\u00f3n con el municipio y forman parte del compromiso sostenido de la UTN con la capacitaci\u00f3n, el fortalecimiento de capacidades locales y el desarrollo profesional de vecinos y vecinas.<\/p>\n\n\n\n<p>La <strong>Diplomatura en Administraci\u00f3n de Instituciones<\/strong> est\u00e1 orientada a brindar herramientas fundamentales para la gesti\u00f3n institucional, tanto a quienes se desempe\u00f1an en organizaciones p\u00fablicas o privadas, como a quienes buscan mejorar su nivel de formaci\u00f3n o proyectarse hacia roles de mayor responsabilidad. A trav\u00e9s de una formaci\u00f3n intensiva, las y los participantes incorporan nociones clave de administraci\u00f3n, planificaci\u00f3n y organizaci\u00f3n, aplicables tanto al \u00e1mbito institucional como al desarrollo de emprendimientos propios.<\/p>\n\n\n\n<p>Por su parte, la <strong>Diplomatura en Transporte, Tr\u00e1nsito y Log\u00edstica<\/strong> aborda contenidos vinculados a la movilidad, la seguridad vial y la gesti\u00f3n log\u00edstica, promoviendo una mirada integral y actualizada sobre problem\u00e1ticas centrales del territorio.<\/p>\n\n\n\n<p>La finalizaci\u00f3n de esta nueva edici\u00f3n reafirma el valor del trabajo conjunto entre la Universidad y el Municipio, consolidando espacios de formaci\u00f3n accesibles y de calidad, orientados a generar oportunidades y acompa\u00f1ar el crecimiento profesional de la comunidad.<\/p>\n\n\n\n<p><strong><em>Para m\u00e1s informaci\u00f3n, seguinos en nuestras redes sociales:<\/em><\/strong><\/p>\n\n\n\n<p>Instagram: <a href=\"https:\/\/www.instagram.com\/c3t.utn\/\" target=\"_blank\" rel=\"noreferrer noopener\">c3t.utn<\/a><\/p>\n\n\n\n<p>Facebook: <a rel=\"noreferrer noopener\" href=\"https:\/\/www.facebook.com\/profile.php?id=61556386444356\" target=\"_blank\">C3T-UTN<\/a><\/p>\n\n\n\n<p>O escribinos al mail: c3t@rec.utn.edu.ar<\/p>\n\t<\/div>\n\n\t<!-- This is the output of the META information -->\n\t<div class=\"entry-utility\">\n\t\t\t\t\t<span class=\"cat-links\">\n\t\t\t\t<span class=\"entry-utility-prep entry-utility-prep-cat-links\">Publicado en<\/span> <a href=\"https:\/\/c3t-utn.ar\/?cat=111\" rel=\"category\">Diplomatura<\/a>, <a href=\"https:\/\/c3t-utn.ar\/?cat=1\" rel=\"category\">Novedades<\/a>\t\t\t<\/span>\n\t\t\t<span class=\"meta-sep\">|<\/span>\n\t\t\t\t\t\t<!--<span class=\"comments-link\"><span>Comentarios desactivados<span class=\"screen-reader-text\"> en Finaliz\u00f3 la sexta edici\u00f3n consecutiva de las Diplomaturas dictadas en Esteban Echeverr\u00eda<\/span><\/span><\/span>-->\n\t\t\t<\/div>\n<\/div>\n<!-- \/\/ End of Post Wrap -->\n<!-- NOTE: If you need to make changes to this file, copy it to your current theme's main\n\tdirectory so your changes won't be overwritten when the plugin is upgraded. -->\n\n<!-- Start of Post Wrap -->\n<div class=\"post hentry ivycat-post\">\n\t<!-- This is the output of the post TITLE -->\n\t<h2 class=\"entry-title\"><a href=\"https:\/\/c3t-utn.ar\/?p=1365\">Diplomatura 2025 en \u00abTransporte, Movilidad, Seguridad Vial y Log\u00edstica\u00bb en la UTN <\/a><\/h2>\n\t<\/br>\n\t<b><i>10 enero, 2025<\/i><\/b> <!-- Agrego fecha en el POST. DAS 17\/10\/2017. Lo bajo una fila. DAS 07\/03\/2018-->\n\n\t<!-- This is the output of the EXCERPT -->\n\t<div class=\"entry-summary\">\n\t\t <!-- COMENTADO PORQUE NO MOSTRABA INFO COMPLETA. SE CAMBIO A THE_CONTENT. DAS 17\/10\/2017 -->\n\t\t\n<p><strong>\u00a1INSCRIPCIONES ABIERTAS!<\/strong><\/p>\n\n\n\n<div class=\"wp-block-image\"><figure class=\"aligncenter size-large is-resized\"><a href=\"https:\/\/c3t-utn.ar\/wp-content\/uploads\/2025\/01\/difu-c3t_20250120_183726_0000.jpg\"><img loading=\"lazy\" src=\"https:\/\/c3t-utn.ar\/wp-content\/uploads\/2025\/01\/difu-c3t_20250120_183726_0000-724x1024.jpg\" alt=\"\" class=\"wp-image-1389\" width=\"422\" height=\"597\" srcset=\"https:\/\/c3t-utn.ar\/wp-content\/uploads\/2025\/01\/difu-c3t_20250120_183726_0000-724x1024.jpg 724w, https:\/\/c3t-utn.ar\/wp-content\/uploads\/2025\/01\/difu-c3t_20250120_183726_0000-212x300.jpg 212w, https:\/\/c3t-utn.ar\/wp-content\/uploads\/2025\/01\/difu-c3t_20250120_183726_0000-768x1086.jpg 768w, https:\/\/c3t-utn.ar\/wp-content\/uploads\/2025\/01\/difu-c3t_20250120_183726_0000-1086x1536.jpg 1086w, https:\/\/c3t-utn.ar\/wp-content\/uploads\/2025\/01\/difu-c3t_20250120_183726_0000-1448x2048.jpg 1448w, https:\/\/c3t-utn.ar\/wp-content\/uploads\/2025\/01\/difu-c3t_20250120_183726_0000-250x354.jpg 250w, https:\/\/c3t-utn.ar\/wp-content\/uploads\/2025\/01\/difu-c3t_20250120_183726_0000.jpg 1587w\" sizes=\"(max-width: 422px) 100vw, 422px\" \/><\/a><\/figure><\/div>\n\n\n\n<p>D<strong>iplomatura Universitaria &#8211; S\u00e9ptima cohorte<\/strong><\/p>\n\n\n\n<p><em>\u00a1Sumate a la Diplomatura 2025 en Transporte, Movilidad, Seguridad Vial y Log\u00edstica, organizada por el<\/em>&nbsp;<em>Centro Tecnol\u00f3gico de Transporte, Tr\u00e1nsito y Seguridad Vial de la Universidad Tecnol\u00f3gica Nacional&nbsp;<\/em>(<em>UTN)!<\/em><\/p>\n\n\n\n<p><strong>Objetivos:<\/strong><br>Esta diplomatura tiene como objetivo formar egresados capaces de desempe\u00f1arse en actividades de capacitaci\u00f3n, gesti\u00f3n, planificaci\u00f3n y operaci\u00f3n en \u00e1reas clave como transporte, log\u00edstica y seguridad vial. Se fomenta la aplicaci\u00f3n de conocimientos sobre tr\u00e1nsito, seguridad vial, sistemas inteligentes de transporte, infraestructura, veh\u00edculos, aspectos socioculturales y medioambientales del transporte.<\/p>\n\n\n\n<p><strong>Contenidos:<\/strong><\/p>\n\n\n\n<p>Transporte de Pasajeros<br>Transporte de Cargas<br>Infraestructura y Sistemas Inteligentes de Transporte<br>Movilidad, Seguridad Vial y Externalidades<br>Log\u00edstica<br>Trabajo Pr\u00e1ctico Integrador<\/p>\n\n\n\n<p><a rel=\"noreferrer noopener\" href=\"https:\/\/drive.google.com\/file\/d\/1IuIkss4E7f9kkZD6dO38oAQT3v-Xlqs_\/view?usp=drive_link\" target=\"_blank\">M\u00e1s informaci\u00f3n<\/a><\/p>\n\n\n\n<p><br><strong>Detalles del curso:<\/strong><\/p>\n\n\n\n<p>Duraci\u00f3n: Un a\u00f1o (abril \u2013 diciembre)<br>Carga horaria: 192 horas (incluye actividades sincr\u00f3nicas y asincr\u00f3nicas)<br>D\u00edas de dictado: S\u00e1bados cada 15 d\u00edas \u2013 de 14 a 17 hs.<\/p>\n\n\n\n<p><strong>Actividades:<\/strong><\/p>\n\n\n\n<p>Trabajos grupales e individuales<br>Trabajos de campo<br>Evaluaciones individuales y grupales<br>Exposiciones grupales<\/p>\n\n\n\n<p><strong>Material de apoyo:<\/strong><\/p>\n\n\n\n<p>Clases sincr\u00f3nicas y asincr\u00f3nicas<br>Materiales de estudio: videos, presentaciones y material de lectura<br>Trabajos de investigaci\u00f3n en diversos formatos<\/p>\n\n\n\n<p><br><strong>Consulta e inscripciones:<\/strong><\/p>\n\n\n\n<p>Complet\u00e1 el <a rel=\"noreferrer noopener\" href=\"https:\/\/forms.gle\/68kuYr7B4eXamVph9\" target=\"_blank\">Formulario de pre-inscripci\u00f3n<\/a> y nos pondremos en contacto a la brevedad.<\/p>\n\n\n\n<p>Para m\u00e1s informaci\u00f3n, cont\u00e1ctanos a trav\u00e9s de correo electr\u00f3nico:&nbsp;<strong>c3t@rec.utn.edu.ar<\/strong><\/p>\n\n\n\n<p>Formaci\u00f3n arancelada &#8211; Consultar por precios corporativos<\/p>\n\n\n\n<p><em>Aprovecha esta oportunidad para especializarte en un campo hoy en d\u00eda fundamental para toda actividad econ\u00f3mica, como lo es el transporte, la log\u00edstica y la movilidad. \u00a1Inscribite ahora!<\/em><\/p>\n\t<\/div>\n\n\t<!-- This is the output of the META information -->\n\t<div class=\"entry-utility\">\n\t\t\t\t\t<span class=\"cat-links\">\n\t\t\t\t<span class=\"entry-utility-prep entry-utility-prep-cat-links\">Publicado en<\/span> <a href=\"https:\/\/c3t-utn.ar\/?cat=111\" rel=\"category\">Diplomatura<\/a>\t\t\t<\/span>\n\t\t\t<span class=\"meta-sep\">|<\/span>\n\t\t\t\t\t\t<!--<span class=\"comments-link\"><span>Comentarios desactivados<span class=\"screen-reader-text\"> en Diplomatura 2025 en \u00abTransporte, Movilidad, Seguridad Vial y Log\u00edstica\u00bb en la UTN<\/span><\/span><\/span>-->\n\t\t\t<\/div>\n<\/div>\n<!-- \/\/ End of Post Wrap -->\n\n","protected":false},"excerpt":{"rendered":"","protected":false},"author":1,"featured_media":0,"parent":0,"menu_order":0,"comment_status":"closed","ping_status":"closed","template":"","meta":[],"_links":{"self":[{"href":"https:\/\/c3t-utn.ar\/index.php?rest_route=\/wp\/v2\/pages\/1343"}],"collection":[{"href":"https:\/\/c3t-utn.ar\/index.php?rest_route=\/wp\/v2\/pages"}],"about":[{"href":"https:\/\/c3t-utn.ar\/index.php?rest_route=\/wp\/v2\/types\/page"}],"author":[{"embeddable":true,"href":"https:\/\/c3t-utn.ar\/index.php?rest_route=\/wp\/v2\/users\/1"}],"replies":[{"embeddable":true,"href":"https:\/\/c3t-utn.ar\/index.php?rest_route=%2Fwp%2Fv2%2Fcomments&post=1343"}],"version-history":[{"count":5,"href":"https:\/\/c3t-utn.ar\/index.php?rest_route=\/wp\/v2\/pages\/1343\/revisions"}],"predecessor-version":[{"id":1379,"href":"https:\/\/c3t-utn.ar\/index.php?rest_route=\/wp\/v2\/pages\/1343\/revisions\/1379"}],"wp:attachment":[{"href":"https:\/\/c3t-utn.ar\/index.php?rest_route=%2Fwp%2Fv2%2Fmedia&parent=1343"}],"curies":[{"name":"wp","href":"https:\/\/api.w.org\/{rel}","templated":true}]}}