{"id":15,"date":"2013-11-28T00:26:16","date_gmt":"2013-11-28T00:26:16","guid":{"rendered":"http:\/\/c3t-utn.com.ar\/?page_id=15"},"modified":"2014-11-26T22:48:52","modified_gmt":"2014-11-26T22:48:52","slug":"jornadas-tecnicas","status":"publish","type":"page","link":"https:\/\/c3t-utn.ar\/?page_id=15","title":{"rendered":"Jornadas T\u00e9cnicas"},"content":{"rendered":"<p style=\"text-align: left;\"><i>Las Jornadas T\u00e9cnicas del C3T \u2013 UTN tienen por objetivo fomentar el intercambio de ideas en un marco propicio para el tratamiento de cuestiones relacionadas con el transporte. Los encuentros comienzan con una exposici\u00f3n a cargo de un especialista que puede ser o no un integrante de este centro, luego de lo cual se da por abierto el debate en el que la participaci\u00f3n del p\u00fablico tiene un lugar central.<\/i><\/p>\n<p style=\"text-align: left;\">\n<p style=\"text-align: left;\">\n<h3> Jordanas T\u00e9cnicas realizadas <\/h3>\n<!-- NOTE: If you need to make changes to this file, copy it to your current theme's main\n\tdirectory so your changes won't be overwritten when the plugin is upgraded. -->\n\n<!-- Start of Post Wrap -->\n<div class=\"post hentry ivycat-post\">\n\t<!-- This is the output of the post TITLE -->\n\t<h2 class=\"entry-title\"><a href=\"https:\/\/c3t-utn.ar\/?p=1315\">Exitosa Jornada T\u00e9cnica sobre Log\u00edstica Urbana organizada por el C3T de la UTN <\/a><\/h2>\n\t<\/br>\n\t<b><i>1 abril, 2024<\/i><\/b> <!-- Agrego fecha en el POST. DAS 17\/10\/2017. Lo bajo una fila. DAS 07\/03\/2018-->\n\n\t<!-- This is the output of the EXCERPT -->\n\t<div class=\"entry-summary\">\n\t\t <!-- COMENTADO PORQUE NO MOSTRABA INFO COMPLETA. SE CAMBIO A THE_CONTENT. DAS 17\/10\/2017 -->\n\t\t\n<p>El pasado 16 de marzo, el Centro Tecnol\u00f3gico de Transporte, Tr\u00e1nsito y Seguridad Vial (C3T) de la Universidad Tecnol\u00f3gica Nacional (UTN) llev\u00f3 a cabo una destacada <strong>Jornada T\u00e9cnica Virtual<\/strong> bajo el t\u00edtulo <em>\u00abLog\u00edstica Urbana, nuevos desaf\u00edos en las grandes ciudades\u00bb<\/em>. El evento reuni\u00f3 a expertos y profesionales del sector para analizar los retos que enfrenta la log\u00edstica urbana en el contexto actual.<\/p>\n\n\n\n<p>La jornada inici\u00f3 con palabras de apertura a cargo del Director del C3T, el Ing. Enrique Mar\u00eda Figueira, quien destac\u00f3 la importancia de abordar temas cr\u00edticos como el transporte urbano y la gesti\u00f3n eficiente de la log\u00edstica en grandes centros urbanos. A continuaci\u00f3n, el Ing. Guillermo Maximiliano Parisi desarroll\u00f3 el tema central de la jornada, ofreciendo una perspectiva actualizada sobre los desaf\u00edos y oportunidades en la log\u00edstica urbana.<\/p>\n\n\n\n<p>Adem\u00e1s, se present\u00f3 la oferta acad\u00e9mica de la <strong>Diplomatura 2024 en Transporte, Movilidad, Seguridad Vial y Log\u00edstica<\/strong>, a cargo del Ing. Hugo Rol\u00f3n y el Tec. Federico L\u00f3pez Dentone, quienes compartieron detalles sobre los contenidos y objetivos de esta formaci\u00f3n especializada.<\/p>\n\n\n\n<p>El evento, gratuito y con cupos limitados, permiti\u00f3 a los asistentes acceder a valiosa informaci\u00f3n y establecer contactos en un espacio de intercambio profesional. La jornada fue un \u00e9xito, reafirmando el compromiso del C3T y la UTN en la capacitaci\u00f3n y actualizaci\u00f3n constante en temas de transporte y log\u00edstica, esenciales para el desarrollo de nuestras ciudades.<\/p>\n\n\n\n<figure class=\"wp-block-image size-full is-resized\"><a href=\"https:\/\/c3t-utn.ar\/wp-content\/uploads\/2024\/11\/shot_241113_140911.png\"><img loading=\"lazy\" src=\"https:\/\/c3t-utn.ar\/wp-content\/uploads\/2024\/11\/shot_241113_140911.png\" alt=\"\" class=\"wp-image-1316\" width=\"369\" height=\"373\" srcset=\"https:\/\/c3t-utn.ar\/wp-content\/uploads\/2024\/11\/shot_241113_140911.png 436w, https:\/\/c3t-utn.ar\/wp-content\/uploads\/2024\/11\/shot_241113_140911-297x300.png 297w, https:\/\/c3t-utn.ar\/wp-content\/uploads\/2024\/11\/shot_241113_140911-250x253.png 250w\" sizes=\"(max-width: 369px) 100vw, 369px\" \/><\/a><\/figure>\n\t<\/div>\n\n\t<!-- This is the output of the META information -->\n\t<div class=\"entry-utility\">\n\t\t\t\t\t<span class=\"cat-links\">\n\t\t\t\t<span class=\"entry-utility-prep entry-utility-prep-cat-links\">Publicado en<\/span> <a href=\"https:\/\/c3t-utn.ar\/?cat=3\" rel=\"category\">Jornadas T\u00e9cnicas<\/a>\t\t\t<\/span>\n\t\t\t<span class=\"meta-sep\">|<\/span>\n\t\t\t\t\t\t<!--<span class=\"comments-link\"><span>Comentarios desactivados<span class=\"screen-reader-text\"> en Exitosa Jornada T\u00e9cnica sobre Log\u00edstica Urbana organizada por el C3T de la UTN<\/span><\/span><\/span>-->\n\t\t\t<\/div>\n<\/div>\n<!-- \/\/ End of Post Wrap -->\n<!-- NOTE: If you need to make changes to this file, copy it to your current theme's main\n\tdirectory so your changes won't be overwritten when the plugin is upgraded. -->\n\n<!-- Start of Post Wrap -->\n<div class=\"post hentry ivycat-post\">\n\t<!-- This is the output of the post TITLE -->\n\t<h2 class=\"entry-title\"><a href=\"https:\/\/c3t-utn.ar\/?p=1117\">Se realiz\u00f3 la jornada \u00abG\u00e9nero, transporte y movilidad\u00bb en la UTN <\/a><\/h2>\n\t<\/br>\n\t<b><i>30 noviembre, 2018<\/i><\/b> <!-- Agrego fecha en el POST. DAS 17\/10\/2017. Lo bajo una fila. DAS 07\/03\/2018-->\n\n\t<!-- This is the output of the EXCERPT -->\n\t<div class=\"entry-summary\">\n\t\t <!-- COMENTADO PORQUE NO MOSTRABA INFO COMPLETA. SE CAMBIO A THE_CONTENT. DAS 17\/10\/2017 -->\n\t\t<p>El jueves 8 de noviembre se desarroll\u00f3 la Jornada \u201cG\u00e9nero, transporte y movilidad\u201d, organizada por el\u00a0 Centro Tecnol\u00f3gico de Transporte, Tr\u00e1nsito y Seguridad Vial (C3T) de la Universidad Tecnol\u00f3gica Nacional, con la participaci\u00f3n de la Secretar\u00eda de Gesti\u00f3n, la Secretar\u00eda de Cultura y Extensi\u00f3n Universitaria, el Departamento de Ingenier\u00eda Civil, el Departamento de Ingenier\u00eda Industrial, el Centro de Estudiantes y el Programa de Intervenci\u00f3n Institucional por la Equidad de G\u00e9nero (ING\u00e9neros).<\/p>\n<p>Durante la Jornada, la Lic. Leda Pereyra y la Lic. Mariela Nerome disertaron sobre c\u00f3mo es la movilidad cotidiana de las mujeres en comparaci\u00f3n con la movilidad de los varones en la Argentina; los resultados y el abordaje metodol\u00f3gico del proyecto \u201cElla se mueve segura\u201d; y los aprendizajes metodol\u00f3gicos sobre el manejo de la informaci\u00f3n cuantitativa, cualitativa y el uso del Big Data.<\/p>\n<p>La jornada se transmiti\u00f3 en vivo, mediante videoconferencia con la UTN-FRSF, que mostr\u00f3 inter\u00e9s en la tem\u00e1tica y quiso participar del evento.<\/p>\n<p style=\"text-align: center;\"><a href=\"http:\/\/c3t-utn.ar\/wp-content\/uploads\/2018\/11\/01.jpg\"><img loading=\"lazy\" class=\"alignnone size-medium wp-image-1118\" src=\"http:\/\/c3t-utn.ar\/wp-content\/uploads\/2018\/11\/01-300x233.jpg\" alt=\"01\" width=\"300\" height=\"233\" srcset=\"https:\/\/c3t-utn.ar\/wp-content\/uploads\/2018\/11\/01-300x233.jpg 300w, https:\/\/c3t-utn.ar\/wp-content\/uploads\/2018\/11\/01-250x194.jpg 250w, https:\/\/c3t-utn.ar\/wp-content\/uploads\/2018\/11\/01.jpg 593w\" sizes=\"(max-width: 300px) 100vw, 300px\" \/><\/a><\/p>\n\t<\/div>\n\n\t<!-- This is the output of the META information -->\n\t<div class=\"entry-utility\">\n\t\t\t\t\t<span class=\"cat-links\">\n\t\t\t\t<span class=\"entry-utility-prep entry-utility-prep-cat-links\">Publicado en<\/span> <a href=\"https:\/\/c3t-utn.ar\/?cat=3\" rel=\"category\">Jornadas T\u00e9cnicas<\/a>, <a href=\"https:\/\/c3t-utn.ar\/?cat=1\" rel=\"category\">Novedades<\/a>\t\t\t<\/span>\n\t\t\t<span class=\"meta-sep\">|<\/span>\n\t\t\t\t\t\t\t<span class=\"tag-links\">\n\t\t\t\t<span class=\"entry-utility-prep entry-utility-prep-tag-links\">Etiquetas<\/span> <a href=\"https:\/\/c3t-utn.ar\/?tag=asistencia-tecnica\" rel=\"tag\">Asistencia t\u00e9cnica<\/a>, <a href=\"https:\/\/c3t-utn.ar\/?tag=distribucion-modal\" rel=\"tag\">Distribuci\u00f3n Modal<\/a>, <a href=\"https:\/\/c3t-utn.ar\/?tag=informacion\" rel=\"tag\">Informaci\u00f3n<\/a>, <a href=\"https:\/\/c3t-utn.ar\/?tag=movilidad\" rel=\"tag\">Movilidad<\/a>, <a href=\"https:\/\/c3t-utn.ar\/?tag=pasajeros\" rel=\"tag\">Pasajeros<\/a>, <a href=\"https:\/\/c3t-utn.ar\/?tag=servicios-de-transporte-publico\" rel=\"tag\">Servicios de transporte p\u00fablico<\/a>, <a href=\"https:\/\/c3t-utn.ar\/?tag=urbano\" rel=\"tag\">Urbano<\/a>\t\t\t<\/span>\n\t\t\t<!--<span class=\"meta-sep\">|<\/span>-->\n\t\t\t\t<!--<span class=\"comments-link\"><span>Comentarios desactivados<span class=\"screen-reader-text\"> en Se realiz\u00f3 la jornada \u00abG\u00e9nero, transporte y movilidad\u00bb en la UTN<\/span><\/span><\/span>-->\n\t\t\t<\/div>\n<\/div>\n<!-- \/\/ End of Post Wrap -->\n<!-- NOTE: If you need to make changes to this file, copy it to your current theme's main\n\tdirectory so your changes won't be overwritten when the plugin is upgraded. -->\n\n<!-- Start of Post Wrap -->\n<div class=\"post hentry ivycat-post\">\n\t<!-- This is the output of the post TITLE -->\n\t<h2 class=\"entry-title\"><a href=\"https:\/\/c3t-utn.ar\/?p=1107\">Jornada \u201cG\u00e9nero, transporte y movilidad\u201d en la UTN <\/a><\/h2>\n\t<\/br>\n\t<b><i>4 noviembre, 2018<\/i><\/b> <!-- Agrego fecha en el POST. DAS 17\/10\/2017. Lo bajo una fila. DAS 07\/03\/2018-->\n\n\t<!-- This is the output of the EXCERPT -->\n\t<div class=\"entry-summary\">\n\t\t <!-- COMENTADO PORQUE NO MOSTRABA INFO COMPLETA. SE CAMBIO A THE_CONTENT. DAS 17\/10\/2017 -->\n\t\t<p>El jueves 8 de noviembre a las 19:00 hs. se desarrollar\u00e1 la Jornada \u201cG\u00e9nero, transporte y movilidad\u201d, organizada por el\u00a0 Centro Tecnol\u00f3gico de Transporte, Tr\u00e1nsito y Seguridad Vial (C3T) de la Universidad Tecnol\u00f3gica Nacional, con la participaci\u00f3n de la Secretar\u00eda de Gesti\u00f3n, la Secretar\u00eda de Cultura y Extensi\u00f3n Universitaria, el Departamento de Ingenier\u00eda Civil, el Departamento de Ingenier\u00eda Industrial, el Centro de Estudiantes y el Programa de Intervenci\u00f3n Institucional por la Equidad de G\u00e9nero (ING\u00e9neros).<\/p>\n<p>El objetivo del encuentro es reflexionar sobre la relaci\u00f3n entre el dise\u00f1o de las ciudades, el transporte y la violencia contra las mujeres, as\u00ed como reivindicar mejoras urbanas y de transporte que ayuden a las mujeres a disfrutar de la calle con mayor libertad.<\/p>\n<p>Durante la Jornada, la Lic. Leda Pereyra y la Lic. Mariela Nerome disertar\u00e1n sobre c\u00f3mo es la movilidad cotidiana de las mujeres en comparaci\u00f3n con la movilidad de los varones en la Argentina; los resultados y el abordaje metodol\u00f3gico del proyecto \u201cElla se mueve segura\u201d; y los aprendizajes metodol\u00f3gicos sobre el manejo de la informaci\u00f3n cuantitativa, cualitativa y el uso del Big Data.<\/p>\n<p>La actividad tendr\u00e1 lugar en el Sal\u00f3n de Videoconferencias del Campus Villa Dom\u00ednico de la Universidad Tecnol\u00f3gica Nacional \u2013 Facultad Regional Avellaneda (UTN-FRA), en av. Ram\u00f3n Franco 5050 &#8211; Avellaneda.<\/p>\n\t<\/div>\n\n\t<!-- This is the output of the META information -->\n\t<div class=\"entry-utility\">\n\t\t\t\t\t<span class=\"cat-links\">\n\t\t\t\t<span class=\"entry-utility-prep entry-utility-prep-cat-links\">Publicado en<\/span> <a href=\"https:\/\/c3t-utn.ar\/?cat=3\" rel=\"category\">Jornadas T\u00e9cnicas<\/a>, <a href=\"https:\/\/c3t-utn.ar\/?cat=1\" rel=\"category\">Novedades<\/a>\t\t\t<\/span>\n\t\t\t<span class=\"meta-sep\">|<\/span>\n\t\t\t\t\t\t\t<span class=\"tag-links\">\n\t\t\t\t<span class=\"entry-utility-prep entry-utility-prep-tag-links\">Etiquetas<\/span> <a href=\"https:\/\/c3t-utn.ar\/?tag=big-data\" rel=\"tag\">Big Data<\/a>, <a href=\"https:\/\/c3t-utn.ar\/?tag=genero\" rel=\"tag\">G\u00e9nero<\/a>, <a href=\"https:\/\/c3t-utn.ar\/?tag=movilidad\" rel=\"tag\">Movilidad<\/a>, <a href=\"https:\/\/c3t-utn.ar\/?tag=mujeres\" rel=\"tag\">Mujeres<\/a>, <a href=\"https:\/\/c3t-utn.ar\/?tag=urbano\" rel=\"tag\">Urbano<\/a>\t\t\t<\/span>\n\t\t\t<!--<span class=\"meta-sep\">|<\/span>-->\n\t\t\t\t<!--<span class=\"comments-link\"><span>Comentarios desactivados<span class=\"screen-reader-text\"> en Jornada \u201cG\u00e9nero, transporte y movilidad\u201d en la UTN<\/span><\/span><\/span>-->\n\t\t\t<\/div>\n<\/div>\n<!-- \/\/ End of Post Wrap -->\n<!-- NOTE: If you need to make changes to this file, copy it to your current theme's main\n\tdirectory so your changes won't be overwritten when the plugin is upgraded. -->\n\n<!-- Start of Post Wrap -->\n<div class=\"post hentry ivycat-post\">\n\t<!-- This is the output of the post TITLE -->\n\t<h2 class=\"entry-title\"><a href=\"https:\/\/c3t-utn.ar\/?p=962\">Jornadas informativas sobre seguridad vial: \u201cConciencia en el uso de motoveh\u00edculos\u201d <\/a><\/h2>\n\t<\/br>\n\t<b><i>24 enero, 2018<\/i><\/b> <!-- Agrego fecha en el POST. DAS 17\/10\/2017. Lo bajo una fila. DAS 07\/03\/2018-->\n\n\t<!-- This is the output of the EXCERPT -->\n\t<div class=\"entry-summary\">\n\t\t <!-- COMENTADO PORQUE NO MOSTRABA INFO COMPLETA. SE CAMBIO A THE_CONTENT. DAS 17\/10\/2017 -->\n\t\t<p style=\"text-align: justify;\">Durante los \u00faltimos meses del 2017 el C3T llev\u00f3 adelante jornadas informativas sobre seguridad vial en distintos \u00e1mbitos, a partir de un proyecto de extensi\u00f3n financiado por la Secretar\u00eda de Pol\u00edticas Universitarias.<\/p>\n<p style=\"text-align: justify;\">El t\u00edtulo del proyecto es \u201cConciencia en el uso de motoveh\u00edculos\u201d, y hasta la fecha se realizaron 4 encuentros en los que se brind\u00f3 informaci\u00f3n sobre seguridad vial.<\/p>\n<p style=\"text-align: justify;\">En las presentaciones se expusieron los siguientes temas:<\/p>\n<ul style=\"text-align: justify;\">\n<li>Transporte, movilidad y utilizaci\u00f3n de motoveh\u00edculos: ventajas y desventajas.<\/li>\n<li>Estad\u00edsticas de Siniestralidad Vial.<\/li>\n<li>Normativa vigente.<\/li>\n<li>Comportamientos imprudentes\u00a0en la conducci\u00f3n de motoveh\u00edculos.<\/li>\n<li>T\u00e9cnicas de Conducci\u00f3n segura: equipos de seguridad, buenas pr\u00e1cticas de manejo, etc.<\/li>\n<\/ul>\n<p style=\"text-align: justify;\">Las jornadas informativas, de aproximadamente una hora, se desarrollaron en la instituci\u00f3n (Universidad Tecnol\u00f3gica Nacional \u2013 Facultad Regional Avellaneda) y en otros establecimientos educativos de la zona: la Escuela T\u00e9cnica Ing. Dr. Angel Gallardo y la Escuela de Ense\u00f1anza Media N\u00b014 &#8211; Roberto Noble.<\/p>\n<p><strong>\u00a0A continuaci\u00f3n se puede descargar la presentaci\u00f3n expuesta haciendo click\u00a0 <a href=\"http:\/\/c3t-utn.ar\/wp-content\/uploads\/2018\/01\/Presentaci\u00f3n-final.-CONCIENCIA-EN-EL-USO-DE-MOTOVEHICULOS.pdf\">aqu\u00ed<\/a><\/strong><\/p>\n<p><div id=\"attachment_963\" style=\"width: 310px\" class=\"wp-caption aligncenter\"><a href=\"http:\/\/c3t-utn.ar\/wp-content\/uploads\/2018\/01\/IMG_20171110_191038945_HDR.jpg\"><img aria-describedby=\"caption-attachment-963\" loading=\"lazy\" class=\"wp-image-963 size-medium\" src=\"http:\/\/c3t-utn.ar\/wp-content\/uploads\/2018\/01\/IMG_20171110_191038945_HDR-300x224.jpg\" alt=\"Presentaci\u00f3n realizada en Escuela T\u00e9cnica Ing. Dr. Angel Gallardo.\" width=\"300\" height=\"224\" srcset=\"https:\/\/c3t-utn.ar\/wp-content\/uploads\/2018\/01\/IMG_20171110_191038945_HDR-300x224.jpg 300w, https:\/\/c3t-utn.ar\/wp-content\/uploads\/2018\/01\/IMG_20171110_191038945_HDR-1024x768.jpg 1024w, https:\/\/c3t-utn.ar\/wp-content\/uploads\/2018\/01\/IMG_20171110_191038945_HDR-250x187.jpg 250w\" sizes=\"(max-width: 300px) 100vw, 300px\" \/><\/a><p id=\"caption-attachment-963\" class=\"wp-caption-text\">Presentaci\u00f3n realizada en Escuela T\u00e9cnica Ing. Dr. Angel Gallardo.<\/p><\/div><\/p>\n<p>&nbsp;<\/p>\n<p><div id=\"attachment_965\" style=\"width: 310px\" class=\"wp-caption aligncenter\"><a href=\"http:\/\/c3t-utn.ar\/wp-content\/uploads\/2018\/01\/IMG_20171117_151646923.jpg\"><img aria-describedby=\"caption-attachment-965\" loading=\"lazy\" class=\"wp-image-965 size-medium\" src=\"http:\/\/c3t-utn.ar\/wp-content\/uploads\/2018\/01\/IMG_20171117_151646923-300x224.jpg\" alt=\"Presentaci\u00f3n realizada en Escuela de Ense\u00f1anza Media N\u00b014\" width=\"300\" height=\"224\" srcset=\"https:\/\/c3t-utn.ar\/wp-content\/uploads\/2018\/01\/IMG_20171117_151646923-300x224.jpg 300w, https:\/\/c3t-utn.ar\/wp-content\/uploads\/2018\/01\/IMG_20171117_151646923-1024x768.jpg 1024w, https:\/\/c3t-utn.ar\/wp-content\/uploads\/2018\/01\/IMG_20171117_151646923-250x187.jpg 250w\" sizes=\"(max-width: 300px) 100vw, 300px\" \/><\/a><p id=\"caption-attachment-965\" class=\"wp-caption-text\">Presentaci\u00f3n realizada en Escuela de Ense\u00f1anza Media N\u00b014<\/p><\/div><\/p>\n<p>&nbsp;<\/p>\n<p><div id=\"attachment_966\" style=\"width: 310px\" class=\"wp-caption aligncenter\"><a href=\"http:\/\/c3t-utn.ar\/wp-content\/uploads\/2018\/01\/WhatsApp-Image-2017-10-05-at-11.59.30-2.jpeg\"><img aria-describedby=\"caption-attachment-966\" loading=\"lazy\" class=\"wp-image-966 size-medium\" src=\"http:\/\/c3t-utn.ar\/wp-content\/uploads\/2018\/01\/WhatsApp-Image-2017-10-05-at-11.59.30-2-300x168.jpeg\" alt=\"Presentaci\u00f3n realizada en la UTN-FRA. Estudiantes de 4to a\u00f1o.\" width=\"300\" height=\"168\" srcset=\"https:\/\/c3t-utn.ar\/wp-content\/uploads\/2018\/01\/WhatsApp-Image-2017-10-05-at-11.59.30-2-300x168.jpeg 300w, https:\/\/c3t-utn.ar\/wp-content\/uploads\/2018\/01\/WhatsApp-Image-2017-10-05-at-11.59.30-2-1024x575.jpeg 1024w, https:\/\/c3t-utn.ar\/wp-content\/uploads\/2018\/01\/WhatsApp-Image-2017-10-05-at-11.59.30-2-250x140.jpeg 250w, https:\/\/c3t-utn.ar\/wp-content\/uploads\/2018\/01\/WhatsApp-Image-2017-10-05-at-11.59.30-2.jpeg 1040w\" sizes=\"(max-width: 300px) 100vw, 300px\" \/><\/a><p id=\"caption-attachment-966\" class=\"wp-caption-text\">Presentaci\u00f3n realizada en la UTN-FRA. Estudiantes de 4to a\u00f1o.<\/p><\/div><\/p>\n<p>&nbsp;<\/p>\n<p><div id=\"attachment_967\" style=\"width: 296px\" class=\"wp-caption aligncenter\"><a href=\"http:\/\/c3t-utn.ar\/wp-content\/uploads\/2018\/01\/WhatsApp-Image-2017-10-09-at-16.50.54-1.jpeg\"><img aria-describedby=\"caption-attachment-967\" loading=\"lazy\" class=\"wp-image-967\" src=\"http:\/\/c3t-utn.ar\/wp-content\/uploads\/2018\/01\/WhatsApp-Image-2017-10-09-at-16.50.54-1-300x224.jpeg\" alt=\"Presentaci\u00f3n realizada en la UTN-FRA. Estudiantes de 1er a\u00f1o.\" width=\"286\" height=\"213\" srcset=\"https:\/\/c3t-utn.ar\/wp-content\/uploads\/2018\/01\/WhatsApp-Image-2017-10-09-at-16.50.54-1-300x224.jpeg 300w, https:\/\/c3t-utn.ar\/wp-content\/uploads\/2018\/01\/WhatsApp-Image-2017-10-09-at-16.50.54-1-250x187.jpeg 250w\" sizes=\"(max-width: 286px) 100vw, 286px\" \/><\/a><p id=\"caption-attachment-967\" class=\"wp-caption-text\">Capacitadores de la UTN-FRA<\/p><\/div><\/p>\n\t<\/div>\n\n\t<!-- This is the output of the META information -->\n\t<div class=\"entry-utility\">\n\t\t\t\t\t<span class=\"cat-links\">\n\t\t\t\t<span class=\"entry-utility-prep entry-utility-prep-cat-links\">Publicado en<\/span> <a href=\"https:\/\/c3t-utn.ar\/?cat=3\" rel=\"category\">Jornadas T\u00e9cnicas<\/a>, <a href=\"https:\/\/c3t-utn.ar\/?cat=1\" rel=\"category\">Novedades<\/a>\t\t\t<\/span>\n\t\t\t<span class=\"meta-sep\">|<\/span>\n\t\t\t\t\t\t\t<span class=\"tag-links\">\n\t\t\t\t<span class=\"entry-utility-prep entry-utility-prep-tag-links\">Etiquetas<\/span> <a href=\"https:\/\/c3t-utn.ar\/?tag=extension-universitaria\" rel=\"tag\">Extensi\u00f3n Universitaria<\/a>, <a href=\"https:\/\/c3t-utn.ar\/?tag=informacion\" rel=\"tag\">Informaci\u00f3n<\/a>, <a href=\"https:\/\/c3t-utn.ar\/?tag=motovehiculos\" rel=\"tag\">Motoveh\u00edculos<\/a>, <a href=\"https:\/\/c3t-utn.ar\/?tag=normativa\" rel=\"tag\">Normativa<\/a>, <a href=\"https:\/\/c3t-utn.ar\/?tag=seguridad-vial\" rel=\"tag\">Seguridad vial<\/a>, <a href=\"https:\/\/c3t-utn.ar\/?tag=transporte-automotor\" rel=\"tag\">Transporte automotor<\/a>, <a href=\"https:\/\/c3t-utn.ar\/?tag=universidad\" rel=\"tag\">Universidad<\/a>\t\t\t<\/span>\n\t\t\t<!--<span class=\"meta-sep\">|<\/span>-->\n\t\t\t\t<!--<span class=\"comments-link\"><span>Comentarios desactivados<span class=\"screen-reader-text\"> en Jornadas informativas sobre seguridad vial: \u201cConciencia en el uso de motoveh\u00edculos\u201d<\/span><\/span><\/span>-->\n\t\t\t<\/div>\n<\/div>\n<!-- \/\/ End of Post Wrap -->\n<!-- NOTE: If you need to make changes to this file, copy it to your current theme's main\n\tdirectory so your changes won't be overwritten when the plugin is upgraded. -->\n\n<!-- Start of Post Wrap -->\n<div class=\"post hentry ivycat-post\">\n\t<!-- This is the output of the post TITLE -->\n\t<h2 class=\"entry-title\"><a href=\"https:\/\/c3t-utn.ar\/?p=882\">El C3T particip\u00f3 de las primeras \u00abJornadas de Ense\u00f1anza e Innovaci\u00f3n\u00bb en la UTN Avellaneda <\/a><\/h2>\n\t<\/br>\n\t<b><i>18 octubre, 2017<\/i><\/b> <!-- Agrego fecha en el POST. DAS 17\/10\/2017. Lo bajo una fila. DAS 07\/03\/2018-->\n\n\t<!-- This is the output of the EXCERPT -->\n\t<div class=\"entry-summary\">\n\t\t <!-- COMENTADO PORQUE NO MOSTRABA INFO COMPLETA. SE CAMBIO A THE_CONTENT. DAS 17\/10\/2017 -->\n\t\t<p>El martes 10 y mi\u00e9rcoles 11 de octubre se desarrollaron las Primeras Jornadas de Ense\u00f1anza e Innovaci\u00f3n en Carreras de Ingenier\u00eda (JEICI &#8211; UTNFRA 2017) \u201cExperiencias de ense\u00f1anza en carreras de Ingenier\u00eda\u201d, organizadas por la Secretar\u00eda Acad\u00e9mica, el Departamento de Innovaci\u00f3n Tecnol\u00f3gica para la Ense\u00f1anza (InTec) y el Departamento de Materias B\u00e1sicas de la Facultad Regional Avellaneda de la Universidad Tecnol\u00f3gica Nacional.<\/p>\n<p>Las jornadas buscaron generar\u00a0un espacio de intercambio de experiencias innovadoras de ense\u00f1anza entre investigadores, docentes, graduados y estudiantes, promoviendo su participaci\u00f3n a partir de reportes de investigaci\u00f3n o de divulgaci\u00f3n sobre experiencias relacionadas con las diversas problem\u00e1ticas que se dan en la ense\u00f1anza y aprendizaje en las asignaturas de carreras de Ingenier\u00eda.<\/p>\n<p>El C3T particip\u00f3 del panel \u201cArticulaci\u00f3n entre asignaturas e interdisciplinariedad\u201d el martes 10 de octubre a las 18.30 hs, presentando la ponencia \u00ab&#8216;Transporte&#8217; en Ingenier\u00eda Civil. Experiencias de la interdisciplinariedad en la docencia\u00bb, presentando un balance del aporte interdisciplinario al dictado de la materia Transporte en la carrera de Ingenier\u00eda Civil durante el primer cuatrimestre de 2017.<\/p>\n<p style=\"text-align: justify;\">Puede ver la ponencia\u00a0presentada por el equipo del C3T <a href=\"http:\/\/c3t-utn.ar\/?p=899\">presionando aqu\u00ed<\/a>.<\/p>\n\t<\/div>\n\n\t<!-- This is the output of the META information -->\n\t<div class=\"entry-utility\">\n\t\t\t\t\t<span class=\"cat-links\">\n\t\t\t\t<span class=\"entry-utility-prep entry-utility-prep-cat-links\">Publicado en<\/span> <a href=\"https:\/\/c3t-utn.ar\/?cat=3\" rel=\"category\">Jornadas T\u00e9cnicas<\/a>, <a href=\"https:\/\/c3t-utn.ar\/?cat=1\" rel=\"category\">Novedades<\/a>\t\t\t<\/span>\n\t\t\t<span class=\"meta-sep\">|<\/span>\n\t\t\t\t\t\t\t<span class=\"tag-links\">\n\t\t\t\t<span class=\"entry-utility-prep entry-utility-prep-tag-links\">Etiquetas<\/span> <a href=\"https:\/\/c3t-utn.ar\/?tag=interdisciplinariedad\" rel=\"tag\">interdisciplinariedad<\/a>, <a href=\"https:\/\/c3t-utn.ar\/?tag=universidad\" rel=\"tag\">Universidad<\/a>\t\t\t<\/span>\n\t\t\t<!--<span class=\"meta-sep\">|<\/span>-->\n\t\t\t\t<!--<span class=\"comments-link\"><span>Comentarios desactivados<span class=\"screen-reader-text\"> en El C3T particip\u00f3 de las primeras \u00abJornadas de Ense\u00f1anza e Innovaci\u00f3n\u00bb en la UTN Avellaneda<\/span><\/span><\/span>-->\n\t\t\t<\/div>\n<\/div>\n<!-- \/\/ End of Post Wrap -->\n<!-- NOTE: If you need to make changes to this file, copy it to your current theme's main\n\tdirectory so your changes won't be overwritten when the plugin is upgraded. -->\n\n<!-- Start of Post Wrap -->\n<div class=\"post hentry ivycat-post\">\n\t<!-- This is the output of the post TITLE -->\n\t<h2 class=\"entry-title\"><a href=\"https:\/\/c3t-utn.ar\/?p=781\">Conferencia sobre \u201cLa huella de carbono\u201d en la Facultad Regional Avellaneda <\/a><\/h2>\n\t<\/br>\n\t<b><i>16 abril, 2016<\/i><\/b> <!-- Agrego fecha en el POST. DAS 17\/10\/2017. Lo bajo una fila. DAS 07\/03\/2018-->\n\n\t<!-- This is the output of the EXCERPT -->\n\t<div class=\"entry-summary\">\n\t\t <!-- COMENTADO PORQUE NO MOSTRABA INFO COMPLETA. SE CAMBIO A THE_CONTENT. DAS 17\/10\/2017 -->\n\t\t<p id=\"yui_3_16_0_ym19_1_1460662429445_48836\" class=\"yiv7299654365MsoNormal\"><b id=\"yui_3_16_0_ym19_1_1460662429445_48835\"><span id=\"yui_3_16_0_ym19_1_1460662429445_48834\">Se realizar\u00e1 el mi\u00e9rcoles 27 de abril a las 19:00 en el Campus Villa Dom\u00ednico de la UTN Avellaneda.<\/span><\/b><\/p>\n<p id=\"yui_3_16_0_ym19_1_1460662429445_48822\" class=\"yiv7299654365MsoNormal\"><span id=\"yui_3_16_0_ym19_1_1460662429445_48821\">El Departamento de Ingenier\u00eda Industrial de la Facultad Regional Avellaneda de la Universidad Tecnol\u00f3gica Nacional organiza la Conferencia sobre \u201cLa huella de carbono\u201d el mi\u00e9rcoles 27 de abril a las 19 ha en el Sal\u00f3n de Videoconferencias del Campus Villa Dom\u00ednico \u2013sito en av. Ram\u00f3n Franco 5050\u2013.\u00a0<\/span><\/p>\n<p id=\"yui_3_16_0_ym19_1_1460662429445_48827\" class=\"yiv7299654365MsoNormal\"><span id=\"yui_3_16_0_ym19_1_1460662429445_48826\">La actividad forma parte del Proyecto de Investigaci\u00f3n del Departamento de Ingenier\u00eda Industrial y estar\u00e1 a cargo de los Ings. Mario Bonnefon y Hugo Rol\u00f3n. La huella de carbono refiere al indicador de la cantidad de emisiones de gases de efecto invernadero (GEI), medidos en unidades de di\u00f3xido de carbono equivalente, liberadas a la atm\u00f3sfera como consecuencia del desarrollo de cualquier actividad.<\/span><\/p>\n<p id=\"yui_3_16_0_ym19_1_1460662429445_48841\" class=\"yiv7299654365MsoNormal\"><span id=\"yui_3_16_0_ym19_1_1460662429445_48840\">En este proyecto se estudia, particularmente, la medida del impacto que provocan las actividades del ser humano en el medio ambiente a trav\u00e9s de la circulaci\u00f3n del transporte p\u00fablico automotor y ferroviario. Para realizar los c\u00e1lculos necesarios se relevan los servicios de transporte mencionados para obtener datos cuantitativos de flujos de circulaci\u00f3n y, de este modo, determinar los consumos energ\u00e9ticos.<\/span><\/p>\n<p id=\"yui_3_16_0_ym19_1_1460662429445_48854\" class=\"yiv7299654365MsoNormal\"><span id=\"yui_3_16_0_ym19_1_1460662429445_48853\">Como resultado de esta investigaci\u00f3n, los valores de energ\u00eda son asimilados a la emisi\u00f3n que producen y se analizan medidas y estrategias de reducci\u00f3n de emisiones con aplicaci\u00f3n concreta para cada rama de la Ingenier\u00eda.<\/span><\/p>\n\t<\/div>\n\n\t<!-- This is the output of the META information -->\n\t<div class=\"entry-utility\">\n\t\t\t\t\t<span class=\"cat-links\">\n\t\t\t\t<span class=\"entry-utility-prep entry-utility-prep-cat-links\">Publicado en<\/span> <a href=\"https:\/\/c3t-utn.ar\/?cat=3\" rel=\"category\">Jornadas T\u00e9cnicas<\/a>, <a href=\"https:\/\/c3t-utn.ar\/?cat=1\" rel=\"category\">Novedades<\/a>\t\t\t<\/span>\n\t\t\t<span class=\"meta-sep\">|<\/span>\n\t\t\t\t\t\t\t<span class=\"tag-links\">\n\t\t\t\t<span class=\"entry-utility-prep entry-utility-prep-tag-links\">Etiquetas<\/span> <a href=\"https:\/\/c3t-utn.ar\/?tag=colectivos\" rel=\"tag\">Colectivos<\/a>, <a href=\"https:\/\/c3t-utn.ar\/?tag=combustible\" rel=\"tag\">Combustible<\/a>, <a href=\"https:\/\/c3t-utn.ar\/?tag=energia\" rel=\"tag\">Energ\u00eda<\/a>, <a href=\"https:\/\/c3t-utn.ar\/?tag=intermodalidad\" rel=\"tag\">Intermodalidad<\/a>, <a href=\"https:\/\/c3t-utn.ar\/?tag=normativa\" rel=\"tag\">Normativa<\/a>, <a href=\"https:\/\/c3t-utn.ar\/?tag=pasajeros\" rel=\"tag\">Pasajeros<\/a>, <a href=\"https:\/\/c3t-utn.ar\/?tag=servicios-de-transporte-publico\" rel=\"tag\">Servicios de transporte p\u00fablico<\/a>, <a href=\"https:\/\/c3t-utn.ar\/?tag=trabajos_publicados_sustentable\" rel=\"tag\">Sustentable<\/a>, <a href=\"https:\/\/c3t-utn.ar\/?tag=transporte-automotor\" rel=\"tag\">Transporte automotor<\/a>, <a href=\"https:\/\/c3t-utn.ar\/?tag=transporte-ferroviario\" rel=\"tag\">Transporte ferroviario<\/a>, <a href=\"https:\/\/c3t-utn.ar\/?tag=urbano\" rel=\"tag\">Urbano<\/a>\t\t\t<\/span>\n\t\t\t<!--<span class=\"meta-sep\">|<\/span>-->\n\t\t\t\t<!--<span class=\"comments-link\"><span>Comentarios desactivados<span class=\"screen-reader-text\"> en Conferencia sobre \u201cLa huella de carbono\u201d en la Facultad Regional Avellaneda<\/span><\/span><\/span>-->\n\t\t\t<\/div>\n<\/div>\n<!-- \/\/ End of Post Wrap -->\n<!-- NOTE: If you need to make changes to this file, copy it to your current theme's main\n\tdirectory so your changes won't be overwritten when the plugin is upgraded. -->\n\n<!-- Start of Post Wrap -->\n<div class=\"post hentry ivycat-post\">\n\t<!-- This is the output of the post TITLE -->\n\t<h2 class=\"entry-title\"><a href=\"https:\/\/c3t-utn.ar\/?p=687\">Se present\u00f3 el trabajo \u201cDespoblamiento de peque\u00f1as localidades argentinas. \u00bfEs responsable el tren?\u201d <\/a><\/h2>\n\t<\/br>\n\t<b><i>20 octubre, 2015<\/i><\/b> <!-- Agrego fecha en el POST. DAS 17\/10\/2017. Lo bajo una fila. DAS 07\/03\/2018-->\n\n\t<!-- This is the output of the EXCERPT -->\n\t<div class=\"entry-summary\">\n\t\t <!-- COMENTADO PORQUE NO MOSTRABA INFO COMPLETA. SE CAMBIO A THE_CONTENT. DAS 17\/10\/2017 -->\n\t\t<p id=\"yui_3_16_0_1_1445348303270_20076\" style=\"text-align: justify;\">El martes 13 de octubre, en el marco de la 25.\u00b0 Jornada T\u00e9cnica del C3T \u2013 UTN, se present\u00f3 el trabajo \u201cDespoblamiento de peque\u00f1as localidades argentinas. \u00bfEs responsable el tren?\u201d, a cargo del Lic. Jorge S\u00e1nchez, coordinador de la investigaci\u00f3n y miembro del Centro Tecnol\u00f3gico de Transporte, Tr\u00e1nsito y Seguridad Vial (C3T) de la Facultad Regional Avellaneda de la Universidad Tecnol\u00f3gica Nacional.<\/p>\n<p class=\"yiv6563293566MsoNormal\" style=\"text-align: justify;\">\n<p class=\"yiv6563293566MsoNormal\" style=\"text-align: justify;\"><img loading=\"lazy\" class=\"size-medium wp-image-688 aligncenter\" src=\"http:\/\/c3t-utn.ar\/wp-content\/uploads\/2015\/10\/DSC_0012-300x179.jpg\" alt=\"DSC_0012\" width=\"300\" height=\"179\" srcset=\"https:\/\/c3t-utn.ar\/wp-content\/uploads\/2015\/10\/DSC_0012-300x179.jpg 300w, https:\/\/c3t-utn.ar\/wp-content\/uploads\/2015\/10\/DSC_0012-1024x611.jpg 1024w, https:\/\/c3t-utn.ar\/wp-content\/uploads\/2015\/10\/DSC_0012-250x149.jpg 250w\" sizes=\"(max-width: 300px) 100vw, 300px\" \/><\/p>\n<p class=\"yiv6563293566MsoNormal\" style=\"text-align: justify;\">\n<p class=\"yiv6563293566MsoNormal\" style=\"text-align: justify;\">La investigaci\u00f3n toma como base un trabajo del a\u00f1o 2007 del economista Alberto Muller acerca de los \u201cpueblos fantasmas\u201d y la incidencia que, seg\u00fan se cree, tuvo sobre ellos el cierre de ramales ferroviarios. Sin embargo, se concluye que la disponibilidad del servicio ferroviario habr\u00eda tenido una influencia modesta sobre la trayectoria demogr\u00e1fica de las localidades analizadas.<\/p>\n<p class=\"yiv6563293566MsoNormal\">\u00a0<a href=\"http:\/\/c3t-utn.ar\/wp-content\/uploads\/2015\/10\/DSC_00600.jpg\"><img loading=\"lazy\" class=\"size-medium wp-image-690 aligncenter\" src=\"http:\/\/c3t-utn.ar\/wp-content\/uploads\/2015\/10\/DSC_00600-300x200.jpg\" alt=\"DSC_00600\" width=\"300\" height=\"200\" srcset=\"https:\/\/c3t-utn.ar\/wp-content\/uploads\/2015\/10\/DSC_00600-300x200.jpg 300w, https:\/\/c3t-utn.ar\/wp-content\/uploads\/2015\/10\/DSC_00600-1024x682.jpg 1024w, https:\/\/c3t-utn.ar\/wp-content\/uploads\/2015\/10\/DSC_00600-250x166.jpg 250w\" sizes=\"(max-width: 300px) 100vw, 300px\" \/><\/a><\/p>\n<p id=\"yui_3_16_0_1_1445348303270_20090\" class=\"yiv6563293566MsoNormal\" style=\"text-align: justify;\"><span id=\"yui_3_16_0_1_1445348303270_20089\">\u201cSe habla de que al cerrarse ramales se despoblaron ciertas localidades, incluso en pel\u00edculas y en noticias se toma como verdadera esta presunci\u00f3n, pero debemos tener en cuenta que todo proceso de cambios destruye lo anterior: cuando los ferrocarriles llegaron al pa\u00eds y comenzaron a desarrollarse, dieron origen a nuevas zonas productivas y nacieron nuevos pueblos con su trazado, pero se destruy\u00f3 el sistema anterior de transporte mediante carretas; luego, con el desarrollo automotor, el tren queda relegado\u201d, explic\u00f3 el Lic. S\u00e1nchez.<\/span><\/p>\n<p class=\"yiv6563293566MsoNormal\" style=\"text-align: justify;\">\n<p id=\"yui_3_16_0_1_1445348303270_20093\" class=\"yiv6563293566MsoNormal\" style=\"text-align: justify;\"><span id=\"yui_3_16_0_1_1445348303270_20092\">\u201cSe podr\u00eda hablar en realidad de debilidad de los pueblos peque\u00f1os para retener a la poblaci\u00f3n. El motivo del despoblamiento no es el tren, sino un conjunto de factores que tienen que ver con las actividades laborales principales de esos pueblos\u201d, agreg\u00f3 el disertante. \u201cEs falso creer que el regreso del ferrocarril a esos lugares generar\u00e1 la vuelta del progreso\u201d, cerr\u00f3.<\/span><\/p>\n<p class=\"yiv6563293566MsoNormal\">\u00a0<a href=\"http:\/\/c3t-utn.ar\/wp-content\/uploads\/2015\/10\/DSC_0054.jpg\"><img loading=\"lazy\" class=\"size-medium wp-image-691 aligncenter\" src=\"http:\/\/c3t-utn.ar\/wp-content\/uploads\/2015\/10\/DSC_0054-300x133.jpg\" alt=\"DSC_0054\" width=\"300\" height=\"133\" srcset=\"https:\/\/c3t-utn.ar\/wp-content\/uploads\/2015\/10\/DSC_0054-300x133.jpg 300w, https:\/\/c3t-utn.ar\/wp-content\/uploads\/2015\/10\/DSC_0054-1024x454.jpg 1024w, https:\/\/c3t-utn.ar\/wp-content\/uploads\/2015\/10\/DSC_0054-250x111.jpg 250w\" sizes=\"(max-width: 300px) 100vw, 300px\" \/><\/a><\/p>\n<p id=\"yui_3_16_0_1_1445348303270_20095\" class=\"yiv6563293566MsoNormal\" style=\"text-align: justify;\"><span id=\"yui_3_16_0_1_1445348303270_20094\">Los integrantes del equipo de trabajo fueron: Ver\u00f3nica Ocvirk, Malena S\u00e1nchez Olmos, Daniela Villotti, Agust\u00edn Benassi, Ariel Bertellotti, Bruno Giormenti Moravec, Ezequiel Ponce y Mart\u00edn M\u00e9ndez. La charla fue co-organizada por el\u00a0 Centro Tecnol\u00f3gico de Transporte, Tr\u00e1nsito y Seguridad Vial (C3T) y la Fundaci\u00f3n Museo Ferroviario. La misma tuvo lugar en el Museo Banco Provincia \u201cDr. Arturo Jauretche\u201d \u2013sito en\u00a0 Sarmiento 364, CABA-, y cont\u00f3 con la presencia del Ing. Enrique Filgueira, Vicedecano de la UTN Avellaneda, y de los integrantes del C3T.<\/span><\/p>\n<p class=\"yiv6563293566MsoNormal\"><a href=\"http:\/\/c3t-utn.ar\/wp-content\/uploads\/2015\/10\/DSC_0057.jpg\"><img loading=\"lazy\" class=\"size-medium wp-image-689 aligncenter\" src=\"http:\/\/c3t-utn.ar\/wp-content\/uploads\/2015\/10\/DSC_0057-300x300.jpg\" alt=\"DSC_0057\" width=\"300\" height=\"300\" srcset=\"https:\/\/c3t-utn.ar\/wp-content\/uploads\/2015\/10\/DSC_0057-300x300.jpg 300w, https:\/\/c3t-utn.ar\/wp-content\/uploads\/2015\/10\/DSC_0057-150x150.jpg 150w, https:\/\/c3t-utn.ar\/wp-content\/uploads\/2015\/10\/DSC_0057-1024x1021.jpg 1024w, https:\/\/c3t-utn.ar\/wp-content\/uploads\/2015\/10\/DSC_0057-250x249.jpg 250w\" sizes=\"(max-width: 300px) 100vw, 300px\" \/><\/a><\/p>\n\t<\/div>\n\n\t<!-- This is the output of the META information -->\n\t<div class=\"entry-utility\">\n\t\t\t\t\t<span class=\"cat-links\">\n\t\t\t\t<span class=\"entry-utility-prep entry-utility-prep-cat-links\">Publicado en<\/span> <a href=\"https:\/\/c3t-utn.ar\/?cat=3\" rel=\"category\">Jornadas T\u00e9cnicas<\/a>, <a href=\"https:\/\/c3t-utn.ar\/?cat=1\" rel=\"category\">Novedades<\/a>\t\t\t<\/span>\n\t\t\t<span class=\"meta-sep\">|<\/span>\n\t\t\t\t\t\t\t<span class=\"tag-links\">\n\t\t\t\t<span class=\"entry-utility-prep entry-utility-prep-tag-links\">Etiquetas<\/span> <a href=\"https:\/\/c3t-utn.ar\/?tag=cabotaje\" rel=\"tag\">Cabotaje<\/a>, <a href=\"https:\/\/c3t-utn.ar\/?tag=cargas\" rel=\"tag\">Cargas<\/a>, <a href=\"https:\/\/c3t-utn.ar\/?tag=granos\" rel=\"tag\">Granos<\/a>, <a href=\"https:\/\/c3t-utn.ar\/?tag=historia\" rel=\"tag\">Historia<\/a>, <a href=\"https:\/\/c3t-utn.ar\/?tag=infraestructura\" rel=\"tag\">Infraestructura<\/a>, <a href=\"https:\/\/c3t-utn.ar\/?tag=interurbano\" rel=\"tag\">Interurbano<\/a>, <a href=\"https:\/\/c3t-utn.ar\/?tag=logistica\" rel=\"tag\">Log\u00edstica<\/a>, <a href=\"https:\/\/c3t-utn.ar\/?tag=pasajeros\" rel=\"tag\">Pasajeros<\/a>, <a href=\"https:\/\/c3t-utn.ar\/?tag=transporte-ferroviario\" rel=\"tag\">Transporte ferroviario<\/a>, <a href=\"https:\/\/c3t-utn.ar\/?tag=trenes\" rel=\"tag\">Trenes<\/a>\t\t\t<\/span>\n\t\t\t<!--<span class=\"meta-sep\">|<\/span>-->\n\t\t\t\t<!--<span class=\"comments-link\"><span>Comentarios desactivados<span class=\"screen-reader-text\"> en Se present\u00f3 el trabajo \u201cDespoblamiento de peque\u00f1as localidades argentinas. \u00bfEs responsable el tren?\u201d<\/span><\/span><\/span>-->\n\t\t\t<\/div>\n<\/div>\n<!-- \/\/ End of Post Wrap -->\n<!-- NOTE: If you need to make changes to this file, copy it to your current theme's main\n\tdirectory so your changes won't be overwritten when the plugin is upgraded. -->\n\n<!-- Start of Post Wrap -->\n<div class=\"post hentry ivycat-post\">\n\t<!-- This is the output of the post TITLE -->\n\t<h2 class=\"entry-title\"><a href=\"https:\/\/c3t-utn.ar\/?p=680\">25\u00aa Jornada T\u00e9cnica del C3T \u2013 UTN: \u201c\u201cDespoblamiento de peque\u00f1as localidades argentinas. \u00bfEs responsable el tren?\u201d \u201d <\/a><\/h2>\n\t<\/br>\n\t<b><i>1 octubre, 2015<\/i><\/b> <!-- Agrego fecha en el POST. DAS 17\/10\/2017. Lo bajo una fila. DAS 07\/03\/2018-->\n\n\t<!-- This is the output of the EXCERPT -->\n\t<div class=\"entry-summary\">\n\t\t <!-- COMENTADO PORQUE NO MOSTRABA INFO COMPLETA. SE CAMBIO A THE_CONTENT. DAS 17\/10\/2017 -->\n\t\t<p style=\"text-align: justify;\">La Facultad Regional Avellaneda de la Universidad Tecnol\u00f3gica Nacional y el Centro Tecnol\u00f3gico de Transporte, Tr\u00e1nsito y Seguridad Vial, en conjunto con la Fundaci\u00f3n Museo Ferroviario, invitan a la presentaci\u00f3n del trabajo \u201cDespoblamiento de peque\u00f1as localidades argentinas. \u00bfEs responsable el tren?\u201d. La presentaci\u00f3n ser\u00e1 el martes 13 de octubre, a las 18:30 horas, en el Museo Banco Provincia \u201cDr. Arturo Jauretche\u201d, Sarmiento 364 \u2013 CABA, y estar\u00e1 a cargo de Jorge S\u00e1nchez, miembro del C3T y coordinador de la investigaci\u00f3n.<\/p>\n<p style=\"text-align: justify;\">Un gran n\u00famero de art\u00edculos, libros, discursos pol\u00edticos, documentales, muestras de fotos, blogs y grupos de Facebook sostienen que los cierres de ramales ferroviarios de los a\u00f1os \u201960, 70 y \u201990 dejaron un tendal de localidades aisladas, lo que provoc\u00f3 en primera medida la inviabilidad de sus actividades productivas y luego un \u00e9xodo imparable hasta que terminaron por convertirse en lo que se conoce como \u201cpueblos fantasma\u201d.<\/p>\n<p style=\"text-align: justify;\">Sin embargo, no existe ning\u00fan estudio que demuestre esa afirmaci\u00f3n; por el contrario, un trabajo del a\u00f1o 2007 del economista Alberto Muller concluye que la disponibilidad del servicio ferroviario habr\u00eda tenido una influencia modesta sobre la trayectoria demogr\u00e1fica de las localidades analizadas.<\/p>\n<p style=\"text-align: justify;\">Preguntas tales como cu\u00e1l es el origen de esos c\u00e1lculos, c\u00f3mo sucedi\u00f3 ese fen\u00f3meno poblacional y, en definitiva, si ese postulado devenido en verdad indiscutible tiene asidero o no fueron los disparadores para encarar esta investigaci\u00f3n.<\/p>\n<p><strong>Dado que esta jornada se realiza para un n\u00famero limitado de participantes, se solicita por favor confirmar asistencia a\u00a0<a href=\"mailto:utn.c3t@gmail.com\">utn.c3t@gmail.com<\/a>.<\/strong><\/p>\n\t<\/div>\n\n\t<!-- This is the output of the META information -->\n\t<div class=\"entry-utility\">\n\t\t\t\t\t<span class=\"cat-links\">\n\t\t\t\t<span class=\"entry-utility-prep entry-utility-prep-cat-links\">Publicado en<\/span> <a href=\"https:\/\/c3t-utn.ar\/?cat=3\" rel=\"category\">Jornadas T\u00e9cnicas<\/a>, <a href=\"https:\/\/c3t-utn.ar\/?cat=1\" rel=\"category\">Novedades<\/a>\t\t\t<\/span>\n\t\t\t<span class=\"meta-sep\">|<\/span>\n\t\t\t\t\t\t\t<span class=\"tag-links\">\n\t\t\t\t<span class=\"entry-utility-prep entry-utility-prep-tag-links\">Etiquetas<\/span> <a href=\"https:\/\/c3t-utn.ar\/?tag=cargas\" rel=\"tag\">Cargas<\/a>, <a href=\"https:\/\/c3t-utn.ar\/?tag=historia\" rel=\"tag\">Historia<\/a>, <a href=\"https:\/\/c3t-utn.ar\/?tag=interurbano\" rel=\"tag\">Interurbano<\/a>, <a href=\"https:\/\/c3t-utn.ar\/?tag=pasajeros\" rel=\"tag\">Pasajeros<\/a>, <a href=\"https:\/\/c3t-utn.ar\/?tag=poblacion\" rel=\"tag\">Poblaci\u00f3n<\/a>, <a href=\"https:\/\/c3t-utn.ar\/?tag=transporte-ferroviario\" rel=\"tag\">Transporte ferroviario<\/a>, <a href=\"https:\/\/c3t-utn.ar\/?tag=trenes\" rel=\"tag\">Trenes<\/a>, <a href=\"https:\/\/c3t-utn.ar\/?tag=universidad\" rel=\"tag\">Universidad<\/a>\t\t\t<\/span>\n\t\t\t<!--<span class=\"meta-sep\">|<\/span>-->\n\t\t\t\t<!--<span class=\"comments-link\"><span>Comentarios desactivados<span class=\"screen-reader-text\"> en 25\u00aa Jornada T\u00e9cnica del C3T \u2013 UTN: \u201c\u201cDespoblamiento de peque\u00f1as localidades argentinas. \u00bfEs responsable el tren?\u201d \u201d<\/span><\/span><\/span>-->\n\t\t\t<\/div>\n<\/div>\n<!-- \/\/ End of Post Wrap -->\n<!-- NOTE: If you need to make changes to this file, copy it to your current theme's main\n\tdirectory so your changes won't be overwritten when the plugin is upgraded. -->\n\n<!-- Start of Post Wrap -->\n<div class=\"post hentry ivycat-post\">\n\t<!-- This is the output of the post TITLE -->\n\t<h2 class=\"entry-title\"><a href=\"https:\/\/c3t-utn.ar\/?p=643\">24\u00aa Jornada T\u00e9cnica del C3T \u2013 UTN: \u00abEstrategias de gesti\u00f3n ferroviaria\u00bb <\/a><\/h2>\n\t<\/br>\n\t<b><i>29 junio, 2015<\/i><\/b> <!-- Agrego fecha en el POST. DAS 17\/10\/2017. Lo bajo una fila. DAS 07\/03\/2018-->\n\n\t<!-- This is the output of the EXCERPT -->\n\t<div class=\"entry-summary\">\n\t\t <!-- COMENTADO PORQUE NO MOSTRABA INFO COMPLETA. SE CAMBIO A THE_CONTENT. DAS 17\/10\/2017 -->\n\t\t<p style=\"text-align: justify;\">La Facultad Regional Avellaneda de la Universidad Tecnol\u00f3gica Nacional, a trav\u00e9s del Centro Tecnol\u00f3gico de Transporte, Tr\u00e1nsito y Seguridad Vial -C3T-, brindar\u00e1 una nueva Jornada T\u00e9cnica, en esta ocasi\u00f3n acerca de\u00a0estrategias de gesti\u00f3n ferroviaria. La Jornada ser\u00e1\u00a0<strong>el mi\u00e9rcoles 1.\u00ba de julio, a partir de las 19 horas<\/strong>, y estar\u00e1 dirigida a trabajadores ferroviarios, estudiantes universitarios, representantes y delegados sindicales, y profesionales relacionados con el transporte.<\/p>\n<p style=\"text-align: justify;\">La apertura del encuentro estar\u00e1 a cargo del <strong>Ing. Enrique Filgueira<\/strong>, Vicedecano de la Facultad y director del C3T, y el <strong>Ing. Antonio Maltana<\/strong>, Administrador General de Ferrobaires. Luego disertar\u00e1n el <strong>Ing. Carlos Rodolfo R\u00edos<\/strong> (Miembro de la Comisi\u00f3n Asesora de Salud y Seguridad en el Trabajo de la provincia de Buenos Aires), sobre \u201cLa valorizaci\u00f3n de los recursos humanos en la gesti\u00f3n ferroviaria\u201d, y el Ing. Maltana, acerca de \u201cGesti\u00f3n Ferroviaria\u201d. El moderador ser\u00e1 el <strong>Ing. Roberto Tomasino<\/strong> (Miembro de la Comisi\u00f3n Asesora de Salud y Seguridad en el Trabajo de la provincia de Buenos Aires).<\/p>\n<p style=\"text-align: justify;\">La jornada, que tendr\u00e1 lugar en el Sal\u00f3n de Usos M\u00faltiples en el primer piso de la Sede Mitre de la Facultad -sita en av. Mitre 750 (Avellaneda)-, tendr\u00e1 como objetivo reflexionar sobre la Ley 27.132 de reactivaci\u00f3n de los Ferrocarriles Argentinos, y analizar el impacto de la misma sobre los ferrocarriles provinciales y la centralidad de los recursos humanos para el nuevo escenario.<\/p>\n\t<\/div>\n\n\t<!-- This is the output of the META information -->\n\t<div class=\"entry-utility\">\n\t\t\t\t\t<span class=\"cat-links\">\n\t\t\t\t<span class=\"entry-utility-prep entry-utility-prep-cat-links\">Publicado en<\/span> <a href=\"https:\/\/c3t-utn.ar\/?cat=3\" rel=\"category\">Jornadas T\u00e9cnicas<\/a>, <a href=\"https:\/\/c3t-utn.ar\/?cat=1\" rel=\"category\">Novedades<\/a>\t\t\t<\/span>\n\t\t\t<span class=\"meta-sep\">|<\/span>\n\t\t\t\t\t\t\t<span class=\"tag-links\">\n\t\t\t\t<span class=\"entry-utility-prep entry-utility-prep-tag-links\">Etiquetas<\/span> <a href=\"https:\/\/c3t-utn.ar\/?tag=cargas\" rel=\"tag\">Cargas<\/a>, <a href=\"https:\/\/c3t-utn.ar\/?tag=logistica\" rel=\"tag\">Log\u00edstica<\/a>, <a href=\"https:\/\/c3t-utn.ar\/?tag=normativa\" rel=\"tag\">Normativa<\/a>, <a href=\"https:\/\/c3t-utn.ar\/?tag=pasajeros\" rel=\"tag\">Pasajeros<\/a>, <a href=\"https:\/\/c3t-utn.ar\/?tag=transporte-ferroviario\" rel=\"tag\">Transporte ferroviario<\/a>\t\t\t<\/span>\n\t\t\t<!--<span class=\"meta-sep\">|<\/span>-->\n\t\t\t\t<!--<span class=\"comments-link\"><span>Comentarios desactivados<span class=\"screen-reader-text\"> en 24\u00aa Jornada T\u00e9cnica del C3T \u2013 UTN: \u00abEstrategias de gesti\u00f3n ferroviaria\u00bb<\/span><\/span><\/span>-->\n\t\t\t<\/div>\n<\/div>\n<!-- \/\/ End of Post Wrap -->\n<!-- NOTE: If you need to make changes to this file, copy it to your current theme's main\n\tdirectory so your changes won't be overwritten when the plugin is upgraded. -->\n\n<!-- Start of Post Wrap -->\n<div class=\"post hentry ivycat-post\">\n\t<!-- This is the output of the post TITLE -->\n\t<h2 class=\"entry-title\"><a href=\"https:\/\/c3t-utn.ar\/?p=592\">Se present\u00f3 el libro \u00abHistoria de la log\u00edstica en la Argentina. Desde la \u00e9poca prehisp\u00e1nica hasta 1914\u00bb <\/a><\/h2>\n\t<\/br>\n\t<b><i>20 abril, 2015<\/i><\/b> <!-- Agrego fecha en el POST. DAS 17\/10\/2017. Lo bajo una fila. DAS 07\/03\/2018-->\n\n\t<!-- This is the output of the EXCERPT -->\n\t<div class=\"entry-summary\">\n\t\t <!-- COMENTADO PORQUE NO MOSTRABA INFO COMPLETA. SE CAMBIO A THE_CONTENT. DAS 17\/10\/2017 -->\n\t\t<p>El jueves 9 de abril se present\u00f3 en el Hotel Panamericano el libro \u00abHistoria de la log\u00edstica en la Argentina. Desde la \u00e9poca prehisp\u00e1nica hasta 1914\u00bb.La publicaci\u00f3n es el primer resultado de una iniciativa de investigaci\u00f3n sobre historia del movimiento de las cargas en nuestro pa\u00eds, impulsada por el Centro Tecnol\u00f3gico de Transporte, Tr\u00e1nsito y Seguridad Vial (C3T de la Universidad Tecnol\u00f3gica Nacional. El libro tiene como autores a Roberto Liatis, Rodolfo Fiadone, Juan Mart\u00edn Piccirillo, Jorge S\u00e1nchez y Carlos Topazzini.<\/p>\n<p>La apertura del acto estuvo a cargo de Enrique Filgueira, Vicedecano de la Facultad Regional Avellaneda y Director del C3T, quien repas\u00f3 los hitos destacados en los 10 a\u00f1os de trayectoria de este Centro, entre los cuales destac\u00f3 el crecimiento del Observatorio Nacional de Datos de Transporte (ONDaT).<\/p>\n<p>A continuaci\u00f3n Roberto Liatis, uno de los principales referentes de la log\u00edstica en Argentina, tuvo una emotiva intervenci\u00f3n al compartir algunas reflexiones y vivencias fruto de m\u00e1s de medio siglo de experiencia en el \u00e1mbito. Por su parte Rodolfo Fiadone y Jorge S\u00e1nchez presentaron en conjunto las ideas principales de la publicaci\u00f3n, y compartieron algunas de las an\u00e9cdotas que pueden encontrarse en el libro.<\/p>\n<p>Finalmente, el Decano de la Facultad Regional Avellaneda, Jorge Omar Del Gener, dio sus impresiones sobre el libro, resaltando su aporte para desmitificar aspectos de la historia del sector.<\/p>\n<p>Los integrantes del Centro Tecnol\u00f3gico de Transporte, Tr\u00e1nsito y Seguridad Vial agradecemos el inter\u00e9s de quienes se acercaron y comunicaron. Es nuestro deseo que el libro sea de utilidad para todos aquellos interesados en conocer este aspecto de la historia argentina.<\/p>\n<p>Compartimos algunas im\u00e1genes de la presentaci\u00f3n:<\/p>\n<p><div id=\"attachment_594\" style=\"width: 327px\" class=\"wp-caption aligncenter\"><a href=\"http:\/\/c3t-utn.ar\/wp-content\/uploads\/2015\/04\/0_22.jpg\"><img aria-describedby=\"caption-attachment-594\" loading=\"lazy\" class=\" wp-image-594\" src=\"http:\/\/c3t-utn.ar\/wp-content\/uploads\/2015\/04\/0_22-300x199.jpg\" alt=\"Roberto Liatis, autor del libro.\" width=\"317\" height=\"210\" \/><\/a><p id=\"caption-attachment-594\" class=\"wp-caption-text\">Roberto Liatis, autor del libro.<\/p><\/div><\/p>\n<p><div id=\"attachment_595\" style=\"width: 310px\" class=\"wp-caption aligncenter\"><a href=\"http:\/\/c3t-utn.ar\/wp-content\/uploads\/2015\/04\/0_46.jpg\"><img aria-describedby=\"caption-attachment-595\" loading=\"lazy\" class=\"size-medium wp-image-595\" src=\"http:\/\/c3t-utn.ar\/wp-content\/uploads\/2015\/04\/0_46-300x199.jpg\" alt=\"Ingenieros Hugo Rol\u00f3n, Jorge Del Gener y Enrique Filgueira, de la FRA.\" width=\"300\" height=\"199\" srcset=\"https:\/\/c3t-utn.ar\/wp-content\/uploads\/2015\/04\/0_46-300x199.jpg 300w, https:\/\/c3t-utn.ar\/wp-content\/uploads\/2015\/04\/0_46-1024x682.jpg 1024w, https:\/\/c3t-utn.ar\/wp-content\/uploads\/2015\/04\/0_46-250x166.jpg 250w, https:\/\/c3t-utn.ar\/wp-content\/uploads\/2015\/04\/0_46.jpg 2000w\" sizes=\"(max-width: 300px) 100vw, 300px\" \/><\/a><p id=\"caption-attachment-595\" class=\"wp-caption-text\">Ingenieros Hugo Rol\u00f3n, Jorge Del Gener y Enrique Filgueira, de la FRA.<\/p><\/div><\/p>\n<p><div id=\"attachment_596\" style=\"width: 310px\" class=\"wp-caption aligncenter\"><a href=\"http:\/\/c3t-utn.ar\/wp-content\/uploads\/2015\/04\/3.jpg\"><img aria-describedby=\"caption-attachment-596\" loading=\"lazy\" class=\"size-medium wp-image-596\" src=\"http:\/\/c3t-utn.ar\/wp-content\/uploads\/2015\/04\/3-300x199.jpg\" alt=\"Los autores del libro: Topazzini, Piccirillo, Liatis, S\u00e1nchez y Fiadone, en la apertura realizada por el Ing. Filgueira.\" width=\"300\" height=\"199\" srcset=\"https:\/\/c3t-utn.ar\/wp-content\/uploads\/2015\/04\/3-300x199.jpg 300w, https:\/\/c3t-utn.ar\/wp-content\/uploads\/2015\/04\/3-1024x682.jpg 1024w, https:\/\/c3t-utn.ar\/wp-content\/uploads\/2015\/04\/3-250x166.jpg 250w, https:\/\/c3t-utn.ar\/wp-content\/uploads\/2015\/04\/3.jpg 2000w\" sizes=\"(max-width: 300px) 100vw, 300px\" \/><\/a><p id=\"caption-attachment-596\" class=\"wp-caption-text\">Los autores del libro: Topazzini, Piccirillo, Liatis, S\u00e1nchez y Fiadone, en la apertura realizada por el Ing. Filgueira.<\/p><\/div><\/p>\n<p><div id=\"attachment_597\" style=\"width: 310px\" class=\"wp-caption aligncenter\"><a href=\"http:\/\/c3t-utn.ar\/wp-content\/uploads\/2015\/04\/4.jpg\"><img aria-describedby=\"caption-attachment-597\" loading=\"lazy\" class=\"size-medium wp-image-597\" src=\"http:\/\/c3t-utn.ar\/wp-content\/uploads\/2015\/04\/4-300x199.jpg\" alt=\"Intervenci\u00f3n de Roberto Liatis, junto a Juan Piccirillo y Jorge S\u00e1nchez\" width=\"300\" height=\"199\" srcset=\"https:\/\/c3t-utn.ar\/wp-content\/uploads\/2015\/04\/4-300x199.jpg 300w, https:\/\/c3t-utn.ar\/wp-content\/uploads\/2015\/04\/4-1024x682.jpg 1024w, https:\/\/c3t-utn.ar\/wp-content\/uploads\/2015\/04\/4-250x166.jpg 250w, https:\/\/c3t-utn.ar\/wp-content\/uploads\/2015\/04\/4.jpg 2000w\" sizes=\"(max-width: 300px) 100vw, 300px\" \/><\/a><p id=\"caption-attachment-597\" class=\"wp-caption-text\">Intervenci\u00f3n de Roberto Liatis, junto a Juan Piccirillo y Jorge S\u00e1nchez<\/p><\/div><\/p>\n<p><div id=\"attachment_598\" style=\"width: 310px\" class=\"wp-caption aligncenter\"><a href=\"http:\/\/c3t-utn.ar\/wp-content\/uploads\/2015\/04\/5.jpg\"><img aria-describedby=\"caption-attachment-598\" loading=\"lazy\" class=\"size-medium wp-image-598\" src=\"http:\/\/c3t-utn.ar\/wp-content\/uploads\/2015\/04\/5-300x200.jpg\" alt=\"Intervenci\u00f3n de S\u00e1nchez y Fiadone\" width=\"300\" height=\"200\" srcset=\"https:\/\/c3t-utn.ar\/wp-content\/uploads\/2015\/04\/5-300x200.jpg 300w, https:\/\/c3t-utn.ar\/wp-content\/uploads\/2015\/04\/5-1024x683.jpg 1024w, https:\/\/c3t-utn.ar\/wp-content\/uploads\/2015\/04\/5-250x166.jpg 250w, https:\/\/c3t-utn.ar\/wp-content\/uploads\/2015\/04\/5.jpg 2000w\" sizes=\"(max-width: 300px) 100vw, 300px\" \/><\/a><p id=\"caption-attachment-598\" class=\"wp-caption-text\">Intervenci\u00f3n de S\u00e1nchez y Fiadone<\/p><\/div><\/p>\n<p><div id=\"attachment_599\" style=\"width: 310px\" class=\"wp-caption aligncenter\"><a href=\"http:\/\/c3t-utn.ar\/wp-content\/uploads\/2015\/04\/6.jpg\"><img aria-describedby=\"caption-attachment-599\" loading=\"lazy\" class=\"size-medium wp-image-599\" src=\"http:\/\/c3t-utn.ar\/wp-content\/uploads\/2015\/04\/6-300x199.jpg\" alt=\"Folleto sobre el Observatorio Nacional de Datos de Transporte difundido en la presentaci\u00f3n.\" width=\"300\" height=\"199\" srcset=\"https:\/\/c3t-utn.ar\/wp-content\/uploads\/2015\/04\/6-300x199.jpg 300w, https:\/\/c3t-utn.ar\/wp-content\/uploads\/2015\/04\/6-1024x682.jpg 1024w, https:\/\/c3t-utn.ar\/wp-content\/uploads\/2015\/04\/6-250x166.jpg 250w, https:\/\/c3t-utn.ar\/wp-content\/uploads\/2015\/04\/6.jpg 2000w\" sizes=\"(max-width: 300px) 100vw, 300px\" \/><\/a><p id=\"caption-attachment-599\" class=\"wp-caption-text\">Folleto sobre el Observatorio Nacional de Datos de Transporte difundido en la presentaci\u00f3n.<\/p><\/div><\/p>\n<p><div id=\"attachment_600\" style=\"width: 310px\" class=\"wp-caption aligncenter\"><a href=\"http:\/\/c3t-utn.ar\/wp-content\/uploads\/2015\/04\/7.jpg\"><img aria-describedby=\"caption-attachment-600\" loading=\"lazy\" class=\"size-medium wp-image-600\" src=\"http:\/\/c3t-utn.ar\/wp-content\/uploads\/2015\/04\/7-300x199.jpg\" alt=\"El cierre estuvo a cargo del Decano de la FRA Jorge Omar del Gener.\" width=\"300\" height=\"199\" srcset=\"https:\/\/c3t-utn.ar\/wp-content\/uploads\/2015\/04\/7-300x199.jpg 300w, https:\/\/c3t-utn.ar\/wp-content\/uploads\/2015\/04\/7-1024x682.jpg 1024w, https:\/\/c3t-utn.ar\/wp-content\/uploads\/2015\/04\/7-250x166.jpg 250w, https:\/\/c3t-utn.ar\/wp-content\/uploads\/2015\/04\/7.jpg 2000w\" sizes=\"(max-width: 300px) 100vw, 300px\" \/><\/a><p id=\"caption-attachment-600\" class=\"wp-caption-text\">El cierre estuvo a cargo del Decano de la FRA Jorge Omar del Gener.<\/p><\/div><\/p>\n\t<\/div>\n\n\t<!-- This is the output of the META information -->\n\t<div class=\"entry-utility\">\n\t\t\t\t\t<span class=\"cat-links\">\n\t\t\t\t<span class=\"entry-utility-prep entry-utility-prep-cat-links\">Publicado en<\/span> <a href=\"https:\/\/c3t-utn.ar\/?cat=3\" rel=\"category\">Jornadas T\u00e9cnicas<\/a>, <a href=\"https:\/\/c3t-utn.ar\/?cat=1\" rel=\"category\">Novedades<\/a>, <a href=\"https:\/\/c3t-utn.ar\/?cat=2\" rel=\"category\">Trabajos Publicados<\/a>\t\t\t<\/span>\n\t\t\t<span class=\"meta-sep\">|<\/span>\n\t\t\t\t\t\t\t<span class=\"tag-links\">\n\t\t\t\t<span class=\"entry-utility-prep entry-utility-prep-tag-links\">Etiquetas<\/span> <a href=\"https:\/\/c3t-utn.ar\/?tag=cabotaje\" rel=\"tag\">Cabotaje<\/a>, <a href=\"https:\/\/c3t-utn.ar\/?tag=historia\" rel=\"tag\">Historia<\/a>, <a href=\"https:\/\/c3t-utn.ar\/?tag=logistica\" rel=\"tag\">Log\u00edstica<\/a>, <a href=\"https:\/\/c3t-utn.ar\/?tag=publicaciones\" rel=\"tag\">Publicaciones<\/a>, <a href=\"https:\/\/c3t-utn.ar\/?tag=universidad\" rel=\"tag\">Universidad<\/a>\t\t\t<\/span>\n\t\t\t<!--<span class=\"meta-sep\">|<\/span>-->\n\t\t\t\t<!--<span class=\"comments-link\"><span>Comentarios desactivados<span class=\"screen-reader-text\"> en Se present\u00f3 el libro \u00abHistoria de la log\u00edstica en la Argentina. Desde la \u00e9poca prehisp\u00e1nica hasta 1914\u00bb<\/span><\/span><\/span>-->\n\t\t\t<\/div>\n<\/div>\n<!-- \/\/ End of Post Wrap -->\n<!-- NOTE: If you need to make changes to this file, copy it to your current theme's main\n\tdirectory so your changes won't be overwritten when the plugin is upgraded. -->\n\n<!-- Start of Post Wrap -->\n<div class=\"post hentry ivycat-post\">\n\t<!-- This is the output of the post TITLE -->\n\t<h2 class=\"entry-title\"><a href=\"https:\/\/c3t-utn.ar\/?p=157\">22\u00aa Jornada T\u00e9cnica en el C3T \u2013 UTN: \u00abEl subte a la Villa 31, \u00bfs\u00ed o no? La nueva traza de la l\u00ednea H en debate\u00bb <\/a><\/h2>\n\t<\/br>\n\t<b><i>17 julio, 2014<\/i><\/b> <!-- Agrego fecha en el POST. DAS 17\/10\/2017. Lo bajo una fila. DAS 07\/03\/2018-->\n\n\t<!-- This is the output of the EXCERPT -->\n\t<div class=\"entry-summary\">\n\t\t <!-- COMENTADO PORQUE NO MOSTRABA INFO COMPLETA. SE CAMBIO A THE_CONTENT. DAS 17\/10\/2017 -->\n\t\t<p>El jueves 17 de julio de 2014 se realiz\u00f3 en el Aula Magna \u201cAlberto de Paula\u201d del Museo Jauretche del Banco de la Provincia de Buenos Aires la 22\u00aa Jornada T\u00e9cnica del C3T-UTN: <strong>\u00abEl subte a la Villa 31, \u00bfs\u00ed o no? La nueva traza de la l\u00ednea H en debate\u00bb<\/strong>.<\/p>\n<p style=\"text-align: justify;\" align=\"center\">El panel cont\u00f3 con la participaci\u00f3n de Rafael Gentili, ex diputado porte\u00f1o y autor del proyecto de retrazado de la l\u00ednea H; Alberto M\u00fcller, profesor titular regular de la Facultad de Ciencias Econ\u00f3micas de la UBA y\u00a0 director del Centro de Estudios de la Situaci\u00f3n y Perspectiva de la Argentina (CESPA), Juan Pablo Mart\u00ednez, Ingeniero y ex director de Subterr\u00e1neos de Buenos Aires; y Javier Fern\u00e1ndez Castro, arquitecto y coautor del anteproyecto de urbanizaci\u00f3n de la Villa 31 de Retiro. El mismo fue moderado por Ver\u00f3nica Ocvirk, periodista y colaboradora del C3T-UTN.<\/p>\n<p align=\"center\"><a href=\"http:\/\/c3t-utn.com.ar\/wp-content\/uploads\/2014\/09\/Fotos-22-JT-2.jpg\"><img loading=\"lazy\" class=\"aligncenter wp-image-160 size-medium\" src=\"http:\/\/c3t-utn.ar\/wp-content\/uploads\/2014\/09\/Fotos-22-JT-2-300x142.jpg\" alt=\"Fotos 22 JT 2\" width=\"300\" height=\"142\" srcset=\"https:\/\/c3t-utn.ar\/wp-content\/uploads\/2014\/09\/Fotos-22-JT-2-300x142.jpg 300w, https:\/\/c3t-utn.ar\/wp-content\/uploads\/2014\/09\/Fotos-22-JT-2.jpg 462w\" sizes=\"(max-width: 300px) 100vw, 300px\" \/><\/a><\/p>\n<p style=\"text-align: justify;\">El primer tramo de la l\u00ednea H del subte fue inaugurado en 2007, pero antes y despu\u00e9s su recorrido fue sufriendo en los papeles distintas modificaciones. Una de ellas tuvo que ver con el cambio de traza en el extremo norte, ya que, como un recurso de amparo fren\u00f3 la construcci\u00f3n de la estaci\u00f3n Plaza Francia, \u00e9sta debi\u00f3 ser reubicada m\u00e1s cerca de la Facultad de Derecho. Por eso el nuevo recorrido propuesto continuar\u00e1 desde Las Heras hacia Derecho, la Villa 31, la Terminal de \u00d3mnibus y Retiro, donde empalmar\u00e1 con la C formando una \u00fanica l\u00ednea cuyos trenes correr\u00e1n entre Pompeya y Constituci\u00f3n.<\/p>\n<p>Pero la implantaci\u00f3n de una estaci\u00f3n de subte en un barrio de emergencia suscit\u00f3 tambi\u00e9n la pol\u00e9mica: el modo de movilidad m\u00e1s costoso de construir y mantener estar\u00eda ahora acerc\u00e1ndose a una zona hist\u00f3ricamente marginada. \u00bfSe trata de un ejemplo in\u00e9dito de justicia espacial? \u00bfO hablamos, en cambio, de una propuesta de alt\u00edsimo costo que no redundar\u00eda en un beneficio demasiado importante para los usuarios de la l\u00ednea transversal porte\u00f1a?<\/p>\n<p style=\"text-align: center;\"><a href=\"http:\/\/c3t-utn.com.ar\/wp-content\/uploads\/2014\/09\/Fotos-22-JT-1.jpg\"><img loading=\"lazy\" class=\"alignnone wp-image-159 size-medium\" src=\"http:\/\/c3t-utn.ar\/wp-content\/uploads\/2014\/09\/Fotos-22-JT-1-300x207.jpg\" alt=\"Fotos 22 JT 1\" width=\"300\" height=\"207\" srcset=\"https:\/\/c3t-utn.ar\/wp-content\/uploads\/2014\/09\/Fotos-22-JT-1-300x207.jpg 300w, https:\/\/c3t-utn.ar\/wp-content\/uploads\/2014\/09\/Fotos-22-JT-1.jpg 482w\" sizes=\"(max-width: 300px) 100vw, 300px\" \/><\/a><\/p>\n<p>A ra\u00edz de un intercambio de ideas que tuvo lugar en el suplemento Cash de P\u00e1gina\/12, tres expertos en la materia y el legislador que el a\u00f1o pasado promovi\u00f3 la ley de la nueva traza debatir\u00e1n acerca de una cuesti\u00f3n que involucra t\u00f3picos de conectividad, econ\u00f3micos y tambi\u00e9n sociales.<\/p>\n<p>Difundimos a continuaci\u00f3n un resumen de la Jornada, con la s\u00edntesis de las intervenciones presentadas por los cuatro invitados.\u00a0Puede descargar el resumen <a href=\"http:\/\/c3t-utn.ar\/wp-content\/uploads\/2014\/09\/22-JT-Resumen-Final.pdf\">presionando aqu\u00ed<\/a>.<\/p>\n<p>Para encontrar las notas \u00a0period\u00edsticas que originaron el debate en los siguientes links:<br \/>\n<a href=\"http:\/\/www.pagina12.com.ar\/diario\/suplementos\/cash\/17-7648-2014-05-11.html\" target=\"_blank\">http:\/\/www.pagina12.com.ar\/diario\/suplementos\/cash\/17-7648-2014-05-11.html<\/a><br \/>\n<a href=\"http:\/\/www.pagina12.com.ar\/diario\/suplementos\/cash\/17-7661-2014-05-18.html\" target=\"_blank\">http:\/\/www.pagina12.com.ar\/diario\/suplementos\/cash\/17-7661-2014-05-18.html<\/a><br \/>\n<a href=\"http:\/\/www.pagina12.com.ar\/diario\/suplementos\/cash\/17-7683-2014-05-31.html\" target=\"_blank\">http:\/\/www.pagina12.com.ar\/diario\/suplementos\/cash\/17-7683-2014-05-31.html<\/a><br \/>\n<a href=\"http:\/\/www.pagina12.com.ar\/diario\/suplementos\/cash\/17-7764-2014-06-30.html\" target=\"_blank\">http:\/\/www.pagina12.com.ar\/diario\/suplementos\/cash\/17-7764-2014-06-30.html\u00a0<\/a><br \/>\n<a href=\"http:\/\/www.pagina12.com.ar\/diario\/suplementos\/cash\/40-7777-2014-07-07.html\">http:\/\/www.pagina12.com.ar\/diario\/suplementos\/cash\/40-7777-2014-07-07.html<\/a><\/p>\n\t<\/div>\n\n\t<!-- This is the output of the META information -->\n\t<div class=\"entry-utility\">\n\t\t\t\t\t<span class=\"cat-links\">\n\t\t\t\t<span class=\"entry-utility-prep entry-utility-prep-cat-links\">Publicado en<\/span> <a href=\"https:\/\/c3t-utn.ar\/?cat=3\" rel=\"category\">Jornadas T\u00e9cnicas<\/a>\t\t\t<\/span>\n\t\t\t<span class=\"meta-sep\">|<\/span>\n\t\t\t\t\t\t\t<span class=\"tag-links\">\n\t\t\t\t<span class=\"entry-utility-prep entry-utility-prep-tag-links\">Etiquetas<\/span> <a href=\"https:\/\/c3t-utn.ar\/?tag=infraestructura\" rel=\"tag\">Infraestructura<\/a>, <a href=\"https:\/\/c3t-utn.ar\/?tag=servicios-de-transporte-publico\" rel=\"tag\">Servicios de transporte p\u00fablico<\/a>, <a href=\"https:\/\/c3t-utn.ar\/?tag=subte\" rel=\"tag\">Subte<\/a>, <a href=\"https:\/\/c3t-utn.ar\/?tag=transporte-ferroviario\" rel=\"tag\">Transporte ferroviario<\/a>, <a href=\"https:\/\/c3t-utn.ar\/?tag=urbano\" rel=\"tag\">Urbano<\/a>\t\t\t<\/span>\n\t\t\t<!--<span class=\"meta-sep\">|<\/span>-->\n\t\t\t\t<!--<span class=\"comments-link\"><span>Comentarios desactivados<span class=\"screen-reader-text\"> en 22\u00aa Jornada T\u00e9cnica en el C3T \u2013 UTN: \u00abEl subte a la Villa 31, \u00bfs\u00ed o no? La nueva traza de la l\u00ednea H en debate\u00bb<\/span><\/span><\/span>-->\n\t\t\t<\/div>\n<\/div>\n<!-- \/\/ End of Post Wrap -->\n<!-- NOTE: If you need to make changes to this file, copy it to your current theme's main\n\tdirectory so your changes won't be overwritten when the plugin is upgraded. -->\n\n<!-- Start of Post Wrap -->\n<div class=\"post hentry ivycat-post\">\n\t<!-- This is the output of the post TITLE -->\n\t<h2 class=\"entry-title\"><a href=\"https:\/\/c3t-utn.ar\/?p=154\">21\u00aa Jornada T\u00e9cnica en el C3T \u2013 UTN: \u201cNormativa y regulaci\u00f3n en Seguridad Vial\u00bb <\/a><\/h2>\n\t<\/br>\n\t<b><i>10 octubre, 2013<\/i><\/b> <!-- Agrego fecha en el POST. DAS 17\/10\/2017. Lo bajo una fila. DAS 07\/03\/2018-->\n\n\t<!-- This is the output of the EXCERPT -->\n\t<div class=\"entry-summary\">\n\t\t <!-- COMENTADO PORQUE NO MOSTRABA INFO COMPLETA. SE CAMBIO A THE_CONTENT. DAS 17\/10\/2017 -->\n\t\t<p style=\"text-align: justify;\"><span style=\"line-height: 1.5em;\">El jueves 10 de octubre del 2013, a las 10:00 hs., en el Sal\u00f3n Juan S\u00e1bato ubicado en el 6to piso del Rectorado de la Universidad Tecnol\u00f3gica Nacional, sito en la calle Sarmiento 440 de la Ciudad Aut\u00f3noma de Buenos Aires, tuvo lugar la 21\u00aa Jornada T\u00e9cnica del C3T-UTN: \u201c<\/span><b style=\"line-height: 1.5em;\">Normativa y regulaci\u00f3n en Seguridad Vial\u201d<\/b><span style=\"line-height: 1.5em;\">. La presentaci\u00f3n estar\u00e1 a cargo de\u00a0<\/span><b style=\"line-height: 1.5em;\">Juan Ramos Garc\u00eda<\/b><span style=\"line-height: 1.5em;\">,\u00a0<\/span><b style=\"line-height: 1.5em;\">Marcelo Aiello<\/b><span style=\"line-height: 1.5em;\">,\u00a0<\/span><b style=\"line-height: 1.5em;\">Juan Emilio Rodriguez Perrotat<\/b><span style=\"line-height: 1.5em;\">\u00a0y\u00a0<\/span><b style=\"line-height: 1.5em;\">Pedro Centeno<\/b><span style=\"line-height: 1.5em;\">.<\/span><\/p>\n<p style=\"text-align: justify;\">El contenido del taller trat\u00f3 sobre la normativa y reglamentaci\u00f3n recomendada para la regi\u00f3n en motocicletas, autom\u00f3viles y sistemas de retenci\u00f3n infantil. A su vez, la Jornada se realizar\u00e1 en el marco de la visita de\u00a0<b>Ing. Juan Ramos Garc\u00eda<\/b>, Jefe de la Secci\u00f3n de la Regulaci\u00f3n de Veh\u00edculos Innovadores del Transporte de la Comisi\u00f3n Econ\u00f3mica de las Naciones Unidas para Europa.<\/p>\n<p>Compartimos el afiche de difusi\u00f3n de la Jornada:<\/p>\n<p style=\"text-align: center;\"><a href=\"http:\/\/c3t-utn.com.ar\/wp-content\/uploads\/2014\/09\/21-JT-Afiche-de-difusion.jpg\"><img loading=\"lazy\" class=\"alignnone wp-image-155 size-medium\" src=\"http:\/\/c3t-utn.ar\/wp-content\/uploads\/2014\/09\/21-JT-Afiche-de-difusion-287x300.jpg\" alt=\"presionando aqui\" width=\"287\" height=\"300\" srcset=\"https:\/\/c3t-utn.ar\/wp-content\/uploads\/2014\/09\/21-JT-Afiche-de-difusion-287x300.jpg 287w, https:\/\/c3t-utn.ar\/wp-content\/uploads\/2014\/09\/21-JT-Afiche-de-difusion.jpg 900w\" sizes=\"(max-width: 287px) 100vw, 287px\" \/><\/a>.<\/p>\n\t<\/div>\n\n\t<!-- This is the output of the META information -->\n\t<div class=\"entry-utility\">\n\t\t\t\t\t<span class=\"cat-links\">\n\t\t\t\t<span class=\"entry-utility-prep entry-utility-prep-cat-links\">Publicado en<\/span> <a href=\"https:\/\/c3t-utn.ar\/?cat=3\" rel=\"category\">Jornadas T\u00e9cnicas<\/a>\t\t\t<\/span>\n\t\t\t<span class=\"meta-sep\">|<\/span>\n\t\t\t\t\t\t\t<span class=\"tag-links\">\n\t\t\t\t<span class=\"entry-utility-prep entry-utility-prep-tag-links\">Etiquetas<\/span> <a href=\"https:\/\/c3t-utn.ar\/?tag=motovehiculos\" rel=\"tag\">Motoveh\u00edculos<\/a>, <a href=\"https:\/\/c3t-utn.ar\/?tag=normativa\" rel=\"tag\">Normativa<\/a>, <a href=\"https:\/\/c3t-utn.ar\/?tag=seguridad-vial\" rel=\"tag\">Seguridad vial<\/a>, <a href=\"https:\/\/c3t-utn.ar\/?tag=transporte-automotor\" rel=\"tag\">Transporte automotor<\/a>\t\t\t<\/span>\n\t\t\t<!--<span class=\"meta-sep\">|<\/span>-->\n\t\t\t\t<!--<span class=\"comments-link\"><span>Comentarios desactivados<span class=\"screen-reader-text\"> en 21\u00aa Jornada T\u00e9cnica en el C3T \u2013 UTN: \u201cNormativa y regulaci\u00f3n en Seguridad Vial\u00bb<\/span><\/span><\/span>-->\n\t\t\t<\/div>\n<\/div>\n<!-- \/\/ End of Post Wrap -->\n<!-- NOTE: If you need to make changes to this file, copy it to your current theme's main\n\tdirectory so your changes won't be overwritten when the plugin is upgraded. -->\n\n<!-- Start of Post Wrap -->\n<div class=\"post hentry ivycat-post\">\n\t<!-- This is the output of the post TITLE -->\n\t<h2 class=\"entry-title\"><a href=\"https:\/\/c3t-utn.ar\/?p=150\">20\u00aa Jornada T\u00e9cnica del C3T &#8211; UTN: \u00abLa importancia de la Hidrov\u00eda Paran\u00e1 &#8211; Paraguay para la econom\u00eda del pa\u00eds y la necesidad de adaptarla a las nuevas exigencias\u00bb <\/a><\/h2>\n\t<\/br>\n\t<b><i><\/i><\/b> <!-- Agrego fecha en el POST. DAS 17\/10\/2017. Lo bajo una fila. DAS 07\/03\/2018-->\n\n\t<!-- This is the output of the EXCERPT -->\n\t<div class=\"entry-summary\">\n\t\t <!-- COMENTADO PORQUE NO MOSTRABA INFO COMPLETA. SE CAMBIO A THE_CONTENT. DAS 17\/10\/2017 -->\n\t\t<p style=\"text-align: justify;\">El martes 10 de octubre de 2013 se realiz\u00f3 en el Rectorado de la UTN la 20\u00aa Jornada T\u00e9cnica del C3T-UTN: <strong>\u00abLa importancia de la Hidrov\u00eda Paran\u00e1 &#8211; Paraguay para la econom\u00eda del pa\u00eds y la necesidad de adaptarla a las nuevas exigencias\u00bb<\/strong>. La misma cont\u00f3 con la participaci\u00f3n del Capit\u00e1n Gustavo Deleersnyder y del Ingeniero Sebasti\u00e1n Garc\u00eda.<\/p>\n<p style=\"text-align: justify;\">En 1995 se dise\u00f1\u00f3 y ejecut\u00f3 la profundizaci\u00f3n de la v\u00eda Paran\u00e1-Oc\u00e9ano, con sucesivas modificaciones en su calado m\u00e1ximo, sin atender desde entonces los cambios fundamentales producidos en el comercio internacional que hoy imponen buques de mayor tama\u00f1o \u00bfCu\u00e1les son las restricciones actuales y c\u00f3mo debemos prepararnos para este nuevo desaf\u00edo?<\/p>\n<p>El Cap. Gustavo Deleersnyder es egresado de la Escuela Nacional de N\u00e1utica en 1986; se desempe\u00f1\u00f3 como Oficial de cubierta y Capit\u00e1n en diferentes empresas del \u00e1mbito local y exterior, as\u00ed tambi\u00e9n como perito naval hasta el a\u00f1o 2000. Desde 2001 ejerce como Pr\u00e1ctico del R\u00edo Paran\u00e1.<\/p>\n<p>El Ing. Sebasti\u00e1n Garc\u00eda es egresado de la Universidad Cat\u00f3lica Argentina en 1992, con posgrado de la Carrera de Especializaci\u00f3n en Ingenier\u00eda Portuaria de la Facultad de Ingenier\u00eda de la UBA (2003) y Magister en Direcci\u00f3n de Empresas de la Universidad del CEMA (2008). Actualmente ejerce la docencia en la Carrera de Especializaci\u00f3n en Ingenier\u00eda Portuaria, Departamento de Transporte, Facultad de Ingenier\u00eda de la Universidad de Buenos Aires, siendo titular de la materia \u201cImplementaci\u00f3n de Sistemas de Ayudas a la Navegaci\u00f3n\u201d desde el a\u00f1o 2009.<\/p>\n<p>Para ver la presentaci\u00f3n del Capit\u00e1n Deleersnyder, <a href=\"http:\/\/c3t-utn.ar\/wp-content\/uploads\/2014\/09\/20\u00aa-Jornada-Tecnica.-Presentacion-de-Gustavo-Deleersnyder.ppt\">presione aqu\u00ed<\/a>; para ver la presentaci\u00f3n del Ingeniero Garc\u00eda, <a href=\"http:\/\/c3t-utn.ar\/wp-content\/uploads\/2014\/09\/20\u00aa-Jornada-Tecnica.-Presentacion-de-Sebastian-Garcia.pdf\">presione aqu\u00ed<\/a>.<\/p>\n<p>Queremos compartir nuestra alegr\u00eda por haber llegado a la Jornada T\u00e9cnica n\u00famero 20. Desde la primera, realizada en mayo de 2010, hemos presentado debates sobre distintos temas de transporte, log\u00edstica y movilidad. Agradecemos a todos los especialistas que han formado parte de estas Jornadas, y a todos los que con su presencia contribuyeron a enriquecer los debates. Esperamos poder seguir contando con su valioso aporte en las pr\u00f3ximas ediciones.<\/p>\n\t<\/div>\n\n\t<!-- This is the output of the META information -->\n\t<div class=\"entry-utility\">\n\t\t\t\t\t<span class=\"cat-links\">\n\t\t\t\t<span class=\"entry-utility-prep entry-utility-prep-cat-links\">Publicado en<\/span> <a href=\"https:\/\/c3t-utn.ar\/?cat=3\" rel=\"category\">Jornadas T\u00e9cnicas<\/a>\t\t\t<\/span>\n\t\t\t<span class=\"meta-sep\">|<\/span>\n\t\t\t\t\t\t\t<span class=\"tag-links\">\n\t\t\t\t<span class=\"entry-utility-prep entry-utility-prep-tag-links\">Etiquetas<\/span> <a href=\"https:\/\/c3t-utn.ar\/?tag=comercio-exterior\" rel=\"tag\">Comercio exterior<\/a>, <a href=\"https:\/\/c3t-utn.ar\/?tag=infraestructura\" rel=\"tag\">Infraestructura<\/a>, <a href=\"https:\/\/c3t-utn.ar\/?tag=logistica\" rel=\"tag\">Log\u00edstica<\/a>, <a href=\"https:\/\/c3t-utn.ar\/?tag=transporte-fluvial\" rel=\"tag\">Transporte Fluvial<\/a>, <a href=\"https:\/\/c3t-utn.ar\/?tag=transporte-maritimo\" rel=\"tag\">Transporte mar\u00edtimo<\/a>\t\t\t<\/span>\n\t\t\t<!--<span class=\"meta-sep\">|<\/span>-->\n\t\t\t\t<!--<span class=\"comments-link\"><span>Comentarios desactivados<span class=\"screen-reader-text\"> en 20\u00aa Jornada T\u00e9cnica del C3T &#8211; UTN: \u00abLa importancia de la Hidrov\u00eda Paran\u00e1 &#8211; Paraguay para la econom\u00eda del pa\u00eds y la necesidad de adaptarla a las nuevas exigencias\u00bb<\/span><\/span><\/span>-->\n\t\t\t<\/div>\n<\/div>\n<!-- \/\/ End of Post Wrap -->\n<!-- NOTE: If you need to make changes to this file, copy it to your current theme's main\n\tdirectory so your changes won't be overwritten when the plugin is upgraded. -->\n\n<!-- Start of Post Wrap -->\n<div class=\"post hentry ivycat-post\">\n\t<!-- This is the output of the post TITLE -->\n\t<h2 class=\"entry-title\"><a href=\"https:\/\/c3t-utn.ar\/?p=148\">19na. Jornada T\u00e9cnica en el C3T \u2013 UTN: \u201c\u00bfQui\u00e9n mantiene el tr\u00e1nsito fluyendo? Software para la planificaci\u00f3n, gesti\u00f3n y optimizaci\u00f3n del tr\u00e1nsito y el transporte.\u201d <\/a><\/h2>\n\t<\/br>\n\t<b><i>10 septiembre, 2013<\/i><\/b> <!-- Agrego fecha en el POST. DAS 17\/10\/2017. Lo bajo una fila. DAS 07\/03\/2018-->\n\n\t<!-- This is the output of the EXCERPT -->\n\t<div class=\"entry-summary\">\n\t\t <!-- COMENTADO PORQUE NO MOSTRABA INFO COMPLETA. SE CAMBIO A THE_CONTENT. DAS 17\/10\/2017 -->\n\t\t<p style=\"text-align: justify;\">El martes 10 de septiembre del 2013, a las 18:00, en el Sal\u00f3n Juan S\u00e1bato del Rectorado de la Universidad Tecnol\u00f3gica Nacional, sito en la calle Sarmiento 440 6to piso de la Ciudad Aut\u00f3noma de Buenos Aires, tuvo lugar la 19na Jornada T\u00e9cnica del C3T-UTN <strong>\u201c\u00bfQui\u00e9n mantiene el tr\u00e1nsito fluyendo? Software para la planificaci\u00f3n, gesti\u00f3n y optimizaci\u00f3n del tr\u00e1nsito y el transporte.\u201d<\/strong> La presentaci\u00f3n estuvo\u00a0a cargo de Vicentes Torres y Guillermo Yampolsky.<\/p>\n<p>El objetivo de la Jornada fue realizar una aproximaci\u00f3n a los software\u00a0 PTV VISSIM y PTV VISUM, dos herramientas de simulaci\u00f3n microsc\u00f3pica y macrosc\u00f3pica, respectivamente. EL PTV VISSIM es un software que permite analizar un sector de la red vial, autopistas y sistemas ITS, modelar intersecciones, rotondas, verificar tiempos semaf\u00f3ricos, analizar filas de espera y simular las interacciones entre todos los modos de transporte, as\u00ed como permite modelar la operaci\u00f3n de buses, sistemas BRT, estaciones de transferencia y centros de transferencia modal. Los flujos peatonales tambi\u00e9n pueden ser modelizados para poder exhibir simulaciones a modo de \u201cmaquetas virtuales\u201d, que son ideales para realizar presentaciones de distinto tipo. Por su parte, PTV VISUM modela de manera consistente a todos los usuarios de las v\u00edas p\u00fablicas y sus interacciones;\u00a0 ha logrado convertirse a nivel mundial en un est\u00e1ndar reconocido en el campo de la planificaci\u00f3n estrat\u00e9gica del tr\u00e1nsito y el transporte. Este sistema es usado para la planificaci\u00f3n de la infraestructura de metr\u00f3polis, regiones, provincias y estados, para modelar redes de transporte p\u00fablico y privado o redes multimodales de transporte.<\/p>\n<p>Guillermo Yampolsky es Ingeniero Civil con Orientaci\u00f3n en V\u00edas de Comunicaci\u00f3n -Tr\u00e1nsito Transporte. Se desempe\u00f1\u00f3 como funcionario p\u00fablico ocupando el cargo de Director General de Tr\u00e1nsito del Ministerio de Planeamiento y Obras P\u00fablicas de la Subsecretar\u00eda de Tr\u00e1nsito y Transporte del Gobierno de la Ciudad de Buenos Aires, entre los a\u00f1os 2006 y 2007. Ha trabajado en el Proyecto de Transporte Urbano de Buenos Aires y en la Secretar\u00eda de Transporte de la Naci\u00f3n como consultor especialista en transporte y tr\u00e1nsito. Actualmente es Presidente de la firma IRV \u2013 Ingenier\u00eda en Relevamientos Viales.<\/p>\n<p>Vicente Torres es Ingeniero Civil de la UNAM. Entre el 2000 y el 2012 fungi\u00f3 como becario, l\u00edder de proyecto y asistente de investigaci\u00f3n del Laboratorio de Transporte y Sistemas Territoriales del Instituto de Ingenier\u00eda de la UNAM; fue Ingeniero especialista en Servicio T\u00e9cnico a nivel nacional, para la divisi\u00f3n de Sistemas de Seguridad de Tr\u00e1nsito de 3M M\u00e9xico;\u00a0 as\u00ed como fue coordinador de Proyecto para \u201cADTec Project Management\u201d, empresa dedicada a la consultor\u00eda especializada en temas de Desarrollo Inmobiliario, entre otros proyectos.\u00a0 Es socio fundador y coordinador administrativo de la empresa \u201cLogistics Traffic &amp; Transport Consulting\u201d. Actualmente es el Director General de PTV Am\u00e9rica Latina.<\/p>\n\t<\/div>\n\n\t<!-- This is the output of the META information -->\n\t<div class=\"entry-utility\">\n\t\t\t\t\t<span class=\"cat-links\">\n\t\t\t\t<span class=\"entry-utility-prep entry-utility-prep-cat-links\">Publicado en<\/span> <a href=\"https:\/\/c3t-utn.ar\/?cat=3\" rel=\"category\">Jornadas T\u00e9cnicas<\/a>\t\t\t<\/span>\n\t\t\t<span class=\"meta-sep\">|<\/span>\n\t\t\t\t\t\t\t<span class=\"tag-links\">\n\t\t\t\t<span class=\"entry-utility-prep entry-utility-prep-tag-links\">Etiquetas<\/span> <a href=\"https:\/\/c3t-utn.ar\/?tag=its\" rel=\"tag\">ITS<\/a>, <a href=\"https:\/\/c3t-utn.ar\/?tag=transito\" rel=\"tag\">Tr\u00e1nsito<\/a>\t\t\t<\/span>\n\t\t\t<!--<span class=\"meta-sep\">|<\/span>-->\n\t\t\t\t<!--<span class=\"comments-link\"><span>Comentarios desactivados<span class=\"screen-reader-text\"> en 19na. Jornada T\u00e9cnica en el C3T \u2013 UTN: \u201c\u00bfQui\u00e9n mantiene el tr\u00e1nsito fluyendo? Software para la planificaci\u00f3n, gesti\u00f3n y optimizaci\u00f3n del tr\u00e1nsito y el transporte.\u201d<\/span><\/span><\/span>-->\n\t\t\t<\/div>\n<\/div>\n<!-- \/\/ End of Post Wrap -->\n<!-- NOTE: If you need to make changes to this file, copy it to your current theme's main\n\tdirectory so your changes won't be overwritten when the plugin is upgraded. -->\n\n<!-- Start of Post Wrap -->\n<div class=\"post hentry ivycat-post\">\n\t<!-- This is the output of the post TITLE -->\n\t<h2 class=\"entry-title\"><a href=\"https:\/\/c3t-utn.ar\/?p=142\">18va. Jornada T\u00e9cnica  en el C3T-UTN: \u00abPresentaci\u00f3n del Observatorio Nacional de Datos de Transporte (ONDaT)\u00bb <\/a><\/h2>\n\t<\/br>\n\t<b><i>13 junio, 2013<\/i><\/b> <!-- Agrego fecha en el POST. DAS 17\/10\/2017. Lo bajo una fila. DAS 07\/03\/2018-->\n\n\t<!-- This is the output of the EXCERPT -->\n\t<div class=\"entry-summary\">\n\t\t <!-- COMENTADO PORQUE NO MOSTRABA INFO COMPLETA. SE CAMBIO A THE_CONTENT. DAS 17\/10\/2017 -->\n\t\t<p style=\"text-align: justify;\">El 13 de junio de 2013, en el Sal\u00f3n Juan S\u00e1bato del Rectorado de la UTN (Universidad Tecnol\u00f3gica Nacional), el C3T (Centro Tecnol\u00f3gico de Transporte, Tr\u00e1nsito y Seguridad Vial) present\u00f3 el\u00a0<b>ONDaT: Observatorio Nacional de Datos de Transporte<\/b>. Se trata de un sitio web de uso p\u00fablico,\u00a0<a href=\"http:\/\/www.ondat.utn.edu.ar\/\" target=\"_blank\">www.ondat.utn.edu.ar<\/a>, que recopila informaci\u00f3n y series estad\u00edsticas relacionadas con el transporte y su infraestructura de soporte en la Argentina, generadas por diversos organismos nacionales, provinciales y municipales. Su objetivo es crear una base de datos confiable y que perdure en el tiempo, que sirva como fuente de referencia sobre la tem\u00e1tica.<\/p>\n<p style=\"text-align: justify;\">La presentaci\u00f3n del proyecto estuvo a cargo del equipo de trabajo del ONDaT. En la apertura del encuentro, el Ing. Enrique Filgueira, Director del C3T y Secretario de Vinculaci\u00f3n Tecnol\u00f3gica de la UTN , afirm\u00f3: \u201cEs importante destacar que este proyecto se gener\u00f3 en una universidad p\u00fablica, que tiene como misi\u00f3n producir ideas y modificaciones en un sector tan importante como el del transporte\u00bb.<\/p>\n<p style=\"text-align: justify;\">Con la puesta en funcionamiento del ONDaT, el C3T pretende:<\/p>\n<ul style=\"text-align: justify;\">\n<li>Centralizar la escasa y dispersa informaci\u00f3n existente en la tem\u00e1tica, generada por diversos organismos, tratando de abarcar la totalidad del territorio nacional y citando las fuentes.<\/li>\n<li>Mantener actualizada dicha informaci\u00f3n.<\/li>\n<li>Producir informaci\u00f3n propia, que no es generada por ning\u00fan otro organismo de manera sistem\u00e1tica (como la serie de tarifas de los servicios de taxis y remises).<\/li>\n<li>Fortalecer la red de generadores de informaci\u00f3n a trav\u00e9s de convenios con los organismos que la producen o administran, para contar con datos que no aparecen en los sitios web pero son recolectados de manera peri\u00f3dica.<\/li>\n<li>Generar informes en base a la informaci\u00f3n colectada y producida.<\/li>\n<\/ul>\n<p style=\"text-align: justify;\">Por su parte, Jorge S\u00e1nchez, miembro del equipo del ONDaT, present\u00f3 los antecedentes del proyecto y los trabajos de relevamiento y ordenamiento de datos realizados, que incluyeron la observaci\u00f3n y el an\u00e1lisis de m\u00e1s de 50 observatorios de Argentina y el mundo y de 124 instituciones del pa\u00eds que tienen informaci\u00f3n publicada sobre el tema. Y destac\u00f3 que \u201cCuanto mayor sea la informaci\u00f3n a la que se tiene acceso, es esperable un mejor desempe\u00f1o de los actores econ\u00f3micos. Adem\u00e1s, el objetivo de un Observatorio es establecer una base de datos que sirva como inspiraci\u00f3n para la formulaci\u00f3n de pol\u00edticas p\u00fablicas\u201d. \u201cLuego del an\u00e1lisis realizado, concluimos que en Argentina, la informaci\u00f3n disponible sobre transporte es dispersa y escasa, pero es la dispersi\u00f3n lo que hace que, en la pr\u00e1ctica, los datos parezcan m\u00e1s escasos de lo que realmente son\u201d, finaliz\u00f3.<\/p>\n<p style=\"text-align: justify;\">Finalmente, Juan Mart\u00edn Piccirillo, Coordinador del ONDaT, explic\u00f3 el funcionamiento y la organizaci\u00f3n del sitio web, el formato de presentaci\u00f3n de los datos (donde se prioriz\u00f3 la accesibilidad), las m\u00faltiples posibilidades para la b\u00fasqueda efectiva de la informaci\u00f3n y detall\u00f3 los datos cargados al d\u00eda de hoy en el sitio, que abarcan temas como el flujo de veh\u00edculos, la cantidad de pasajeros transportados en distintos medios, la evoluci\u00f3n de tarifas, etc. Piccirillo resalt\u00f3 que \u201cactualmente se puede acceder en el sitio a cerca de 100 cuadros de informaci\u00f3n, pero estamos procesando unos 300 m\u00e1s, con lo cual los datos accesibles son solo una fracci\u00f3n de los relevados hasta el momento\u201d. El encuentro culmin\u00f3 con una ronda de preguntas del numeroso p\u00fablico asistente, que fueron respondidas por los expositores mencionados y por Hugo Rol\u00f3n, miembro del equipo del ONDaT.<\/p>\n<p style=\"text-align: justify;\">Puede descargar la presentaci\u00f3n realizada por el equipo del ONDaT <a href=\"http:\/\/c3t-utn.ar\/wp-content\/uploads\/2014\/09\/18va-JT-ONDaT.ppsx\">presionando aqu\u00ed<\/a>.<\/p>\n\t<\/div>\n\n\t<!-- This is the output of the META information -->\n\t<div class=\"entry-utility\">\n\t\t\t\t\t<span class=\"cat-links\">\n\t\t\t\t<span class=\"entry-utility-prep entry-utility-prep-cat-links\">Publicado en<\/span> <a href=\"https:\/\/c3t-utn.ar\/?cat=3\" rel=\"category\">Jornadas T\u00e9cnicas<\/a>\t\t\t<\/span>\n\t\t\t<span class=\"meta-sep\">|<\/span>\n\t\t\t\t\t\t\t<span class=\"tag-links\">\n\t\t\t\t<span class=\"entry-utility-prep entry-utility-prep-tag-links\">Etiquetas<\/span> <a href=\"https:\/\/c3t-utn.ar\/?tag=cargas\" rel=\"tag\">Cargas<\/a>, <a href=\"https:\/\/c3t-utn.ar\/?tag=comercio-exterior\" rel=\"tag\">Comercio exterior<\/a>, <a href=\"https:\/\/c3t-utn.ar\/?tag=energia\" rel=\"tag\">Energ\u00eda<\/a>, <a href=\"https:\/\/c3t-utn.ar\/?tag=informacion\" rel=\"tag\">Informaci\u00f3n<\/a>, <a href=\"https:\/\/c3t-utn.ar\/?tag=infraestructura\" rel=\"tag\">Infraestructura<\/a>, <a href=\"https:\/\/c3t-utn.ar\/?tag=intermodalidad\" rel=\"tag\">Intermodalidad<\/a>, <a href=\"https:\/\/c3t-utn.ar\/?tag=interurbano\" rel=\"tag\">Interurbano<\/a>, <a href=\"https:\/\/c3t-utn.ar\/?tag=jurisdiccion-nacional\" rel=\"tag\">Jurisdicci\u00f3n nacional<\/a>, <a href=\"https:\/\/c3t-utn.ar\/?tag=logistica\" rel=\"tag\">Log\u00edstica<\/a>, <a href=\"https:\/\/c3t-utn.ar\/?tag=motovehiculos\" rel=\"tag\">Motoveh\u00edculos<\/a>, <a href=\"https:\/\/c3t-utn.ar\/?tag=pasajeros\" rel=\"tag\">Pasajeros<\/a>, <a href=\"https:\/\/c3t-utn.ar\/?tag=seguridad-vial\" rel=\"tag\">Seguridad vial<\/a>, <a href=\"https:\/\/c3t-utn.ar\/?tag=servicios-de-transporte-publico\" rel=\"tag\">Servicios de transporte p\u00fablico<\/a>, <a href=\"https:\/\/c3t-utn.ar\/?tag=subsidios\" rel=\"tag\">Subsidios<\/a>, <a href=\"https:\/\/c3t-utn.ar\/?tag=transito\" rel=\"tag\">Tr\u00e1nsito<\/a>, <a href=\"https:\/\/c3t-utn.ar\/?tag=transporte-aereo\" rel=\"tag\">Transporte a\u00e9reo<\/a>, <a href=\"https:\/\/c3t-utn.ar\/?tag=transporte-automotor\" rel=\"tag\">Transporte automotor<\/a>, <a href=\"https:\/\/c3t-utn.ar\/?tag=transporte-ferroviario\" rel=\"tag\">Transporte ferroviario<\/a>, <a href=\"https:\/\/c3t-utn.ar\/?tag=transporte-maritimo\" rel=\"tag\">Transporte mar\u00edtimo<\/a>, <a href=\"https:\/\/c3t-utn.ar\/?tag=turismo\" rel=\"tag\">Turismo<\/a>, <a href=\"https:\/\/c3t-utn.ar\/?tag=urbano\" rel=\"tag\">Urbano<\/a>\t\t\t<\/span>\n\t\t\t<!--<span class=\"meta-sep\">|<\/span>-->\n\t\t\t\t<!--<span class=\"comments-link\"><span>Comentarios desactivados<span class=\"screen-reader-text\"> en 18va. Jornada T\u00e9cnica  en el C3T-UTN: \u00abPresentaci\u00f3n del Observatorio Nacional de Datos de Transporte (ONDaT)\u00bb<\/span><\/span><\/span>-->\n\t\t\t<\/div>\n<\/div>\n<!-- \/\/ End of Post Wrap -->\n<!-- NOTE: If you need to make changes to this file, copy it to your current theme's main\n\tdirectory so your changes won't be overwritten when the plugin is upgraded. -->\n\n<!-- Start of Post Wrap -->\n<div class=\"post hentry ivycat-post\">\n\t<!-- This is the output of the post TITLE -->\n\t<h2 class=\"entry-title\"><a href=\"https:\/\/c3t-utn.ar\/?p=140\">17ma. Jornada T\u00e9cnica  en el C3T-UTN: \u00abLog\u00edstica y productividad: el debate por la formaci\u00f3n de recursos humanos\u00bb <\/a><\/h2>\n\t<\/br>\n\t<b><i>16 mayo, 2013<\/i><\/b> <!-- Agrego fecha en el POST. DAS 17\/10\/2017. Lo bajo una fila. DAS 07\/03\/2018-->\n\n\t<!-- This is the output of the EXCERPT -->\n\t<div class=\"entry-summary\">\n\t\t <!-- COMENTADO PORQUE NO MOSTRABA INFO COMPLETA. SE CAMBIO A THE_CONTENT. DAS 17\/10\/2017 -->\n\t\t<p style=\"text-align: justify;\">El 16 de mayo de 2013, a las 18 horas, en el Sal\u00f3n Juan S\u00e1bato del Rectorado de la Universidad Tecnol\u00f3gica Nacional, sito en la calle Sarmiento 440 6to piso de la Ciudad Aut\u00f3noma de Buenos Aires, tuvo lugar la 17ma Jornada T\u00e9cnica del C3T-UTN \u201c<b>Log\u00edstica y Productividad: el debate por la formaci\u00f3n de recursos humanos<\/b>\u201d.<\/p>\n<p>La charla se centr\u00f3 en la formaci\u00f3n de recursos humanos en el \u00e1rea de la log\u00edstica como herramienta para incrementar la productividad en la cadena de abastecimiento. En la misma participaron representantes del \u00e1rea acad\u00e9mica y universidades que ofrecen carreras de grado y post grado en materia de log\u00edstica y de transporte junto a representantes de operadores log\u00edsticos y dadores de carga.<\/p>\n<p>En los \u00faltimos a\u00f1os se ha registrado una creciente oferta de cursos, carreras de grado y de post grado, por parte de instituciones educativas, varias de ellas de nivel universitario,\u00a0 referidas a la tem\u00e1tica del transporte en general, y a la log\u00edstica, en particular. \u00bfCu\u00e1les fueron los motivos que dieron lugar a este comportamiento? \u00bfRecogieron las casas de estudio demandas originadas en el sector cargador, en los operadores log\u00edsticos? \u00bfCu\u00e1l es la posici\u00f3n del Sector P\u00fablico responsable de la educaci\u00f3n en nuestro pa\u00eds?<\/p>\n<p>El panel estuvo conformado \u00a0por:<\/p>\n<p style=\"text-align: justify;\"><b>Daniel Morano<\/b>, Coordinador Ejecutivo del Plan Estrat\u00e9gico de Ingenier\u00eda &#8211; Ministerio de Educaci\u00f3n de la Naci\u00f3n;<\/p>\n<p style=\"text-align: justify;\"><b>Aldo Caballero<\/b>. Coordinador Institucional del Plan Estrat\u00e9gico de Ingenier\u00eda &#8211; Ministerio de Educaci\u00f3n de la Naci\u00f3n;<\/p>\n<p style=\"text-align: justify;\"><b>Oscar Tangelson<\/b>, Director del Departamento de Desarrollo Productivo y Tecnol\u00f3gico de la Universidad Nacional de Lan\u00fas;<\/p>\n<p style=\"text-align: justify;\"><b>Hayde\u00e9 Lordi<\/b>, Coordinadora de Relaciones Institucionales del Instituto Tecnol\u00f3gico Ferroviario de la Universidad Nacional de San Mart\u00edn;<\/p>\n<p style=\"text-align: justify;\"><b>Daniel Louro<\/b>, Coordinador Adjunto de la Licenciatura en Log\u00edstica, Universidad Nacional de Tres de Febrero;<\/p>\n<p style=\"text-align: justify;\"><b>Alejandro Zubizarreta<\/b>, Gerente de Log\u00edstica de YPF;<\/p>\n<p style=\"text-align: justify;\"><b>Rodolfo Selva<\/b>, Gerente de Operaciones y Transporte de Andreani.<\/p>\n\t<\/div>\n\n\t<!-- This is the output of the META information -->\n\t<div class=\"entry-utility\">\n\t\t\t\t\t<span class=\"cat-links\">\n\t\t\t\t<span class=\"entry-utility-prep entry-utility-prep-cat-links\">Publicado en<\/span> <a href=\"https:\/\/c3t-utn.ar\/?cat=3\" rel=\"category\">Jornadas T\u00e9cnicas<\/a>\t\t\t<\/span>\n\t\t\t<span class=\"meta-sep\">|<\/span>\n\t\t\t\t\t\t\t<span class=\"tag-links\">\n\t\t\t\t<span class=\"entry-utility-prep entry-utility-prep-tag-links\">Etiquetas<\/span> <a href=\"https:\/\/c3t-utn.ar\/?tag=cargas\" rel=\"tag\">Cargas<\/a>, <a href=\"https:\/\/c3t-utn.ar\/?tag=logistica\" rel=\"tag\">Log\u00edstica<\/a>, <a href=\"https:\/\/c3t-utn.ar\/?tag=universidad\" rel=\"tag\">Universidad<\/a>\t\t\t<\/span>\n\t\t\t<!--<span class=\"meta-sep\">|<\/span>-->\n\t\t\t\t<!--<span class=\"comments-link\"><span>Comentarios desactivados<span class=\"screen-reader-text\"> en 17ma. Jornada T\u00e9cnica  en el C3T-UTN: \u00abLog\u00edstica y productividad: el debate por la formaci\u00f3n de recursos humanos\u00bb<\/span><\/span><\/span>-->\n\t\t\t<\/div>\n<\/div>\n<!-- \/\/ End of Post Wrap -->\n<!-- NOTE: If you need to make changes to this file, copy it to your current theme's main\n\tdirectory so your changes won't be overwritten when the plugin is upgraded. -->\n\n<!-- Start of Post Wrap -->\n<div class=\"post hentry ivycat-post\">\n\t<!-- This is the output of the post TITLE -->\n\t<h2 class=\"entry-title\"><a href=\"https:\/\/c3t-utn.ar\/?p=137\">16ta. Jornada T\u00e9cnica  en el C3T- UTN: \u00abAn\u00e1lisis de la log\u00edstica en la Argentina desde el per\u00edodo prehisp\u00e1nico hasta finales del siglo XIX\u00bb <\/a><\/h2>\n\t<\/br>\n\t<b><i>6 diciembre, 2012<\/i><\/b> <!-- Agrego fecha en el POST. DAS 17\/10\/2017. Lo bajo una fila. DAS 07\/03\/2018-->\n\n\t<!-- This is the output of the EXCERPT -->\n\t<div class=\"entry-summary\">\n\t\t <!-- COMENTADO PORQUE NO MOSTRABA INFO COMPLETA. SE CAMBIO A THE_CONTENT. DAS 17\/10\/2017 -->\n\t\t<p style=\"text-align: justify;\"><span style=\"line-height: 1.5em;\">El 6 de diciembre de 2012, a las 18 horas, se presentaron las conclusiones preliminares del libro \u201c<\/span><b style=\"line-height: 1.5em;\">Argentina en Movimiento: Historia del movimiento de las cargas desde los pueblos originarios hasta el presente<\/b><span style=\"line-height: 1.5em;\">\u201d, en este caso para el per\u00edodo de referencia.<\/span><\/p>\n<p style=\"text-align: justify;\">Este libro est\u00e1 siendo desarrollado por el Centro Tecnol\u00f3gico de Transporte, Tr\u00e1nsito y Seguridad Vial (C3T) con el objetivo de dejar un registro integral de c\u00f3mo se han administrado las cargas en el territorio nacional a lo largo de la historia, y qu\u00e9 consecuencias ha tenido para el presente y futuro de la actividad log\u00edstica.<\/p>\n<p>La presentaci\u00f3n fue realizada por el equipo de trabajo que est\u00e1 elaborando el libro, dando a conocer los avances en las tareas desarrolladas en esta investigaci\u00f3n.<\/p>\n<p style=\"text-align: justify;\"><span style=\"line-height: 1.5em;\">Puede descargar la presentaci\u00f3n que se expuso en la Jornada <a href=\"http:\/\/c3t-utn.ar\/wp-content\/uploads\/2014\/09\/PPT-16JT-La-Argentina-en-Movimiento.ppt\">presionando aqu\u00ed<\/a>.<\/span><\/p>\n\t<\/div>\n\n\t<!-- This is the output of the META information -->\n\t<div class=\"entry-utility\">\n\t\t\t\t\t<span class=\"cat-links\">\n\t\t\t\t<span class=\"entry-utility-prep entry-utility-prep-cat-links\">Publicado en<\/span> <a href=\"https:\/\/c3t-utn.ar\/?cat=3\" rel=\"category\">Jornadas T\u00e9cnicas<\/a>\t\t\t<\/span>\n\t\t\t<span class=\"meta-sep\">|<\/span>\n\t\t\t\t\t\t\t<span class=\"tag-links\">\n\t\t\t\t<span class=\"entry-utility-prep entry-utility-prep-tag-links\">Etiquetas<\/span> <a href=\"https:\/\/c3t-utn.ar\/?tag=cargas\" rel=\"tag\">Cargas<\/a>, <a href=\"https:\/\/c3t-utn.ar\/?tag=historia\" rel=\"tag\">Historia<\/a>, <a href=\"https:\/\/c3t-utn.ar\/?tag=logistica\" rel=\"tag\">Log\u00edstica<\/a>\t\t\t<\/span>\n\t\t\t<!--<span class=\"meta-sep\">|<\/span>-->\n\t\t\t\t<!--<span class=\"comments-link\"><span>Comentarios desactivados<span class=\"screen-reader-text\"> en 16ta. Jornada T\u00e9cnica  en el C3T- UTN: \u00abAn\u00e1lisis de la log\u00edstica en la Argentina desde el per\u00edodo prehisp\u00e1nico hasta finales del siglo XIX\u00bb<\/span><\/span><\/span>-->\n\t\t\t<\/div>\n<\/div>\n<!-- \/\/ End of Post Wrap -->\n<!-- NOTE: If you need to make changes to this file, copy it to your current theme's main\n\tdirectory so your changes won't be overwritten when the plugin is upgraded. -->\n\n<!-- Start of Post Wrap -->\n<div class=\"post hentry ivycat-post\">\n\t<!-- This is the output of the post TITLE -->\n\t<h2 class=\"entry-title\"><a href=\"https:\/\/c3t-utn.ar\/?p=128\">15ta. Jornada T\u00e9cnica  en el C3T-UTN: \u201cAgencia Metropolitana de Transporte \u2013 La experiencia de Madrid. Bases de un consorcio en Madrid y su \u00e1rea suburbana\u00bb <\/a><\/h2>\n\t<\/br>\n\t<b><i>25 octubre, 2012<\/i><\/b> <!-- Agrego fecha en el POST. DAS 17\/10\/2017. Lo bajo una fila. DAS 07\/03\/2018-->\n\n\t<!-- This is the output of the EXCERPT -->\n\t<div class=\"entry-summary\">\n\t\t <!-- COMENTADO PORQUE NO MOSTRABA INFO COMPLETA. SE CAMBIO A THE_CONTENT. DAS 17\/10\/2017 -->\n\t\t<h3><b>15ta. Jornada T\u00e9cnica\u00a0 en el C3T-UTN<\/b><br \/>\n<span style=\"color: #0000ff;\"><b>\u201cAgencia Metropolitana de Transporte \u2013 La experiencia de Madrid. Bases de un consorcio en Madrid y su \u00e1rea suburbana\u00bb<\/b><\/span><\/h3>\n<p style=\"text-align: justify;\">El pasado 25 de Octubre de 2012 a las 18 horas, en el Sal\u00f3n Juan S\u00e1bato del Rectorado de la Universidad Tecnol\u00f3gica Nacional, sito en la calle Sarmiento 440 6to piso, de la Ciudad Aut\u00f3noma de Buenos Aires, fue realizada la 15ta Jornada T\u00e9cnica del C3T, denominada \u201c<strong>Agencia Metropolitana de Transporte \u2013 La Experiencia de Madrid<\/strong>\u201d. La charla estuvo a cargo del Ing. Gonzalo Mart\u00edn Baranda y fue moderada por el Ing. Jos\u00e9 Giraldes del C3T.<\/p>\n<p>El Ingeniero\u00a0<b>Gonzalo Mart\u00edn Baranda\u00a0<\/b>naci\u00f3 en San Sebasti\u00e1n, Pa\u00eds Vasco, en 1946. Se ha dedicado toda su vida a los ferrocarriles. Fue Profesor de Ferrocarriles en la ETSI de Caminos, Canales y Puertos de Madrid, y fue Director General de Ingenier\u00eda de RENFE durante la construcci\u00f3n del AVE Madrid-Sevilla. Su participaci\u00f3n en esta obra lo llev\u00f3 a gestar y a ser uno de los protagonistas de la transformaci\u00f3n del ferrocarril en Espa\u00f1a. En la actualidad se desempe\u00f1a como Consultor de Transportes en Am\u00e9rica Latina.<\/p>\n<p>Para descargar la presentaci\u00f3n realizada en la Jornada, <a href=\"http:\/\/c3t-utn.ar\/wp-content\/uploads\/2014\/09\/Presentaci\u00f3n-UTN.ppt\">presione aqu\u00ed<\/a>.<\/p>\n\t<\/div>\n\n\t<!-- This is the output of the META information -->\n\t<div class=\"entry-utility\">\n\t\t\t\t\t<span class=\"cat-links\">\n\t\t\t\t<span class=\"entry-utility-prep entry-utility-prep-cat-links\">Publicado en<\/span> <a href=\"https:\/\/c3t-utn.ar\/?cat=3\" rel=\"category\">Jornadas T\u00e9cnicas<\/a>\t\t\t<\/span>\n\t\t\t<span class=\"meta-sep\">|<\/span>\n\t\t\t\t\t\t\t<span class=\"tag-links\">\n\t\t\t\t<span class=\"entry-utility-prep entry-utility-prep-tag-links\">Etiquetas<\/span> <a href=\"https:\/\/c3t-utn.ar\/?tag=pasajeros\" rel=\"tag\">Pasajeros<\/a>, <a href=\"https:\/\/c3t-utn.ar\/?tag=transporte-ferroviario\" rel=\"tag\">Transporte ferroviario<\/a>, <a href=\"https:\/\/c3t-utn.ar\/?tag=urbano\" rel=\"tag\">Urbano<\/a>\t\t\t<\/span>\n\t\t\t<!--<span class=\"meta-sep\">|<\/span>-->\n\t\t\t\t<!--<span class=\"comments-link\"><span>Comentarios desactivados<span class=\"screen-reader-text\"> en 15ta. Jornada T\u00e9cnica  en el C3T-UTN: \u201cAgencia Metropolitana de Transporte \u2013 La experiencia de Madrid. Bases de un consorcio en Madrid y su \u00e1rea suburbana\u00bb<\/span><\/span><\/span>-->\n\t\t\t<\/div>\n<\/div>\n<!-- \/\/ End of Post Wrap -->\n<!-- NOTE: If you need to make changes to this file, copy it to your current theme's main\n\tdirectory so your changes won't be overwritten when the plugin is upgraded. -->\n\n<!-- Start of Post Wrap -->\n<div class=\"post hentry ivycat-post\">\n\t<!-- This is the output of the post TITLE -->\n\t<h2 class=\"entry-title\"><a href=\"https:\/\/c3t-utn.ar\/?p=126\">14ta. Jornada T\u00e9cnica en el C3T \u2013 UTN: \u00abAplicaciones de los Sistemas Inteligentes de Transporte (ITS)\u00bb <\/a><\/h2>\n\t<\/br>\n\t<b><i>4 octubre, 2012<\/i><\/b> <!-- Agrego fecha en el POST. DAS 17\/10\/2017. Lo bajo una fila. DAS 07\/03\/2018-->\n\n\t<!-- This is the output of the EXCERPT -->\n\t<div class=\"entry-summary\">\n\t\t <!-- COMENTADO PORQUE NO MOSTRABA INFO COMPLETA. SE CAMBIO A THE_CONTENT. DAS 17\/10\/2017 -->\n\t\t<p>El pasado 4 de octubre de 2012 a las 17:30 horas, en el\u00a0 Sal\u00f3n Juan S\u00e1bato del Rectorado de la Universidad Tecnol\u00f3gica Nacional, sito en calle Sarmiento 440, 6to. piso, de la Ciudad\u00a0 Aut\u00f3noma de Buenos Aires, el Centro Tecnol\u00f3gico de Transporte, Tr\u00e1nsito y Seguridad Vial (C3T) de la Secretar\u00eda de Extensi\u00f3n Universitaria del Rectorado de la UTN present\u00f3 la conferencia\/debate\u00a0 \u201c<b>Aplicaciones de los Sistemas Inteligentes de Transporte ITS<\/b>\u201d, a cargo del Ing. Daniel G. Russomanno, MBA y el Ing. Jorge Felizia.<\/p>\n<p>El\u00a0<b>Ing. Daniel Gerardo Russomanno<\/b>, es Ingeniero Electricista de la Facultad de Ingenier\u00eda, T\u00e9cnico Especialista en Direcci\u00f3n Integrada de Proyectos y Magister en Administraci\u00f3n de Empresas. Desde el a\u00f1o 2007 preside la Asociaci\u00f3n Civil sin fines de lucro ITS Argentina y es Coordinador de Proyectos ITS del \u00f3rgano de control de concesiones viales de la Direcci\u00f3n Nacional de Vialidad. Es miembro titular del Comit\u00e9 Consultivo T\u00e9cnico de la Agencia Nacional de Seguridad Vial, Miembro fundador y del \u00f3rgano de Fiscalizaci\u00f3n de la Asociaci\u00f3n Argentina de T\u00faneles y Espacios Subterr\u00e1neos AATES, ejerce la presidencia del grupo ITS Iberoam\u00e9rica, miembro titular del grupo Asociaciones ITS Panamericanas PAITS, miembro del Consejo Directivo de la Asociaci\u00f3n Argentina de Carreteras, miembro de la Comisi\u00f3n de Tr\u00e1nsito y Transporte del COPIME y Secretario hispanoparlante del Comit\u00e9 T\u00e9cnico Operaciones en Redes de Carreteras de la Asociaci\u00f3n Mundial de la Carretera PIARC.<\/p>\n<p>El\u00a0<b>Ing. Jorge Felizia<\/b>\u00a0tiene m\u00e1s de 40 a\u00f1os de ejercicio profesional, desarrollando\u00a0 actividades en el campo de la Ingenier\u00eda de Tr\u00e1nsito, tanto en aspectos relativos a operaci\u00f3n, capacidad, nivel de servicio, seguridad, factibilidad en calles, avenidas, caminos, autopistas y autov\u00edas. Trabajos para Consultoras nacionales y extranjeras, para municipios, provincias y Naci\u00f3n. Estudios del Beneficio del Usuario. Especialista en modelos de asignaci\u00f3n GIS (Transcad) y de simulaci\u00f3n (TSIS).\u00a0 Dictado de cursos de posgrado y maestr\u00eda en las Universidades Nacionales de Buenos Aires, de La Plata, de Rosario, de La Pampa, del Sur, del Noreste, de San Juan, de la Patagonia, y Tecnol\u00f3gicas de La Plata y Rosario. Jurado para el nombramiento de profesores y de Tesis de maestr\u00edas en las Universidades Nacionales de C\u00f3rdoba, La Plata y del Noreste. Actual secretario de ITS (Sistemas Inteligentes de Transporte) y socio fundador y secretario de ITS Argentina y miembro de la SAIT (Sociedad Argentina de Ingenier\u00eda de Tr\u00e1nsito).<\/p>\n<p>La Jornada trat\u00f3 las siguientes tem\u00e1ticas:<\/p>\n<ul>\n<li>Significado de los sistemas inteligentes de transporte.<\/li>\n<li>Identificaci\u00f3n y clasificaci\u00f3n de los sistemas inteligentes de transporte.<\/li>\n<li>Beneficios, especialmente, en la seguridad vial, en el medio ambiente, en la movilidad y en la calidad de vida y bienestar de la Sociedad en general.<\/li>\n<li>Aplicaciones y lecciones aprendidas en \u00e1reas urbanas e interurbanas.<\/li>\n<li>Evaluaci\u00f3n de proyectos, objetivos, an\u00e1lisis de riesgos e indicadores clave de performance.<\/li>\n<\/ul>\n\t<\/div>\n\n\t<!-- This is the output of the META information -->\n\t<div class=\"entry-utility\">\n\t\t\t\t\t<span class=\"cat-links\">\n\t\t\t\t<span class=\"entry-utility-prep entry-utility-prep-cat-links\">Publicado en<\/span> <a href=\"https:\/\/c3t-utn.ar\/?cat=3\" rel=\"category\">Jornadas T\u00e9cnicas<\/a>\t\t\t<\/span>\n\t\t\t<span class=\"meta-sep\">|<\/span>\n\t\t\t\t\t\t\t<span class=\"tag-links\">\n\t\t\t\t<span class=\"entry-utility-prep entry-utility-prep-tag-links\">Etiquetas<\/span> <a href=\"https:\/\/c3t-utn.ar\/?tag=its\" rel=\"tag\">ITS<\/a>\t\t\t<\/span>\n\t\t\t<!--<span class=\"meta-sep\">|<\/span>-->\n\t\t\t\t<!--<span class=\"comments-link\"><span>Comentarios desactivados<span class=\"screen-reader-text\"> en 14ta. Jornada T\u00e9cnica en el C3T \u2013 UTN: \u00abAplicaciones de los Sistemas Inteligentes de Transporte (ITS)\u00bb<\/span><\/span><\/span>-->\n\t\t\t<\/div>\n<\/div>\n<!-- \/\/ End of Post Wrap -->\n<!-- NOTE: If you need to make changes to this file, copy it to your current theme's main\n\tdirectory so your changes won't be overwritten when the plugin is upgraded. -->\n\n<!-- Start of Post Wrap -->\n<div class=\"post hentry ivycat-post\">\n\t<!-- This is the output of the post TITLE -->\n\t<h2 class=\"entry-title\"><a href=\"https:\/\/c3t-utn.ar\/?p=123\">13ra.Jornada T\u00e9cnica en el C3T \u2013 UTN: \u00abLos Veh\u00edculos y la Seguridad Vial. Programa Latin NCAP\u00bb <\/a><\/h2>\n\t<\/br>\n\t<b><i>2 agosto, 2012<\/i><\/b> <!-- Agrego fecha en el POST. DAS 17\/10\/2017. Lo bajo una fila. DAS 07\/03\/2018-->\n\n\t<!-- This is the output of the EXCERPT -->\n\t<div class=\"entry-summary\">\n\t\t <!-- COMENTADO PORQUE NO MOSTRABA INFO COMPLETA. SE CAMBIO A THE_CONTENT. DAS 17\/10\/2017 -->\n\t\t<p>El pasado 2 de agosto de 2012 a las 14:00 horas, en el\u00a0 Sal\u00f3n Juan S\u00e1bato del Rectorado de la Universidad Tecnol\u00f3gica Nacional, sito en calle Sarmiento 440, 6to. piso, de la Ciudad\u00a0 Aut\u00f3noma de Buenos Aires, el Centro Tecnol\u00f3gico de Transporte, Tr\u00e1nsito y Seguridad Vial (C3T) de la Secretar\u00eda de Extensi\u00f3n Universitaria del Rectorado de la UTN fue presentada\u00a0la conferencia\/debate\u00a0 \u201c<b>Los veh\u00edculos y la Seguridad Vial. Programa Latin NCAP\u201d<\/b>, a cargo del Lic. Pedro Centeno y el Ing. Alejandro Furas.<\/p>\n<p style=\"text-align: justify;\">El\u00a0<b>Lic. Pedro Centeno<\/b>, es actualmente quien preside la Direcci\u00f3n de Estudios en Seguridad de Infraestructura Vial y del Automotor de la Agencia Nacional de Seguridad Vial.<\/p>\n<p style=\"text-align: justify;\">Alejandro Furas es Ingeniero Mec\u00e1nico e Industrial, nacido en Montevideo, Uruguay. Es Director T\u00e9cnico de Global NCAP, Miembro de delegaci\u00f3n de la Fundaci\u00f3n FIA en Las Naciones Unidas, WP-29 en Ginebra y docente Grado 1 de la Universidad de la Rep\u00fablica Oriental del Uruguay (UDELAR), Facultad de Ingenier\u00eda, Instituto de Ingenier\u00eda Mec\u00e1nica y Producci\u00f3n Industrial (IIMPI).<\/p>\n<p style=\"text-align: justify;\">La Jornada trat\u00f3 la siguiente tem\u00e1tica:<\/p>\n<ul>\n<li style=\"text-align: justify;\">Los veh\u00edculos automotores y la seguridad Vial. Situaci\u00f3n en Argentina.<\/li>\n<li style=\"text-align: justify;\">Latin NCAP: proceso y principios del crash test frontal. An\u00e1lisis de resultados en detalle y casos de estudio de crash test frontal.<\/li>\n<li style=\"text-align: justify;\">Proceso de preparaci\u00f3n y desarrollo de Crash test, elementos y pasos.<\/li>\n<li style=\"text-align: justify;\">Proceso de inspecci\u00f3n y evaluaci\u00f3n final de los autos testeados: metodolog\u00eda de obtenci\u00f3n de los resultados de Latin NCAP y relaci\u00f3n con las normas T\u00e9cnicas.<\/li>\n<\/ul>\n\t<\/div>\n\n\t<!-- This is the output of the META information -->\n\t<div class=\"entry-utility\">\n\t\t\t\t\t<span class=\"cat-links\">\n\t\t\t\t<span class=\"entry-utility-prep entry-utility-prep-cat-links\">Publicado en<\/span> <a href=\"https:\/\/c3t-utn.ar\/?cat=3\" rel=\"category\">Jornadas T\u00e9cnicas<\/a>\t\t\t<\/span>\n\t\t\t<span class=\"meta-sep\">|<\/span>\n\t\t\t\t\t\t\t<span class=\"tag-links\">\n\t\t\t\t<span class=\"entry-utility-prep entry-utility-prep-tag-links\">Etiquetas<\/span> <a href=\"https:\/\/c3t-utn.ar\/?tag=seguridad-vial\" rel=\"tag\">Seguridad vial<\/a>\t\t\t<\/span>\n\t\t\t<!--<span class=\"meta-sep\">|<\/span>-->\n\t\t\t\t<!--<span class=\"comments-link\"><span>Comentarios desactivados<span class=\"screen-reader-text\"> en 13ra.Jornada T\u00e9cnica en el C3T \u2013 UTN: \u00abLos Veh\u00edculos y la Seguridad Vial. Programa Latin NCAP\u00bb<\/span><\/span><\/span>-->\n\t\t\t<\/div>\n<\/div>\n<!-- \/\/ End of Post Wrap -->\n<!-- NOTE: If you need to make changes to this file, copy it to your current theme's main\n\tdirectory so your changes won't be overwritten when the plugin is upgraded. -->\n\n<!-- Start of Post Wrap -->\n<div class=\"post hentry ivycat-post\">\n\t<!-- This is the output of the post TITLE -->\n\t<h2 class=\"entry-title\"><a href=\"https:\/\/c3t-utn.ar\/?p=121\">12da. Jornada T\u00e9cnica en el C3T \u2013 UTN: \u00abLos Motoveh\u00edculos y la Seguridad Vial\u00bb <\/a><\/h2>\n\t<\/br>\n\t<b><i>7 junio, 2012<\/i><\/b> <!-- Agrego fecha en el POST. DAS 17\/10\/2017. Lo bajo una fila. DAS 07\/03\/2018-->\n\n\t<!-- This is the output of the EXCERPT -->\n\t<div class=\"entry-summary\">\n\t\t <!-- COMENTADO PORQUE NO MOSTRABA INFO COMPLETA. SE CAMBIO A THE_CONTENT. DAS 17\/10\/2017 -->\n\t\t<p>El pasado 7 de junio de 2012 a las 17:00 horas, en el sal\u00f3n Auditorio de la Asociaci\u00f3n Argentina de Carreteras, sito en la Av. Paseo Col\u00f3n 823, 6to. piso, de la Ciudad\u00a0 Aut\u00f3noma de Buenos Aires, el Centro Tecnol\u00f3gico de Transporte, Tr\u00e1nsito y Seguridad Vial (C3T) de la Secretar\u00eda de Extensi\u00f3n Universitaria del Rectorado de la UTN fue presentada la conferencia\/debate\u00a0 \u201c<b>Los Motoveh\u00edculos y la Seguridad Vial<\/b>\u201d, a cargo de Pedro Centeno y Jorge Rubino.<\/p>\n<p>El\u00a0<b>Lic. Pedro Centeno\u00a0<\/b>preside actualmente la Direcci\u00f3n de Estudios en Seguridad de Infraestructura Vial y del Automotor de la Agencia Nacional de Seguridad Vial.<\/p>\n<p>El\u00a0<b>Sr. Jorge Rubino\u00a0<\/b>es un reconocido experto en motoveh\u00edculos, participa en la Agencia Nacional de Seguridad Vial y el Gobierno de la Ciudad Aut\u00f3noma de Buenos Aires en el abordaje de esta problem\u00e1tica.<\/p>\n\t<\/div>\n\n\t<!-- This is the output of the META information -->\n\t<div class=\"entry-utility\">\n\t\t\t\t\t<span class=\"cat-links\">\n\t\t\t\t<span class=\"entry-utility-prep entry-utility-prep-cat-links\">Publicado en<\/span> <a href=\"https:\/\/c3t-utn.ar\/?cat=3\" rel=\"category\">Jornadas T\u00e9cnicas<\/a>\t\t\t<\/span>\n\t\t\t<span class=\"meta-sep\">|<\/span>\n\t\t\t\t\t\t\t<span class=\"tag-links\">\n\t\t\t\t<span class=\"entry-utility-prep entry-utility-prep-tag-links\">Etiquetas<\/span> <a href=\"https:\/\/c3t-utn.ar\/?tag=motovehiculos\" rel=\"tag\">Motoveh\u00edculos<\/a>, <a href=\"https:\/\/c3t-utn.ar\/?tag=seguridad-vial\" rel=\"tag\">Seguridad vial<\/a>\t\t\t<\/span>\n\t\t\t<!--<span class=\"meta-sep\">|<\/span>-->\n\t\t\t\t<!--<span class=\"comments-link\"><span>Comentarios desactivados<span class=\"screen-reader-text\"> en 12da. Jornada T\u00e9cnica en el C3T \u2013 UTN: \u00abLos Motoveh\u00edculos y la Seguridad Vial\u00bb<\/span><\/span><\/span>-->\n\t\t\t<\/div>\n<\/div>\n<!-- \/\/ End of Post Wrap -->\n<!-- NOTE: If you need to make changes to this file, copy it to your current theme's main\n\tdirectory so your changes won't be overwritten when the plugin is upgraded. -->\n\n<!-- Start of Post Wrap -->\n<div class=\"post hentry ivycat-post\">\n\t<!-- This is the output of the post TITLE -->\n\t<h2 class=\"entry-title\"><a href=\"https:\/\/c3t-utn.ar\/?p=118\">11va. Jornada T\u00e9cnica en el C3T \u2013 UTN: \u00abLog\u00edstica Urbana. El caso del \u00c1rea Metropolitana de Buenos Aires\u00bb <\/a><\/h2>\n\t<\/br>\n\t<b><i>8 mayo, 2012<\/i><\/b> <!-- Agrego fecha en el POST. DAS 17\/10\/2017. Lo bajo una fila. DAS 07\/03\/2018-->\n\n\t<!-- This is the output of the EXCERPT -->\n\t<div class=\"entry-summary\">\n\t\t <!-- COMENTADO PORQUE NO MOSTRABA INFO COMPLETA. SE CAMBIO A THE_CONTENT. DAS 17\/10\/2017 -->\n\t\t<p>El 8 de mayo de 2012 se realiz\u00f3 en el Sal\u00f3n Juan S\u00e1bado del Rectorado de la Universidad Tecnol\u00f3gica Nacional la 11ra Jornada T\u00e9cnica del C3T-UTN, \u00abLog\u00edstica Urbana. El caso del \u00c1rea Metropolitana de Buenos Aires\u00bb.<\/p>\n<p>Los niveles de congesti\u00f3n crecientes en las ciudades de nuestro pa\u00eds y del resto del mundo han generado diversas consecuencias negativas en el tr\u00e1nsito urbano; entre ellas, se destaca el impacto sobre las actividades de log\u00edstica urbana, al disminuir su eficiencia y los tiempos de entrega y, por lo tanto, al elevar los costos finales de distribuci\u00f3n.<\/p>\n<p>La Jornada T\u00e9cnica busc\u00f3 debatir sobre esta problem\u00e1tica, haciendo especial hincapi\u00e9 en el \u00c1rea Metropolitana de Buenos Aires.<\/p>\n<p><b>Panel.<\/b><br \/>\n<i>Horacio Blot<\/i>. Ex Subsecretario de Tr\u00e1nsito y Transporte del Gobierno de la Ciudad de Buenos Aires.<br \/>\n<i>Carlos Musante<\/i>. Director de CEDOL.<i><br \/>\nJuan Pablo Harendorf<\/i>. Jefe de log\u00edstica de Farmacity.<\/p>\n<p>Para descargar la presentaci\u00f3n realizada en la Jornada, <a href=\"http:\/\/c3t-utn.ar\/wp-content\/uploads\/2014\/09\/Log\u00edstica-Urbana.pdf\">presione aqu\u00ed<\/a>.<\/p>\n\t<\/div>\n\n\t<!-- This is the output of the META information -->\n\t<div class=\"entry-utility\">\n\t\t\t\t\t<span class=\"cat-links\">\n\t\t\t\t<span class=\"entry-utility-prep entry-utility-prep-cat-links\">Publicado en<\/span> <a href=\"https:\/\/c3t-utn.ar\/?cat=3\" rel=\"category\">Jornadas T\u00e9cnicas<\/a>\t\t\t<\/span>\n\t\t\t<span class=\"meta-sep\">|<\/span>\n\t\t\t\t\t\t\t<span class=\"tag-links\">\n\t\t\t\t<span class=\"entry-utility-prep entry-utility-prep-tag-links\">Etiquetas<\/span> <a href=\"https:\/\/c3t-utn.ar\/?tag=cargas\" rel=\"tag\">Cargas<\/a>, <a href=\"https:\/\/c3t-utn.ar\/?tag=logistica\" rel=\"tag\">Log\u00edstica<\/a>, <a href=\"https:\/\/c3t-utn.ar\/?tag=transito\" rel=\"tag\">Tr\u00e1nsito<\/a>, <a href=\"https:\/\/c3t-utn.ar\/?tag=urbano\" rel=\"tag\">Urbano<\/a>\t\t\t<\/span>\n\t\t\t<!--<span class=\"meta-sep\">|<\/span>-->\n\t\t\t\t<!--<span class=\"comments-link\"><span>Comentarios desactivados<span class=\"screen-reader-text\"> en 11va. Jornada T\u00e9cnica en el C3T \u2013 UTN: \u00abLog\u00edstica Urbana. El caso del \u00c1rea Metropolitana de Buenos Aires\u00bb<\/span><\/span><\/span>-->\n\t\t\t<\/div>\n<\/div>\n<!-- \/\/ End of Post Wrap -->\n<!-- NOTE: If you need to make changes to this file, copy it to your current theme's main\n\tdirectory so your changes won't be overwritten when the plugin is upgraded. -->\n\n<!-- Start of Post Wrap -->\n<div class=\"post hentry ivycat-post\">\n\t<!-- This is the output of the post TITLE -->\n\t<h2 class=\"entry-title\"><a href=\"https:\/\/c3t-utn.ar\/?p=114\">10ma. Jornada T\u00e9cnica en el C3T \u2013 UTN: \u00abProblem\u00e1tica de los pasos a nivel desde el punto de vista del transito vial y del transporte p\u00fablico ferroviario\u00bb <\/a><\/h2>\n\t<\/br>\n\t<b><i>22 marzo, 2012<\/i><\/b> <!-- Agrego fecha en el POST. DAS 17\/10\/2017. Lo bajo una fila. DAS 07\/03\/2018-->\n\n\t<!-- This is the output of the EXCERPT -->\n\t<div class=\"entry-summary\">\n\t\t <!-- COMENTADO PORQUE NO MOSTRABA INFO COMPLETA. SE CAMBIO A THE_CONTENT. DAS 17\/10\/2017 -->\n\t\t<p>El pasado 22 de marzo de 2012\u00a0a las 18.30 horas, en las instalaciones del Rectorado de la Universidad Tecnol\u00f3gica Nacional, sito en la calle Sarmiento 440, 6to. piso, de la Ciudad Aut\u00f3noma de Buenos Aires, el Centro Tecnol\u00f3gico de Transporte, Tr\u00e1nsito y Seguridad Vial (C3T) de la Secretar\u00eda de Extensi\u00f3n Universitaria del Rectorado de la UTN fue presentada \u00a0la conferencia\/debate \u201c<b>Problem\u00e1ticas de los pasos a nivel desde el punto de vista del tr\u00e1nsito vial y del transporte p\u00fablico ferroviario<\/b>\u201d, a cargo de Guillermo Yampolsky.<\/p>\n<p>El Ingeniero\u00a0<b>Guillermo Yampolsky<\/b>, especialista en Transporte y Tr\u00e1nsito, es actualmente el Presidente de Ingenier\u00eda en Relevamientos Viales (IRV), donde se desempe\u00f1a adem\u00e1s como Gerente T\u00e9cnico. Previamente ha ejercido el cargo de Director General de Tr\u00e1nsito del Gobierno de la Ciudad Aut\u00f3noma de Buenos Aires, ha sido asesor de la Direcci\u00f3n General de Desarrollo Urbano en lo espec\u00edfico del componente Tr\u00e1nsito y Transporte, y trabaj\u00f3 en el Proyecto de Transporte Urbano de Buenos Aires (PTUBA), donde ha tenido a cargo la coordinaci\u00f3n t\u00e9cnica de la selecci\u00f3n y elaboraci\u00f3n de los proyectos de soluciones de cruces ferroviales a nivel y a distinto nivel, y de los proyectos de centros de trasbordo en el \u00e1rea Metropolitana de Buenos Aires (AMBA).<\/p>\n<p>Para descargar la presentaci\u00f3n realizada en la Jornada, <a href=\"http:\/\/c3t-utn.ar\/wp-content\/uploads\/2014\/09\/10a_JT_C3T.pdf\">presione aqu\u00ed<\/a>.<\/p>\n\t<\/div>\n\n\t<!-- This is the output of the META information -->\n\t<div class=\"entry-utility\">\n\t\t\t\t\t<span class=\"cat-links\">\n\t\t\t\t<span class=\"entry-utility-prep entry-utility-prep-cat-links\">Publicado en<\/span> <a href=\"https:\/\/c3t-utn.ar\/?cat=3\" rel=\"category\">Jornadas T\u00e9cnicas<\/a>\t\t\t<\/span>\n\t\t\t<span class=\"meta-sep\">|<\/span>\n\t\t\t\t\t\t\t<span class=\"tag-links\">\n\t\t\t\t<span class=\"entry-utility-prep entry-utility-prep-tag-links\">Etiquetas<\/span> <a href=\"https:\/\/c3t-utn.ar\/?tag=seguridad-vial\" rel=\"tag\">Seguridad vial<\/a>, <a href=\"https:\/\/c3t-utn.ar\/?tag=servicios-de-transporte-publico\" rel=\"tag\">Servicios de transporte p\u00fablico<\/a>, <a href=\"https:\/\/c3t-utn.ar\/?tag=transito\" rel=\"tag\">Tr\u00e1nsito<\/a>, <a href=\"https:\/\/c3t-utn.ar\/?tag=transporte-ferroviario\" rel=\"tag\">Transporte ferroviario<\/a>\t\t\t<\/span>\n\t\t\t<!--<span class=\"meta-sep\">|<\/span>-->\n\t\t\t\t<!--<span class=\"comments-link\"><span>Comentarios desactivados<span class=\"screen-reader-text\"> en 10ma. Jornada T\u00e9cnica en el C3T \u2013 UTN: \u00abProblem\u00e1tica de los pasos a nivel desde el punto de vista del transito vial y del transporte p\u00fablico ferroviario\u00bb<\/span><\/span><\/span>-->\n\t\t\t<\/div>\n<\/div>\n<!-- \/\/ End of Post Wrap -->\n<!-- NOTE: If you need to make changes to this file, copy it to your current theme's main\n\tdirectory so your changes won't be overwritten when the plugin is upgraded. -->\n\n<!-- Start of Post Wrap -->\n<div class=\"post hentry ivycat-post\">\n\t<!-- This is the output of the post TITLE -->\n\t<h2 class=\"entry-title\"><a href=\"https:\/\/c3t-utn.ar\/?p=109\">9na. Jornada T\u00e9cnica en el C3T \u2013 UTN: \u00abLog\u00edstica, ferrocarriles y consumo de combustibles\u00bb <\/a><\/h2>\n\t<\/br>\n\t<b><i>20 octubre, 2011<\/i><\/b> <!-- Agrego fecha en el POST. DAS 17\/10\/2017. Lo bajo una fila. DAS 07\/03\/2018-->\n\n\t<!-- This is the output of the EXCERPT -->\n\t<div class=\"entry-summary\">\n\t\t <!-- COMENTADO PORQUE NO MOSTRABA INFO COMPLETA. SE CAMBIO A THE_CONTENT. DAS 17\/10\/2017 -->\n\t\t<p>El pasado 20 de octubre de 2011 a las 18.30 horas, en las instalaciones del Rectorado de la Universidad Tecnol\u00f3gica Nacional, sito en la calle Sarmiento 440, 6to. piso, de la Ciudad\u00a0 Aut\u00f3noma de Buenos Aires, el Centro Tecnol\u00f3gico de Transporte, Tr\u00e1nsito y Seguridad Vial (C3T) de la Secretar\u00eda de Extensi\u00f3n Universitaria del Rectorado de la UTN fue presentada la conferencia\/debate\u00a0 \u201c<b>Log\u00edstica, ferrocarriles y consumo de combustibles<\/b>\u201d, a cargo de Antonio Zuidwijk.<\/p>\n<p>En la conferencia se trat\u00f3 la problem\u00e1tica ferroviaria argentina\u00a0 y su interrelaci\u00f3n con otros modos de transporte, en distintos an\u00e1lisis comparativos desde lo operacional y el consumo de energ\u00eda. Fue abordado tambi\u00e9n la tem\u00e1tica de la vinculaci\u00f3n ferroportuaria y su influencia en el comercio exterior de la Argentina, con un an\u00e1lisis actual y a futuro.<\/p>\n<p><b>Antonio Zuidwijk\u00a0<\/b>ha sido expositor en seminarios nacionales e internacionales sobre temas portuarios y de transporte. Lleg\u00f3 a la Argentina en 1956\u00a0 para trabajar en la Agencia Mar\u00edtima Dodero, pasando en 1971 a Moore McCormack para iniciar los primeros traslados en contenedores en Sudam\u00e9rica. A partir de 1978 se desempe\u00f1\u00f3 en Murchison S.A. como Gerente de operaciones para el puerto de Buenos Aires, ocupando luego el cargo de Gerente General de Murchison Terminais de Carga en Brasil. Es autor de los libros \u201cGu\u00eda pr\u00e1ctica para operar contenedores\u201d, \u201cManual para operar con contenedores\u201d, y \u201cContenedores, buques y puertos, partes de un sistema de transporte\u201d.<\/p>\n<p><span style=\"line-height: 1.5em;\">Para descargar la primer parte de la presentaci\u00f3n realizada por el disertante,\u00a0<a href=\"http:\/\/c3t-utn.ar\/wp-content\/uploads\/2014\/09\/Jornada-T\u00e9cnica-C3T-UTN-20.10-2011-parte-1.pdf\">presione aqu\u00ed<\/a><span style=\"line-height: 1.5em;\">. Para descargar la segunda,\u00a0<a href=\"http:\/\/c3t-utn.ar\/wp-content\/uploads\/2014\/09\/Jornada-T\u00e9cnica-C3T-UTN-20.10-2011-parte-2.pdf\">presione aqu\u00ed<\/a><\/span><span style=\"line-height: 1.5em;\">. Y para la tercera,\u00a0<a href=\"http:\/\/c3t-utn.ar\/wp-content\/uploads\/2014\/09\/Jornada-T\u00e9cnica-C3T-UTN-20.10-2011-parte-3.pdf\">presione aqu\u00ed<\/a><\/span><span style=\"line-height: 1.5em;\">.<\/span><\/span><\/p>\n\t<\/div>\n\n\t<!-- This is the output of the META information -->\n\t<div class=\"entry-utility\">\n\t\t\t\t\t<span class=\"cat-links\">\n\t\t\t\t<span class=\"entry-utility-prep entry-utility-prep-cat-links\">Publicado en<\/span> <a href=\"https:\/\/c3t-utn.ar\/?cat=3\" rel=\"category\">Jornadas T\u00e9cnicas<\/a>\t\t\t<\/span>\n\t\t\t<span class=\"meta-sep\">|<\/span>\n\t\t\t\t\t\t\t<span class=\"tag-links\">\n\t\t\t\t<span class=\"entry-utility-prep entry-utility-prep-tag-links\">Etiquetas<\/span> <a href=\"https:\/\/c3t-utn.ar\/?tag=cargas\" rel=\"tag\">Cargas<\/a>, <a href=\"https:\/\/c3t-utn.ar\/?tag=comercio-exterior\" rel=\"tag\">Comercio exterior<\/a>, <a href=\"https:\/\/c3t-utn.ar\/?tag=energia\" rel=\"tag\">Energ\u00eda<\/a>, <a href=\"https:\/\/c3t-utn.ar\/?tag=intermodalidad\" rel=\"tag\">Intermodalidad<\/a>, <a href=\"https:\/\/c3t-utn.ar\/?tag=logistica\" rel=\"tag\">Log\u00edstica<\/a>, <a href=\"https:\/\/c3t-utn.ar\/?tag=pasajeros\" rel=\"tag\">Pasajeros<\/a>, <a href=\"https:\/\/c3t-utn.ar\/?tag=transporte-ferroviario\" rel=\"tag\">Transporte ferroviario<\/a>\t\t\t<\/span>\n\t\t\t<!--<span class=\"meta-sep\">|<\/span>-->\n\t\t\t\t<!--<span class=\"comments-link\"><span>Comentarios desactivados<span class=\"screen-reader-text\"> en 9na. Jornada T\u00e9cnica en el C3T \u2013 UTN: \u00abLog\u00edstica, ferrocarriles y consumo de combustibles\u00bb<\/span><\/span><\/span>-->\n\t\t\t<\/div>\n<\/div>\n<!-- \/\/ End of Post Wrap -->\n<!-- NOTE: If you need to make changes to this file, copy it to your current theme's main\n\tdirectory so your changes won't be overwritten when the plugin is upgraded. -->\n\n<!-- Start of Post Wrap -->\n<div class=\"post hentry ivycat-post\">\n\t<!-- This is the output of the post TITLE -->\n\t<h2 class=\"entry-title\"><a href=\"https:\/\/c3t-utn.ar\/?p=104\">8va. Jornada T\u00e9cnica en el C3T \u2013 UTN: \u00abLog\u00edstica del fin del mundo. El desaf\u00edo de Tierra del Fuego\u00bb <\/a><\/h2>\n\t<\/br>\n\t<b><i>28 septiembre, 2011<\/i><\/b> <!-- Agrego fecha en el POST. DAS 17\/10\/2017. Lo bajo una fila. DAS 07\/03\/2018-->\n\n\t<!-- This is the output of the EXCERPT -->\n\t<div class=\"entry-summary\">\n\t\t <!-- COMENTADO PORQUE NO MOSTRABA INFO COMPLETA. SE CAMBIO A THE_CONTENT. DAS 17\/10\/2017 -->\n\t\t<p><span style=\"line-height: 1.5em;\">El 29 de septiembre de 2011 a las 18:00 horas, en las instalaciones del Rectorado de la Universidad Tecnol\u00f3gica Nacional, sito en la calle Sarmiento 440, 6to. Piso, de la Ciudad\u00a0 Aut\u00f3noma de Buenos Aires, el Centro Tecnol\u00f3gico de Transporte, Tr\u00e1nsito y Seguridad Vial (C3T) de la Secretar\u00eda de Extensi\u00f3n Universitaria del Rectorado de la UTN present\u00f3, conjuntamente y por videoconferencia con la Facultad Regional R\u00edo Grande, de Tierra del Fuego, la Jornada\u00a0T\u00e9cnica \u201c<\/span><b style=\"line-height: 1.5em;\">Log\u00edstica del fin del mundo. El desaf\u00edo de Tierra del Fuego<\/b><span style=\"line-height: 1.5em;\">\u201d.<\/span><\/p>\n<p>El objetivo de la Jornada fue debatir sobre el actual movimiento de pasajeros y mercader\u00edas desde y hacia Tierra del Fuego. Del mismo modo, evaluar la l\u00f3gica, perspectivas y necesidades que el mismo supone, teniendo en cuenta el crecimiento de la actividad tur\u00edstica e industrial que presenta la isla.<\/p>\n<p>La apertura estuvo a cargo del Ing. Enrique Filgueira, Secretario de Vinculaci\u00f3n Tecnol\u00f3gica y Director del C3T del Rectorado de la UTN, y del Ing. Mario Ferreyra, Decano de la Facultad Regional R\u00edo Grande para luego dar paso al debate en donde los panelistas dieron sus opiniones y debatieron con el p\u00fablico.<\/p>\n<p><b>Panel.<\/b><br \/>\n<i>Rodolfo Fiadone<\/i>. Director de Webpicking y conductor del programa radial \u201cHablemos de log\u00edstica\u201d.<br \/>\n<i>Rodolfo Garc\u00eda Pi\u00f1eiro<\/i>. Vicepresidente del Centro de Navegaci\u00f3n.<br \/>\n<i>Pablo Luciano Potenze<\/i>. Especialista en aviaci\u00f3n comercial y autor de los libros \u00abAviaci\u00f3n comercial argentina (1945-1980)\u00bb e \u00abHistoria del transporte aerocomercial\u00bb.<br \/>\n<i>Jorge Tesler<\/i>. Director de la consultora TGI Argentina, actualmente trabajando en el Master Plan log\u00edstico de Tierra del Fuego a partir de un acuerdo firmado entre la provincia y el Consejo Federal de Inversiones (CFI).<\/p>\n<p>Para descargar la primer parte de la presentaci\u00f3n realizada en la Jornada, <a href=\"http:\/\/c3t-utn.ar\/wp-content\/uploads\/2014\/09\/Presentacion_Tierra_del_Fuego_parte1.pdf\">presione aqu\u00ed<\/a>. Para descargar la segunda parte, <a href=\"http:\/\/c3t-utn.ar\/wp-content\/uploads\/2014\/09\/Presentacion_Tierra_del_Fuego_parte2.pdf\">presione aqu\u00ed<\/a>.<\/p>\n\t<\/div>\n\n\t<!-- This is the output of the META information -->\n\t<div class=\"entry-utility\">\n\t\t\t\t\t<span class=\"cat-links\">\n\t\t\t\t<span class=\"entry-utility-prep entry-utility-prep-cat-links\">Publicado en<\/span> <a href=\"https:\/\/c3t-utn.ar\/?cat=3\" rel=\"category\">Jornadas T\u00e9cnicas<\/a>\t\t\t<\/span>\n\t\t\t<span class=\"meta-sep\">|<\/span>\n\t\t\t\t\t\t\t<span class=\"tag-links\">\n\t\t\t\t<span class=\"entry-utility-prep entry-utility-prep-tag-links\">Etiquetas<\/span> <a href=\"https:\/\/c3t-utn.ar\/?tag=cargas\" rel=\"tag\">Cargas<\/a>, <a href=\"https:\/\/c3t-utn.ar\/?tag=intermodalidad\" rel=\"tag\">Intermodalidad<\/a>, <a href=\"https:\/\/c3t-utn.ar\/?tag=logistica\" rel=\"tag\">Log\u00edstica<\/a>, <a href=\"https:\/\/c3t-utn.ar\/?tag=pasajeros\" rel=\"tag\">Pasajeros<\/a>, <a href=\"https:\/\/c3t-utn.ar\/?tag=turismo\" rel=\"tag\">Turismo<\/a>\t\t\t<\/span>\n\t\t\t<!--<span class=\"meta-sep\">|<\/span>-->\n\t\t\t\t<!--<span class=\"comments-link\"><span>Comentarios desactivados<span class=\"screen-reader-text\"> en 8va. Jornada T\u00e9cnica en el C3T \u2013 UTN: \u00abLog\u00edstica del fin del mundo. El desaf\u00edo de Tierra del Fuego\u00bb<\/span><\/span><\/span>-->\n\t\t\t<\/div>\n<\/div>\n<!-- \/\/ End of Post Wrap -->\n<!-- NOTE: If you need to make changes to this file, copy it to your current theme's main\n\tdirectory so your changes won't be overwritten when the plugin is upgraded. -->\n\n<!-- Start of Post Wrap -->\n<div class=\"post hentry ivycat-post\">\n\t<!-- This is the output of the post TITLE -->\n\t<h2 class=\"entry-title\"><a href=\"https:\/\/c3t-utn.ar\/?p=98\">7ma. Jornada T\u00e9cnica en el C3T \u2013 UTN: \u00abEl Futuro del Ferrocarril de Pasajeros de Larga Distancia. Perspectivas.\u00bb <\/a><\/h2>\n\t<\/br>\n\t<b><i>14 julio, 2011<\/i><\/b> <!-- Agrego fecha en el POST. DAS 17\/10\/2017. Lo bajo una fila. DAS 07\/03\/2018-->\n\n\t<!-- This is the output of the EXCERPT -->\n\t<div class=\"entry-summary\">\n\t\t <!-- COMENTADO PORQUE NO MOSTRABA INFO COMPLETA. SE CAMBIO A THE_CONTENT. DAS 17\/10\/2017 -->\n\t\t<p style=\"text-align: justify;\">El 14 de julio de 2011 a las 18.30 horas, en las instalaciones del Rectorado de la Universidad Tecnol\u00f3gica Nacional, sito en la calle Sarmiento 440, 6to. piso, de la Ciudad\u00a0 Aut\u00f3noma de Buenos Aires, el Centro Tecnol\u00f3gico de Transporte, Tr\u00e1nsito y Seguridad Vial (C3T) de la Secretar\u00eda de Extensi\u00f3n Universitaria del Rectorado de la UTN present\u00f3 la s\u00e9ptima Jornada T\u00e9cnica \u201c<b>El futuro del ferrocarril de pasajeros de larga distancia. Perspectivas<\/b>\u201d.<\/p>\n<p style=\"text-align: justify;\">El objetivo del encuentro fue presentar puntos de vista e intercambiar informaciones para debatir y extraer conclusiones que complementen las\u00a0 expectativas que exige el sector, teniendo en cuenta el inmenso esfuerzo\u00a0 que deber\u00e1 desarrollar nuestro pa\u00eds en el marco propuesto. Los Ingenieros\u00a0<b>Oscar Barrionuevo<\/b>\u00a0y\u00a0<b>Gustavo Borghi<\/b>\u00a0realizaron una ponencia que actu\u00f3 como disparadora de los grandes temas sectoriales donde se fue presentada una introducci\u00f3n a la situaci\u00f3n del transporte ferroviario en el mundo y su posible evoluci\u00f3n futura.<\/p>\n<p style=\"text-align: justify;\">Los disertantes presentaron el tema con el apoyo de panelistas especializados en temas ferroviarios con la intenci\u00f3n de generar un debate multidisciplinario sobre lo que el pa\u00eds requerir\u00e1 del sector de transporte ferroviario de pasajeros de larga distancia.<\/p>\n<p style=\"text-align: justify;\"><b>Disertantes<\/b>.<br \/>\n<i>Ingenieros Oscar Barrionuevo y Gustavo Borghi<\/i>. Especialistas en Transporte Ferroviario del C3T.<b><\/b><\/p>\n<p style=\"text-align: justify;\">Panel.<br \/>\n<i>Ing.\u00a0 Norberto Cinat<\/i>. Consultor en Ferrocarriles; gerente del Ente de Electrificaci\u00f3n (FA) que control\u00f3 la obra de electrificaci\u00f3n de los servicios suburbanos del F.C. ROCA; Profesor Consulto de la Universidad de Buenos Aires.<br \/>\n<i>Ing. Horacio Faggiani<\/i>. Experto en Se\u00f1alamiento Ferroviario;\u00a0Gerente en la CNRT; Profesor en la Escuela de Ingenier\u00eda Ferroviaria.<br \/>\n<i>Ing. Miguel Fern\u00e1ndez<\/i>. Ingeniero Ferroviario; particip\u00f3 en las Obras de electrificaci\u00f3n ferroviaria de los servicios suburbanos del F.C. ROCA; Profesor Titular de \u00abSistemas Guiados de Transporte\u00bb de la Facultad de Ingenier\u00eda de la Universidad Nacional de\u00a0 La Plata.<br \/>\nPara descargar la primer parte de la presentaci\u00f3n realizada por los autores, <a href=\"http:\/\/c3t-utn.ar\/wp-content\/uploads\/2014\/09\/El-futuro-del-Ferrocarril-de-larga-distancia-GB-final.pps\">presione aqu\u00ed<\/a>. Para la segunda, <a href=\"http:\/\/c3t-utn.ar\/wp-content\/uploads\/2014\/09\/Conferencia-14-7-11-Introducci\u00f3n.ppt\">presione aqu\u00ed<\/a>. Para la tercera, <a href=\"http:\/\/c3t-utn.ar\/wp-content\/uploads\/2014\/09\/Conferencia-14-7-11-Final.ppt\">presione aqu\u00ed<\/a>. Finalmente, puede descargar una s\u00edntesis de la Jornada elaborada por los disertantes <a href=\"http:\/\/c3t-utn.ar\/wp-content\/uploads\/2014\/09\/Exposici\u00f3n-7ma-Jornada-Tecnica.pdf\">presionando aqu\u00ed<\/a>.<\/p>\n\t<\/div>\n\n\t<!-- This is the output of the META information -->\n\t<div class=\"entry-utility\">\n\t\t\t\t\t<span class=\"cat-links\">\n\t\t\t\t<span class=\"entry-utility-prep entry-utility-prep-cat-links\">Publicado en<\/span> <a href=\"https:\/\/c3t-utn.ar\/?cat=3\" rel=\"category\">Jornadas T\u00e9cnicas<\/a>\t\t\t<\/span>\n\t\t\t<span class=\"meta-sep\">|<\/span>\n\t\t\t\t\t\t\t<span class=\"tag-links\">\n\t\t\t\t<span class=\"entry-utility-prep entry-utility-prep-tag-links\">Etiquetas<\/span> <a href=\"https:\/\/c3t-utn.ar\/?tag=interurbano\" rel=\"tag\">Interurbano<\/a>, <a href=\"https:\/\/c3t-utn.ar\/?tag=pasajeros\" rel=\"tag\">Pasajeros<\/a>, <a href=\"https:\/\/c3t-utn.ar\/?tag=servicios-de-transporte-publico\" rel=\"tag\">Servicios de transporte p\u00fablico<\/a>, <a href=\"https:\/\/c3t-utn.ar\/?tag=transporte-ferroviario\" rel=\"tag\">Transporte ferroviario<\/a>\t\t\t<\/span>\n\t\t\t<!--<span class=\"meta-sep\">|<\/span>-->\n\t\t\t\t<!--<span class=\"comments-link\"><span>Comentarios desactivados<span class=\"screen-reader-text\"> en 7ma. Jornada T\u00e9cnica en el C3T \u2013 UTN: \u00abEl Futuro del Ferrocarril de Pasajeros de Larga Distancia. Perspectivas.\u00bb<\/span><\/span><\/span>-->\n\t\t\t<\/div>\n<\/div>\n<!-- \/\/ End of Post Wrap -->\n<!-- NOTE: If you need to make changes to this file, copy it to your current theme's main\n\tdirectory so your changes won't be overwritten when the plugin is upgraded. -->\n\n<!-- Start of Post Wrap -->\n<div class=\"post hentry ivycat-post\">\n\t<!-- This is the output of the post TITLE -->\n\t<h2 class=\"entry-title\"><a href=\"https:\/\/c3t-utn.ar\/?p=94\">6ta. Jornada T\u00e9cnica en el C3T &#8211; UTN: \u00abEl Transporte A\u00e9reo Argentino: Diagn\u00f3stico y Perspectivas\u00bb <\/a><\/h2>\n\t<\/br>\n\t<b><i>28 abril, 2011<\/i><\/b> <!-- Agrego fecha en el POST. DAS 17\/10\/2017. Lo bajo una fila. DAS 07\/03\/2018-->\n\n\t<!-- This is the output of the EXCERPT -->\n\t<div class=\"entry-summary\">\n\t\t <!-- COMENTADO PORQUE NO MOSTRABA INFO COMPLETA. SE CAMBIO A THE_CONTENT. DAS 17\/10\/2017 -->\n\t\t<p>El 28 de abril de 2011, en las instalaciones del Rectorado de la Universidad Tecnol\u00f3gica Nacional, sito en la calle Sarmiento 440, 6to. piso, de la Ciudad de Buenos Aires, el Centro Tecnol\u00f3gico de Transporte, Tr\u00e1nsito y Seguridad Vial (C3T) de la Secretar\u00eda de Extensi\u00f3n Universitaria del Rectorado de la UTN y el Centro de Log\u00edstica de la Facultad Regional Buenos Aires, de la misma universidad, fue presentada la disertaci\u00f3n \u201c<b>El Transporte A\u00e9reo Argentino: Diagn\u00f3stico y perspectivas\u201d.<\/b><\/p>\n<p style=\"text-align: justify;\">El objetivo del encuentro fue intercambiar experiencias y visiones para debatir y extraer conclusiones previas sobre las expectativas que brinda el sector, teniendo en cuenta el inmenso potencial a desarrollar de nuestro pa\u00eds. El arquitecto\u00a0<b>Pablo Luciano Potenze<\/b>\u00a0realizar\u00e1 una ponencia que actuar\u00e1 como disparadora de los grandes temas sectoriales donde se realizar\u00e1 una introducci\u00f3n a la problem\u00e1tica del transporte a\u00e9reo en nuestro pa\u00eds y se abordar\u00e1n sus or\u00edgenes y evoluci\u00f3n hasta nuestros d\u00edas y la posible evoluci\u00f3n futura.<\/p>\n<p>El disertante presentar\u00e1 el tema con el apoyo de los panelistas especializados en temas jur\u00eddicos e industriales, con la intenci\u00f3n de generar un debate multidisciplinario sobre lo que el pa\u00eds requerir\u00e1 del sector aerocomercial.<\/p>\n<p><b>Disertante<\/b>.<br \/>\n<i>Arquitecto Pablo Luciano Potenze<\/i>. Especialista en aviaci\u00f3n comercial y autor de los libros Aviaci\u00f3n comercial argentina e Historia del transporte aerocomercial. Fue docente del tema y de Dise\u00f1o de aeropuertos en la UADE, y ha publicado numerosos trabajos en revistas especializadas.<\/p>\n<p><b>Panel<\/b>.<br \/>\n<i>Brigadier Mayor (R) Lic. Carlos Corino.\u00a0<\/i>Licenciado en Sistemas A\u00e9reos y Aeroespaciales. Ex Presidente del Centro Aeron\u00e1utico de Estudios Estrat\u00e9gicos<br \/>\n<i>Brigadier Mayor (R) Ing. Horacio Rodr\u00edguez.\u00a0<\/i>Ingeniero Militar con la especialidad Ingenier\u00eda Mec\u00e1nica Aeron\u00e1utica; ex Comandante de material de la Fuerza A\u00e9rea Argentina.<br \/>\n<i>Comodoro Dr. Carlos Agostinelli.<\/i>\u00a0Abogado; director del Instituto Nacional de Derecho Aeron\u00e1utico y Espacial.<\/p>\n<p style=\"text-align: justify;\"><span style=\"line-height: 1.5em;\">Puede descargar la primer parte de la presentaci\u00f3n que se hizo en la Jornada\u00a0<a href=\"http:\/\/c3t-utn.ar\/wp-content\/uploads\/2011\/04\/Pol\u00edtica-aerocomercial-parte-1.pdf\">presionando aqu\u00ed<\/a>.\u00a0Tambi\u00e9n puede descargar la segunda parte de la presentaci\u00f3n que se hizo en la Jornada\u00a0<a href=\"http:\/\/c3t-utn.ar\/wp-content\/uploads\/2011\/04\/Pol\u00edtica-aerocomercial-parte-2.pdf\">presionando aqu\u00ed<\/a>.<\/span><\/p>\n\t<\/div>\n\n\t<!-- This is the output of the META information -->\n\t<div class=\"entry-utility\">\n\t\t\t\t\t<span class=\"cat-links\">\n\t\t\t\t<span class=\"entry-utility-prep entry-utility-prep-cat-links\">Publicado en<\/span> <a href=\"https:\/\/c3t-utn.ar\/?cat=3\" rel=\"category\">Jornadas T\u00e9cnicas<\/a>\t\t\t<\/span>\n\t\t\t<span class=\"meta-sep\">|<\/span>\n\t\t\t\t\t\t\t<span class=\"tag-links\">\n\t\t\t\t<span class=\"entry-utility-prep entry-utility-prep-tag-links\">Etiquetas<\/span> <a href=\"https:\/\/c3t-utn.ar\/?tag=cargas\" rel=\"tag\">Cargas<\/a>, <a href=\"https:\/\/c3t-utn.ar\/?tag=pasajeros\" rel=\"tag\">Pasajeros<\/a>, <a href=\"https:\/\/c3t-utn.ar\/?tag=transporte-aereo\" rel=\"tag\">Transporte a\u00e9reo<\/a>\t\t\t<\/span>\n\t\t\t<!--<span class=\"meta-sep\">|<\/span>-->\n\t\t\t\t<!--<span class=\"comments-link\"><span>Comentarios desactivados<span class=\"screen-reader-text\"> en 6ta. Jornada T\u00e9cnica en el C3T &#8211; UTN: \u00abEl Transporte A\u00e9reo Argentino: Diagn\u00f3stico y Perspectivas\u00bb<\/span><\/span><\/span>-->\n\t\t\t<\/div>\n<\/div>\n<!-- \/\/ End of Post Wrap -->\n<!-- NOTE: If you need to make changes to this file, copy it to your current theme's main\n\tdirectory so your changes won't be overwritten when the plugin is upgraded. -->\n\n<!-- Start of Post Wrap -->\n<div class=\"post hentry ivycat-post\">\n\t<!-- This is the output of the post TITLE -->\n\t<h2 class=\"entry-title\"><a href=\"https:\/\/c3t-utn.ar\/?p=84\">5ta. Jornada T\u00e9cnica en el C3T &#8211; UTN: \u00abInfraestructuras Terrestres: Nodos de Transferencia de Carga\u00bb <\/a><\/h2>\n\t<\/br>\n\t<b><i>3 marzo, 2011<\/i><\/b> <!-- Agrego fecha en el POST. DAS 17\/10\/2017. Lo bajo una fila. DAS 07\/03\/2018-->\n\n\t<!-- This is the output of the EXCERPT -->\n\t<div class=\"entry-summary\">\n\t\t <!-- COMENTADO PORQUE NO MOSTRABA INFO COMPLETA. SE CAMBIO A THE_CONTENT. DAS 17\/10\/2017 -->\n\t\t<p><span style=\"line-height: 1.5em;\">El 03 de marzo de 2011, en las instalaciones del Rectorado de la Universidad Tecnol\u00f3gica Nacional, sito en la calle Sarmiento 440, 6to piso, de la Ciudad de Buenos Aires, se llev\u00f3 a cabo la disertaci\u00f3n \u00ab<\/span><b style=\"line-height: 1.5em;\">Infraestructuras Terrestres: Nodos de transferencia de carga<\/b><span style=\"line-height: 1.5em;\">\u00ab, a cargo de la ingeniera <strong>Mar\u00eda<\/strong>\u00a0<strong>Alejandra G\u00f3mez Paz<\/strong>.<\/span><\/p>\n<p style=\"text-align: justify;\">Mar\u00eda Alejandra G\u00f3mez Paz, ingeniera civil con especializaciones en puertos, es consultora en ingenier\u00eda y transportes con nueve a\u00f1os de experiencia Internacional en el desarrollo de proyectos de puertos, transporte mar\u00edtimo, a\u00e9reo y ferroviario y log\u00edstica en la Uni\u00f3n Europea, EE.UU. e Iberoam\u00e9rica. Actualmente est\u00e1 realizando la tesis doctoral dentro del Programa Ingenier\u00eda e Infraestructura de los Transportes, Universidad Polit\u00e9cnica de Madrid.<\/p>\n<p>Ante la creciente globalizaci\u00f3n de los mercados, la planificaci\u00f3n, dise\u00f1o y capacidad de los nodos de distribuci\u00f3n en el transporte de cargas es una tarea ineludible en el desarrollo de los pa\u00edses, en especial de su comercio exterior.<\/p>\n<p>Dada la amplitud del tema, la evoluci\u00f3n de las plataformas log\u00edsticas y de las terminales portuarias, por su presencia como nodos de transferencia dentro de una\u00a0 cadena log\u00edstica, emergen como puntos centrales en el an\u00e1lisis.<\/p>\n<p>En ese sentido, se torna necesaria una correcta planificaci\u00f3n de las infraestructuras terrestres &#8211; como las plataformas log\u00edsticas y los puertos &#8211; y la definici\u00f3n de su funcionalidad, evoluci\u00f3n, capacidad y un adecuado dise\u00f1o de modelos de gesti\u00f3n de las mismas.<\/p>\n<p>Para descargar la presentaci\u00f3n que se expuso en la Jornada, <a href=\"http:\/\/c3t-utn.ar\/wp-content\/uploads\/2011\/03\/Infraestructuras_terrestres.pdf\">presione aqu\u00ed<\/a>.<\/p>\n\t<\/div>\n\n\t<!-- This is the output of the META information -->\n\t<div class=\"entry-utility\">\n\t\t\t\t\t<span class=\"cat-links\">\n\t\t\t\t<span class=\"entry-utility-prep entry-utility-prep-cat-links\">Publicado en<\/span> <a href=\"https:\/\/c3t-utn.ar\/?cat=3\" rel=\"category\">Jornadas T\u00e9cnicas<\/a>\t\t\t<\/span>\n\t\t\t<span class=\"meta-sep\">|<\/span>\n\t\t\t\t\t\t\t<span class=\"tag-links\">\n\t\t\t\t<span class=\"entry-utility-prep entry-utility-prep-tag-links\">Etiquetas<\/span> <a href=\"https:\/\/c3t-utn.ar\/?tag=cargas\" rel=\"tag\">Cargas<\/a>, <a href=\"https:\/\/c3t-utn.ar\/?tag=infraestructura\" rel=\"tag\">Infraestructura<\/a>, <a href=\"https:\/\/c3t-utn.ar\/?tag=logistica\" rel=\"tag\">Log\u00edstica<\/a>, <a href=\"https:\/\/c3t-utn.ar\/?tag=transporte-maritimo\" rel=\"tag\">Transporte mar\u00edtimo<\/a>\t\t\t<\/span>\n\t\t\t<!--<span class=\"meta-sep\">|<\/span>-->\n\t\t\t\t<!--<span class=\"comments-link\"><span>Comentarios desactivados<span class=\"screen-reader-text\"> en 5ta. Jornada T\u00e9cnica en el C3T &#8211; UTN: \u00abInfraestructuras Terrestres: Nodos de Transferencia de Carga\u00bb<\/span><\/span><\/span>-->\n\t\t\t<\/div>\n<\/div>\n<!-- \/\/ End of Post Wrap -->\n<!-- NOTE: If you need to make changes to this file, copy it to your current theme's main\n\tdirectory so your changes won't be overwritten when the plugin is upgraded. -->\n\n<!-- Start of Post Wrap -->\n<div class=\"post hentry ivycat-post\">\n\t<!-- This is the output of the post TITLE -->\n\t<h2 class=\"entry-title\"><a href=\"https:\/\/c3t-utn.ar\/?p=80\">4ta. Jornada T\u00e9cnica en el C3T-UTN: \u00abProyecto de creaci\u00f3n del Centro de Reservas de pasajes para personas con discapacidad en el transporte p\u00fablico automotor de larga distancia de Jurisdicci\u00f3n Nacional\u00bb <\/a><\/h2>\n\t<\/br>\n\t<b><i>14 octubre, 2010<\/i><\/b> <!-- Agrego fecha en el POST. DAS 17\/10\/2017. Lo bajo una fila. DAS 07\/03\/2018-->\n\n\t<!-- This is the output of the EXCERPT -->\n\t<div class=\"entry-summary\">\n\t\t <!-- COMENTADO PORQUE NO MOSTRABA INFO COMPLETA. SE CAMBIO A THE_CONTENT. DAS 17\/10\/2017 -->\n\t\t<p>El pr\u00f3ximo d\u00eda jueves 14 de octubre de 2010, en las instalaciones del Rectorado de la Universidad Tecnol\u00f3gica Nacional, sito en la calle Sarmiento 440, 6to piso, de la Ciudad de Buenos Aires, se llev\u00f3\u00a0a cabo la disertaci\u00f3n sobre el\u00a0<b>Proyecto de la Gerencia de Calidad y Prestaci\u00f3n de Servicios para la creaci\u00f3n de un Centro de Reservas de Pasajes para Personas con Discapacidad en el transporte p\u00fablico automotor de larga distancia de Jurisdicci\u00f3n Nacional<\/b>, encarado por la Comisi\u00f3n Nacional de Regulaci\u00f3n del Transporte (CNRT).<\/p>\n<p>La disertaci\u00f3n estuvo\u00a0a cargo del\u00a0<b>Ing. Antonio Cort\u00e9s<\/b>, actual Gerente de Calidad y Prestaci\u00f3n de Servicios de la CNRT.<\/p>\n<p>El proyecto de creaci\u00f3n de un Centro de Reservas de Pasajes para Personas con Discapacidad reconoce su origen en la necesidad de unificar la emisi\u00f3n de pasajes con franquicia, simplificando el tr\u00e1mite actual para facilitar la obtenci\u00f3n de los mismos por parte de sus beneficiarios y garantizar la distribuci\u00f3n equitativa de las responsabilidades entre el conjunto de los operadores involucrados.<\/p>\n<p>En la implementaci\u00f3n del sistema se prev\u00e9n diferentes etapas, en las que se ir\u00e1n incorporando los registros y elementos que componen el proyecto final, cuya principal contribuci\u00f3n radica en automatizar e informatizar la reserva para evitar, de esta manera, complicaciones en cuanto al tr\u00e1mite o malos entendidos relativos a la confecci\u00f3n de los documentos electr\u00f3nicos mediante los que se instrumentar\u00e1n las reservas.<\/p>\n<p>Se prev\u00e9 que mediante la implementaci\u00f3n de este sistema se podr\u00e1n generar tanto las reservas como la emisi\u00f3n de los pasajes con determinadas medidas de seguridad que har\u00e1n muy dificultosa la adulteraci\u00f3n o uso incorrecto de los mismos.<\/p>\n<p>Como complemento del sistema autom\u00e1tico se propone disponer de otros m\u00e9todos de acceso con el fin de asistir a los usuarios que lo requieran en su operaci\u00f3n. Temporalmente, se mantendr\u00e1 el actual sistema de reservas hasta tanto se verifique la migraci\u00f3n de los beneficiarios al nuevo sistema.<\/p>\n\t<\/div>\n\n\t<!-- This is the output of the META information -->\n\t<div class=\"entry-utility\">\n\t\t\t\t\t<span class=\"cat-links\">\n\t\t\t\t<span class=\"entry-utility-prep entry-utility-prep-cat-links\">Publicado en<\/span> <a href=\"https:\/\/c3t-utn.ar\/?cat=3\" rel=\"category\">Jornadas T\u00e9cnicas<\/a>\t\t\t<\/span>\n\t\t\t<span class=\"meta-sep\">|<\/span>\n\t\t\t\t\t\t\t<span class=\"tag-links\">\n\t\t\t\t<span class=\"entry-utility-prep entry-utility-prep-tag-links\">Etiquetas<\/span> <a href=\"https:\/\/c3t-utn.ar\/?tag=interurbano\" rel=\"tag\">Interurbano<\/a>, <a href=\"https:\/\/c3t-utn.ar\/?tag=jurisdiccion-nacional\" rel=\"tag\">Jurisdicci\u00f3n nacional<\/a>, <a href=\"https:\/\/c3t-utn.ar\/?tag=pasajeros\" rel=\"tag\">Pasajeros<\/a>, <a href=\"https:\/\/c3t-utn.ar\/?tag=servicios-de-transporte-publico\" rel=\"tag\">Servicios de transporte p\u00fablico<\/a>\t\t\t<\/span>\n\t\t\t<!--<span class=\"meta-sep\">|<\/span>-->\n\t\t\t\t<!--<span class=\"comments-link\"><span>Comentarios desactivados<span class=\"screen-reader-text\"> en 4ta. Jornada T\u00e9cnica en el C3T-UTN: \u00abProyecto de creaci\u00f3n del Centro de Reservas de pasajes para personas con discapacidad en el transporte p\u00fablico automotor de larga distancia de Jurisdicci\u00f3n Nacional\u00bb<\/span><\/span><\/span>-->\n\t\t\t<\/div>\n<\/div>\n<!-- \/\/ End of Post Wrap -->\n<!-- NOTE: If you need to make changes to this file, copy it to your current theme's main\n\tdirectory so your changes won't be overwritten when the plugin is upgraded. -->\n\n<!-- Start of Post Wrap -->\n<div class=\"post hentry ivycat-post\">\n\t<!-- This is the output of the post TITLE -->\n\t<h2 class=\"entry-title\"><a href=\"https:\/\/c3t-utn.ar\/?p=77\">3ra. Jornada T\u00e9cnica en el C3T-UTN: \u00abProcedimiento de c\u00e1lculo para la determinaci\u00f3n de  los cupos de gas oil a precio diferencial destinado al transporte p\u00fablico por automotor de pasajeros.\u00bb <\/a><\/h2>\n\t<\/br>\n\t<b><i>17 junio, 2010<\/i><\/b> <!-- Agrego fecha en el POST. DAS 17\/10\/2017. Lo bajo una fila. DAS 07\/03\/2018-->\n\n\t<!-- This is the output of the EXCERPT -->\n\t<div class=\"entry-summary\">\n\t\t <!-- COMENTADO PORQUE NO MOSTRABA INFO COMPLETA. SE CAMBIO A THE_CONTENT. DAS 17\/10\/2017 -->\n\t\t<p>El d\u00eda jueves 17 de junio de 2010, en las instalaciones del rectorado de la Universidad Tecnol\u00f3gica Nacional, sito en la calle Sarmiento 440, 6to piso de la Ciudad de Buenos Aires, se llev\u00f3 a cabo la disertaci\u00f3n \u00ab<b>Procedimiento de c\u00e1lculo para la determinaci\u00f3n de los cupos de gas oil a precio diferencial destinado al transporte p\u00fablico por automotor de pasajeros<\/b>\u00ab.<\/p>\n<p style=\"text-align: justify;\">La disertaci\u00f3n estar\u00e1 a cargo del\u00a0<b>Ing. Roberto Domecq<\/b>, actual Gerente de Control T\u00e9cnico de la Comisi\u00f3n Nacional de Regulaci\u00f3n del Transporte.<\/p>\n<p style=\"text-align: justify;\">Para descargar la presentaci\u00f3n realizada en la Jornada, <a href=\"http:\/\/c3t-utn.ar\/wp-content\/uploads\/2014\/09\/Presentacion-tercera-Jornada-Tecnica.ppt\">presione aqu\u00ed<\/a>.<\/p>\n\t<\/div>\n\n\t<!-- This is the output of the META information -->\n\t<div class=\"entry-utility\">\n\t\t\t\t\t<span class=\"cat-links\">\n\t\t\t\t<span class=\"entry-utility-prep entry-utility-prep-cat-links\">Publicado en<\/span> <a href=\"https:\/\/c3t-utn.ar\/?cat=3\" rel=\"category\">Jornadas T\u00e9cnicas<\/a>\t\t\t<\/span>\n\t\t\t<span class=\"meta-sep\">|<\/span>\n\t\t\t\t\t\t\t<span class=\"tag-links\">\n\t\t\t\t<span class=\"entry-utility-prep entry-utility-prep-tag-links\">Etiquetas<\/span> <a href=\"https:\/\/c3t-utn.ar\/?tag=pasajeros\" rel=\"tag\">Pasajeros<\/a>, <a href=\"https:\/\/c3t-utn.ar\/?tag=servicios-de-transporte-publico\" rel=\"tag\">Servicios de transporte p\u00fablico<\/a>, <a href=\"https:\/\/c3t-utn.ar\/?tag=subsidios\" rel=\"tag\">Subsidios<\/a>, <a href=\"https:\/\/c3t-utn.ar\/?tag=transporte-automotor\" rel=\"tag\">Transporte automotor<\/a>\t\t\t<\/span>\n\t\t\t<!--<span class=\"meta-sep\">|<\/span>-->\n\t\t\t\t<!--<span class=\"comments-link\"><span>Comentarios desactivados<span class=\"screen-reader-text\"> en 3ra. Jornada T\u00e9cnica en el C3T-UTN: \u00abProcedimiento de c\u00e1lculo para la determinaci\u00f3n de  los cupos de gas oil a precio diferencial destinado al transporte p\u00fablico por automotor de pasajeros.\u00bb<\/span><\/span><\/span>-->\n\t\t\t<\/div>\n<\/div>\n<!-- \/\/ End of Post Wrap -->\n<!-- NOTE: If you need to make changes to this file, copy it to your current theme's main\n\tdirectory so your changes won't be overwritten when the plugin is upgraded. -->\n\n<!-- Start of Post Wrap -->\n<div class=\"post hentry ivycat-post\">\n\t<!-- This is the output of the post TITLE -->\n\t<h2 class=\"entry-title\"><a href=\"https:\/\/c3t-utn.ar\/?p=75\">2da. Jornada T\u00e9cnica en el C3T-UTN: \u00abSistemas de Control de Tr\u00e1nsito Urbano\u00bb <\/a><\/h2>\n\t<\/br>\n\t<b><i>7 junio, 2010<\/i><\/b> <!-- Agrego fecha en el POST. DAS 17\/10\/2017. Lo bajo una fila. DAS 07\/03\/2018-->\n\n\t<!-- This is the output of the EXCERPT -->\n\t<div class=\"entry-summary\">\n\t\t <!-- COMENTADO PORQUE NO MOSTRABA INFO COMPLETA. SE CAMBIO A THE_CONTENT. DAS 17\/10\/2017 -->\n\t\t<p><span style=\"line-height: 1.5em;\">El lunes 7 de junio de 2010, de 15:30 a 17:30 horas en las instalaciones del Rectorado de la Universidad Tecnol\u00f3gica Nacional, sito en la calle Sarmiento 440, 6to piso de la Ciudad de Buenos Aires, se llev\u00f3 a cabo una disertaci\u00f3n acad\u00e9mica, enmarcada en virtud del convenio oportunamente firmado entre la UTN e ITS Argentina, a cargo del\u00a0<\/span><strong style=\"line-height: 1.5em;\">Profesor Ing. Vito Mauro<\/strong><span style=\"line-height: 1.5em;\">, proveniente de la Ciudad de Torino \u2013 Italia, denominada \u00ab<\/span><strong style=\"line-height: 1.5em;\">Sistemas de Control de Tr\u00e1nsito Urbano<\/strong><span style=\"line-height: 1.5em;\">\u00ab.<\/span><\/p>\n<p>&nbsp;<\/p>\n\t<\/div>\n\n\t<!-- This is the output of the META information -->\n\t<div class=\"entry-utility\">\n\t\t\t\t\t<span class=\"cat-links\">\n\t\t\t\t<span class=\"entry-utility-prep entry-utility-prep-cat-links\">Publicado en<\/span> <a href=\"https:\/\/c3t-utn.ar\/?cat=3\" rel=\"category\">Jornadas T\u00e9cnicas<\/a>\t\t\t<\/span>\n\t\t\t<span class=\"meta-sep\">|<\/span>\n\t\t\t\t\t\t\t<span class=\"tag-links\">\n\t\t\t\t<span class=\"entry-utility-prep entry-utility-prep-tag-links\">Etiquetas<\/span> <a href=\"https:\/\/c3t-utn.ar\/?tag=transito\" rel=\"tag\">Tr\u00e1nsito<\/a>, <a href=\"https:\/\/c3t-utn.ar\/?tag=urbano\" rel=\"tag\">Urbano<\/a>\t\t\t<\/span>\n\t\t\t<!--<span class=\"meta-sep\">|<\/span>-->\n\t\t\t\t<!--<span class=\"comments-link\"><span>Comentarios desactivados<span class=\"screen-reader-text\"> en 2da. Jornada T\u00e9cnica en el C3T-UTN: \u00abSistemas de Control de Tr\u00e1nsito Urbano\u00bb<\/span><\/span><\/span>-->\n\t\t\t<\/div>\n<\/div>\n<!-- \/\/ End of Post Wrap -->\n<!-- NOTE: If you need to make changes to this file, copy it to your current theme's main\n\tdirectory so your changes won't be overwritten when the plugin is upgraded. -->\n\n<!-- Start of Post Wrap -->\n<div class=\"post hentry ivycat-post\">\n\t<!-- This is the output of the post TITLE -->\n\t<h2 class=\"entry-title\"><a href=\"https:\/\/c3t-utn.ar\/?p=65\">1ra. Jornada T\u00e9cnica del C3T-UTN: \u00abTarifas de Servicios de Transporte P\u00fablico de Pasajeros de larga distancia de jurisdicci\u00f3n nacional. Nuevo esquema de c\u00e1lculo.\u00bb <\/a><\/h2>\n\t<\/br>\n\t<b><i>27 mayo, 2010<\/i><\/b> <!-- Agrego fecha en el POST. DAS 17\/10\/2017. Lo bajo una fila. DAS 07\/03\/2018-->\n\n\t<!-- This is the output of the EXCERPT -->\n\t<div class=\"entry-summary\">\n\t\t <!-- COMENTADO PORQUE NO MOSTRABA INFO COMPLETA. SE CAMBIO A THE_CONTENT. DAS 17\/10\/2017 -->\n\t\t<p style=\"text-align: justify;\"><span style=\"text-align: justify; line-height: 1.5em;\">El d\u00eda 27 de mayo de 2010, a las 18:00 horas, en Sarmiento 440, 6\u00b0 piso, el\u00a0<\/span><strong style=\"text-align: justify; line-height: 1.5em;\">Ing. Eduardo Parodi<\/strong><span style=\"text-align: justify; line-height: 1.5em;\">, miembro del C3T, realiz\u00f3 la conferencia \u00ab<\/span><strong style=\"text-align: justify; line-height: 1.5em;\">Tarifas de Servicios de Transporte P\u00fablico de Pasajeros de larga distancia de jurisdicci\u00f3n nacional. Nuevo esquema de c\u00e1lculo<\/strong><span style=\"text-align: justify; line-height: 1.5em;\">.\u00bb<\/span><\/p>\n<p style=\"text-align: justify;\">La Resoluci\u00f3n ST N\u00b0 275\/2009 implement\u00f3 un nuevo sistema de c\u00e1lculo de la base tarifaria para la determinaci\u00f3n de las tarifas de los servicios de autotransporte p\u00fablico de pasajeros de Jurisdicci\u00f3n Nacional.<\/p>\n<p style=\"text-align: justify;\">Este nuevo sistema contiene una importante modificaci\u00f3n en los criterios utilizados para la determinaci\u00f3n de los par\u00e1metros b\u00e1sicos de c\u00e1lculo tarifario. En tanto el sistema anterior fijaba una tarifa de referencia para el servicio \u201cCom\u00fan\u201d a partir de la cual se calculaban los valores para las dem\u00e1s categor\u00edas de servicio, en el nuevo esquema dicho par\u00e1metro de c\u00e1lculo se obtiene a trav\u00e9s de mediciones de tarifas efectivamente cobradas por los operadores en los corredores en los cuales se verifica la existencia de competencia entre varias empresas. Por otra parte, la nueva base tarifaria se calcula para la categor\u00eda de servicio m\u00e1s frecuente que, en la actualidad, resulta ser el servicio \u201cSemicama\u201d.<\/p>\n<p style=\"text-align: justify;\"><a href=\"http:\/\/c3t-utn.ar\/wp-content\/uploads\/2014\/09\/Presentacion-1ra-Jornada-Tecnica-1.ppt\">Para descargar la presentaci\u00f3n realizada durante la Jornada, presione aqu\u00ed<\/a><\/p>\n\t<\/div>\n\n\t<!-- This is the output of the META information -->\n\t<div class=\"entry-utility\">\n\t\t\t\t\t<span class=\"cat-links\">\n\t\t\t\t<span class=\"entry-utility-prep entry-utility-prep-cat-links\">Publicado en<\/span> <a href=\"https:\/\/c3t-utn.ar\/?cat=3\" rel=\"category\">Jornadas T\u00e9cnicas<\/a>\t\t\t<\/span>\n\t\t\t<span class=\"meta-sep\">|<\/span>\n\t\t\t\t\t\t\t<span class=\"tag-links\">\n\t\t\t\t<span class=\"entry-utility-prep entry-utility-prep-tag-links\">Etiquetas<\/span> <a href=\"https:\/\/c3t-utn.ar\/?tag=interurbano\" rel=\"tag\">Interurbano<\/a>, <a href=\"https:\/\/c3t-utn.ar\/?tag=jurisdiccion-nacional\" rel=\"tag\">Jurisdicci\u00f3n nacional<\/a>, <a href=\"https:\/\/c3t-utn.ar\/?tag=pasajeros\" rel=\"tag\">Pasajeros<\/a>, <a href=\"https:\/\/c3t-utn.ar\/?tag=servicios-de-transporte-publico\" rel=\"tag\">Servicios de transporte p\u00fablico<\/a>\t\t\t<\/span>\n\t\t\t<!--<span class=\"meta-sep\">|<\/span>-->\n\t\t\t\t<!--<span class=\"comments-link\"><span>Comentarios desactivados<span class=\"screen-reader-text\"> en 1ra. Jornada T\u00e9cnica del C3T-UTN: \u00abTarifas de Servicios de Transporte P\u00fablico de Pasajeros de larga distancia de jurisdicci\u00f3n nacional. Nuevo esquema de c\u00e1lculo.\u00bb<\/span><\/span><\/span>-->\n\t\t\t<\/div>\n<\/div>\n<!-- \/\/ End of Post Wrap -->\n\n","protected":false},"excerpt":{"rendered":"<p>Las Jornadas T\u00e9cnicas del C3T \u2013 UTN tienen por objetivo fomentar el intercambio de ideas en un marco propicio para el tratamiento de cuestiones relacionadas con el transporte. Los encuentros comienzan con una exposici\u00f3n a cargo de un especialista que puede ser o no un integrante de este centro, luego de lo cual se da [&hellip;]<\/p>\n","protected":false},"author":1,"featured_media":0,"parent":0,"menu_order":3,"comment_status":"open","ping_status":"closed","template":"","meta":[],"_links":{"self":[{"href":"https:\/\/c3t-utn.ar\/index.php?rest_route=\/wp\/v2\/pages\/15"}],"collection":[{"href":"https:\/\/c3t-utn.ar\/index.php?rest_route=\/wp\/v2\/pages"}],"about":[{"href":"https:\/\/c3t-utn.ar\/index.php?rest_route=\/wp\/v2\/types\/page"}],"author":[{"embeddable":true,"href":"https:\/\/c3t-utn.ar\/index.php?rest_route=\/wp\/v2\/users\/1"}],"replies":[{"embeddable":true,"href":"https:\/\/c3t-utn.ar\/index.php?rest_route=%2Fwp%2Fv2%2Fcomments&post=15"}],"version-history":[{"count":8,"href":"https:\/\/c3t-utn.ar\/index.php?rest_route=\/wp\/v2\/pages\/15\/revisions"}],"predecessor-version":[{"id":546,"href":"https:\/\/c3t-utn.ar\/index.php?rest_route=\/wp\/v2\/pages\/15\/revisions\/546"}],"wp:attachment":[{"href":"https:\/\/c3t-utn.ar\/index.php?rest_route=%2Fwp%2Fv2%2Fmedia&parent=15"}],"curies":[{"name":"wp","href":"https:\/\/api.w.org\/{rel}","templated":true}]}}