{"id":60,"date":"2014-09-17T15:27:50","date_gmt":"2014-09-17T15:27:50","guid":{"rendered":"http:\/\/c3t-utn.com.ar\/?page_id=60"},"modified":"2018-03-07T23:19:31","modified_gmt":"2018-03-07T23:19:31","slug":"apostillas-tecnicas","status":"publish","type":"page","link":"https:\/\/c3t-utn.ar\/?page_id=60","title":{"rendered":"Apostillas T\u00e9cnicas"},"content":{"rendered":"<h3>Apostillas T\u00e9cnicas<\/h3>\n<!-- NOTE: If you need to make changes to this file, copy it to your current theme's main\n\tdirectory so your changes won't be overwritten when the plugin is upgraded. -->\n\n<!-- Start of Post Wrap -->\n<div class=\"post hentry ivycat-post\">\n\t<!-- This is the output of the post TITLE -->\n\t<h2 class=\"entry-title\"><a href=\"https:\/\/c3t-utn.ar\/?p=899\">\u201cTransporte\u201d en Ingenier\u00eda Civil. Experiencias de la interdisciplinariedad en la docencia <\/a><\/h2>\n\t<\/br>\n\t<b><i>11 octubre, 2017<\/i><\/b> <!-- Agrego fecha en el POST. DAS 17\/10\/2017. Lo bajo una fila. DAS 07\/03\/2018-->\n\n\t<!-- This is the output of the EXCERPT -->\n\t<div class=\"entry-summary\">\n\t\t <!-- COMENTADO PORQUE NO MOSTRABA INFO COMPLETA. SE CAMBIO A THE_CONTENT. DAS 17\/10\/2017 -->\n\t\t<p style=\"text-align: justify;\">Durante el primer cuatrimestre del a\u00f1o 2017 se dict\u00f3 por primera vez la materia \u201cTransporte\u201d. La misma es una asignatura electiva a cursar en el \u00faltimo a\u00f1o de la carrera de Ingenier\u00eda Civil. El presente trabajo reflexiona sobre la interdisciplinariedad en un marco de ense\u00f1anza-aprendizaje, luego de la primera experiencia de cursada.<\/p>\n<p style=\"text-align: justify;\">Esta ponencia fue presentada en las primeras Jornadas de Ense\u00f1anza e Innovaci\u00f3n en Carreras de Ingenier\u00eda (JEICI \u2013 UTNFRA 2017) \u201cExperiencias de ense\u00f1anza en carreras de Ingenier\u00eda\u201d, organizadas por la Secretar\u00eda Acad\u00e9mica, el Departamento de Innovaci\u00f3n Tecnol\u00f3gica para la Ense\u00f1anza (InTec) y el Departamento de Materias B\u00e1sicas de la Facultad Regional Avellaneda de la Universidad Tecnol\u00f3gica Nacional.<\/p>\n<p style=\"text-align: justify;\">Puede descargar el trabajo <a href=\"http:\/\/c3t-utn.ar\/wp-content\/uploads\/2017\/10\/Una-experiencia-de-interdisciplinariedad-2017.10.pdf\" target=\"_blank\">presionando aqu\u00ed<\/a>.<\/p>\n\t<\/div>\n\n\t<!-- This is the output of the META information -->\n\t<div class=\"entry-utility\">\n\t\t\t\t\t<span class=\"cat-links\">\n\t\t\t\t<span class=\"entry-utility-prep entry-utility-prep-cat-links\">Publicado en<\/span> <a href=\"https:\/\/c3t-utn.ar\/?cat=42\" rel=\"category\">Apostillas T\u00e9cnicas<\/a>, <a href=\"https:\/\/c3t-utn.ar\/?cat=2\" rel=\"category\">Trabajos Publicados<\/a>\t\t\t<\/span>\n\t\t\t<span class=\"meta-sep\">|<\/span>\n\t\t\t\t\t\t\t<span class=\"tag-links\">\n\t\t\t\t<span class=\"entry-utility-prep entry-utility-prep-tag-links\">Etiquetas<\/span> <a href=\"https:\/\/c3t-utn.ar\/?tag=interdisciplinariedad\" rel=\"tag\">interdisciplinariedad<\/a>, <a href=\"https:\/\/c3t-utn.ar\/?tag=universidad\" rel=\"tag\">Universidad<\/a>\t\t\t<\/span>\n\t\t\t<!--<span class=\"meta-sep\">|<\/span>-->\n\t\t\t\t<!--<span class=\"comments-link\"><span>Comentarios desactivados<span class=\"screen-reader-text\"> en \u201cTransporte\u201d en Ingenier\u00eda Civil. Experiencias de la interdisciplinariedad en la docencia<\/span><\/span><\/span>-->\n\t\t\t<\/div>\n<\/div>\n<!-- \/\/ End of Post Wrap -->\n<!-- NOTE: If you need to make changes to this file, copy it to your current theme's main\n\tdirectory so your changes won't be overwritten when the plugin is upgraded. -->\n\n<!-- Start of Post Wrap -->\n<div class=\"post hentry ivycat-post\">\n\t<!-- This is the output of the post TITLE -->\n\t<h2 class=\"entry-title\"><a href=\"https:\/\/c3t-utn.ar\/?p=618\">Log\u00edstica Urbana en Motocicleta <\/a><\/h2>\n\t<\/br>\n\t<b><i>4 mayo, 2015<\/i><\/b> <!-- Agrego fecha en el POST. DAS 17\/10\/2017. Lo bajo una fila. DAS 07\/03\/2018-->\n\n\t<!-- This is the output of the EXCERPT -->\n\t<div class=\"entry-summary\">\n\t\t <!-- COMENTADO PORQUE NO MOSTRABA INFO COMPLETA. SE CAMBIO A THE_CONTENT. DAS 17\/10\/2017 -->\n\t\t<p style=\"text-align: right;\"><em>[Mayo de 2015]<\/em><\/p>\n<p style=\"text-align: justify;\">El presente trabajo indaga sobre el explosivo desarrollo de la distribuci\u00f3n de bienes y servicios en el \u00e1mbito urbano utilizando como medio de locomoci\u00f3n la motocicleta. Para ello se efect\u00faa un an\u00e1lisis preliminar del modo, sus razones, fortalezas y debilidades. En la sociedad contempor\u00e1nea, la h\u00edper-comunicaci\u00f3n, las redes sociales y el <em>e-commerce<\/em>, son los paradigmas del d\u00eda a d\u00eda, donde la velocidad y la inmediatez son caracter\u00edsticas que se han internalizado en la vida diaria. En este v\u00e9rtigo, la provisi\u00f3n de bienes y servicios concretos debe acompa\u00f1ar este proceso.<\/p>\n<p style=\"text-align: justify;\">En este punto el transporte en motocicleta viene a proveer un servicio acorde al <em>rush<\/em> de esta sociedad moderna. Es r\u00e1pido, capilar, econ\u00f3mico e inmune a la congesti\u00f3n. Las motocicletas son vectores que apuntalan y potencian el servicio, que lleg\u00f3 para quedarse y extenderse. No obstante, este modo de transporte presenta debilidades y externalidades, que deben ser identificadas para generar pol\u00edticas en el \u00e1mbito p\u00fablico y privado destinadas a minimizar los aspectos negativos de su impacto.<\/p>\n<p>&nbsp;<\/p>\n<p style=\"text-align: justify;\">Puede descargar el informe <a href=\"http:\/\/c3t-utn.ar\/wp-content\/uploads\/2015\/05\/Log\u00edstica_Urbana_en_Motocicleta-para-publicar.pdf\" target=\"_blank\">presionando aqu\u00ed<\/a>.<\/p>\n<p style=\"text-align: justify;\">\n\t<\/div>\n\n\t<!-- This is the output of the META information -->\n\t<div class=\"entry-utility\">\n\t\t\t\t\t<span class=\"cat-links\">\n\t\t\t\t<span class=\"entry-utility-prep entry-utility-prep-cat-links\">Publicado en<\/span> <a href=\"https:\/\/c3t-utn.ar\/?cat=42\" rel=\"category\">Apostillas T\u00e9cnicas<\/a>, <a href=\"https:\/\/c3t-utn.ar\/?cat=1\" rel=\"category\">Novedades<\/a>, <a href=\"https:\/\/c3t-utn.ar\/?cat=2\" rel=\"category\">Trabajos Publicados<\/a>\t\t\t<\/span>\n\t\t\t<span class=\"meta-sep\">|<\/span>\n\t\t\t\t\t\t\t<span class=\"tag-links\">\n\t\t\t\t<span class=\"entry-utility-prep entry-utility-prep-tag-links\">Etiquetas<\/span> <a href=\"https:\/\/c3t-utn.ar\/?tag=cargas\" rel=\"tag\">Cargas<\/a>, <a href=\"https:\/\/c3t-utn.ar\/?tag=logistica\" rel=\"tag\">Log\u00edstica<\/a>, <a href=\"https:\/\/c3t-utn.ar\/?tag=motovehiculos\" rel=\"tag\">Motoveh\u00edculos<\/a>, <a href=\"https:\/\/c3t-utn.ar\/?tag=normativa\" rel=\"tag\">Normativa<\/a>, <a href=\"https:\/\/c3t-utn.ar\/?tag=seguridad-vial\" rel=\"tag\">Seguridad vial<\/a>, <a href=\"https:\/\/c3t-utn.ar\/?tag=transporte-automotor\" rel=\"tag\">Transporte automotor<\/a>\t\t\t<\/span>\n\t\t\t<!--<span class=\"meta-sep\">|<\/span>-->\n\t\t\t\t<!--<span class=\"comments-link\"><span>Comentarios desactivados<span class=\"screen-reader-text\"> en Log\u00edstica Urbana en Motocicleta<\/span><\/span><\/span>-->\n\t\t\t<\/div>\n<\/div>\n<!-- \/\/ End of Post Wrap -->\n<!-- NOTE: If you need to make changes to this file, copy it to your current theme's main\n\tdirectory so your changes won't be overwritten when the plugin is upgraded. -->\n\n<!-- Start of Post Wrap -->\n<div class=\"post hentry ivycat-post\">\n\t<!-- This is the output of the post TITLE -->\n\t<h2 class=\"entry-title\"><a href=\"https:\/\/c3t-utn.ar\/?p=270\">Hogares unipersonales: impacto sobre el transporte.  Actualizaci\u00f3n con los datos del Censo de Poblaci\u00f3n de 2010 <\/a><\/h2>\n\t<\/br>\n\t<b><i>1 abril, 2014<\/i><\/b> <!-- Agrego fecha en el POST. DAS 17\/10\/2017. Lo bajo una fila. DAS 07\/03\/2018-->\n\n\t<!-- This is the output of the EXCERPT -->\n\t<div class=\"entry-summary\">\n\t\t <!-- COMENTADO PORQUE NO MOSTRABA INFO COMPLETA. SE CAMBIO A THE_CONTENT. DAS 17\/10\/2017 -->\n\t\t<p style=\"text-align: right;\"><em>[Abril de 2014]<\/em><\/p>\n<p style=\"text-align: justify;\">El presente documento es el resultado de un trabajo de actualizaci\u00f3n del art\u00edculo \u201cHogares\u00a0Unipersonales. Impacto sobre el transporte\u201d elaborado por Pilar V\u00e1zquez y Juan Mart\u00edn Piccirillo en el\u00a0a\u00f1o 2011, en el marco de una investigaci\u00f3n del Centro Tecnol\u00f3gico de Transporte, Tr\u00e1nsito y Seguridad Vial de la\u00a0UTN. El mismo buscaba realizar una aproximaci\u00f3n al fen\u00f3meno de la transformaci\u00f3n en la composici\u00f3n\u00a0de los hogares, dando cuenta de la tendencia mundial registrada que da cuenta de una creciente\u00a0presencia de hogares unipersonales, y sus implicancias para el sistema de transporte urbano. La\u00a0propuesta de actualizaci\u00f3n de dicho trabajo estuvo motivada por la publicaci\u00f3n de los datos del Censo\u00a0Nacional de Poblaci\u00f3n, Hogares y Vivienda 2010, del INDEC, y la posibilidad de finalizar el diagn\u00f3stico\u00a0sobre la envergadura que ha tomado el fen\u00f3meno en esta nueva d\u00e9cada.<\/p>\n<p style=\"text-align: justify;\">Puede descargar el trabajo <a href=\"http:\/\/c3t-utn.ar\/wp-content\/uploads\/2014\/04\/Hogares-unipersonales-Actualizacion.-Abril-2014.pdf\">presionando aqu\u00ed<\/a>.<\/p>\n<p style=\"text-align: justify;\">\n\t<\/div>\n\n\t<!-- This is the output of the META information -->\n\t<div class=\"entry-utility\">\n\t\t\t\t\t<span class=\"cat-links\">\n\t\t\t\t<span class=\"entry-utility-prep entry-utility-prep-cat-links\">Publicado en<\/span> <a href=\"https:\/\/c3t-utn.ar\/?cat=42\" rel=\"category\">Apostillas T\u00e9cnicas<\/a>, <a href=\"https:\/\/c3t-utn.ar\/?cat=2\" rel=\"category\">Trabajos Publicados<\/a>\t\t\t<\/span>\n\t\t\t<span class=\"meta-sep\">|<\/span>\n\t\t\t\t\t\t\t<span class=\"tag-links\">\n\t\t\t\t<span class=\"entry-utility-prep entry-utility-prep-tag-links\">Etiquetas<\/span> <a href=\"https:\/\/c3t-utn.ar\/?tag=gasto\" rel=\"tag\">Gasto<\/a>, <a href=\"https:\/\/c3t-utn.ar\/?tag=pbi\" rel=\"tag\">PBI<\/a>, <a href=\"https:\/\/c3t-utn.ar\/?tag=tasa-de-motorizacion\" rel=\"tag\">Tasa de Motorizacion<\/a>, <a href=\"https:\/\/c3t-utn.ar\/?tag=transito\" rel=\"tag\">Tr\u00e1nsito<\/a>, <a href=\"https:\/\/c3t-utn.ar\/?tag=transporte-automotor\" rel=\"tag\">Transporte automotor<\/a>, <a href=\"https:\/\/c3t-utn.ar\/?tag=urbano\" rel=\"tag\">Urbano<\/a>\t\t\t<\/span>\n\t\t\t<!--<span class=\"meta-sep\">|<\/span>-->\n\t\t\t\t<!--<span class=\"comments-link\"><span>Comentarios desactivados<span class=\"screen-reader-text\"> en Hogares unipersonales: impacto sobre el transporte.  Actualizaci\u00f3n con los datos del Censo de Poblaci\u00f3n de 2010<\/span><\/span><\/span>-->\n\t\t\t<\/div>\n<\/div>\n<!-- \/\/ End of Post Wrap -->\n<!-- NOTE: If you need to make changes to this file, copy it to your current theme's main\n\tdirectory so your changes won't be overwritten when the plugin is upgraded. -->\n\n<!-- Start of Post Wrap -->\n<div class=\"post hentry ivycat-post\">\n\t<!-- This is the output of the post TITLE -->\n\t<h2 class=\"entry-title\"><a href=\"https:\/\/c3t-utn.ar\/?p=277\">Los colectivos de buenos aires van en tren <\/a><\/h2>\n\t<\/br>\n\t<b><i>1 agosto, 2013<\/i><\/b> <!-- Agrego fecha en el POST. DAS 17\/10\/2017. Lo bajo una fila. DAS 07\/03\/2018-->\n\n\t<!-- This is the output of the EXCERPT -->\n\t<div class=\"entry-summary\">\n\t\t <!-- COMENTADO PORQUE NO MOSTRABA INFO COMPLETA. SE CAMBIO A THE_CONTENT. DAS 17\/10\/2017 -->\n\t\t<p style=\"text-align: right;\"><em>[Agosto de 2013]<\/em><\/p>\n<p style=\"text-align: justify;\">El fen\u00f3meno es tan com\u00fan que hasta tom\u00f3 un nombre espec\u00edfico: cuando las unidades de servicios\u00a0p\u00fablicos de transporte de pasajeros viajan de a varias juntas, a ese continuum de veh\u00edculos se lo\u00a0conoce como \u201ctrencito\u201d. Las empresas culpan al tr\u00e1nsito y las barreras, pero las razones parecieran estar\u00a0repartidas en un entramado m\u00e1s complejo que incluye desde problemas en la planificaci\u00f3n hasta subsidios\u00a0millonarios, pasando tambi\u00e9n por ciertas \u201cma\u00f1as\u201d de los conductores.<\/p>\n<p>Puede descargar el trabajo <a href=\"http:\/\/c3t-utn.ar\/wp-content\/uploads\/2013\/08\/Los-colectivos-de-Buenos-Aires-viajan-en-tren.pdf\">presionando aqu\u00ed<\/a>.<\/p>\n<p>&nbsp;<\/p>\n\t<\/div>\n\n\t<!-- This is the output of the META information -->\n\t<div class=\"entry-utility\">\n\t\t\t\t\t<span class=\"cat-links\">\n\t\t\t\t<span class=\"entry-utility-prep entry-utility-prep-cat-links\">Publicado en<\/span> <a href=\"https:\/\/c3t-utn.ar\/?cat=42\" rel=\"category\">Apostillas T\u00e9cnicas<\/a>, <a href=\"https:\/\/c3t-utn.ar\/?cat=2\" rel=\"category\">Trabajos Publicados<\/a>\t\t\t<\/span>\n\t\t\t<span class=\"meta-sep\">|<\/span>\n\t\t\t\t\t\t\t<span class=\"tag-links\">\n\t\t\t\t<span class=\"entry-utility-prep entry-utility-prep-tag-links\">Etiquetas<\/span> <a href=\"https:\/\/c3t-utn.ar\/?tag=empresas\" rel=\"tag\">Empresas<\/a>, <a href=\"https:\/\/c3t-utn.ar\/?tag=jurisdiccion-nacional\" rel=\"tag\">Jurisdicci\u00f3n nacional<\/a>, <a href=\"https:\/\/c3t-utn.ar\/?tag=pasajeros\" rel=\"tag\">Pasajeros<\/a>, <a href=\"https:\/\/c3t-utn.ar\/?tag=servicios-de-transporte-publico\" rel=\"tag\">Servicios de transporte p\u00fablico<\/a>, <a href=\"https:\/\/c3t-utn.ar\/?tag=transito\" rel=\"tag\">Tr\u00e1nsito<\/a>, <a href=\"https:\/\/c3t-utn.ar\/?tag=transporte-automotor\" rel=\"tag\">Transporte automotor<\/a>, <a href=\"https:\/\/c3t-utn.ar\/?tag=urbano\" rel=\"tag\">Urbano<\/a>\t\t\t<\/span>\n\t\t\t<!--<span class=\"meta-sep\">|<\/span>-->\n\t\t\t\t<!--<span class=\"comments-link\"><span>Comentarios desactivados<span class=\"screen-reader-text\"> en Los colectivos de buenos aires van en tren<\/span><\/span><\/span>-->\n\t\t\t<\/div>\n<\/div>\n<!-- \/\/ End of Post Wrap -->\n<!-- NOTE: If you need to make changes to this file, copy it to your current theme's main\n\tdirectory so your changes won't be overwritten when the plugin is upgraded. -->\n\n<!-- Start of Post Wrap -->\n<div class=\"post hentry ivycat-post\">\n\t<!-- This is the output of the post TITLE -->\n\t<h2 class=\"entry-title\"><a href=\"https:\/\/c3t-utn.ar\/?p=280\">Silo bolsa: tecnolog\u00eda clave en la log\u00edstica de comercializaci\u00f3n y el transporte de granos <\/a><\/h2>\n\t<\/br>\n\t<b><i>1 julio, 2013<\/i><\/b> <!-- Agrego fecha en el POST. DAS 17\/10\/2017. Lo bajo una fila. DAS 07\/03\/2018-->\n\n\t<!-- This is the output of the EXCERPT -->\n\t<div class=\"entry-summary\">\n\t\t <!-- COMENTADO PORQUE NO MOSTRABA INFO COMPLETA. SE CAMBIO A THE_CONTENT. DAS 17\/10\/2017 -->\n\t\t<p style=\"text-align: right;\"><em>[Julio de 2013]<\/em><\/p>\n<p style=\"text-align: justify;\">A lo largo de la \u00faltima d\u00e9cada, se fue generalizando el uso progresivo de una nueva tecnolog\u00eda en el almacenaje de\u00a0granos secos: el silo bolsa. \u00c9ste ha permitido aumentar la capacidad de almacenamiento de granos en el propio\u00a0establecimiento productor, con notable repercusi\u00f3n en los requerimientos estacionales de transporte. En este\u00a0art\u00edculo se explica qu\u00e9 es el silo bolsa y se analiza la influencia de esta tecnolog\u00eda en la log\u00edstica de comercializaci\u00f3n\u00a0y el transporte de granos.<\/p>\n<p style=\"text-align: justify;\">Puede descargar el trabajo <a href=\"http:\/\/c3t-utn.ar\/wp-content\/uploads\/2013\/07\/Silo-Bolsa.pdf\">presionando aqu\u00ed<\/a>.<\/p>\n<p style=\"text-align: justify;\">\n\t<\/div>\n\n\t<!-- This is the output of the META information -->\n\t<div class=\"entry-utility\">\n\t\t\t\t\t<span class=\"cat-links\">\n\t\t\t\t<span class=\"entry-utility-prep entry-utility-prep-cat-links\">Publicado en<\/span> <a href=\"https:\/\/c3t-utn.ar\/?cat=42\" rel=\"category\">Apostillas T\u00e9cnicas<\/a>, <a href=\"https:\/\/c3t-utn.ar\/?cat=2\" rel=\"category\">Trabajos Publicados<\/a>\t\t\t<\/span>\n\t\t\t<span class=\"meta-sep\">|<\/span>\n\t\t\t\t\t\t\t<span class=\"tag-links\">\n\t\t\t\t<span class=\"entry-utility-prep entry-utility-prep-tag-links\">Etiquetas<\/span> <a href=\"https:\/\/c3t-utn.ar\/?tag=cargas\" rel=\"tag\">Cargas<\/a>, <a href=\"https:\/\/c3t-utn.ar\/?tag=comercio-exterior\" rel=\"tag\">Comercio exterior<\/a>, <a href=\"https:\/\/c3t-utn.ar\/?tag=granos\" rel=\"tag\">Granos<\/a>, <a href=\"https:\/\/c3t-utn.ar\/?tag=infraestructura\" rel=\"tag\">Infraestructura<\/a>, <a href=\"https:\/\/c3t-utn.ar\/?tag=interurbano\" rel=\"tag\">Interurbano<\/a>, <a href=\"https:\/\/c3t-utn.ar\/?tag=logistica\" rel=\"tag\">Log\u00edstica<\/a>\t\t\t<\/span>\n\t\t\t<!--<span class=\"meta-sep\">|<\/span>-->\n\t\t\t\t<!--<span class=\"comments-link\"><span>Comentarios desactivados<span class=\"screen-reader-text\"> en Silo bolsa: tecnolog\u00eda clave en la log\u00edstica de comercializaci\u00f3n y el transporte de granos<\/span><\/span><\/span>-->\n\t\t\t<\/div>\n<\/div>\n<!-- \/\/ End of Post Wrap -->\n<!-- NOTE: If you need to make changes to this file, copy it to your current theme's main\n\tdirectory so your changes won't be overwritten when the plugin is upgraded. -->\n\n<!-- Start of Post Wrap -->\n<div class=\"post hentry ivycat-post\">\n\t<!-- This is the output of the post TITLE -->\n\t<h2 class=\"entry-title\"><a href=\"https:\/\/c3t-utn.ar\/?p=247\">Estudio sobre centros de transbordo urbanos de pasajeros en el \u00c1rea Metropolitana de Buenos Aires <\/a><\/h2>\n\t<\/br>\n\t<b><i>1 junio, 2012<\/i><\/b> <!-- Agrego fecha en el POST. DAS 17\/10\/2017. Lo bajo una fila. DAS 07\/03\/2018-->\n\n\t<!-- This is the output of the EXCERPT -->\n\t<div class=\"entry-summary\">\n\t\t <!-- COMENTADO PORQUE NO MOSTRABA INFO COMPLETA. SE CAMBIO A THE_CONTENT. DAS 17\/10\/2017 -->\n\t\t<p style=\"text-align: right;\"><em>[Junio de 2012]<\/em><\/p>\n<p style=\"text-align: justify;\">En los \u00faltimos a\u00f1os, y a ra\u00edz de los conflictos cada vez m\u00e1s frecuentes originados por el aumento en la congesti\u00f3n vehicular, se ha insistido desde diversas fuentes en la necesidad de construir centros de transbordo con la intenci\u00f3n de reducir la cantidad de autom\u00f3viles que circulan en el interior de la ciudad, descomprimir el tr\u00e1nsito y, en parte, solucionar o mitigar los problemas de transporte en el \u00e1rea metropolitana. Este informe busca dar respuesta a las preguntas que surgen respecto de la instalaci\u00f3n o conformaci\u00f3n de los centros de transbordo, presentando una estructura que busca desarrollar el tema en profundidad. El objeto de estudio se circunscribe a los transbordos entre servicios p\u00fablicos de pasajeros urbanos en el AMBA.<\/p>\n<p style=\"text-align: justify;\">Puede descargar el trabajo <a href=\"http:\/\/c3t-utn.ar\/wp-content\/uploads\/2012\/06\/Centros-de-Trasbordo.pdf\">presionando aqu\u00ed<\/a>.<\/p>\n\t<\/div>\n\n\t<!-- This is the output of the META information -->\n\t<div class=\"entry-utility\">\n\t\t\t\t\t<span class=\"cat-links\">\n\t\t\t\t<span class=\"entry-utility-prep entry-utility-prep-cat-links\">Publicado en<\/span> <a href=\"https:\/\/c3t-utn.ar\/?cat=42\" rel=\"category\">Apostillas T\u00e9cnicas<\/a>, <a href=\"https:\/\/c3t-utn.ar\/?cat=2\" rel=\"category\">Trabajos Publicados<\/a>\t\t\t<\/span>\n\t\t\t<span class=\"meta-sep\">|<\/span>\n\t\t\t\t\t\t\t<span class=\"tag-links\">\n\t\t\t\t<span class=\"entry-utility-prep entry-utility-prep-tag-links\">Etiquetas<\/span> <a href=\"https:\/\/c3t-utn.ar\/?tag=infraestructura\" rel=\"tag\">Infraestructura<\/a>, <a href=\"https:\/\/c3t-utn.ar\/?tag=intermodalidad\" rel=\"tag\">Intermodalidad<\/a>, <a href=\"https:\/\/c3t-utn.ar\/?tag=pasajeros\" rel=\"tag\">Pasajeros<\/a>, <a href=\"https:\/\/c3t-utn.ar\/?tag=servicios-de-transporte-publico\" rel=\"tag\">Servicios de transporte p\u00fablico<\/a>, <a href=\"https:\/\/c3t-utn.ar\/?tag=transito\" rel=\"tag\">Tr\u00e1nsito<\/a>, <a href=\"https:\/\/c3t-utn.ar\/?tag=transporte-automotor\" rel=\"tag\">Transporte automotor<\/a>, <a href=\"https:\/\/c3t-utn.ar\/?tag=urbano\" rel=\"tag\">Urbano<\/a>\t\t\t<\/span>\n\t\t\t<!--<span class=\"meta-sep\">|<\/span>-->\n\t\t\t\t<!--<span class=\"comments-link\"><span>Comentarios desactivados<span class=\"screen-reader-text\"> en Estudio sobre centros de transbordo urbanos de pasajeros en el \u00c1rea Metropolitana de Buenos Aires<\/span><\/span><\/span>-->\n\t\t\t<\/div>\n<\/div>\n<!-- \/\/ End of Post Wrap -->\n<!-- NOTE: If you need to make changes to this file, copy it to your current theme's main\n\tdirectory so your changes won't be overwritten when the plugin is upgraded. -->\n\n<!-- Start of Post Wrap -->\n<div class=\"post hentry ivycat-post\">\n\t<!-- This is the output of the post TITLE -->\n\t<h2 class=\"entry-title\"><a href=\"https:\/\/c3t-utn.ar\/?p=257\">Estudio sobre tasa de motorizaci\u00f3n. Relaciones y determinantes <\/a><\/h2>\n\t<\/br>\n\t<b><i>1 mayo, 2012<\/i><\/b> <!-- Agrego fecha en el POST. DAS 17\/10\/2017. Lo bajo una fila. DAS 07\/03\/2018-->\n\n\t<!-- This is the output of the EXCERPT -->\n\t<div class=\"entry-summary\">\n\t\t <!-- COMENTADO PORQUE NO MOSTRABA INFO COMPLETA. SE CAMBIO A THE_CONTENT. DAS 17\/10\/2017 -->\n\t\t<p style=\"text-align: right;\"><em>[Mayo\u00a0de 2012]<\/em><\/p>\n<p style=\"text-align: justify;\">En este informe se buscar\u00e1 analizar la llamada \u201ctasa de motorizaci\u00f3n\u201d. La misma da cuenta de la cantidad\u00a0de veh\u00edculos motorizados por habitante en un lugar y per\u00edodo dado. Hist\u00f3ricamente se ha verificado una\u00a0relaci\u00f3n positiva entre esta variable y el Producto Interno Bruto por habitante (PIB per c\u00e1pita), lo que se\u00a0comprueba en el presente an\u00e1lisis de 35 pa\u00edses para el per\u00edodo 1998-2009. Asimismo, se observa un\u00a0crecimiento marginal decreciente de la tasa de motorizaci\u00f3n en relaci\u00f3n al PIB per c\u00e1pita, indicando la \u00a0existencia de un l\u00edmite en el crecimiento de la tasa de motorizaci\u00f3n que hoy se podr\u00eda situar en torno a los\u00a0450 veh\u00edculos cada mil habitantes, incluyendo entre aqu\u00e9llos a los autom\u00f3viles y camionetas.<br \/>\nEn lo que respecta al caso argentino, es esperable que la tasa de motorizaci\u00f3n de la sociedad argentina se\u00a0eleve en los pr\u00f3ximos a\u00f1os, incluso m\u00e1s que proporcionalmente respecto del crecimiento del PIB per\u00a0c\u00e1pita, en funci\u00f3n de reducir la brecha que el pa\u00eds ostenta en la actualidad en relaci\u00f3n a naciones de mayor\u00a0nivel de PIB per c\u00e1pita.<\/p>\n<p style=\"text-align: justify;\">Puede descarar este trabajo <a href=\"http:\/\/c3t-utn.ar\/wp-content\/uploads\/2012\/05\/Estudio-sobre-tasa-de-motorizacion.pdf\">presionando aqu\u00ed<\/a>.<\/p>\n<p>&nbsp;<\/p>\n\t<\/div>\n\n\t<!-- This is the output of the META information -->\n\t<div class=\"entry-utility\">\n\t\t\t\t\t<span class=\"cat-links\">\n\t\t\t\t<span class=\"entry-utility-prep entry-utility-prep-cat-links\">Publicado en<\/span> <a href=\"https:\/\/c3t-utn.ar\/?cat=42\" rel=\"category\">Apostillas T\u00e9cnicas<\/a>, <a href=\"https:\/\/c3t-utn.ar\/?cat=2\" rel=\"category\">Trabajos Publicados<\/a>\t\t\t<\/span>\n\t\t\t<span class=\"meta-sep\">|<\/span>\n\t\t\t\t\t\t\t<span class=\"tag-links\">\n\t\t\t\t<span class=\"entry-utility-prep entry-utility-prep-tag-links\">Etiquetas<\/span> <a href=\"https:\/\/c3t-utn.ar\/?tag=pbi\" rel=\"tag\">PBI<\/a>, <a href=\"https:\/\/c3t-utn.ar\/?tag=tasa-de-motorizacion\" rel=\"tag\">Tasa de Motorizacion<\/a>, <a href=\"https:\/\/c3t-utn.ar\/?tag=transito\" rel=\"tag\">Tr\u00e1nsito<\/a>\t\t\t<\/span>\n\t\t\t<!--<span class=\"meta-sep\">|<\/span>-->\n\t\t\t\t<!--<span class=\"comments-link\"><span>Comentarios desactivados<span class=\"screen-reader-text\"> en Estudio sobre tasa de motorizaci\u00f3n. Relaciones y determinantes<\/span><\/span><\/span>-->\n\t\t\t<\/div>\n<\/div>\n<!-- \/\/ End of Post Wrap -->\n<!-- NOTE: If you need to make changes to this file, copy it to your current theme's main\n\tdirectory so your changes won't be overwritten when the plugin is upgraded. -->\n\n<!-- Start of Post Wrap -->\n<div class=\"post hentry ivycat-post\">\n\t<!-- This is the output of the post TITLE -->\n\t<h2 class=\"entry-title\"><a href=\"https:\/\/c3t-utn.ar\/?p=267\">Gasto en transporte urbano de los habitantes de la Ciudad Aut\u00f3noma de Buenos Aires a trav\u00e9s de la Encuesta Nacional de Gastos de los Hogares del  INDEC, 2004 \u2013 2005 <\/a><\/h2>\n\t<\/br>\n\t<b><i>1 marzo, 2012<\/i><\/b> <!-- Agrego fecha en el POST. DAS 17\/10\/2017. Lo bajo una fila. DAS 07\/03\/2018-->\n\n\t<!-- This is the output of the EXCERPT -->\n\t<div class=\"entry-summary\">\n\t\t <!-- COMENTADO PORQUE NO MOSTRABA INFO COMPLETA. SE CAMBIO A THE_CONTENT. DAS 17\/10\/2017 -->\n\t\t<p style=\"text-align: right;\"><em>[Marzo de 2012]<\/em><\/p>\n<p style=\"text-align: justify;\">El primer informe sobre Gasto en Transporte de los Hogares, de junio de 2011, se refiri\u00f3 a cuestiones\u00a0metodol\u00f3gicas acerca de la naturaleza de la fuente de informaci\u00f3n utilizada para determinar la canasta de\u00a0consumo de bienes y servicios de la poblaci\u00f3n. Este segundo informe se centra en el an\u00e1lisis del gasto en\u00a0transporte realizado por los hogares de la Ciudad Aut\u00f3noma de Buenos Aires (CABA), y las caracter\u00edsticas que\u00a0\u00e9ste presenta seg\u00fan nivel de ingresos, edad, sexo, condici\u00f3n de actividad, etc.<\/p>\n<p style=\"text-align: justify;\">Puede descargar el trabajo <a href=\"http:\/\/c3t-utn.ar\/wp-content\/uploads\/2012\/03\/Gasto-en-Transporte-2012.pdf\">presionando aqu\u00ed<\/a>.<\/p>\n\t<\/div>\n\n\t<!-- This is the output of the META information -->\n\t<div class=\"entry-utility\">\n\t\t\t\t\t<span class=\"cat-links\">\n\t\t\t\t<span class=\"entry-utility-prep entry-utility-prep-cat-links\">Publicado en<\/span> <a href=\"https:\/\/c3t-utn.ar\/?cat=42\" rel=\"category\">Apostillas T\u00e9cnicas<\/a>, <a href=\"https:\/\/c3t-utn.ar\/?cat=2\" rel=\"category\">Trabajos Publicados<\/a>\t\t\t<\/span>\n\t\t\t<span class=\"meta-sep\">|<\/span>\n\t\t\t\t\t\t\t<span class=\"tag-links\">\n\t\t\t\t<span class=\"entry-utility-prep entry-utility-prep-tag-links\">Etiquetas<\/span> <a href=\"https:\/\/c3t-utn.ar\/?tag=gasto\" rel=\"tag\">Gasto<\/a>, <a href=\"https:\/\/c3t-utn.ar\/?tag=servicios-de-transporte-publico\" rel=\"tag\">Servicios de transporte p\u00fablico<\/a>, <a href=\"https:\/\/c3t-utn.ar\/?tag=tasa-de-motorizacion\" rel=\"tag\">Tasa de Motorizacion<\/a>, <a href=\"https:\/\/c3t-utn.ar\/?tag=transporte-automotor\" rel=\"tag\">Transporte automotor<\/a>, <a href=\"https:\/\/c3t-utn.ar\/?tag=transporte-ferroviario\" rel=\"tag\">Transporte ferroviario<\/a>, <a href=\"https:\/\/c3t-utn.ar\/?tag=urbano\" rel=\"tag\">Urbano<\/a>\t\t\t<\/span>\n\t\t\t<!--<span class=\"meta-sep\">|<\/span>-->\n\t\t\t\t<!--<span class=\"comments-link\"><span>Comentarios desactivados<span class=\"screen-reader-text\"> en Gasto en transporte urbano de los habitantes de la Ciudad Aut\u00f3noma de Buenos Aires a trav\u00e9s de la Encuesta Nacional de Gastos de los Hogares del  INDEC, 2004 \u2013 2005<\/span><\/span><\/span>-->\n\t\t\t<\/div>\n<\/div>\n<!-- \/\/ End of Post Wrap -->\n<!-- NOTE: If you need to make changes to this file, copy it to your current theme's main\n\tdirectory so your changes won't be overwritten when the plugin is upgraded. -->\n\n<!-- Start of Post Wrap -->\n<div class=\"post hentry ivycat-post\">\n\t<!-- This is the output of the post TITLE -->\n\t<h2 class=\"entry-title\"><a href=\"https:\/\/c3t-utn.ar\/?p=274\">Hogares unipersonales: impacto sobre el transporte <\/a><\/h2>\n\t<\/br>\n\t<b><i>1 julio, 2011<\/i><\/b> <!-- Agrego fecha en el POST. DAS 17\/10\/2017. Lo bajo una fila. DAS 07\/03\/2018-->\n\n\t<!-- This is the output of the EXCERPT -->\n\t<div class=\"entry-summary\">\n\t\t <!-- COMENTADO PORQUE NO MOSTRABA INFO COMPLETA. SE CAMBIO A THE_CONTENT. DAS 17\/10\/2017 -->\n\t\t<p style=\"text-align: right;\"><em>[Julio de 2011]<\/em><\/p>\n<p style=\"text-align: justify;\">La composici\u00f3n de los hogares viene sufriendo fuertes cambios en los pa\u00edses desarrollados a los que, con cierto\u00a0retraso, se han sumado otros pa\u00edses de menor grado de desarrollo relativo. El fen\u00f3meno puede sintetizarse como\u00a0la disminuci\u00f3n en el tama\u00f1o promedio de los hogares, y en las \u00faltimas d\u00e9cadas ha llevado al aumento en la\u00a0cantidad de personas que viven solas, que conforman los denominados \u201chogares unipersonales\u201c. El presente\u00a0texto busca iniciar el debate sobre las implicancias que puede tener este crecimiento en la proporci\u00f3n de hogares\u00a0unipersonales en materia de transporte, especialmente en el transporte urbano.<\/p>\n<p style=\"text-align: justify;\">Puede descargar el trabajo <a href=\"http:\/\/c3t-utn.ar\/wp-content\/uploads\/2011\/07\/Hogares-unipersonales-2011.pdf\">presionando aqu\u00ed<\/a>.<\/p>\n\t<\/div>\n\n\t<!-- This is the output of the META information -->\n\t<div class=\"entry-utility\">\n\t\t\t\t\t<span class=\"cat-links\">\n\t\t\t\t<span class=\"entry-utility-prep entry-utility-prep-cat-links\">Publicado en<\/span> <a href=\"https:\/\/c3t-utn.ar\/?cat=42\" rel=\"category\">Apostillas T\u00e9cnicas<\/a>, <a href=\"https:\/\/c3t-utn.ar\/?cat=2\" rel=\"category\">Trabajos Publicados<\/a>\t\t\t<\/span>\n\t\t\t<span class=\"meta-sep\">|<\/span>\n\t\t\t\t\t\t\t<span class=\"tag-links\">\n\t\t\t\t<span class=\"entry-utility-prep entry-utility-prep-tag-links\">Etiquetas<\/span> <a href=\"https:\/\/c3t-utn.ar\/?tag=gasto\" rel=\"tag\">Gasto<\/a>, <a href=\"https:\/\/c3t-utn.ar\/?tag=pbi\" rel=\"tag\">PBI<\/a>, <a href=\"https:\/\/c3t-utn.ar\/?tag=tasa-de-motorizacion\" rel=\"tag\">Tasa de Motorizacion<\/a>, <a href=\"https:\/\/c3t-utn.ar\/?tag=transito\" rel=\"tag\">Tr\u00e1nsito<\/a>, <a href=\"https:\/\/c3t-utn.ar\/?tag=transporte-automotor\" rel=\"tag\">Transporte automotor<\/a>, <a href=\"https:\/\/c3t-utn.ar\/?tag=urbano\" rel=\"tag\">Urbano<\/a>\t\t\t<\/span>\n\t\t\t<!--<span class=\"meta-sep\">|<\/span>-->\n\t\t\t\t<!--<span class=\"comments-link\"><span>Comentarios desactivados<span class=\"screen-reader-text\"> en Hogares unipersonales: impacto sobre el transporte<\/span><\/span><\/span>-->\n\t\t\t<\/div>\n<\/div>\n<!-- \/\/ End of Post Wrap -->\n<!-- NOTE: If you need to make changes to this file, copy it to your current theme's main\n\tdirectory so your changes won't be overwritten when the plugin is upgraded. -->\n\n<!-- Start of Post Wrap -->\n<div class=\"post hentry ivycat-post\">\n\t<!-- This is the output of the post TITLE -->\n\t<h2 class=\"entry-title\"><a href=\"https:\/\/c3t-utn.ar\/?p=260\">Evoluci\u00f3n del gasto de los hogares en transporte a partir de los resultados de las Encuestas de Gastos de los Hogares <\/a><\/h2>\n\t<\/br>\n\t<b><i>1 junio, 2011<\/i><\/b> <!-- Agrego fecha en el POST. DAS 17\/10\/2017. Lo bajo una fila. DAS 07\/03\/2018-->\n\n\t<!-- This is the output of the EXCERPT -->\n\t<div class=\"entry-summary\">\n\t\t <!-- COMENTADO PORQUE NO MOSTRABA INFO COMPLETA. SE CAMBIO A THE_CONTENT. DAS 17\/10\/2017 -->\n\t\t<p style=\"text-align: right;\"><em>[Junio de 2011]<\/em><\/p>\n<p style=\"text-align: justify;\">Este informe tiene por objetivo analizar las caracter\u00edsticas del consumo de bienes y servicios para satisfacer las necesidades de transporte, as\u00ed como tambi\u00e9n su evoluci\u00f3n en el tiempo para cuyo an\u00e1lisis se recurre a la\u00a0informaci\u00f3n del gasto de los hogares en bienes y servicios para el transporte; complementada con los\u00a0niveles de precios de los mismos, tanto en t\u00e9rminos absolutos como en su relaci\u00f3n con los del resto de los\u00a0bienes y servicios que los hogares adquieren para satisfacer todas sus otras necesidades.<\/p>\n<p style=\"text-align: justify;\">Puede descargar este trabajo <a href=\"http:\/\/c3t-utn.ar\/wp-content\/uploads\/2011\/06\/Gasto-en-transporte-2011.pdf\">presionando aqu\u00ed<\/a>.<\/p>\n\t<\/div>\n\n\t<!-- This is the output of the META information -->\n\t<div class=\"entry-utility\">\n\t\t\t\t\t<span class=\"cat-links\">\n\t\t\t\t<span class=\"entry-utility-prep entry-utility-prep-cat-links\">Publicado en<\/span> <a href=\"https:\/\/c3t-utn.ar\/?cat=42\" rel=\"category\">Apostillas T\u00e9cnicas<\/a>, <a href=\"https:\/\/c3t-utn.ar\/?cat=2\" rel=\"category\">Trabajos Publicados<\/a>\t\t\t<\/span>\n\t\t\t<span class=\"meta-sep\">|<\/span>\n\t\t\t\t\t\t\t<span class=\"tag-links\">\n\t\t\t\t<span class=\"entry-utility-prep entry-utility-prep-tag-links\">Etiquetas<\/span> <a href=\"https:\/\/c3t-utn.ar\/?tag=gasto\" rel=\"tag\">Gasto<\/a>, <a href=\"https:\/\/c3t-utn.ar\/?tag=interurbano\" rel=\"tag\">Interurbano<\/a>, <a href=\"https:\/\/c3t-utn.ar\/?tag=pasajeros\" rel=\"tag\">Pasajeros<\/a>, <a href=\"https:\/\/c3t-utn.ar\/?tag=servicios-de-transporte-publico\" rel=\"tag\">Servicios de transporte p\u00fablico<\/a>, <a href=\"https:\/\/c3t-utn.ar\/?tag=urbano\" rel=\"tag\">Urbano<\/a>\t\t\t<\/span>\n\t\t\t<!--<span class=\"meta-sep\">|<\/span>-->\n\t\t\t\t<!--<span class=\"comments-link\"><span>Comentarios desactivados<span class=\"screen-reader-text\"> en Evoluci\u00f3n del gasto de los hogares en transporte a partir de los resultados de las Encuestas de Gastos de los Hogares<\/span><\/span><\/span>-->\n\t\t\t<\/div>\n<\/div>\n<!-- \/\/ End of Post Wrap -->\n<!-- NOTE: If you need to make changes to this file, copy it to your current theme's main\n\tdirectory so your changes won't be overwritten when the plugin is upgraded. -->\n\n<!-- Start of Post Wrap -->\n<div class=\"post hentry ivycat-post\">\n\t<!-- This is the output of the post TITLE -->\n\t<h2 class=\"entry-title\"><a href=\"https:\/\/c3t-utn.ar\/?p=251\">Distribuci\u00f3n modal de las cargas de cabotaje de larga distancia en Argentina y un conjunto de pa\u00edses seleccionados <\/a><\/h2>\n\t<\/br>\n\t<b><i>1 abril, 2011<\/i><\/b> <!-- Agrego fecha en el POST. DAS 17\/10\/2017. Lo bajo una fila. DAS 07\/03\/2018-->\n\n\t<!-- This is the output of the EXCERPT -->\n\t<div class=\"entry-summary\">\n\t\t <!-- COMENTADO PORQUE NO MOSTRABA INFO COMPLETA. SE CAMBIO A THE_CONTENT. DAS 17\/10\/2017 -->\n\t\t<p style=\"text-align: right;\">[<em>Abril de 2011<\/em>]<\/p>\n<p style=\"text-align: justify;\">Este trabajo pone\u00a0a disposici\u00f3n la distribuci\u00f3n modal de las cargas de larga distancia de cabotaje,\u00a0medidas en toneladas \u2013 kil\u00f3metro, para varios pa\u00edses y para los a\u00f1os 1991, 1995, 2000, 2005 y 2008 referido,\u00a0\u00fanicamente, a los modos ferroviario, carretero y acu\u00e1tico de manera de hacer comparable la serie entre los\u00a0diferentes pa\u00edses.<\/p>\n<p style=\"text-align: justify;\">Puede descargar el trabajo <a href=\"http:\/\/c3t-utn.ar\/wp-content\/uploads\/2011\/04\/Distribuci\u00f3n-modal-de-las-cargas.pdf\">presionando aqu\u00ed<\/a>.<\/p>\n\t<\/div>\n\n\t<!-- This is the output of the META information -->\n\t<div class=\"entry-utility\">\n\t\t\t\t\t<span class=\"cat-links\">\n\t\t\t\t<span class=\"entry-utility-prep entry-utility-prep-cat-links\">Publicado en<\/span> <a href=\"https:\/\/c3t-utn.ar\/?cat=42\" rel=\"category\">Apostillas T\u00e9cnicas<\/a>, <a href=\"https:\/\/c3t-utn.ar\/?cat=2\" rel=\"category\">Trabajos Publicados<\/a>\t\t\t<\/span>\n\t\t\t<span class=\"meta-sep\">|<\/span>\n\t\t\t\t\t\t\t<span class=\"tag-links\">\n\t\t\t\t<span class=\"entry-utility-prep entry-utility-prep-tag-links\">Etiquetas<\/span> <a href=\"https:\/\/c3t-utn.ar\/?tag=cabotaje\" rel=\"tag\">Cabotaje<\/a>, <a href=\"https:\/\/c3t-utn.ar\/?tag=cargas\" rel=\"tag\">Cargas<\/a>, <a href=\"https:\/\/c3t-utn.ar\/?tag=distribucion-modal\" rel=\"tag\">Distribuci\u00f3n Modal<\/a>, <a href=\"https:\/\/c3t-utn.ar\/?tag=interurbano\" rel=\"tag\">Interurbano<\/a>, <a href=\"https:\/\/c3t-utn.ar\/?tag=transporte-automotor\" rel=\"tag\">Transporte automotor<\/a>, <a href=\"https:\/\/c3t-utn.ar\/?tag=transporte-ferroviario\" rel=\"tag\">Transporte ferroviario<\/a>, <a href=\"https:\/\/c3t-utn.ar\/?tag=transporte-fluvial\" rel=\"tag\">Transporte Fluvial<\/a>\t\t\t<\/span>\n\t\t\t<!--<span class=\"meta-sep\">|<\/span>-->\n\t\t\t\t<!--<span class=\"comments-link\"><span>Comentarios desactivados<span class=\"screen-reader-text\"> en Distribuci\u00f3n modal de las cargas de cabotaje de larga distancia en Argentina y un conjunto de pa\u00edses seleccionados<\/span><\/span><\/span>-->\n\t\t\t<\/div>\n<\/div>\n<!-- \/\/ End of Post Wrap -->\n\n","protected":false},"excerpt":{"rendered":"<p>Apostillas T\u00e9cnicas<\/p>\n","protected":false},"author":2,"featured_media":0,"parent":1053,"menu_order":0,"comment_status":"open","ping_status":"open","template":"","meta":[],"_links":{"self":[{"href":"https:\/\/c3t-utn.ar\/index.php?rest_route=\/wp\/v2\/pages\/60"}],"collection":[{"href":"https:\/\/c3t-utn.ar\/index.php?rest_route=\/wp\/v2\/pages"}],"about":[{"href":"https:\/\/c3t-utn.ar\/index.php?rest_route=\/wp\/v2\/types\/page"}],"author":[{"embeddable":true,"href":"https:\/\/c3t-utn.ar\/index.php?rest_route=\/wp\/v2\/users\/2"}],"replies":[{"embeddable":true,"href":"https:\/\/c3t-utn.ar\/index.php?rest_route=%2Fwp%2Fv2%2Fcomments&post=60"}],"version-history":[{"count":5,"href":"https:\/\/c3t-utn.ar\/index.php?rest_route=\/wp\/v2\/pages\/60\/revisions"}],"predecessor-version":[{"id":471,"href":"https:\/\/c3t-utn.ar\/index.php?rest_route=\/wp\/v2\/pages\/60\/revisions\/471"}],"up":[{"embeddable":true,"href":"https:\/\/c3t-utn.ar\/index.php?rest_route=\/wp\/v2\/pages\/1053"}],"wp:attachment":[{"href":"https:\/\/c3t-utn.ar\/index.php?rest_route=%2Fwp%2Fv2%2Fmedia&parent=60"}],"curies":[{"name":"wp","href":"https:\/\/api.w.org\/{rel}","templated":true}]}}