{"id":9,"date":"2013-11-28T00:20:11","date_gmt":"2013-11-28T00:20:11","guid":{"rendered":"http:\/\/c3t-utn.com.ar\/?page_id=9"},"modified":"2018-03-07T23:35:26","modified_gmt":"2018-03-07T23:35:26","slug":"novedades","status":"publish","type":"page","link":"https:\/\/c3t-utn.ar\/?page_id=9","title":{"rendered":"Novedades"},"content":{"rendered":"<!-- NOTE: If you need to make changes to this file, copy it to your current theme's main\n\tdirectory so your changes won't be overwritten when the plugin is upgraded. -->\n\n<!-- Start of Post Wrap -->\n<div class=\"post hentry ivycat-post\">\n\t<!-- This is the output of the post TITLE -->\n\t<h2 class=\"entry-title\"><a href=\"https:\/\/c3t-utn.ar\/?p=1440\">Diplomatura en \u00abTransporte, Movilidad, Seguridad Vial y Log\u00edstica\u00bb en la UTN <\/a><\/h2>\n\n\t<b><i>31 diciembre, 2025<\/i><\/b> <!-- Agrego fecha en el POST. DAS 17\/10\/2017. Lo bajo una fila. DAS 07\/03\/2018-->\n\n\t<!-- This is the output of the META information -->\n\t<div class=\"entry-utility\">\n\t\t\t\t\t<span class=\"cat-links\">\n\t\t\t\t<span class=\"entry-utility-prep entry-utility-prep-cat-links\">Publicado en<\/span> <a href=\"https:\/\/c3t-utn.ar\/?cat=111\" rel=\"category\">Diplomatura<\/a>, <a href=\"https:\/\/c3t-utn.ar\/?cat=1\" rel=\"category\">Novedades<\/a>\t\t\t<\/span>\n\t\t\t<span class=\"meta-sep\">|<\/span>\n\t\t\t\t\t\t<!--<span class=\"comments-link\"><span>Comentarios desactivados<span class=\"screen-reader-text\"> en Diplomatura en \u00abTransporte, Movilidad, Seguridad Vial y Log\u00edstica\u00bb en la UTN<\/span><\/span><\/span>-->\n\t\t\t<\/div>\n<\/div>\n<!-- \/\/ End of Post Wrap -->\n<!-- NOTE: If you need to make changes to this file, copy it to your current theme's main\n\tdirectory so your changes won't be overwritten when the plugin is upgraded. -->\n\n<!-- Start of Post Wrap -->\n<div class=\"post hentry ivycat-post\">\n\t<!-- This is the output of the post TITLE -->\n\t<h2 class=\"entry-title\"><a href=\"https:\/\/c3t-utn.ar\/?p=1423\">Finaliz\u00f3 la sexta edici\u00f3n consecutiva de las Diplomaturas dictadas en Esteban Echeverr\u00eda <\/a><\/h2>\n\n\t<b><i>22 diciembre, 2025<\/i><\/b> <!-- Agrego fecha en el POST. DAS 17\/10\/2017. Lo bajo una fila. DAS 07\/03\/2018-->\n\n\t<!-- This is the output of the META information -->\n\t<div class=\"entry-utility\">\n\t\t\t\t\t<span class=\"cat-links\">\n\t\t\t\t<span class=\"entry-utility-prep entry-utility-prep-cat-links\">Publicado en<\/span> <a href=\"https:\/\/c3t-utn.ar\/?cat=111\" rel=\"category\">Diplomatura<\/a>, <a href=\"https:\/\/c3t-utn.ar\/?cat=1\" rel=\"category\">Novedades<\/a>\t\t\t<\/span>\n\t\t\t<span class=\"meta-sep\">|<\/span>\n\t\t\t\t\t\t<!--<span class=\"comments-link\"><span>Comentarios desactivados<span class=\"screen-reader-text\"> en Finaliz\u00f3 la sexta edici\u00f3n consecutiva de las Diplomaturas dictadas en Esteban Echeverr\u00eda<\/span><\/span><\/span>-->\n\t\t\t<\/div>\n<\/div>\n<!-- \/\/ End of Post Wrap -->\n<!-- NOTE: If you need to make changes to this file, copy it to your current theme's main\n\tdirectory so your changes won't be overwritten when the plugin is upgraded. -->\n\n<!-- Start of Post Wrap -->\n<div class=\"post hentry ivycat-post\">\n\t<!-- This is the output of the post TITLE -->\n\t<h2 class=\"entry-title\"><a href=\"https:\/\/c3t-utn.ar\/?p=1414\">\u00cdndices de costos log\u00edsticos \u201cServicio Postal\u201d y \u201c\u00daltima Milla\u201d de las empresas de correo de la Rep\u00fablica Argentina. Mes de julio 2025. <\/a><\/h2>\n\n\t<b><i>12 agosto, 2025<\/i><\/b> <!-- Agrego fecha en el POST. DAS 17\/10\/2017. Lo bajo una fila. DAS 07\/03\/2018-->\n\n\t<!-- This is the output of the META information -->\n\t<div class=\"entry-utility\">\n\t\t\t\t\t<span class=\"cat-links\">\n\t\t\t\t<span class=\"entry-utility-prep entry-utility-prep-cat-links\">Publicado en<\/span> <a href=\"https:\/\/c3t-utn.ar\/?cat=1\" rel=\"category\">Novedades<\/a>\t\t\t<\/span>\n\t\t\t<span class=\"meta-sep\">|<\/span>\n\t\t\t\t\t\t<!--<span class=\"comments-link\"><span>Comentarios desactivados<span class=\"screen-reader-text\"> en \u00cdndices de costos log\u00edsticos \u201cServicio Postal\u201d y \u201c\u00daltima Milla\u201d de las empresas de correo de la Rep\u00fablica Argentina. Mes de julio 2025.<\/span><\/span><\/span>-->\n\t\t\t<\/div>\n<\/div>\n<!-- \/\/ End of Post Wrap -->\n<!-- NOTE: If you need to make changes to this file, copy it to your current theme's main\n\tdirectory so your changes won't be overwritten when the plugin is upgraded. -->\n\n<!-- Start of Post Wrap -->\n<div class=\"post hentry ivycat-post\">\n\t<!-- This is the output of the post TITLE -->\n\t<h2 class=\"entry-title\"><a href=\"https:\/\/c3t-utn.ar\/?p=1405\">Finaliz\u00f3 el primer cuatrimestre de la Diplomatura 2025 en \u00abTransporte, Movilidad, Seguridad Vial y Log\u00edstica\u00bb en la UTN <\/a><\/h2>\n\n\t<b><i>1 agosto, 2025<\/i><\/b> <!-- Agrego fecha en el POST. DAS 17\/10\/2017. Lo bajo una fila. DAS 07\/03\/2018-->\n\n\t<!-- This is the output of the META information -->\n\t<div class=\"entry-utility\">\n\t\t\t\t\t<span class=\"cat-links\">\n\t\t\t\t<span class=\"entry-utility-prep entry-utility-prep-cat-links\">Publicado en<\/span> <a href=\"https:\/\/c3t-utn.ar\/?cat=1\" rel=\"category\">Novedades<\/a>\t\t\t<\/span>\n\t\t\t<span class=\"meta-sep\">|<\/span>\n\t\t\t\t\t\t<!--<span class=\"comments-link\"><span>Comentarios desactivados<span class=\"screen-reader-text\"> en Finaliz\u00f3 el primer cuatrimestre de la Diplomatura 2025 en \u00abTransporte, Movilidad, Seguridad Vial y Log\u00edstica\u00bb en la UTN<\/span><\/span><\/span>-->\n\t\t\t<\/div>\n<\/div>\n<!-- \/\/ End of Post Wrap -->\n<!-- NOTE: If you need to make changes to this file, copy it to your current theme's main\n\tdirectory so your changes won't be overwritten when the plugin is upgraded. -->\n\n<!-- Start of Post Wrap -->\n<div class=\"post hentry ivycat-post\">\n\t<!-- This is the output of the post TITLE -->\n\t<h2 class=\"entry-title\"><a href=\"https:\/\/c3t-utn.ar\/?p=1401\">El C3T presente en el 15\u00b0 Encuentro CEDOL <\/a><\/h2>\n\n\t<b><i>20 mayo, 2025<\/i><\/b> <!-- Agrego fecha en el POST. DAS 17\/10\/2017. Lo bajo una fila. DAS 07\/03\/2018-->\n\n\t<!-- This is the output of the META information -->\n\t<div class=\"entry-utility\">\n\t\t\t\t\t<span class=\"cat-links\">\n\t\t\t\t<span class=\"entry-utility-prep entry-utility-prep-cat-links\">Publicado en<\/span> <a href=\"https:\/\/c3t-utn.ar\/?cat=1\" rel=\"category\">Novedades<\/a>\t\t\t<\/span>\n\t\t\t<span class=\"meta-sep\">|<\/span>\n\t\t\t\t\t\t<!--<span class=\"comments-link\"><span>Comentarios desactivados<span class=\"screen-reader-text\"> en El C3T presente en el 15\u00b0 Encuentro CEDOL<\/span><\/span><\/span>-->\n\t\t\t<\/div>\n<\/div>\n<!-- \/\/ End of Post Wrap -->\n<!-- NOTE: If you need to make changes to this file, copy it to your current theme's main\n\tdirectory so your changes won't be overwritten when the plugin is upgraded. -->\n\n<!-- Start of Post Wrap -->\n<div class=\"post hentry ivycat-post\">\n\t<!-- This is the output of the post TITLE -->\n\t<h2 class=\"entry-title\"><a href=\"https:\/\/c3t-utn.ar\/?p=1365\">Diplomatura 2025 en \u00abTransporte, Movilidad, Seguridad Vial y Log\u00edstica\u00bb en la UTN <\/a><\/h2>\n\n\t<b><i>10 enero, 2025<\/i><\/b> <!-- Agrego fecha en el POST. DAS 17\/10\/2017. Lo bajo una fila. DAS 07\/03\/2018-->\n\n\t<!-- This is the output of the META information -->\n\t<div class=\"entry-utility\">\n\t\t\t\t\t<span class=\"cat-links\">\n\t\t\t\t<span class=\"entry-utility-prep entry-utility-prep-cat-links\">Publicado en<\/span> <a href=\"https:\/\/c3t-utn.ar\/?cat=111\" rel=\"category\">Diplomatura<\/a>\t\t\t<\/span>\n\t\t\t<span class=\"meta-sep\">|<\/span>\n\t\t\t\t\t\t<!--<span class=\"comments-link\"><span>Comentarios desactivados<span class=\"screen-reader-text\"> en Diplomatura 2025 en \u00abTransporte, Movilidad, Seguridad Vial y Log\u00edstica\u00bb en la UTN<\/span><\/span><\/span>-->\n\t\t\t<\/div>\n<\/div>\n<!-- \/\/ End of Post Wrap -->\n<!-- NOTE: If you need to make changes to this file, copy it to your current theme's main\n\tdirectory so your changes won't be overwritten when the plugin is upgraded. -->\n\n<!-- Start of Post Wrap -->\n<div class=\"post hentry ivycat-post\">\n\t<!-- This is the output of the post TITLE -->\n\t<h2 class=\"entry-title\"><a href=\"https:\/\/c3t-utn.ar\/?p=1318\"><strong>Historia de la Log\u00edstica en la Argentina<br>Desde la \u00e9poca prehisp\u00e1nica hasta 1914 (2015)<\/strong> <\/a><\/h2>\n\n\t<b><i>15 noviembre, 2024<\/i><\/b> <!-- Agrego fecha en el POST. DAS 17\/10\/2017. Lo bajo una fila. DAS 07\/03\/2018-->\n\n\t<!-- This is the output of the META information -->\n\t<div class=\"entry-utility\">\n\t\t\t\t\t<span class=\"cat-links\">\n\t\t\t\t<span class=\"entry-utility-prep entry-utility-prep-cat-links\">Publicado en<\/span> <a href=\"https:\/\/c3t-utn.ar\/?cat=94\" rel=\"category\">Libros<\/a>, <a href=\"https:\/\/c3t-utn.ar\/?cat=2\" rel=\"category\">Trabajos Publicados<\/a>\t\t\t<\/span>\n\t\t\t<span class=\"meta-sep\">|<\/span>\n\t\t\t\t\t\t<!--<span class=\"comments-link\"><span>Comentarios desactivados<span class=\"screen-reader-text\"> en <strong>Historia de la Log\u00edstica en la Argentina<br>Desde la \u00e9poca prehisp\u00e1nica hasta 1914 (2015)<\/strong><\/span><\/span><\/span>-->\n\t\t\t<\/div>\n<\/div>\n<!-- \/\/ End of Post Wrap -->\n<!-- NOTE: If you need to make changes to this file, copy it to your current theme's main\n\tdirectory so your changes won't be overwritten when the plugin is upgraded. -->\n\n<!-- Start of Post Wrap -->\n<div class=\"post hentry ivycat-post\">\n\t<!-- This is the output of the post TITLE -->\n\t<h2 class=\"entry-title\"><a href=\"https:\/\/c3t-utn.ar\/?p=1311\">Revisi\u00f3n T\u00e9cnica Trimestral de Veh\u00edculos Autoelevadores <\/a><\/h2>\n\n\t<b><i>13 noviembre, 2024<\/i><\/b> <!-- Agrego fecha en el POST. DAS 17\/10\/2017. Lo bajo una fila. DAS 07\/03\/2018-->\n\n\t<!-- This is the output of the META information -->\n\t<div class=\"entry-utility\">\n\t\t\t\t\t<span class=\"cat-links\">\n\t\t\t\t<span class=\"entry-utility-prep entry-utility-prep-cat-links\">Publicado en<\/span> <a href=\"https:\/\/c3t-utn.ar\/?cat=1\" rel=\"category\">Novedades<\/a>\t\t\t<\/span>\n\t\t\t<span class=\"meta-sep\">|<\/span>\n\t\t\t\t\t\t<!--<span class=\"comments-link\"><span>Comentarios desactivados<span class=\"screen-reader-text\"> en Revisi\u00f3n T\u00e9cnica Trimestral de Veh\u00edculos Autoelevadores<\/span><\/span><\/span>-->\n\t\t\t<\/div>\n<\/div>\n<!-- \/\/ End of Post Wrap -->\n<!-- NOTE: If you need to make changes to this file, copy it to your current theme's main\n\tdirectory so your changes won't be overwritten when the plugin is upgraded. -->\n\n<!-- Start of Post Wrap -->\n<div class=\"post hentry ivycat-post\">\n\t<!-- This is the output of the post TITLE -->\n\t<h2 class=\"entry-title\"><a href=\"https:\/\/c3t-utn.ar\/?p=1300\"> <\/a><\/h2>\n\n\t<b><i>24 septiembre, 2024<\/i><\/b> <!-- Agrego fecha en el POST. DAS 17\/10\/2017. Lo bajo una fila. DAS 07\/03\/2018-->\n\n\t<!-- This is the output of the META information -->\n\t<div class=\"entry-utility\">\n\t\t\t\t\t<span class=\"cat-links\">\n\t\t\t\t<span class=\"entry-utility-prep entry-utility-prep-cat-links\">Publicado en<\/span> <a href=\"https:\/\/c3t-utn.ar\/?cat=1\" rel=\"category\">Novedades<\/a>\t\t\t<\/span>\n\t\t\t<span class=\"meta-sep\">|<\/span>\n\t\t\t\t\t\t<!--<span class=\"comments-link\"><span>Comentarios desactivados<span class=\"screen-reader-text\"> en <\/span><\/span><\/span>-->\n\t\t\t<\/div>\n<\/div>\n<!-- \/\/ End of Post Wrap -->\n<!-- NOTE: If you need to make changes to this file, copy it to your current theme's main\n\tdirectory so your changes won't be overwritten when the plugin is upgraded. -->\n\n<!-- Start of Post Wrap -->\n<div class=\"post hentry ivycat-post\">\n\t<!-- This is the output of the post TITLE -->\n\t<h2 class=\"entry-title\"><a href=\"https:\/\/c3t-utn.ar\/?p=1291\">Expo Universidades 2024 en El Galp\u00f3n de la Estaci\u00f3n: Un Encuentro para el Futuro de los J\u00f3venes <\/a><\/h2>\n\n\t<b><i>20 septiembre, 2024<\/i><\/b> <!-- Agrego fecha en el POST. DAS 17\/10\/2017. Lo bajo una fila. DAS 07\/03\/2018-->\n\n\t<!-- This is the output of the META information -->\n\t<div class=\"entry-utility\">\n\t\t\t\t\t<span class=\"cat-links\">\n\t\t\t\t<span class=\"entry-utility-prep entry-utility-prep-cat-links\">Publicado en<\/span> <a href=\"https:\/\/c3t-utn.ar\/?cat=1\" rel=\"category\">Novedades<\/a>\t\t\t<\/span>\n\t\t\t<span class=\"meta-sep\">|<\/span>\n\t\t\t\t\t\t<!--<span class=\"comments-link\"><span>Comentarios desactivados<span class=\"screen-reader-text\"> en Expo Universidades 2024 en El Galp\u00f3n de la Estaci\u00f3n: Un Encuentro para el Futuro de los J\u00f3venes<\/span><\/span><\/span>-->\n\t\t\t<\/div>\n<\/div>\n<!-- \/\/ End of Post Wrap -->\n<!-- NOTE: If you need to make changes to this file, copy it to your current theme's main\n\tdirectory so your changes won't be overwritten when the plugin is upgraded. -->\n\n<!-- Start of Post Wrap -->\n<div class=\"post hentry ivycat-post\">\n\t<!-- This is the output of the post TITLE -->\n\t<h2 class=\"entry-title\"><a href=\"https:\/\/c3t-utn.ar\/?p=1315\">Exitosa Jornada T\u00e9cnica sobre Log\u00edstica Urbana organizada por el C3T de la UTN <\/a><\/h2>\n\n\t<b><i>1 abril, 2024<\/i><\/b> <!-- Agrego fecha en el POST. DAS 17\/10\/2017. Lo bajo una fila. DAS 07\/03\/2018-->\n\n\t<!-- This is the output of the META information -->\n\t<div class=\"entry-utility\">\n\t\t\t\t\t<span class=\"cat-links\">\n\t\t\t\t<span class=\"entry-utility-prep entry-utility-prep-cat-links\">Publicado en<\/span> <a href=\"https:\/\/c3t-utn.ar\/?cat=3\" rel=\"category\">Jornadas T\u00e9cnicas<\/a>\t\t\t<\/span>\n\t\t\t<span class=\"meta-sep\">|<\/span>\n\t\t\t\t\t\t<!--<span class=\"comments-link\"><span>Comentarios desactivados<span class=\"screen-reader-text\"> en Exitosa Jornada T\u00e9cnica sobre Log\u00edstica Urbana organizada por el C3T de la UTN<\/span><\/span><\/span>-->\n\t\t\t<\/div>\n<\/div>\n<!-- \/\/ End of Post Wrap -->\n<!-- NOTE: If you need to make changes to this file, copy it to your current theme's main\n\tdirectory so your changes won't be overwritten when the plugin is upgraded. -->\n\n<!-- Start of Post Wrap -->\n<div class=\"post hentry ivycat-post\">\n\t<!-- This is the output of the post TITLE -->\n\t<h2 class=\"entry-title\"><a href=\"https:\/\/c3t-utn.ar\/?p=1263\">Diplomatura 2024 en \u201cTransporte, Movilidad, Seguridad Vial y Log\u00edstica\u201d en la UTN <\/a><\/h2>\n\n\t<b><i>27 febrero, 2024<\/i><\/b> <!-- Agrego fecha en el POST. DAS 17\/10\/2017. Lo bajo una fila. DAS 07\/03\/2018-->\n\n\t<!-- This is the output of the META information -->\n\t<div class=\"entry-utility\">\n\t\t\t\t\t<span class=\"cat-links\">\n\t\t\t\t<span class=\"entry-utility-prep entry-utility-prep-cat-links\">Publicado en<\/span> <a href=\"https:\/\/c3t-utn.ar\/?cat=1\" rel=\"category\">Novedades<\/a>\t\t\t<\/span>\n\t\t\t<span class=\"meta-sep\">|<\/span>\n\t\t\t\t\t\t<!--<span class=\"comments-link\"><span>Comentarios desactivados<span class=\"screen-reader-text\"> en Diplomatura 2024 en \u201cTransporte, Movilidad, Seguridad Vial y Log\u00edstica\u201d en la UTN<\/span><\/span><\/span>-->\n\t\t\t<\/div>\n<\/div>\n<!-- \/\/ End of Post Wrap -->\n<!-- NOTE: If you need to make changes to this file, copy it to your current theme's main\n\tdirectory so your changes won't be overwritten when the plugin is upgraded. -->\n\n<!-- Start of Post Wrap -->\n<div class=\"post hentry ivycat-post\">\n\t<!-- This is the output of the post TITLE -->\n\t<h2 class=\"entry-title\"><a href=\"https:\/\/c3t-utn.ar\/?p=1259\">Dictado de cursos <\/a><\/h2>\n\n\t<b><i>25 noviembre, 2023<\/i><\/b> <!-- Agrego fecha en el POST. DAS 17\/10\/2017. Lo bajo una fila. DAS 07\/03\/2018-->\n\n\t<!-- This is the output of the META information -->\n\t<div class=\"entry-utility\">\n\t\t\t\t\t<span class=\"cat-links\">\n\t\t\t\t<span class=\"entry-utility-prep entry-utility-prep-cat-links\">Publicado en<\/span> <a href=\"https:\/\/c3t-utn.ar\/?cat=1\" rel=\"category\">Novedades<\/a>\t\t\t<\/span>\n\t\t\t<span class=\"meta-sep\">|<\/span>\n\t\t\t\t\t\t<!--<span class=\"comments-link\"><span>Comentarios desactivados<span class=\"screen-reader-text\"> en Dictado de cursos<\/span><\/span><\/span>-->\n\t\t\t<\/div>\n<\/div>\n<!-- \/\/ End of Post Wrap -->\n<!-- NOTE: If you need to make changes to this file, copy it to your current theme's main\n\tdirectory so your changes won't be overwritten when the plugin is upgraded. -->\n\n<!-- Start of Post Wrap -->\n<div class=\"post hentry ivycat-post\">\n\t<!-- This is the output of the post TITLE -->\n\t<h2 class=\"entry-title\"><a href=\"https:\/\/c3t-utn.ar\/?p=1243\">Acto de colaci\u00f3n de diplomados en Transporte, Movilidad, Seguridad Vial y Log\u00edsticaa <\/a><\/h2>\n\n\t<b><i>11 mayo, 2023<\/i><\/b> <!-- Agrego fecha en el POST. DAS 17\/10\/2017. Lo bajo una fila. DAS 07\/03\/2018-->\n\n\t<!-- This is the output of the META information -->\n\t<div class=\"entry-utility\">\n\t\t\t\t\t<span class=\"cat-links\">\n\t\t\t\t<span class=\"entry-utility-prep entry-utility-prep-cat-links\">Publicado en<\/span> <a href=\"https:\/\/c3t-utn.ar\/?cat=1\" rel=\"category\">Novedades<\/a>\t\t\t<\/span>\n\t\t\t<span class=\"meta-sep\">|<\/span>\n\t\t\t\t\t\t<!--<span class=\"comments-link\"><span>Comentarios desactivados<span class=\"screen-reader-text\"> en Acto de colaci\u00f3n de diplomados en Transporte, Movilidad, Seguridad Vial y Log\u00edsticaa<\/span><\/span><\/span>-->\n\t\t\t<\/div>\n<\/div>\n<!-- \/\/ End of Post Wrap -->\n<!-- NOTE: If you need to make changes to this file, copy it to your current theme's main\n\tdirectory so your changes won't be overwritten when the plugin is upgraded. -->\n\n<!-- Start of Post Wrap -->\n<div class=\"post hentry ivycat-post\">\n\t<!-- This is the output of the post TITLE -->\n\t<h2 class=\"entry-title\"><a href=\"https:\/\/c3t-utn.ar\/?p=1240\">BUSQUEDA DE PROFESIONALES <\/a><\/h2>\n\n\t<b><i>9 mayo, 2023<\/i><\/b> <!-- Agrego fecha en el POST. DAS 17\/10\/2017. Lo bajo una fila. DAS 07\/03\/2018-->\n\n\t<!-- This is the output of the META information -->\n\t<div class=\"entry-utility\">\n\t\t\t\t\t<span class=\"cat-links\">\n\t\t\t\t<span class=\"entry-utility-prep entry-utility-prep-cat-links\">Publicado en<\/span> <a href=\"https:\/\/c3t-utn.ar\/?cat=1\" rel=\"category\">Novedades<\/a>\t\t\t<\/span>\n\t\t\t<span class=\"meta-sep\">|<\/span>\n\t\t\t\t\t\t<!--<span class=\"comments-link\"><span>Comentarios desactivados<span class=\"screen-reader-text\"> en BUSQUEDA DE PROFESIONALES<\/span><\/span><\/span>-->\n\t\t\t<\/div>\n<\/div>\n<!-- \/\/ End of Post Wrap -->\n<!-- NOTE: If you need to make changes to this file, copy it to your current theme's main\n\tdirectory so your changes won't be overwritten when the plugin is upgraded. -->\n\n<!-- Start of Post Wrap -->\n<div class=\"post hentry ivycat-post\">\n\t<!-- This is the output of the post TITLE -->\n\t<h2 class=\"entry-title\"><a href=\"https:\/\/c3t-utn.ar\/?p=1235\">Inicio \u00abDiplomatura en Transporte, Movilidad, Seguridad Vial y Log\u00edstica\u00bb 2023 <\/a><\/h2>\n\n\t<b><i>3 abril, 2023<\/i><\/b> <!-- Agrego fecha en el POST. DAS 17\/10\/2017. Lo bajo una fila. DAS 07\/03\/2018-->\n\n\t<!-- This is the output of the META information -->\n\t<div class=\"entry-utility\">\n\t\t\t\t\t<span class=\"cat-links\">\n\t\t\t\t<span class=\"entry-utility-prep entry-utility-prep-cat-links\">Publicado en<\/span> <a href=\"https:\/\/c3t-utn.ar\/?cat=1\" rel=\"category\">Novedades<\/a>\t\t\t<\/span>\n\t\t\t<span class=\"meta-sep\">|<\/span>\n\t\t\t\t\t\t<!--<span class=\"comments-link\"><span>Comentarios desactivados<span class=\"screen-reader-text\"> en Inicio \u00abDiplomatura en Transporte, Movilidad, Seguridad Vial y Log\u00edstica\u00bb 2023<\/span><\/span><\/span>-->\n\t\t\t<\/div>\n<\/div>\n<!-- \/\/ End of Post Wrap -->\n<!-- NOTE: If you need to make changes to this file, copy it to your current theme's main\n\tdirectory so your changes won't be overwritten when the plugin is upgraded. -->\n\n<!-- Start of Post Wrap -->\n<div class=\"post hentry ivycat-post\">\n\t<!-- This is the output of the post TITLE -->\n\t<h2 class=\"entry-title\"><a href=\"https:\/\/c3t-utn.ar\/?p=1232\"><strong>Diplomatura 2023 en \u201cTransporte, Movilidad, Seguridad Vial y Log\u00edstica\u201d en la UTN *<\/strong> <\/a><\/h2>\n\n\t<b><i>16 febrero, 2023<\/i><\/b> <!-- Agrego fecha en el POST. DAS 17\/10\/2017. Lo bajo una fila. DAS 07\/03\/2018-->\n\n\t<!-- This is the output of the META information -->\n\t<div class=\"entry-utility\">\n\t\t\t\t\t<span class=\"cat-links\">\n\t\t\t\t<span class=\"entry-utility-prep entry-utility-prep-cat-links\">Publicado en<\/span> <a href=\"https:\/\/c3t-utn.ar\/?cat=1\" rel=\"category\">Novedades<\/a>, <a href=\"https:\/\/c3t-utn.ar\/?cat=41\" rel=\"category\">Tr\u00e1nsito y Seguridad Vial<\/a>\t\t\t<\/span>\n\t\t\t<span class=\"meta-sep\">|<\/span>\n\t\t\t\t\t\t<!--<span class=\"comments-link\"><span>Comentarios desactivados<span class=\"screen-reader-text\"> en <strong>Diplomatura 2023 en \u201cTransporte, Movilidad, Seguridad Vial y Log\u00edstica\u201d en la UTN *<\/strong><\/span><\/span><\/span>-->\n\t\t\t<\/div>\n<\/div>\n<!-- \/\/ End of Post Wrap -->\n<!-- NOTE: If you need to make changes to this file, copy it to your current theme's main\n\tdirectory so your changes won't be overwritten when the plugin is upgraded. -->\n\n<!-- Start of Post Wrap -->\n<div class=\"post hentry ivycat-post\">\n\t<!-- This is the output of the post TITLE -->\n\t<h2 class=\"entry-title\"><a href=\"https:\/\/c3t-utn.ar\/?p=1220\">Revisi\u00f3n T\u00e9cnica Trimestral de Veh\u00edculos Autoelevadores <\/a><\/h2>\n\n\t<b><i>29 agosto, 2022<\/i><\/b> <!-- Agrego fecha en el POST. DAS 17\/10\/2017. Lo bajo una fila. DAS 07\/03\/2018-->\n\n\t<!-- This is the output of the META information -->\n\t<div class=\"entry-utility\">\n\t\t\t\t\t<span class=\"cat-links\">\n\t\t\t\t<span class=\"entry-utility-prep entry-utility-prep-cat-links\">Publicado en<\/span> <a href=\"https:\/\/c3t-utn.ar\/?cat=85\" rel=\"category\">Asistencia T\u00e9cnica<\/a>, <a href=\"https:\/\/c3t-utn.ar\/?cat=1\" rel=\"category\">Novedades<\/a>, <a href=\"https:\/\/c3t-utn.ar\/?cat=95\" rel=\"category\">Servicios<\/a>\t\t\t<\/span>\n\t\t\t<span class=\"meta-sep\">|<\/span>\n\t\t\t\t\t\t\t<span class=\"tag-links\">\n\t\t\t\t<span class=\"entry-utility-prep entry-utility-prep-tag-links\">Etiquetas<\/span> <a href=\"https:\/\/c3t-utn.ar\/?tag=asistencia-tecnica\" rel=\"tag\">Asistencia t\u00e9cnica<\/a>, <a href=\"https:\/\/c3t-utn.ar\/?tag=autoelevadores\" rel=\"tag\">Autoelevadores<\/a>, <a href=\"https:\/\/c3t-utn.ar\/?tag=capacitaciones\" rel=\"tag\">Capacitaciones<\/a>\t\t\t<\/span>\n\t\t\t<!--<span class=\"meta-sep\">|<\/span>-->\n\t\t\t\t<!--<span class=\"comments-link\"><span>Comentarios desactivados<span class=\"screen-reader-text\"> en Revisi\u00f3n T\u00e9cnica Trimestral de Veh\u00edculos Autoelevadores<\/span><\/span><\/span>-->\n\t\t\t<\/div>\n<\/div>\n<!-- \/\/ End of Post Wrap -->\n<!-- NOTE: If you need to make changes to this file, copy it to your current theme's main\n\tdirectory so your changes won't be overwritten when the plugin is upgraded. -->\n\n<!-- Start of Post Wrap -->\n<div class=\"post hentry ivycat-post\">\n\t<!-- This is the output of the post TITLE -->\n\t<h2 class=\"entry-title\"><a href=\"https:\/\/c3t-utn.ar\/?p=1211\">\u00abDiplomatura en Administraci\u00f3n de Instituciones\u00bb &#8211; \u00abDiplomatura en Transporte, Tr\u00e1nsito y Log\u00edstica\u00bb <\/a><\/h2>\n\n\t<b><i>24 agosto, 2022<\/i><\/b> <!-- Agrego fecha en el POST. DAS 17\/10\/2017. Lo bajo una fila. DAS 07\/03\/2018-->\n\n\t<!-- This is the output of the META information -->\n\t<div class=\"entry-utility\">\n\t\t\t\t\t<span class=\"cat-links\">\n\t\t\t\t<span class=\"entry-utility-prep entry-utility-prep-cat-links\">Publicado en<\/span> <a href=\"https:\/\/c3t-utn.ar\/?cat=1\" rel=\"category\">Novedades<\/a>, <a href=\"https:\/\/c3t-utn.ar\/?cat=95\" rel=\"category\">Servicios<\/a>\t\t\t<\/span>\n\t\t\t<span class=\"meta-sep\">|<\/span>\n\t\t\t\t\t\t\t<span class=\"tag-links\">\n\t\t\t\t<span class=\"entry-utility-prep entry-utility-prep-tag-links\">Etiquetas<\/span> <a href=\"https:\/\/c3t-utn.ar\/?tag=extension-universitaria\" rel=\"tag\">Extensi\u00f3n Universitaria<\/a>, <a href=\"https:\/\/c3t-utn.ar\/?tag=infraestructura\" rel=\"tag\">Infraestructura<\/a>, <a href=\"https:\/\/c3t-utn.ar\/?tag=logistica\" rel=\"tag\">Log\u00edstica<\/a>, <a href=\"https:\/\/c3t-utn.ar\/?tag=seguridad-vial\" rel=\"tag\">Seguridad vial<\/a>, <a href=\"https:\/\/c3t-utn.ar\/?tag=transito\" rel=\"tag\">Tr\u00e1nsito<\/a>, <a href=\"https:\/\/c3t-utn.ar\/?tag=universidad\" rel=\"tag\">Universidad<\/a>\t\t\t<\/span>\n\t\t\t<!--<span class=\"meta-sep\">|<\/span>-->\n\t\t\t\t<!--<span class=\"comments-link\"><span>Comentarios desactivados<span class=\"screen-reader-text\"> en \u00abDiplomatura en Administraci\u00f3n de Instituciones\u00bb &#8211; \u00abDiplomatura en Transporte, Tr\u00e1nsito y Log\u00edstica\u00bb<\/span><\/span><\/span>-->\n\t\t\t<\/div>\n<\/div>\n<!-- \/\/ End of Post Wrap -->\n<!-- NOTE: If you need to make changes to this file, copy it to your current theme's main\n\tdirectory so your changes won't be overwritten when the plugin is upgraded. -->\n\n<!-- Start of Post Wrap -->\n<div class=\"post hentry ivycat-post\">\n\t<!-- This is the output of the post TITLE -->\n\t<h2 class=\"entry-title\"><a href=\"https:\/\/c3t-utn.ar\/?p=1208\">Diplomatura en Transporte, Movilidad, Seguridad Vial y Log\u00edstica <\/a><\/h2>\n\n\t<b><i><\/i><\/b> <!-- Agrego fecha en el POST. DAS 17\/10\/2017. Lo bajo una fila. DAS 07\/03\/2018-->\n\n\t<!-- This is the output of the META information -->\n\t<div class=\"entry-utility\">\n\t\t\t\t\t<span class=\"cat-links\">\n\t\t\t\t<span class=\"entry-utility-prep entry-utility-prep-cat-links\">Publicado en<\/span> <a href=\"https:\/\/c3t-utn.ar\/?cat=1\" rel=\"category\">Novedades<\/a>, <a href=\"https:\/\/c3t-utn.ar\/?cat=95\" rel=\"category\">Servicios<\/a>\t\t\t<\/span>\n\t\t\t<span class=\"meta-sep\">|<\/span>\n\t\t\t\t\t\t\t<span class=\"tag-links\">\n\t\t\t\t<span class=\"entry-utility-prep entry-utility-prep-tag-links\">Etiquetas<\/span> <a href=\"https:\/\/c3t-utn.ar\/?tag=extension-universitaria\" rel=\"tag\">Extensi\u00f3n Universitaria<\/a>\t\t\t<\/span>\n\t\t\t<!--<span class=\"meta-sep\">|<\/span>-->\n\t\t\t\t<!--<span class=\"comments-link\"><span>Comentarios desactivados<span class=\"screen-reader-text\"> en Diplomatura en Transporte, Movilidad, Seguridad Vial y Log\u00edstica<\/span><\/span><\/span>-->\n\t\t\t<\/div>\n<\/div>\n<!-- \/\/ End of Post Wrap -->\n<!-- NOTE: If you need to make changes to this file, copy it to your current theme's main\n\tdirectory so your changes won't be overwritten when the plugin is upgraded. -->\n\n<!-- Start of Post Wrap -->\n<div class=\"post hentry ivycat-post\">\n\t<!-- This is the output of the post TITLE -->\n\t<h2 class=\"entry-title\"><a href=\"https:\/\/c3t-utn.ar\/?p=1200\">Diplomatura 2022 en \u201cTransporte, Movilidad, Seguridad Vial y Log\u00edstica\u201d en la UTN <\/a><\/h2>\n\n\t<b><i>20 abril, 2022<\/i><\/b> <!-- Agrego fecha en el POST. DAS 17\/10\/2017. Lo bajo una fila. DAS 07\/03\/2018-->\n\n\t<!-- This is the output of the META information -->\n\t<div class=\"entry-utility\">\n\t\t\t\t\t<span class=\"cat-links\">\n\t\t\t\t<span class=\"entry-utility-prep entry-utility-prep-cat-links\">Publicado en<\/span> <a href=\"https:\/\/c3t-utn.ar\/?cat=1\" rel=\"category\">Novedades<\/a>\t\t\t<\/span>\n\t\t\t<span class=\"meta-sep\">|<\/span>\n\t\t\t\t\t\t<!--<span class=\"comments-link\"><span>Comentarios desactivados<span class=\"screen-reader-text\"> en Diplomatura 2022 en \u201cTransporte, Movilidad, Seguridad Vial y Log\u00edstica\u201d en la UTN<\/span><\/span><\/span>-->\n\t\t\t<\/div>\n<\/div>\n<!-- \/\/ End of Post Wrap -->\n<!-- NOTE: If you need to make changes to this file, copy it to your current theme's main\n\tdirectory so your changes won't be overwritten when the plugin is upgraded. -->\n\n<!-- Start of Post Wrap -->\n<div class=\"post hentry ivycat-post\">\n\t<!-- This is the output of the post TITLE -->\n\t<h2 class=\"entry-title\"><a href=\"https:\/\/c3t-utn.ar\/?p=1122\">Diplomatura 2021 en \u201cTransporte, Log\u00edstica y Seguridad Vial\u201d en la UTN <\/a><\/h2>\n\n\t<b><i>4 febrero, 2021<\/i><\/b> <!-- Agrego fecha en el POST. DAS 17\/10\/2017. Lo bajo una fila. DAS 07\/03\/2018-->\n\n\t<!-- This is the output of the META information -->\n\t<div class=\"entry-utility\">\n\t\t\t\t\t<span class=\"cat-links\">\n\t\t\t\t<span class=\"entry-utility-prep entry-utility-prep-cat-links\">Publicado en<\/span> <a href=\"https:\/\/c3t-utn.ar\/?cat=1\" rel=\"category\">Novedades<\/a>, <a href=\"https:\/\/c3t-utn.ar\/?cat=95\" rel=\"category\">Servicios<\/a>\t\t\t<\/span>\n\t\t\t<span class=\"meta-sep\">|<\/span>\n\t\t\t\t\t\t\t<span class=\"tag-links\">\n\t\t\t\t<span class=\"entry-utility-prep entry-utility-prep-tag-links\">Etiquetas<\/span> <a href=\"https:\/\/c3t-utn.ar\/?tag=extension-universitaria\" rel=\"tag\">Extensi\u00f3n Universitaria<\/a>, <a href=\"https:\/\/c3t-utn.ar\/?tag=infraestructura\" rel=\"tag\">Infraestructura<\/a>, <a href=\"https:\/\/c3t-utn.ar\/?tag=logistica\" rel=\"tag\">Log\u00edstica<\/a>, <a href=\"https:\/\/c3t-utn.ar\/?tag=seguridad-vial\" rel=\"tag\">Seguridad vial<\/a>, <a href=\"https:\/\/c3t-utn.ar\/?tag=transito\" rel=\"tag\">Tr\u00e1nsito<\/a>, <a href=\"https:\/\/c3t-utn.ar\/?tag=universidad\" rel=\"tag\">Universidad<\/a>\t\t\t<\/span>\n\t\t\t<!--<span class=\"meta-sep\">|<\/span>-->\n\t\t\t\t<!--<span class=\"comments-link\"><span>Comentarios desactivados<span class=\"screen-reader-text\"> en Diplomatura 2021 en \u201cTransporte, Log\u00edstica y Seguridad Vial\u201d en la UTN<\/span><\/span><\/span>-->\n\t\t\t<\/div>\n<\/div>\n<!-- \/\/ End of Post Wrap -->\n<!-- NOTE: If you need to make changes to this file, copy it to your current theme's main\n\tdirectory so your changes won't be overwritten when the plugin is upgraded. -->\n\n<!-- Start of Post Wrap -->\n<div class=\"post hentry ivycat-post\">\n\t<!-- This is the output of the post TITLE -->\n\t<h2 class=\"entry-title\"><a href=\"https:\/\/c3t-utn.ar\/?p=1176\">Finalizaci\u00f3n de curso: Diplomatura 2019 en Transporte, Log\u00edstica y Seguridad Vial <\/a><\/h2>\n\n\t<b><i>26 diciembre, 2019<\/i><\/b> <!-- Agrego fecha en el POST. DAS 17\/10\/2017. Lo bajo una fila. DAS 07\/03\/2018-->\n\n\t<!-- This is the output of the META information -->\n\t<div class=\"entry-utility\">\n\t\t\t\t\t<span class=\"cat-links\">\n\t\t\t\t<span class=\"entry-utility-prep entry-utility-prep-cat-links\">Publicado en<\/span> <a href=\"https:\/\/c3t-utn.ar\/?cat=1\" rel=\"category\">Novedades<\/a>\t\t\t<\/span>\n\t\t\t<span class=\"meta-sep\">|<\/span>\n\t\t\t\t\t\t<!--<span class=\"comments-link\"><span>Comentarios desactivados<span class=\"screen-reader-text\"> en Finalizaci\u00f3n de curso: Diplomatura 2019 en Transporte, Log\u00edstica y Seguridad Vial<\/span><\/span><\/span>-->\n\t\t\t<\/div>\n<\/div>\n<!-- \/\/ End of Post Wrap -->\n<!-- NOTE: If you need to make changes to this file, copy it to your current theme's main\n\tdirectory so your changes won't be overwritten when the plugin is upgraded. -->\n\n<!-- Start of Post Wrap -->\n<div class=\"post hentry ivycat-post\">\n\t<!-- This is the output of the post TITLE -->\n\t<h2 class=\"entry-title\"><a href=\"https:\/\/c3t-utn.ar\/?p=1130\">Lanzamiento de Diplomatura en \u201cConducci\u00f3n Segura\u201d en la UTN <\/a><\/h2>\n\n\t<b><i>3 diciembre, 2018<\/i><\/b> <!-- Agrego fecha en el POST. DAS 17\/10\/2017. Lo bajo una fila. DAS 07\/03\/2018-->\n\n\t<!-- This is the output of the META information -->\n\t<div class=\"entry-utility\">\n\t\t\t\t\t<span class=\"cat-links\">\n\t\t\t\t<span class=\"entry-utility-prep entry-utility-prep-cat-links\">Publicado en<\/span> <a href=\"https:\/\/c3t-utn.ar\/?cat=1\" rel=\"category\">Novedades<\/a>, <a href=\"https:\/\/c3t-utn.ar\/?cat=95\" rel=\"category\">Servicios<\/a>\t\t\t<\/span>\n\t\t\t<span class=\"meta-sep\">|<\/span>\n\t\t\t\t\t\t\t<span class=\"tag-links\">\n\t\t\t\t<span class=\"entry-utility-prep entry-utility-prep-tag-links\">Etiquetas<\/span> <a href=\"https:\/\/c3t-utn.ar\/?tag=autoelevadores\" rel=\"tag\">Autoelevadores<\/a>, <a href=\"https:\/\/c3t-utn.ar\/?tag=cargas\" rel=\"tag\">Cargas<\/a>, <a href=\"https:\/\/c3t-utn.ar\/?tag=colectivos\" rel=\"tag\">Colectivos<\/a>, <a href=\"https:\/\/c3t-utn.ar\/?tag=extension-universitaria\" rel=\"tag\">Extensi\u00f3n Universitaria<\/a>, <a href=\"https:\/\/c3t-utn.ar\/?tag=motovehiculos\" rel=\"tag\">Motoveh\u00edculos<\/a>, <a href=\"https:\/\/c3t-utn.ar\/?tag=pasajeros\" rel=\"tag\">Pasajeros<\/a>, <a href=\"https:\/\/c3t-utn.ar\/?tag=seguridad-vial\" rel=\"tag\">Seguridad vial<\/a>, <a href=\"https:\/\/c3t-utn.ar\/?tag=transporte-automotor\" rel=\"tag\">Transporte automotor<\/a>, <a href=\"https:\/\/c3t-utn.ar\/?tag=universidad\" rel=\"tag\">Universidad<\/a>\t\t\t<\/span>\n\t\t\t<!--<span class=\"meta-sep\">|<\/span>-->\n\t\t\t\t<!--<span class=\"comments-link\"><span>Comentarios desactivados<span class=\"screen-reader-text\"> en Lanzamiento de Diplomatura en \u201cConducci\u00f3n Segura\u201d en la UTN<\/span><\/span><\/span>-->\n\t\t\t<\/div>\n<\/div>\n<!-- \/\/ End of Post Wrap -->\n<!-- NOTE: If you need to make changes to this file, copy it to your current theme's main\n\tdirectory so your changes won't be overwritten when the plugin is upgraded. -->\n\n<!-- Start of Post Wrap -->\n<div class=\"post hentry ivycat-post\">\n\t<!-- This is the output of the post TITLE -->\n\t<h2 class=\"entry-title\"><a href=\"https:\/\/c3t-utn.ar\/?p=928\">Asistencia t\u00e9cnica: Capacitaci\u00f3n en Conducci\u00f3n Segura de Veh\u00edculos Autoelevadores (CCSVA) <\/a><\/h2>\n\n\t<b><i>2 diciembre, 2018<\/i><\/b> <!-- Agrego fecha en el POST. DAS 17\/10\/2017. Lo bajo una fila. DAS 07\/03\/2018-->\n\n\t<!-- This is the output of the META information -->\n\t<div class=\"entry-utility\">\n\t\t\t\t\t<span class=\"cat-links\">\n\t\t\t\t<span class=\"entry-utility-prep entry-utility-prep-cat-links\">Publicado en<\/span> <a href=\"https:\/\/c3t-utn.ar\/?cat=85\" rel=\"category\">Asistencia T\u00e9cnica<\/a>, <a href=\"https:\/\/c3t-utn.ar\/?cat=1\" rel=\"category\">Novedades<\/a>, <a href=\"https:\/\/c3t-utn.ar\/?cat=95\" rel=\"category\">Servicios<\/a>\t\t\t<\/span>\n\t\t\t<span class=\"meta-sep\">|<\/span>\n\t\t\t\t\t\t\t<span class=\"tag-links\">\n\t\t\t\t<span class=\"entry-utility-prep entry-utility-prep-tag-links\">Etiquetas<\/span> <a href=\"https:\/\/c3t-utn.ar\/?tag=asistencia-tecnica\" rel=\"tag\">Asistencia t\u00e9cnica<\/a>, <a href=\"https:\/\/c3t-utn.ar\/?tag=autoelevadores\" rel=\"tag\">Autoelevadores<\/a>, <a href=\"https:\/\/c3t-utn.ar\/?tag=capacitaciones\" rel=\"tag\">Capacitaciones<\/a>, <a href=\"https:\/\/c3t-utn.ar\/?tag=cargas\" rel=\"tag\">Cargas<\/a>, <a href=\"https:\/\/c3t-utn.ar\/?tag=empresas\" rel=\"tag\">Empresas<\/a>, <a href=\"https:\/\/c3t-utn.ar\/?tag=extension-universitaria\" rel=\"tag\">Extensi\u00f3n Universitaria<\/a>, <a href=\"https:\/\/c3t-utn.ar\/?tag=logistica\" rel=\"tag\">Log\u00edstica<\/a>, <a href=\"https:\/\/c3t-utn.ar\/?tag=normativa\" rel=\"tag\">Normativa<\/a>\t\t\t<\/span>\n\t\t\t<!--<span class=\"meta-sep\">|<\/span>-->\n\t\t\t\t<!--<span class=\"comments-link\"><span>Comentarios desactivados<span class=\"screen-reader-text\"> en Asistencia t\u00e9cnica: Capacitaci\u00f3n en Conducci\u00f3n Segura de Veh\u00edculos Autoelevadores (CCSVA)<\/span><\/span><\/span>-->\n\t\t\t<\/div>\n<\/div>\n<!-- \/\/ End of Post Wrap -->\n<!-- NOTE: If you need to make changes to this file, copy it to your current theme's main\n\tdirectory so your changes won't be overwritten when the plugin is upgraded. -->\n\n<!-- Start of Post Wrap -->\n<div class=\"post hentry ivycat-post\">\n\t<!-- This is the output of the post TITLE -->\n\t<h2 class=\"entry-title\"><a href=\"https:\/\/c3t-utn.ar\/?p=906\">Asistencia t\u00e9cnica para empresas: Revisi\u00f3n T\u00e9cnica Trimestral de Veh\u00edculos Autoelevadores (RTTVA) <\/a><\/h2>\n\n\t<b><i>1 diciembre, 2018<\/i><\/b> <!-- Agrego fecha en el POST. DAS 17\/10\/2017. Lo bajo una fila. DAS 07\/03\/2018-->\n\n\t<!-- This is the output of the META information -->\n\t<div class=\"entry-utility\">\n\t\t\t\t\t<span class=\"cat-links\">\n\t\t\t\t<span class=\"entry-utility-prep entry-utility-prep-cat-links\">Publicado en<\/span> <a href=\"https:\/\/c3t-utn.ar\/?cat=85\" rel=\"category\">Asistencia T\u00e9cnica<\/a>, <a href=\"https:\/\/c3t-utn.ar\/?cat=1\" rel=\"category\">Novedades<\/a>, <a href=\"https:\/\/c3t-utn.ar\/?cat=95\" rel=\"category\">Servicios<\/a>\t\t\t<\/span>\n\t\t\t<span class=\"meta-sep\">|<\/span>\n\t\t\t\t\t\t\t<span class=\"tag-links\">\n\t\t\t\t<span class=\"entry-utility-prep entry-utility-prep-tag-links\">Etiquetas<\/span> <a href=\"https:\/\/c3t-utn.ar\/?tag=asistencia-tecnica\" rel=\"tag\">Asistencia t\u00e9cnica<\/a>, <a href=\"https:\/\/c3t-utn.ar\/?tag=autoelevadores\" rel=\"tag\">Autoelevadores<\/a>, <a href=\"https:\/\/c3t-utn.ar\/?tag=capacitaciones\" rel=\"tag\">Capacitaciones<\/a>, <a href=\"https:\/\/c3t-utn.ar\/?tag=cargas\" rel=\"tag\">Cargas<\/a>, <a href=\"https:\/\/c3t-utn.ar\/?tag=empresas\" rel=\"tag\">Empresas<\/a>, <a href=\"https:\/\/c3t-utn.ar\/?tag=extension-universitaria\" rel=\"tag\">Extensi\u00f3n Universitaria<\/a>, <a href=\"https:\/\/c3t-utn.ar\/?tag=logistica\" rel=\"tag\">Log\u00edstica<\/a>, <a href=\"https:\/\/c3t-utn.ar\/?tag=normativa\" rel=\"tag\">Normativa<\/a>\t\t\t<\/span>\n\t\t\t<!--<span class=\"meta-sep\">|<\/span>-->\n\t\t\t\t<!--<span class=\"comments-link\"><span>Comentarios desactivados<span class=\"screen-reader-text\"> en Asistencia t\u00e9cnica para empresas: Revisi\u00f3n T\u00e9cnica Trimestral de Veh\u00edculos Autoelevadores (RTTVA)<\/span><\/span><\/span>-->\n\t\t\t<\/div>\n<\/div>\n<!-- \/\/ End of Post Wrap -->\n<!-- NOTE: If you need to make changes to this file, copy it to your current theme's main\n\tdirectory so your changes won't be overwritten when the plugin is upgraded. -->\n\n<!-- Start of Post Wrap -->\n<div class=\"post hentry ivycat-post\">\n\t<!-- This is the output of the post TITLE -->\n\t<h2 class=\"entry-title\"><a href=\"https:\/\/c3t-utn.ar\/?p=1117\">Se realiz\u00f3 la jornada \u00abG\u00e9nero, transporte y movilidad\u00bb en la UTN <\/a><\/h2>\n\n\t<b><i>30 noviembre, 2018<\/i><\/b> <!-- Agrego fecha en el POST. DAS 17\/10\/2017. Lo bajo una fila. DAS 07\/03\/2018-->\n\n\t<!-- This is the output of the META information -->\n\t<div class=\"entry-utility\">\n\t\t\t\t\t<span class=\"cat-links\">\n\t\t\t\t<span class=\"entry-utility-prep entry-utility-prep-cat-links\">Publicado en<\/span> <a href=\"https:\/\/c3t-utn.ar\/?cat=3\" rel=\"category\">Jornadas T\u00e9cnicas<\/a>, <a href=\"https:\/\/c3t-utn.ar\/?cat=1\" rel=\"category\">Novedades<\/a>\t\t\t<\/span>\n\t\t\t<span class=\"meta-sep\">|<\/span>\n\t\t\t\t\t\t\t<span class=\"tag-links\">\n\t\t\t\t<span class=\"entry-utility-prep entry-utility-prep-tag-links\">Etiquetas<\/span> <a href=\"https:\/\/c3t-utn.ar\/?tag=asistencia-tecnica\" rel=\"tag\">Asistencia t\u00e9cnica<\/a>, <a href=\"https:\/\/c3t-utn.ar\/?tag=distribucion-modal\" rel=\"tag\">Distribuci\u00f3n Modal<\/a>, <a href=\"https:\/\/c3t-utn.ar\/?tag=informacion\" rel=\"tag\">Informaci\u00f3n<\/a>, <a href=\"https:\/\/c3t-utn.ar\/?tag=movilidad\" rel=\"tag\">Movilidad<\/a>, <a href=\"https:\/\/c3t-utn.ar\/?tag=pasajeros\" rel=\"tag\">Pasajeros<\/a>, <a href=\"https:\/\/c3t-utn.ar\/?tag=servicios-de-transporte-publico\" rel=\"tag\">Servicios de transporte p\u00fablico<\/a>, <a href=\"https:\/\/c3t-utn.ar\/?tag=urbano\" rel=\"tag\">Urbano<\/a>\t\t\t<\/span>\n\t\t\t<!--<span class=\"meta-sep\">|<\/span>-->\n\t\t\t\t<!--<span class=\"comments-link\"><span>Comentarios desactivados<span class=\"screen-reader-text\"> en Se realiz\u00f3 la jornada \u00abG\u00e9nero, transporte y movilidad\u00bb en la UTN<\/span><\/span><\/span>-->\n\t\t\t<\/div>\n<\/div>\n<!-- \/\/ End of Post Wrap -->\n<!-- NOTE: If you need to make changes to this file, copy it to your current theme's main\n\tdirectory so your changes won't be overwritten when the plugin is upgraded. -->\n\n<!-- Start of Post Wrap -->\n<div class=\"post hentry ivycat-post\">\n\t<!-- This is the output of the post TITLE -->\n\t<h2 class=\"entry-title\"><a href=\"https:\/\/c3t-utn.ar\/?p=1136\">Nuevo informe: \u201cLa movilidad de los estudiantes de la Facultad Regional Avellaneda de la Universidad Tecnol\u00f3gica Nacional\u201d <\/a><\/h2>\n\n\t<b><i>29 noviembre, 2018<\/i><\/b> <!-- Agrego fecha en el POST. DAS 17\/10\/2017. Lo bajo una fila. DAS 07\/03\/2018-->\n\n\t<!-- This is the output of the META information -->\n\t<div class=\"entry-utility\">\n\t\t\t\t\t<span class=\"cat-links\">\n\t\t\t\t<span class=\"entry-utility-prep entry-utility-prep-cat-links\">Publicado en<\/span> <a href=\"https:\/\/c3t-utn.ar\/?cat=1\" rel=\"category\">Novedades<\/a>\t\t\t<\/span>\n\t\t\t<span class=\"meta-sep\">|<\/span>\n\t\t\t\t\t\t<!--<span class=\"comments-link\"><span>Comentarios desactivados<span class=\"screen-reader-text\"> en Nuevo informe: \u201cLa movilidad de los estudiantes de la Facultad Regional Avellaneda de la Universidad Tecnol\u00f3gica Nacional\u201d<\/span><\/span><\/span>-->\n\t\t\t<\/div>\n<\/div>\n<!-- \/\/ End of Post Wrap -->\n<!-- NOTE: If you need to make changes to this file, copy it to your current theme's main\n\tdirectory so your changes won't be overwritten when the plugin is upgraded. -->\n\n<!-- Start of Post Wrap -->\n<div class=\"post hentry ivycat-post\">\n\t<!-- This is the output of the post TITLE -->\n\t<h2 class=\"entry-title\"><a href=\"https:\/\/c3t-utn.ar\/?p=1107\">Jornada \u201cG\u00e9nero, transporte y movilidad\u201d en la UTN <\/a><\/h2>\n\n\t<b><i>4 noviembre, 2018<\/i><\/b> <!-- Agrego fecha en el POST. DAS 17\/10\/2017. Lo bajo una fila. DAS 07\/03\/2018-->\n\n\t<!-- This is the output of the META information -->\n\t<div class=\"entry-utility\">\n\t\t\t\t\t<span class=\"cat-links\">\n\t\t\t\t<span class=\"entry-utility-prep entry-utility-prep-cat-links\">Publicado en<\/span> <a href=\"https:\/\/c3t-utn.ar\/?cat=3\" rel=\"category\">Jornadas T\u00e9cnicas<\/a>, <a href=\"https:\/\/c3t-utn.ar\/?cat=1\" rel=\"category\">Novedades<\/a>\t\t\t<\/span>\n\t\t\t<span class=\"meta-sep\">|<\/span>\n\t\t\t\t\t\t\t<span class=\"tag-links\">\n\t\t\t\t<span class=\"entry-utility-prep entry-utility-prep-tag-links\">Etiquetas<\/span> <a href=\"https:\/\/c3t-utn.ar\/?tag=big-data\" rel=\"tag\">Big Data<\/a>, <a href=\"https:\/\/c3t-utn.ar\/?tag=genero\" rel=\"tag\">G\u00e9nero<\/a>, <a href=\"https:\/\/c3t-utn.ar\/?tag=movilidad\" rel=\"tag\">Movilidad<\/a>, <a href=\"https:\/\/c3t-utn.ar\/?tag=mujeres\" rel=\"tag\">Mujeres<\/a>, <a href=\"https:\/\/c3t-utn.ar\/?tag=urbano\" rel=\"tag\">Urbano<\/a>\t\t\t<\/span>\n\t\t\t<!--<span class=\"meta-sep\">|<\/span>-->\n\t\t\t\t<!--<span class=\"comments-link\"><span>Comentarios desactivados<span class=\"screen-reader-text\"> en Jornada \u201cG\u00e9nero, transporte y movilidad\u201d en la UTN<\/span><\/span><\/span>-->\n\t\t\t<\/div>\n<\/div>\n<!-- \/\/ End of Post Wrap -->\n<!-- NOTE: If you need to make changes to this file, copy it to your current theme's main\n\tdirectory so your changes won't be overwritten when the plugin is upgraded. -->\n\n<!-- Start of Post Wrap -->\n<div class=\"post hentry ivycat-post\">\n\t<!-- This is the output of the post TITLE -->\n\t<h2 class=\"entry-title\"><a href=\"https:\/\/c3t-utn.ar\/?p=1092\">Participaci\u00f3n del C3T en el Desayuno de Actualizaci\u00f3n de la Asociaci\u00f3n Argentina de Log\u00edstica Empresaria (ARLOG) <\/a><\/h2>\n\n\t<b><i>24 agosto, 2018<\/i><\/b> <!-- Agrego fecha en el POST. DAS 17\/10\/2017. Lo bajo una fila. DAS 07\/03\/2018-->\n\n\t<!-- This is the output of the META information -->\n\t<div class=\"entry-utility\">\n\t\t\t\t\t<span class=\"cat-links\">\n\t\t\t\t<span class=\"entry-utility-prep entry-utility-prep-cat-links\">Publicado en<\/span> <a href=\"https:\/\/c3t-utn.ar\/?cat=1\" rel=\"category\">Novedades<\/a>\t\t\t<\/span>\n\t\t\t<span class=\"meta-sep\">|<\/span>\n\t\t\t\t\t\t\t<span class=\"tag-links\">\n\t\t\t\t<span class=\"entry-utility-prep entry-utility-prep-tag-links\">Etiquetas<\/span> <a href=\"https:\/\/c3t-utn.ar\/?tag=asistencia-tecnica\" rel=\"tag\">Asistencia t\u00e9cnica<\/a>, <a href=\"https:\/\/c3t-utn.ar\/?tag=cargas\" rel=\"tag\">Cargas<\/a>, <a href=\"https:\/\/c3t-utn.ar\/?tag=combustible\" rel=\"tag\">Combustible<\/a>, <a href=\"https:\/\/c3t-utn.ar\/?tag=gasto\" rel=\"tag\">Gasto<\/a>, <a href=\"https:\/\/c3t-utn.ar\/?tag=indicadores\" rel=\"tag\">Indicadores<\/a>, <a href=\"https:\/\/c3t-utn.ar\/?tag=logistica\" rel=\"tag\">Log\u00edstica<\/a>, <a href=\"https:\/\/c3t-utn.ar\/?tag=transporte-automotor\" rel=\"tag\">Transporte automotor<\/a>\t\t\t<\/span>\n\t\t\t<!--<span class=\"meta-sep\">|<\/span>-->\n\t\t\t\t<!--<span class=\"comments-link\"><span>Comentarios desactivados<span class=\"screen-reader-text\"> en Participaci\u00f3n del C3T en el Desayuno de Actualizaci\u00f3n de la Asociaci\u00f3n Argentina de Log\u00edstica Empresaria (ARLOG)<\/span><\/span><\/span>-->\n\t\t\t<\/div>\n<\/div>\n<!-- \/\/ End of Post Wrap -->\n<!-- NOTE: If you need to make changes to this file, copy it to your current theme's main\n\tdirectory so your changes won't be overwritten when the plugin is upgraded. -->\n\n<!-- Start of Post Wrap -->\n<div class=\"post hentry ivycat-post\">\n\t<!-- This is the output of the post TITLE -->\n\t<h2 class=\"entry-title\"><a href=\"https:\/\/c3t-utn.ar\/?p=1083\">Asistencia t\u00e9cnica: Auditorias Tecnol\u00f3gicas <\/a><\/h2>\n\n\t<b><i>6 abril, 2018<\/i><\/b> <!-- Agrego fecha en el POST. DAS 17\/10\/2017. Lo bajo una fila. DAS 07\/03\/2018-->\n\n\t<!-- This is the output of the META information -->\n\t<div class=\"entry-utility\">\n\t\t\t\t\t<span class=\"cat-links\">\n\t\t\t\t<span class=\"entry-utility-prep entry-utility-prep-cat-links\">Publicado en<\/span> <a href=\"https:\/\/c3t-utn.ar\/?cat=95\" rel=\"category\">Servicios<\/a>\t\t\t<\/span>\n\t\t\t<span class=\"meta-sep\">|<\/span>\n\t\t\t\t\t\t<!--<span class=\"comments-link\"><span>Comentarios desactivados<span class=\"screen-reader-text\"> en Asistencia t\u00e9cnica: Auditorias Tecnol\u00f3gicas<\/span><\/span><\/span>-->\n\t\t\t<\/div>\n<\/div>\n<!-- \/\/ End of Post Wrap -->\n<!-- NOTE: If you need to make changes to this file, copy it to your current theme's main\n\tdirectory so your changes won't be overwritten when the plugin is upgraded. -->\n\n<!-- Start of Post Wrap -->\n<div class=\"post hentry ivycat-post\">\n\t<!-- This is the output of the post TITLE -->\n\t<h2 class=\"entry-title\"><a href=\"https:\/\/c3t-utn.ar\/?p=1084\">El C3T finaliz\u00f3 la asistencia t\u00e9cnica para la empresa estatal Trenes Argentinos Operaciones (ex SOFSE) <\/a><\/h2>\n\n\t<b><i>4 abril, 2018<\/i><\/b> <!-- Agrego fecha en el POST. DAS 17\/10\/2017. Lo bajo una fila. DAS 07\/03\/2018-->\n\n\t<!-- This is the output of the META information -->\n\t<div class=\"entry-utility\">\n\t\t\t\t\t<span class=\"cat-links\">\n\t\t\t\t<span class=\"entry-utility-prep entry-utility-prep-cat-links\">Publicado en<\/span> <a href=\"https:\/\/c3t-utn.ar\/?cat=1\" rel=\"category\">Novedades<\/a>\t\t\t<\/span>\n\t\t\t<span class=\"meta-sep\">|<\/span>\n\t\t\t\t\t\t<!--<span class=\"comments-link\"><span>Comentarios desactivados<span class=\"screen-reader-text\"> en El C3T finaliz\u00f3 la asistencia t\u00e9cnica para la empresa estatal Trenes Argentinos Operaciones (ex SOFSE)<\/span><\/span><\/span>-->\n\t\t\t<\/div>\n<\/div>\n<!-- \/\/ End of Post Wrap -->\n<!-- NOTE: If you need to make changes to this file, copy it to your current theme's main\n\tdirectory so your changes won't be overwritten when the plugin is upgraded. -->\n\n<!-- Start of Post Wrap -->\n<div class=\"post hentry ivycat-post\">\n\t<!-- This is the output of the post TITLE -->\n\t<h2 class=\"entry-title\"><a href=\"https:\/\/c3t-utn.ar\/?p=962\">Jornadas informativas sobre seguridad vial: \u201cConciencia en el uso de motoveh\u00edculos\u201d <\/a><\/h2>\n\n\t<b><i>24 enero, 2018<\/i><\/b> <!-- Agrego fecha en el POST. DAS 17\/10\/2017. Lo bajo una fila. DAS 07\/03\/2018-->\n\n\t<!-- This is the output of the META information -->\n\t<div class=\"entry-utility\">\n\t\t\t\t\t<span class=\"cat-links\">\n\t\t\t\t<span class=\"entry-utility-prep entry-utility-prep-cat-links\">Publicado en<\/span> <a href=\"https:\/\/c3t-utn.ar\/?cat=3\" rel=\"category\">Jornadas T\u00e9cnicas<\/a>, <a href=\"https:\/\/c3t-utn.ar\/?cat=1\" rel=\"category\">Novedades<\/a>\t\t\t<\/span>\n\t\t\t<span class=\"meta-sep\">|<\/span>\n\t\t\t\t\t\t\t<span class=\"tag-links\">\n\t\t\t\t<span class=\"entry-utility-prep entry-utility-prep-tag-links\">Etiquetas<\/span> <a href=\"https:\/\/c3t-utn.ar\/?tag=extension-universitaria\" rel=\"tag\">Extensi\u00f3n Universitaria<\/a>, <a href=\"https:\/\/c3t-utn.ar\/?tag=informacion\" rel=\"tag\">Informaci\u00f3n<\/a>, <a href=\"https:\/\/c3t-utn.ar\/?tag=motovehiculos\" rel=\"tag\">Motoveh\u00edculos<\/a>, <a href=\"https:\/\/c3t-utn.ar\/?tag=normativa\" rel=\"tag\">Normativa<\/a>, <a href=\"https:\/\/c3t-utn.ar\/?tag=seguridad-vial\" rel=\"tag\">Seguridad vial<\/a>, <a href=\"https:\/\/c3t-utn.ar\/?tag=transporte-automotor\" rel=\"tag\">Transporte automotor<\/a>, <a href=\"https:\/\/c3t-utn.ar\/?tag=universidad\" rel=\"tag\">Universidad<\/a>\t\t\t<\/span>\n\t\t\t<!--<span class=\"meta-sep\">|<\/span>-->\n\t\t\t\t<!--<span class=\"comments-link\"><span>Comentarios desactivados<span class=\"screen-reader-text\"> en Jornadas informativas sobre seguridad vial: \u201cConciencia en el uso de motoveh\u00edculos\u201d<\/span><\/span><\/span>-->\n\t\t\t<\/div>\n<\/div>\n<!-- \/\/ End of Post Wrap -->\n<!-- NOTE: If you need to make changes to this file, copy it to your current theme's main\n\tdirectory so your changes won't be overwritten when the plugin is upgraded. -->\n\n<!-- Start of Post Wrap -->\n<div class=\"post hentry ivycat-post\">\n\t<!-- This is the output of the post TITLE -->\n\t<h2 class=\"entry-title\"><a href=\"https:\/\/c3t-utn.ar\/?p=953\">El C3T en Diario La Naci\u00f3n: \u00abEl tr\u00e1nsito, ese caos. Buenos Aires ante un desaf\u00edo que apremia\u00bb <\/a><\/h2>\n\n\t<b><i>12 enero, 2018<\/i><\/b> <!-- Agrego fecha en el POST. DAS 17\/10\/2017. Lo bajo una fila. DAS 07\/03\/2018-->\n\n\t<!-- This is the output of the META information -->\n\t<div class=\"entry-utility\">\n\t\t\t\t\t<span class=\"cat-links\">\n\t\t\t\t<span class=\"entry-utility-prep entry-utility-prep-cat-links\">Publicado en<\/span> <a href=\"https:\/\/c3t-utn.ar\/?cat=100\" rel=\"category\">El C3T en los medios<\/a>, <a href=\"https:\/\/c3t-utn.ar\/?cat=1\" rel=\"category\">Novedades<\/a>\t\t\t<\/span>\n\t\t\t<span class=\"meta-sep\">|<\/span>\n\t\t\t\t\t\t\t<span class=\"tag-links\">\n\t\t\t\t<span class=\"entry-utility-prep entry-utility-prep-tag-links\">Etiquetas<\/span> <a href=\"https:\/\/c3t-utn.ar\/?tag=servicios-de-transporte-publico\" rel=\"tag\">Servicios de transporte p\u00fablico<\/a>, <a href=\"https:\/\/c3t-utn.ar\/?tag=tasa-de-motorizacion\" rel=\"tag\">Tasa de Motorizacion<\/a>, <a href=\"https:\/\/c3t-utn.ar\/?tag=transito\" rel=\"tag\">Tr\u00e1nsito<\/a>, <a href=\"https:\/\/c3t-utn.ar\/?tag=urbano\" rel=\"tag\">Urbano<\/a>\t\t\t<\/span>\n\t\t\t<!--<span class=\"meta-sep\">|<\/span>-->\n\t\t\t\t<!--<span class=\"comments-link\"><span>Comentarios desactivados<span class=\"screen-reader-text\"> en El C3T en Diario La Naci\u00f3n: \u00abEl tr\u00e1nsito, ese caos. Buenos Aires ante un desaf\u00edo que apremia\u00bb<\/span><\/span><\/span>-->\n\t\t\t<\/div>\n<\/div>\n<!-- \/\/ End of Post Wrap -->\n<!-- NOTE: If you need to make changes to this file, copy it to your current theme's main\n\tdirectory so your changes won't be overwritten when the plugin is upgraded. -->\n\n<!-- Start of Post Wrap -->\n<div class=\"post hentry ivycat-post\">\n\t<!-- This is the output of the post TITLE -->\n\t<h2 class=\"entry-title\"><a href=\"https:\/\/c3t-utn.ar\/?p=940\">Asistencia t\u00e9cnica: Revisi\u00f3n T\u00e9cnica Trimestral de Veh\u00edculos Autoelevadores (RTTVA) y Capacitaci\u00f3n en Conducci\u00f3n Segura para conductores <\/a><\/h2>\n\n\t<b><i>10 enero, 2018<\/i><\/b> <!-- Agrego fecha en el POST. DAS 17\/10\/2017. Lo bajo una fila. DAS 07\/03\/2018-->\n\n\t<!-- This is the output of the META information -->\n\t<div class=\"entry-utility\">\n\t\t\t\t\t<span class=\"cat-links\">\n\t\t\t\t<span class=\"entry-utility-prep entry-utility-prep-cat-links\">Publicado en<\/span> <a href=\"https:\/\/c3t-utn.ar\/?cat=85\" rel=\"category\">Asistencia T\u00e9cnica<\/a>, <a href=\"https:\/\/c3t-utn.ar\/?cat=1\" rel=\"category\">Novedades<\/a>\t\t\t<\/span>\n\t\t\t<span class=\"meta-sep\">|<\/span>\n\t\t\t\t\t\t\t<span class=\"tag-links\">\n\t\t\t\t<span class=\"entry-utility-prep entry-utility-prep-tag-links\">Etiquetas<\/span> <a href=\"https:\/\/c3t-utn.ar\/?tag=asistencia-tecnica\" rel=\"tag\">Asistencia t\u00e9cnica<\/a>, <a href=\"https:\/\/c3t-utn.ar\/?tag=autoelevadores\" rel=\"tag\">Autoelevadores<\/a>, <a href=\"https:\/\/c3t-utn.ar\/?tag=capacitaciones\" rel=\"tag\">Capacitaciones<\/a>, <a href=\"https:\/\/c3t-utn.ar\/?tag=cargas\" rel=\"tag\">Cargas<\/a>, <a href=\"https:\/\/c3t-utn.ar\/?tag=empresas\" rel=\"tag\">Empresas<\/a>, <a href=\"https:\/\/c3t-utn.ar\/?tag=extension-universitaria\" rel=\"tag\">Extensi\u00f3n Universitaria<\/a>, <a href=\"https:\/\/c3t-utn.ar\/?tag=logistica\" rel=\"tag\">Log\u00edstica<\/a>, <a href=\"https:\/\/c3t-utn.ar\/?tag=normativa\" rel=\"tag\">Normativa<\/a>\t\t\t<\/span>\n\t\t\t<!--<span class=\"meta-sep\">|<\/span>-->\n\t\t\t\t<!--<span class=\"comments-link\"><span>Comentarios desactivados<span class=\"screen-reader-text\"> en Asistencia t\u00e9cnica: Revisi\u00f3n T\u00e9cnica Trimestral de Veh\u00edculos Autoelevadores (RTTVA) y Capacitaci\u00f3n en Conducci\u00f3n Segura para conductores<\/span><\/span><\/span>-->\n\t\t\t<\/div>\n<\/div>\n<!-- \/\/ End of Post Wrap -->\n<!-- NOTE: If you need to make changes to this file, copy it to your current theme's main\n\tdirectory so your changes won't be overwritten when the plugin is upgraded. -->\n\n<!-- Start of Post Wrap -->\n<div class=\"post hentry ivycat-post\">\n\t<!-- This is the output of the post TITLE -->\n\t<h2 class=\"entry-title\"><a href=\"https:\/\/c3t-utn.ar\/?p=955\">Menci\u00f3n al C3T en nota de la Revista Acci\u00f3n: \u00abVictimas cotidianas de la seguridad vial\u00bb <\/a><\/h2>\n\n\t<b><i>15 diciembre, 2017<\/i><\/b> <!-- Agrego fecha en el POST. DAS 17\/10\/2017. Lo bajo una fila. DAS 07\/03\/2018-->\n\n\t<!-- This is the output of the META information -->\n\t<div class=\"entry-utility\">\n\t\t\t\t\t<span class=\"cat-links\">\n\t\t\t\t<span class=\"entry-utility-prep entry-utility-prep-cat-links\">Publicado en<\/span> <a href=\"https:\/\/c3t-utn.ar\/?cat=96\" rel=\"category\">Acerca del C3T<\/a>, <a href=\"https:\/\/c3t-utn.ar\/?cat=100\" rel=\"category\">El C3T en los medios<\/a>, <a href=\"https:\/\/c3t-utn.ar\/?cat=1\" rel=\"category\">Novedades<\/a>\t\t\t<\/span>\n\t\t\t<span class=\"meta-sep\">|<\/span>\n\t\t\t\t\t\t<!--<span class=\"comments-link\"><span>Comentarios desactivados<span class=\"screen-reader-text\"> en Menci\u00f3n al C3T en nota de la Revista Acci\u00f3n: \u00abVictimas cotidianas de la seguridad vial\u00bb<\/span><\/span><\/span>-->\n\t\t\t<\/div>\n<\/div>\n<!-- \/\/ End of Post Wrap -->\n<!-- NOTE: If you need to make changes to this file, copy it to your current theme's main\n\tdirectory so your changes won't be overwritten when the plugin is upgraded. -->\n\n<!-- Start of Post Wrap -->\n<div class=\"post hentry ivycat-post\">\n\t<!-- This is the output of the post TITLE -->\n\t<h2 class=\"entry-title\"><a href=\"https:\/\/c3t-utn.ar\/?p=914\">El C3T lamenta el fallecimiento de Roberto Liatis <\/a><\/h2>\n\n\t<b><i>1 diciembre, 2017<\/i><\/b> <!-- Agrego fecha en el POST. DAS 17\/10\/2017. Lo bajo una fila. DAS 07\/03\/2018-->\n\n\t<!-- This is the output of the META information -->\n\t<div class=\"entry-utility\">\n\t\t\t\t\t<span class=\"cat-links\">\n\t\t\t\t<span class=\"entry-utility-prep entry-utility-prep-cat-links\">Publicado en<\/span> <a href=\"https:\/\/c3t-utn.ar\/?cat=1\" rel=\"category\">Novedades<\/a>\t\t\t<\/span>\n\t\t\t<span class=\"meta-sep\">|<\/span>\n\t\t\t\t\t\t\t<span class=\"tag-links\">\n\t\t\t\t<span class=\"entry-utility-prep entry-utility-prep-tag-links\">Etiquetas<\/span> <a href=\"https:\/\/c3t-utn.ar\/?tag=roberto-liatis\" rel=\"tag\">Roberto Liatis<\/a>\t\t\t<\/span>\n\t\t\t<!--<span class=\"meta-sep\">|<\/span>-->\n\t\t\t\t<!--<span class=\"comments-link\"><span>Comentarios desactivados<span class=\"screen-reader-text\"> en El C3T lamenta el fallecimiento de Roberto Liatis<\/span><\/span><\/span>-->\n\t\t\t<\/div>\n<\/div>\n<!-- \/\/ End of Post Wrap -->\n<!-- NOTE: If you need to make changes to this file, copy it to your current theme's main\n\tdirectory so your changes won't be overwritten when the plugin is upgraded. -->\n\n<!-- Start of Post Wrap -->\n<div class=\"post hentry ivycat-post\">\n\t<!-- This is the output of the post TITLE -->\n\t<h2 class=\"entry-title\"><a href=\"https:\/\/c3t-utn.ar\/?p=882\">El C3T particip\u00f3 de las primeras \u00abJornadas de Ense\u00f1anza e Innovaci\u00f3n\u00bb en la UTN Avellaneda <\/a><\/h2>\n\n\t<b><i>18 octubre, 2017<\/i><\/b> <!-- Agrego fecha en el POST. DAS 17\/10\/2017. Lo bajo una fila. DAS 07\/03\/2018-->\n\n\t<!-- This is the output of the META information -->\n\t<div class=\"entry-utility\">\n\t\t\t\t\t<span class=\"cat-links\">\n\t\t\t\t<span class=\"entry-utility-prep entry-utility-prep-cat-links\">Publicado en<\/span> <a href=\"https:\/\/c3t-utn.ar\/?cat=3\" rel=\"category\">Jornadas T\u00e9cnicas<\/a>, <a href=\"https:\/\/c3t-utn.ar\/?cat=1\" rel=\"category\">Novedades<\/a>\t\t\t<\/span>\n\t\t\t<span class=\"meta-sep\">|<\/span>\n\t\t\t\t\t\t\t<span class=\"tag-links\">\n\t\t\t\t<span class=\"entry-utility-prep entry-utility-prep-tag-links\">Etiquetas<\/span> <a href=\"https:\/\/c3t-utn.ar\/?tag=interdisciplinariedad\" rel=\"tag\">interdisciplinariedad<\/a>, <a href=\"https:\/\/c3t-utn.ar\/?tag=universidad\" rel=\"tag\">Universidad<\/a>\t\t\t<\/span>\n\t\t\t<!--<span class=\"meta-sep\">|<\/span>-->\n\t\t\t\t<!--<span class=\"comments-link\"><span>Comentarios desactivados<span class=\"screen-reader-text\"> en El C3T particip\u00f3 de las primeras \u00abJornadas de Ense\u00f1anza e Innovaci\u00f3n\u00bb en la UTN Avellaneda<\/span><\/span><\/span>-->\n\t\t\t<\/div>\n<\/div>\n<!-- \/\/ End of Post Wrap -->\n<!-- NOTE: If you need to make changes to this file, copy it to your current theme's main\n\tdirectory so your changes won't be overwritten when the plugin is upgraded. -->\n\n<!-- Start of Post Wrap -->\n<div class=\"post hentry ivycat-post\">\n\t<!-- This is the output of the post TITLE -->\n\t<h2 class=\"entry-title\"><a href=\"https:\/\/c3t-utn.ar\/?p=894\">Cursos de capacitaci\u00f3n para conductores de veh\u00edculos de carga <\/a><\/h2>\n\n\t<b><i>13 octubre, 2017<\/i><\/b> <!-- Agrego fecha en el POST. DAS 17\/10\/2017. Lo bajo una fila. DAS 07\/03\/2018-->\n\n\t<!-- This is the output of the META information -->\n\t<div class=\"entry-utility\">\n\t\t\t\t\t<span class=\"cat-links\">\n\t\t\t\t<span class=\"entry-utility-prep entry-utility-prep-cat-links\">Publicado en<\/span> <a href=\"https:\/\/c3t-utn.ar\/?cat=1\" rel=\"category\">Novedades<\/a>\t\t\t<\/span>\n\t\t\t<span class=\"meta-sep\">|<\/span>\n\t\t\t\t\t\t\t<span class=\"tag-links\">\n\t\t\t\t<span class=\"entry-utility-prep entry-utility-prep-tag-links\">Etiquetas<\/span> <a href=\"https:\/\/c3t-utn.ar\/?tag=asistencia-tecnica\" rel=\"tag\">Asistencia t\u00e9cnica<\/a>, <a href=\"https:\/\/c3t-utn.ar\/?tag=cargas\" rel=\"tag\">Cargas<\/a>, <a href=\"https:\/\/c3t-utn.ar\/?tag=empresas\" rel=\"tag\">Empresas<\/a>, <a href=\"https:\/\/c3t-utn.ar\/?tag=formacion\" rel=\"tag\">Formaci\u00f3n<\/a>, <a href=\"https:\/\/c3t-utn.ar\/?tag=transporte-automotor\" rel=\"tag\">Transporte automotor<\/a>\t\t\t<\/span>\n\t\t\t<!--<span class=\"meta-sep\">|<\/span>-->\n\t\t\t\t<!--<span class=\"comments-link\"><span>Comentarios desactivados<span class=\"screen-reader-text\"> en Cursos de capacitaci\u00f3n para conductores de veh\u00edculos de carga<\/span><\/span><\/span>-->\n\t\t\t<\/div>\n<\/div>\n<!-- \/\/ End of Post Wrap -->\n<!-- NOTE: If you need to make changes to this file, copy it to your current theme's main\n\tdirectory so your changes won't be overwritten when the plugin is upgraded. -->\n\n<!-- Start of Post Wrap -->\n<div class=\"post hentry ivycat-post\">\n\t<!-- This is the output of the post TITLE -->\n\t<h2 class=\"entry-title\"><a href=\"https:\/\/c3t-utn.ar\/?p=891\">El C3T particip\u00f3 de la mesa sectorial ampliada de Transporte del Gabinete Nacional de Cambio Clim\u00e1tico <\/a><\/h2>\n\n\t<b><i><\/i><\/b> <!-- Agrego fecha en el POST. DAS 17\/10\/2017. Lo bajo una fila. DAS 07\/03\/2018-->\n\n\t<!-- This is the output of the META information -->\n\t<div class=\"entry-utility\">\n\t\t\t\t\t<span class=\"cat-links\">\n\t\t\t\t<span class=\"entry-utility-prep entry-utility-prep-cat-links\">Publicado en<\/span> <a href=\"https:\/\/c3t-utn.ar\/?cat=1\" rel=\"category\">Novedades<\/a>\t\t\t<\/span>\n\t\t\t<span class=\"meta-sep\">|<\/span>\n\t\t\t\t\t\t\t<span class=\"tag-links\">\n\t\t\t\t<span class=\"entry-utility-prep entry-utility-prep-tag-links\">Etiquetas<\/span> <a href=\"https:\/\/c3t-utn.ar\/?tag=energia\" rel=\"tag\">Energ\u00eda<\/a>, <a href=\"https:\/\/c3t-utn.ar\/?tag=medio-ambiente\" rel=\"tag\">Medio ambiente<\/a>, <a href=\"https:\/\/c3t-utn.ar\/?tag=trabajos_publicados_sustentable\" rel=\"tag\">Sustentable<\/a>\t\t\t<\/span>\n\t\t\t<!--<span class=\"meta-sep\">|<\/span>-->\n\t\t\t\t<!--<span class=\"comments-link\"><span>Comentarios desactivados<span class=\"screen-reader-text\"> en El C3T particip\u00f3 de la mesa sectorial ampliada de Transporte del Gabinete Nacional de Cambio Clim\u00e1tico<\/span><\/span><\/span>-->\n\t\t\t<\/div>\n<\/div>\n<!-- \/\/ End of Post Wrap -->\n<!-- NOTE: If you need to make changes to this file, copy it to your current theme's main\n\tdirectory so your changes won't be overwritten when the plugin is upgraded. -->\n\n<!-- Start of Post Wrap -->\n<div class=\"post hentry ivycat-post\">\n\t<!-- This is the output of the post TITLE -->\n\t<h2 class=\"entry-title\"><a href=\"https:\/\/c3t-utn.ar\/?p=899\">\u201cTransporte\u201d en Ingenier\u00eda Civil. Experiencias de la interdisciplinariedad en la docencia <\/a><\/h2>\n\n\t<b><i>11 octubre, 2017<\/i><\/b> <!-- Agrego fecha en el POST. DAS 17\/10\/2017. Lo bajo una fila. DAS 07\/03\/2018-->\n\n\t<!-- This is the output of the META information -->\n\t<div class=\"entry-utility\">\n\t\t\t\t\t<span class=\"cat-links\">\n\t\t\t\t<span class=\"entry-utility-prep entry-utility-prep-cat-links\">Publicado en<\/span> <a href=\"https:\/\/c3t-utn.ar\/?cat=42\" rel=\"category\">Apostillas T\u00e9cnicas<\/a>, <a href=\"https:\/\/c3t-utn.ar\/?cat=2\" rel=\"category\">Trabajos Publicados<\/a>\t\t\t<\/span>\n\t\t\t<span class=\"meta-sep\">|<\/span>\n\t\t\t\t\t\t\t<span class=\"tag-links\">\n\t\t\t\t<span class=\"entry-utility-prep entry-utility-prep-tag-links\">Etiquetas<\/span> <a href=\"https:\/\/c3t-utn.ar\/?tag=interdisciplinariedad\" rel=\"tag\">interdisciplinariedad<\/a>, <a href=\"https:\/\/c3t-utn.ar\/?tag=universidad\" rel=\"tag\">Universidad<\/a>\t\t\t<\/span>\n\t\t\t<!--<span class=\"meta-sep\">|<\/span>-->\n\t\t\t\t<!--<span class=\"comments-link\"><span>Comentarios desactivados<span class=\"screen-reader-text\"> en \u201cTransporte\u201d en Ingenier\u00eda Civil. Experiencias de la interdisciplinariedad en la docencia<\/span><\/span><\/span>-->\n\t\t\t<\/div>\n<\/div>\n<!-- \/\/ End of Post Wrap -->\n<!-- NOTE: If you need to make changes to this file, copy it to your current theme's main\n\tdirectory so your changes won't be overwritten when the plugin is upgraded. -->\n\n<!-- Start of Post Wrap -->\n<div class=\"post hentry ivycat-post\">\n\t<!-- This is the output of the post TITLE -->\n\t<h2 class=\"entry-title\"><a href=\"https:\/\/c3t-utn.ar\/?p=875\">Nueva entrada del ONDaT: Parque automotor de veh\u00edculos de carga de Argentina <\/a><\/h2>\n\n\t<b><i>3 octubre, 2017<\/i><\/b> <!-- Agrego fecha en el POST. DAS 17\/10\/2017. Lo bajo una fila. DAS 07\/03\/2018-->\n\n\t<!-- This is the output of the META information -->\n\t<div class=\"entry-utility\">\n\t\t\t\t\t<span class=\"cat-links\">\n\t\t\t\t<span class=\"entry-utility-prep entry-utility-prep-cat-links\">Publicado en<\/span> <a href=\"https:\/\/c3t-utn.ar\/?cat=1\" rel=\"category\">Novedades<\/a>\t\t\t<\/span>\n\t\t\t<span class=\"meta-sep\">|<\/span>\n\t\t\t\t\t\t\t<span class=\"tag-links\">\n\t\t\t\t<span class=\"entry-utility-prep entry-utility-prep-tag-links\">Etiquetas<\/span> <a href=\"https:\/\/c3t-utn.ar\/?tag=cargas\" rel=\"tag\">Cargas<\/a>, <a href=\"https:\/\/c3t-utn.ar\/?tag=informacion\" rel=\"tag\">Informaci\u00f3n<\/a>, <a href=\"https:\/\/c3t-utn.ar\/?tag=ondat\" rel=\"tag\">ONDaT<\/a>, <a href=\"https:\/\/c3t-utn.ar\/?tag=parque-movil\" rel=\"tag\">Parque M\u00f3vil<\/a>, <a href=\"https:\/\/c3t-utn.ar\/?tag=transporte-automotor\" rel=\"tag\">Transporte automotor<\/a>\t\t\t<\/span>\n\t\t\t<!--<span class=\"meta-sep\">|<\/span>-->\n\t\t\t\t<!--<span class=\"comments-link\"><span>Comentarios desactivados<span class=\"screen-reader-text\"> en Nueva entrada del ONDaT: Parque automotor de veh\u00edculos de carga de Argentina<\/span><\/span><\/span>-->\n\t\t\t<\/div>\n<\/div>\n<!-- \/\/ End of Post Wrap -->\n<!-- NOTE: If you need to make changes to this file, copy it to your current theme's main\n\tdirectory so your changes won't be overwritten when the plugin is upgraded. -->\n\n<!-- Start of Post Wrap -->\n<div class=\"post hentry ivycat-post\">\n\t<!-- This is the output of the post TITLE -->\n\t<h2 class=\"entry-title\"><a href=\"https:\/\/c3t-utn.ar\/?p=878\">El C3T particip\u00f3 del Seminario de Infraestructura Ferroviaria en la Universidad de Lan\u00fas <\/a><\/h2>\n\n\t<b><i>18 septiembre, 2017<\/i><\/b> <!-- Agrego fecha en el POST. DAS 17\/10\/2017. Lo bajo una fila. DAS 07\/03\/2018-->\n\n\t<!-- This is the output of the META information -->\n\t<div class=\"entry-utility\">\n\t\t\t\t\t<span class=\"cat-links\">\n\t\t\t\t<span class=\"entry-utility-prep entry-utility-prep-cat-links\">Publicado en<\/span> <a href=\"https:\/\/c3t-utn.ar\/?cat=1\" rel=\"category\">Novedades<\/a>\t\t\t<\/span>\n\t\t\t<span class=\"meta-sep\">|<\/span>\n\t\t\t\t\t\t\t<span class=\"tag-links\">\n\t\t\t\t<span class=\"entry-utility-prep entry-utility-prep-tag-links\">Etiquetas<\/span> <a href=\"https:\/\/c3t-utn.ar\/?tag=transporte-ferroviario\" rel=\"tag\">Transporte ferroviario<\/a>, <a href=\"https:\/\/c3t-utn.ar\/?tag=universidad\" rel=\"tag\">Universidad<\/a>\t\t\t<\/span>\n\t\t\t<!--<span class=\"meta-sep\">|<\/span>-->\n\t\t\t\t<!--<span class=\"comments-link\"><span>Comentarios desactivados<span class=\"screen-reader-text\"> en El C3T particip\u00f3 del Seminario de Infraestructura Ferroviaria en la Universidad de Lan\u00fas<\/span><\/span><\/span>-->\n\t\t\t<\/div>\n<\/div>\n<!-- \/\/ End of Post Wrap -->\n<!-- NOTE: If you need to make changes to this file, copy it to your current theme's main\n\tdirectory so your changes won't be overwritten when the plugin is upgraded. -->\n\n<!-- Start of Post Wrap -->\n<div class=\"post hentry ivycat-post\">\n\t<!-- This is the output of the post TITLE -->\n\t<h2 class=\"entry-title\"><a href=\"https:\/\/c3t-utn.ar\/?p=886\">El C3T particip\u00f3 del II Congreso Argentino de Transporte <\/a><\/h2>\n\n\t<b><i>17 septiembre, 2017<\/i><\/b> <!-- Agrego fecha en el POST. DAS 17\/10\/2017. Lo bajo una fila. DAS 07\/03\/2018-->\n\n\t<!-- This is the output of the META information -->\n\t<div class=\"entry-utility\">\n\t\t\t\t\t<span class=\"cat-links\">\n\t\t\t\t<span class=\"entry-utility-prep entry-utility-prep-cat-links\">Publicado en<\/span> <a href=\"https:\/\/c3t-utn.ar\/?cat=1\" rel=\"category\">Novedades<\/a>\t\t\t<\/span>\n\t\t\t<span class=\"meta-sep\">|<\/span>\n\t\t\t\t\t\t\t<span class=\"tag-links\">\n\t\t\t\t<span class=\"entry-utility-prep entry-utility-prep-tag-links\">Etiquetas<\/span> <a href=\"https:\/\/c3t-utn.ar\/?tag=historia\" rel=\"tag\">Historia<\/a>, <a href=\"https:\/\/c3t-utn.ar\/?tag=infraestructura\" rel=\"tag\">Infraestructura<\/a>, <a href=\"https:\/\/c3t-utn.ar\/?tag=transporte-automotor\" rel=\"tag\">Transporte automotor<\/a>, <a href=\"https:\/\/c3t-utn.ar\/?tag=universidad\" rel=\"tag\">Universidad<\/a>\t\t\t<\/span>\n\t\t\t<!--<span class=\"meta-sep\">|<\/span>-->\n\t\t\t\t<!--<span class=\"comments-link\"><span>Comentarios desactivados<span class=\"screen-reader-text\"> en El C3T particip\u00f3 del II Congreso Argentino de Transporte<\/span><\/span><\/span>-->\n\t\t\t<\/div>\n<\/div>\n<!-- \/\/ End of Post Wrap -->\n<!-- NOTE: If you need to make changes to this file, copy it to your current theme's main\n\tdirectory so your changes won't be overwritten when the plugin is upgraded. -->\n\n<!-- Start of Post Wrap -->\n<div class=\"post hentry ivycat-post\">\n\t<!-- This is the output of the post TITLE -->\n\t<h2 class=\"entry-title\"><a href=\"https:\/\/c3t-utn.ar\/?p=869\">Conferencia en el D\u00eda de la Seguridad en el Tr\u00e1nsito <\/a><\/h2>\n\n\t<b><i>12 junio, 2017<\/i><\/b> <!-- Agrego fecha en el POST. DAS 17\/10\/2017. Lo bajo una fila. DAS 07\/03\/2018-->\n\n\t<!-- This is the output of the META information -->\n\t<div class=\"entry-utility\">\n\t\t\t\t\t<span class=\"cat-links\">\n\t\t\t\t<span class=\"entry-utility-prep entry-utility-prep-cat-links\">Publicado en<\/span> <a href=\"https:\/\/c3t-utn.ar\/?cat=1\" rel=\"category\">Novedades<\/a>\t\t\t<\/span>\n\t\t\t<span class=\"meta-sep\">|<\/span>\n\t\t\t\t\t\t\t<span class=\"tag-links\">\n\t\t\t\t<span class=\"entry-utility-prep entry-utility-prep-tag-links\">Etiquetas<\/span> <a href=\"https:\/\/c3t-utn.ar\/?tag=seguridad-vial\" rel=\"tag\">Seguridad vial<\/a>, <a href=\"https:\/\/c3t-utn.ar\/?tag=transito\" rel=\"tag\">Tr\u00e1nsito<\/a>\t\t\t<\/span>\n\t\t\t<!--<span class=\"meta-sep\">|<\/span>-->\n\t\t\t\t<!--<span class=\"comments-link\"><span>Comentarios desactivados<span class=\"screen-reader-text\"> en Conferencia en el D\u00eda de la Seguridad en el Tr\u00e1nsito<\/span><\/span><\/span>-->\n\t\t\t<\/div>\n<\/div>\n<!-- \/\/ End of Post Wrap -->\n<!-- NOTE: If you need to make changes to this file, copy it to your current theme's main\n\tdirectory so your changes won't be overwritten when the plugin is upgraded. -->\n\n<!-- Start of Post Wrap -->\n<div class=\"post hentry ivycat-post\">\n\t<!-- This is the output of the post TITLE -->\n\t<h2 class=\"entry-title\"><a href=\"https:\/\/c3t-utn.ar\/?p=864\">El C3T y el CEMS asistieron a la Jornada Acad\u00e9mica de Seguridad Vial de la SPU y ANSV <\/a><\/h2>\n\n\t<b><i>16 marzo, 2017<\/i><\/b> <!-- Agrego fecha en el POST. DAS 17\/10\/2017. Lo bajo una fila. DAS 07\/03\/2018-->\n\n\t<!-- This is the output of the META information -->\n\t<div class=\"entry-utility\">\n\t\t\t\t\t<span class=\"cat-links\">\n\t\t\t\t<span class=\"entry-utility-prep entry-utility-prep-cat-links\">Publicado en<\/span> <a href=\"https:\/\/c3t-utn.ar\/?cat=1\" rel=\"category\">Novedades<\/a>\t\t\t<\/span>\n\t\t\t<span class=\"meta-sep\">|<\/span>\n\t\t\t\t\t\t\t<span class=\"tag-links\">\n\t\t\t\t<span class=\"entry-utility-prep entry-utility-prep-tag-links\">Etiquetas<\/span> <a href=\"https:\/\/c3t-utn.ar\/?tag=seguridad-vial\" rel=\"tag\">Seguridad vial<\/a>, <a href=\"https:\/\/c3t-utn.ar\/?tag=universidad\" rel=\"tag\">Universidad<\/a>\t\t\t<\/span>\n\t\t\t<!--<span class=\"meta-sep\">|<\/span>-->\n\t\t\t\t<!--<span class=\"comments-link\"><span>Comentarios desactivados<span class=\"screen-reader-text\"> en El C3T y el CEMS asistieron a la Jornada Acad\u00e9mica de Seguridad Vial de la SPU y ANSV<\/span><\/span><\/span>-->\n\t\t\t<\/div>\n<\/div>\n<!-- \/\/ End of Post Wrap -->\n<!-- NOTE: If you need to make changes to this file, copy it to your current theme's main\n\tdirectory so your changes won't be overwritten when the plugin is upgraded. -->\n\n<!-- Start of Post Wrap -->\n<div class=\"post hentry ivycat-post\">\n\t<!-- This is the output of the post TITLE -->\n\t<h2 class=\"entry-title\"><a href=\"https:\/\/c3t-utn.ar\/?p=861\">Difundimos: Diplomado en el transporte de mercanc\u00edas y residuos peligrosos por carretera organizado por CATAMP <\/a><\/h2>\n\n\t<b><i><\/i><\/b> <!-- Agrego fecha en el POST. DAS 17\/10\/2017. Lo bajo una fila. DAS 07\/03\/2018-->\n\n\t<!-- This is the output of the META information -->\n\t<div class=\"entry-utility\">\n\t\t\t\t\t<span class=\"cat-links\">\n\t\t\t\t<span class=\"entry-utility-prep entry-utility-prep-cat-links\">Publicado en<\/span> <a href=\"https:\/\/c3t-utn.ar\/?cat=1\" rel=\"category\">Novedades<\/a>\t\t\t<\/span>\n\t\t\t<span class=\"meta-sep\">|<\/span>\n\t\t\t\t\t\t\t<span class=\"tag-links\">\n\t\t\t\t<span class=\"entry-utility-prep entry-utility-prep-tag-links\">Etiquetas<\/span> <a href=\"https:\/\/c3t-utn.ar\/?tag=cabotaje\" rel=\"tag\">Cabotaje<\/a>, <a href=\"https:\/\/c3t-utn.ar\/?tag=cargas\" rel=\"tag\">Cargas<\/a>, <a href=\"https:\/\/c3t-utn.ar\/?tag=cargas-peligrosas\" rel=\"tag\">Cargas peligrosas<\/a>, <a href=\"https:\/\/c3t-utn.ar\/?tag=empresas\" rel=\"tag\">Empresas<\/a>, <a href=\"https:\/\/c3t-utn.ar\/?tag=logistica\" rel=\"tag\">Log\u00edstica<\/a>, <a href=\"https:\/\/c3t-utn.ar\/?tag=residuos\" rel=\"tag\">Residuos<\/a>, <a href=\"https:\/\/c3t-utn.ar\/?tag=transporte-automotor\" rel=\"tag\">Transporte automotor<\/a>\t\t\t<\/span>\n\t\t\t<!--<span class=\"meta-sep\">|<\/span>-->\n\t\t\t\t<!--<span class=\"comments-link\"><span>Comentarios desactivados<span class=\"screen-reader-text\"> en Difundimos: Diplomado en el transporte de mercanc\u00edas y residuos peligrosos por carretera organizado por CATAMP<\/span><\/span><\/span>-->\n\t\t\t<\/div>\n<\/div>\n<!-- \/\/ End of Post Wrap -->\n<!-- NOTE: If you need to make changes to this file, copy it to your current theme's main\n\tdirectory so your changes won't be overwritten when the plugin is upgraded. -->\n\n<!-- Start of Post Wrap -->\n<div class=\"post hentry ivycat-post\">\n\t<!-- This is the output of the post TITLE -->\n\t<h2 class=\"entry-title\"><a href=\"https:\/\/c3t-utn.ar\/?p=849\">Fallecimiento del Ing. Jos\u00e9 Giraldes <\/a><\/h2>\n\n\t<b><i>17 febrero, 2017<\/i><\/b> <!-- Agrego fecha en el POST. DAS 17\/10\/2017. Lo bajo una fila. DAS 07\/03\/2018-->\n\n\t<!-- This is the output of the META information -->\n\t<div class=\"entry-utility\">\n\t\t\t\t\t<span class=\"cat-links\">\n\t\t\t\t<span class=\"entry-utility-prep entry-utility-prep-cat-links\">Publicado en<\/span> <a href=\"https:\/\/c3t-utn.ar\/?cat=1\" rel=\"category\">Novedades<\/a>\t\t\t<\/span>\n\t\t\t<span class=\"meta-sep\">|<\/span>\n\t\t\t\t\t\t<!--<span class=\"comments-link\"><span>Comentarios desactivados<span class=\"screen-reader-text\"> en Fallecimiento del Ing. Jos\u00e9 Giraldes<\/span><\/span><\/span>-->\n\t\t\t<\/div>\n<\/div>\n<!-- \/\/ End of Post Wrap -->\n<!-- NOTE: If you need to make changes to this file, copy it to your current theme's main\n\tdirectory so your changes won't be overwritten when the plugin is upgraded. -->\n\n<!-- Start of Post Wrap -->\n<div class=\"post hentry ivycat-post\">\n\t<!-- This is the output of the post TITLE -->\n\t<h2 class=\"entry-title\"><a href=\"https:\/\/c3t-utn.ar\/?p=835\">ONDaT: Nuevos cuadros sobre \u00edndices log\u00edsticos <\/a><\/h2>\n\n\t<b><i>29 noviembre, 2016<\/i><\/b> <!-- Agrego fecha en el POST. DAS 17\/10\/2017. Lo bajo una fila. DAS 07\/03\/2018-->\n\n\t<!-- This is the output of the META information -->\n\t<div class=\"entry-utility\">\n\t\t\t\t\t<span class=\"cat-links\">\n\t\t\t\t<span class=\"entry-utility-prep entry-utility-prep-cat-links\">Publicado en<\/span> <a href=\"https:\/\/c3t-utn.ar\/?cat=1\" rel=\"category\">Novedades<\/a>\t\t\t<\/span>\n\t\t\t<span class=\"meta-sep\">|<\/span>\n\t\t\t\t\t\t\t<span class=\"tag-links\">\n\t\t\t\t<span class=\"entry-utility-prep entry-utility-prep-tag-links\">Etiquetas<\/span> <a href=\"https:\/\/c3t-utn.ar\/?tag=cabotaje\" rel=\"tag\">Cabotaje<\/a>, <a href=\"https:\/\/c3t-utn.ar\/?tag=cargas\" rel=\"tag\">Cargas<\/a>, <a href=\"https:\/\/c3t-utn.ar\/?tag=empresas\" rel=\"tag\">Empresas<\/a>, <a href=\"https:\/\/c3t-utn.ar\/?tag=logistica\" rel=\"tag\">Log\u00edstica<\/a>, <a href=\"https:\/\/c3t-utn.ar\/?tag=ondat\" rel=\"tag\">ONDaT<\/a>, <a href=\"https:\/\/c3t-utn.ar\/?tag=transporte-automotor\" rel=\"tag\">Transporte automotor<\/a>\t\t\t<\/span>\n\t\t\t<!--<span class=\"meta-sep\">|<\/span>-->\n\t\t\t\t<!--<span class=\"comments-link\"><span>Comentarios desactivados<span class=\"screen-reader-text\"> en ONDaT: Nuevos cuadros sobre \u00edndices log\u00edsticos<\/span><\/span><\/span>-->\n\t\t\t<\/div>\n<\/div>\n<!-- \/\/ End of Post Wrap -->\n<!-- NOTE: If you need to make changes to this file, copy it to your current theme's main\n\tdirectory so your changes won't be overwritten when the plugin is upgraded. -->\n\n<!-- Start of Post Wrap -->\n<div class=\"post hentry ivycat-post\">\n\t<!-- This is the output of the post TITLE -->\n\t<h2 class=\"entry-title\"><a href=\"https:\/\/c3t-utn.ar\/?p=828\">Nuevo informe: \u00abEstudio del transporte p\u00fablico de pasajeros en ciudades de porte medio\u00bb <\/a><\/h2>\n\n\t<b><i>31 octubre, 2016<\/i><\/b> <!-- Agrego fecha en el POST. DAS 17\/10\/2017. Lo bajo una fila. DAS 07\/03\/2018-->\n\n\t<!-- This is the output of the META information -->\n\t<div class=\"entry-utility\">\n\t\t\t\t\t<span class=\"cat-links\">\n\t\t\t\t<span class=\"entry-utility-prep entry-utility-prep-cat-links\">Publicado en<\/span> <a href=\"https:\/\/c3t-utn.ar\/?cat=36\" rel=\"category\">Automotor<\/a>, <a href=\"https:\/\/c3t-utn.ar\/?cat=37\" rel=\"category\">Pasajeros<\/a>, <a href=\"https:\/\/c3t-utn.ar\/?cat=2\" rel=\"category\">Trabajos Publicados<\/a>\t\t\t<\/span>\n\t\t\t<span class=\"meta-sep\">|<\/span>\n\t\t\t\t\t\t\t<span class=\"tag-links\">\n\t\t\t\t<span class=\"entry-utility-prep entry-utility-prep-tag-links\">Etiquetas<\/span> <a href=\"https:\/\/c3t-utn.ar\/?tag=colectivos\" rel=\"tag\">Colectivos<\/a>, <a href=\"https:\/\/c3t-utn.ar\/?tag=distribucion-modal\" rel=\"tag\">Distribuci\u00f3n Modal<\/a>, <a href=\"https:\/\/c3t-utn.ar\/?tag=empresas\" rel=\"tag\">Empresas<\/a>, <a href=\"https:\/\/c3t-utn.ar\/?tag=gasto\" rel=\"tag\">Gasto<\/a>, <a href=\"https:\/\/c3t-utn.ar\/?tag=motovehiculos\" rel=\"tag\">Motoveh\u00edculos<\/a>, <a href=\"https:\/\/c3t-utn.ar\/?tag=parque-movil\" rel=\"tag\">Parque M\u00f3vil<\/a>, <a href=\"https:\/\/c3t-utn.ar\/?tag=pasajeros\" rel=\"tag\">Pasajeros<\/a>, <a href=\"https:\/\/c3t-utn.ar\/?tag=servicios-de-transporte-publico\" rel=\"tag\">Servicios de transporte p\u00fablico<\/a>, <a href=\"https:\/\/c3t-utn.ar\/?tag=subsidios\" rel=\"tag\">Subsidios<\/a>, <a href=\"https:\/\/c3t-utn.ar\/?tag=tasa-de-motorizacion\" rel=\"tag\">Tasa de Motorizacion<\/a>, <a href=\"https:\/\/c3t-utn.ar\/?tag=transito\" rel=\"tag\">Tr\u00e1nsito<\/a>, <a href=\"https:\/\/c3t-utn.ar\/?tag=transporte-automotor\" rel=\"tag\">Transporte automotor<\/a>, <a href=\"https:\/\/c3t-utn.ar\/?tag=urbano\" rel=\"tag\">Urbano<\/a>\t\t\t<\/span>\n\t\t\t<!--<span class=\"meta-sep\">|<\/span>-->\n\t\t\t\t<!--<span class=\"comments-link\"><span>Comentarios desactivados<span class=\"screen-reader-text\"> en Nuevo informe: \u00abEstudio del transporte p\u00fablico de pasajeros en ciudades de porte medio\u00bb<\/span><\/span><\/span>-->\n\t\t\t<\/div>\n<\/div>\n<!-- \/\/ End of Post Wrap -->\n<!-- NOTE: If you need to make changes to this file, copy it to your current theme's main\n\tdirectory so your changes won't be overwritten when the plugin is upgraded. -->\n\n<!-- Start of Post Wrap -->\n<div class=\"post hentry ivycat-post\">\n\t<!-- This is the output of the post TITLE -->\n\t<h2 class=\"entry-title\"><a href=\"https:\/\/c3t-utn.ar\/?p=821\">Actualizaci\u00f3n: Parque m\u00f3vil de los Servicios P\u00fablicos de Transporte de Pasajeros por \u00d3mnibus en la Argentina en el primer semestre de 2016 <\/a><\/h2>\n\n\t<b><i>3 octubre, 2016<\/i><\/b> <!-- Agrego fecha en el POST. DAS 17\/10\/2017. Lo bajo una fila. DAS 07\/03\/2018-->\n\n\t<!-- This is the output of the META information -->\n\t<div class=\"entry-utility\">\n\t\t\t\t\t<span class=\"cat-links\">\n\t\t\t\t<span class=\"entry-utility-prep entry-utility-prep-cat-links\">Publicado en<\/span> <a href=\"https:\/\/c3t-utn.ar\/?cat=1\" rel=\"category\">Novedades<\/a>\t\t\t<\/span>\n\t\t\t<span class=\"meta-sep\">|<\/span>\n\t\t\t\t\t\t\t<span class=\"tag-links\">\n\t\t\t\t<span class=\"entry-utility-prep entry-utility-prep-tag-links\">Etiquetas<\/span> <a href=\"https:\/\/c3t-utn.ar\/?tag=colectivos\" rel=\"tag\">Colectivos<\/a>, <a href=\"https:\/\/c3t-utn.ar\/?tag=empresas\" rel=\"tag\">Empresas<\/a>, <a href=\"https:\/\/c3t-utn.ar\/?tag=interurbano\" rel=\"tag\">Interurbano<\/a>, <a href=\"https:\/\/c3t-utn.ar\/?tag=jurisdiccion-nacional\" rel=\"tag\">Jurisdicci\u00f3n nacional<\/a>, <a href=\"https:\/\/c3t-utn.ar\/?tag=parque-movil\" rel=\"tag\">Parque M\u00f3vil<\/a>, <a href=\"https:\/\/c3t-utn.ar\/?tag=pasajeros\" rel=\"tag\">Pasajeros<\/a>, <a href=\"https:\/\/c3t-utn.ar\/?tag=servicios-de-transporte-publico\" rel=\"tag\">Servicios de transporte p\u00fablico<\/a>, <a href=\"https:\/\/c3t-utn.ar\/?tag=subsidios\" rel=\"tag\">Subsidios<\/a>, <a href=\"https:\/\/c3t-utn.ar\/?tag=transporte-automotor\" rel=\"tag\">Transporte automotor<\/a>, <a href=\"https:\/\/c3t-utn.ar\/?tag=urbano\" rel=\"tag\">Urbano<\/a>\t\t\t<\/span>\n\t\t\t<!--<span class=\"meta-sep\">|<\/span>-->\n\t\t\t\t<!--<span class=\"comments-link\"><span>Comentarios desactivados<span class=\"screen-reader-text\"> en Actualizaci\u00f3n: Parque m\u00f3vil de los Servicios P\u00fablicos de Transporte de Pasajeros por \u00d3mnibus en la Argentina en el primer semestre de 2016<\/span><\/span><\/span>-->\n\t\t\t<\/div>\n<\/div>\n<!-- \/\/ End of Post Wrap -->\n<!-- NOTE: If you need to make changes to this file, copy it to your current theme's main\n\tdirectory so your changes won't be overwritten when the plugin is upgraded. -->\n\n<!-- Start of Post Wrap -->\n<div class=\"post hentry ivycat-post\">\n\t<!-- This is the output of the post TITLE -->\n\t<h2 class=\"entry-title\"><a href=\"https:\/\/c3t-utn.ar\/?p=397\">Parque m\u00f3vil de los Servicios P\u00fablicos de Transporte de Pasajeros por \u00d3mnibus en la Argentina <\/a><\/h2>\n\n\t<b><i><\/i><\/b> <!-- Agrego fecha en el POST. DAS 17\/10\/2017. Lo bajo una fila. DAS 07\/03\/2018-->\n\n\t<!-- This is the output of the META information -->\n\t<div class=\"entry-utility\">\n\t\t\t\t\t<span class=\"cat-links\">\n\t\t\t\t<span class=\"entry-utility-prep entry-utility-prep-cat-links\">Publicado en<\/span> <a href=\"https:\/\/c3t-utn.ar\/?cat=92\" rel=\"category\">Otras publicaciones<\/a>\t\t\t<\/span>\n\t\t\t<span class=\"meta-sep\">|<\/span>\n\t\t\t\t\t\t\t<span class=\"tag-links\">\n\t\t\t\t<span class=\"entry-utility-prep entry-utility-prep-tag-links\">Etiquetas<\/span> <a href=\"https:\/\/c3t-utn.ar\/?tag=colectivos\" rel=\"tag\">Colectivos<\/a>, <a href=\"https:\/\/c3t-utn.ar\/?tag=empresas\" rel=\"tag\">Empresas<\/a>, <a href=\"https:\/\/c3t-utn.ar\/?tag=indicadores\" rel=\"tag\">Indicadores<\/a>, <a href=\"https:\/\/c3t-utn.ar\/?tag=interurbano\" rel=\"tag\">Interurbano<\/a>, <a href=\"https:\/\/c3t-utn.ar\/?tag=jurisdiccion-nacional\" rel=\"tag\">Jurisdicci\u00f3n nacional<\/a>, <a href=\"https:\/\/c3t-utn.ar\/?tag=parque-movil\" rel=\"tag\">Parque M\u00f3vil<\/a>, <a href=\"https:\/\/c3t-utn.ar\/?tag=pasajeros\" rel=\"tag\">Pasajeros<\/a>, <a href=\"https:\/\/c3t-utn.ar\/?tag=servicios-de-transporte-publico\" rel=\"tag\">Servicios de transporte p\u00fablico<\/a>, <a href=\"https:\/\/c3t-utn.ar\/?tag=subsidios\" rel=\"tag\">Subsidios<\/a>, <a href=\"https:\/\/c3t-utn.ar\/?tag=transporte-automotor\" rel=\"tag\">Transporte automotor<\/a>, <a href=\"https:\/\/c3t-utn.ar\/?tag=urbano\" rel=\"tag\">Urbano<\/a>\t\t\t<\/span>\n\t\t\t<!--<span class=\"meta-sep\">|<\/span>-->\n\t\t\t\t<!--<span class=\"comments-link\"><span>Comentarios desactivados<span class=\"screen-reader-text\"> en Parque m\u00f3vil de los Servicios P\u00fablicos de Transporte de Pasajeros por \u00d3mnibus en la Argentina<\/span><\/span><\/span>-->\n\t\t\t<\/div>\n<\/div>\n<!-- \/\/ End of Post Wrap -->\n<!-- NOTE: If you need to make changes to this file, copy it to your current theme's main\n\tdirectory so your changes won't be overwritten when the plugin is upgraded. -->\n\n<!-- Start of Post Wrap -->\n<div class=\"post hentry ivycat-post\">\n\t<!-- This is the output of the post TITLE -->\n\t<h2 class=\"entry-title\"><a href=\"https:\/\/c3t-utn.ar\/?p=816\">Ciclo de presentaci\u00f3n del ONDaT: viernes 30\/09 en la Universidad Nacional de Lan\u00fas <\/a><\/h2>\n\n\t<b><i>27 septiembre, 2016<\/i><\/b> <!-- Agrego fecha en el POST. DAS 17\/10\/2017. Lo bajo una fila. DAS 07\/03\/2018-->\n\n\t<!-- This is the output of the META information -->\n\t<div class=\"entry-utility\">\n\t\t\t\t\t<span class=\"cat-links\">\n\t\t\t\t<span class=\"entry-utility-prep entry-utility-prep-cat-links\">Publicado en<\/span> <a href=\"https:\/\/c3t-utn.ar\/?cat=1\" rel=\"category\">Novedades<\/a>\t\t\t<\/span>\n\t\t\t<span class=\"meta-sep\">|<\/span>\n\t\t\t\t\t\t\t<span class=\"tag-links\">\n\t\t\t\t<span class=\"entry-utility-prep entry-utility-prep-tag-links\">Etiquetas<\/span> <a href=\"https:\/\/c3t-utn.ar\/?tag=cargas\" rel=\"tag\">Cargas<\/a>, <a href=\"https:\/\/c3t-utn.ar\/?tag=informacion\" rel=\"tag\">Informaci\u00f3n<\/a>, <a href=\"https:\/\/c3t-utn.ar\/?tag=ondat\" rel=\"tag\">ONDaT<\/a>, <a href=\"https:\/\/c3t-utn.ar\/?tag=pasajeros\" rel=\"tag\">Pasajeros<\/a>, <a href=\"https:\/\/c3t-utn.ar\/?tag=universidad\" rel=\"tag\">Universidad<\/a>\t\t\t<\/span>\n\t\t\t<!--<span class=\"meta-sep\">|<\/span>-->\n\t\t\t\t<!--<span class=\"comments-link\"><span>Comentarios desactivados<span class=\"screen-reader-text\"> en Ciclo de presentaci\u00f3n del ONDaT: viernes 30\/09 en la Universidad Nacional de Lan\u00fas<\/span><\/span><\/span>-->\n\t\t\t<\/div>\n<\/div>\n<!-- \/\/ End of Post Wrap -->\n<!-- NOTE: If you need to make changes to this file, copy it to your current theme's main\n\tdirectory so your changes won't be overwritten when the plugin is upgraded. -->\n\n<!-- Start of Post Wrap -->\n<div class=\"post hentry ivycat-post\">\n\t<!-- This is the output of the post TITLE -->\n\t<h2 class=\"entry-title\"><a href=\"https:\/\/c3t-utn.ar\/?p=809\">Se\u00a0realiz\u00f3 la charla\u00a0\u201c\u00bfQu\u00e9 es el Observatorio Nacional de Datos de Transporte? Una herramienta para interpretar mejor la realidad\u201d <\/a><\/h2>\n\n\t<b><i>22 agosto, 2016<\/i><\/b> <!-- Agrego fecha en el POST. DAS 17\/10\/2017. Lo bajo una fila. DAS 07\/03\/2018-->\n\n\t<!-- This is the output of the META information -->\n\t<div class=\"entry-utility\">\n\t\t\t\t\t<span class=\"cat-links\">\n\t\t\t\t<span class=\"entry-utility-prep entry-utility-prep-cat-links\">Publicado en<\/span> <a href=\"https:\/\/c3t-utn.ar\/?cat=1\" rel=\"category\">Novedades<\/a>\t\t\t<\/span>\n\t\t\t<span class=\"meta-sep\">|<\/span>\n\t\t\t\t\t\t\t<span class=\"tag-links\">\n\t\t\t\t<span class=\"entry-utility-prep entry-utility-prep-tag-links\">Etiquetas<\/span> <a href=\"https:\/\/c3t-utn.ar\/?tag=cargas\" rel=\"tag\">Cargas<\/a>, <a href=\"https:\/\/c3t-utn.ar\/?tag=informacion\" rel=\"tag\">Informaci\u00f3n<\/a>, <a href=\"https:\/\/c3t-utn.ar\/?tag=ondat\" rel=\"tag\">ONDaT<\/a>, <a href=\"https:\/\/c3t-utn.ar\/?tag=pasajeros\" rel=\"tag\">Pasajeros<\/a>, <a href=\"https:\/\/c3t-utn.ar\/?tag=universidad\" rel=\"tag\">Universidad<\/a>\t\t\t<\/span>\n\t\t\t<!--<span class=\"meta-sep\">|<\/span>-->\n\t\t\t\t<!--<span class=\"comments-link\"><span>Comentarios desactivados<span class=\"screen-reader-text\"> en Se\u00a0realiz\u00f3 la charla\u00a0\u201c\u00bfQu\u00e9 es el Observatorio Nacional de Datos de Transporte? Una herramienta para interpretar mejor la realidad\u201d<\/span><\/span><\/span>-->\n\t\t\t<\/div>\n<\/div>\n<!-- \/\/ End of Post Wrap -->\n<!-- NOTE: If you need to make changes to this file, copy it to your current theme's main\n\tdirectory so your changes won't be overwritten when the plugin is upgraded. -->\n\n<!-- Start of Post Wrap -->\n<div class=\"post hentry ivycat-post\">\n\t<!-- This is the output of the post TITLE -->\n\t<h2 class=\"entry-title\"><a href=\"https:\/\/c3t-utn.ar\/?p=805\">Charla en el Facultad Regional Avellaneda: \u00ab\u00bfQu\u00e9 es el Observatorio Nacional de Datos de Transporte? Una herramienta para interpretar mejor la realidad\u00bb <\/a><\/h2>\n\n\t<b><i>10 agosto, 2016<\/i><\/b> <!-- Agrego fecha en el POST. DAS 17\/10\/2017. Lo bajo una fila. DAS 07\/03\/2018-->\n\n\t<!-- This is the output of the META information -->\n\t<div class=\"entry-utility\">\n\t\t\t\t\t<span class=\"cat-links\">\n\t\t\t\t<span class=\"entry-utility-prep entry-utility-prep-cat-links\">Publicado en<\/span> <a href=\"https:\/\/c3t-utn.ar\/?cat=1\" rel=\"category\">Novedades<\/a>\t\t\t<\/span>\n\t\t\t<span class=\"meta-sep\">|<\/span>\n\t\t\t\t\t\t\t<span class=\"tag-links\">\n\t\t\t\t<span class=\"entry-utility-prep entry-utility-prep-tag-links\">Etiquetas<\/span> <a href=\"https:\/\/c3t-utn.ar\/?tag=cargas\" rel=\"tag\">Cargas<\/a>, <a href=\"https:\/\/c3t-utn.ar\/?tag=informacion\" rel=\"tag\">Informaci\u00f3n<\/a>, <a href=\"https:\/\/c3t-utn.ar\/?tag=ondat\" rel=\"tag\">ONDaT<\/a>, <a href=\"https:\/\/c3t-utn.ar\/?tag=pasajeros\" rel=\"tag\">Pasajeros<\/a>, <a href=\"https:\/\/c3t-utn.ar\/?tag=universidad\" rel=\"tag\">Universidad<\/a>\t\t\t<\/span>\n\t\t\t<!--<span class=\"meta-sep\">|<\/span>-->\n\t\t\t\t<!--<span class=\"comments-link\"><span>Comentarios desactivados<span class=\"screen-reader-text\"> en Charla en el Facultad Regional Avellaneda: \u00ab\u00bfQu\u00e9 es el Observatorio Nacional de Datos de Transporte? Una herramienta para interpretar mejor la realidad\u00bb<\/span><\/span><\/span>-->\n\t\t\t<\/div>\n<\/div>\n<!-- \/\/ End of Post Wrap -->\n<!-- NOTE: If you need to make changes to this file, copy it to your current theme's main\n\tdirectory so your changes won't be overwritten when the plugin is upgraded. -->\n\n<!-- Start of Post Wrap -->\n<div class=\"post hentry ivycat-post\">\n\t<!-- This is the output of the post TITLE -->\n\t<h2 class=\"entry-title\"><a href=\"https:\/\/c3t-utn.ar\/?p=800\">ONDaT: Ampliaci\u00f3n y actualizaci\u00f3n de la entrada \u00abTransito Medio Diario Anual en Rutas Nacionales\u00bb <\/a><\/h2>\n\n\t<b><i>27 julio, 2016<\/i><\/b> <!-- Agrego fecha en el POST. DAS 17\/10\/2017. Lo bajo una fila. DAS 07\/03\/2018-->\n\n\t<!-- This is the output of the META information -->\n\t<div class=\"entry-utility\">\n\t\t\t\t\t<span class=\"cat-links\">\n\t\t\t\t<span class=\"entry-utility-prep entry-utility-prep-cat-links\">Publicado en<\/span> <a href=\"https:\/\/c3t-utn.ar\/?cat=1\" rel=\"category\">Novedades<\/a>\t\t\t<\/span>\n\t\t\t<span class=\"meta-sep\">|<\/span>\n\t\t\t\t\t\t\t<span class=\"tag-links\">\n\t\t\t\t<span class=\"entry-utility-prep entry-utility-prep-tag-links\">Etiquetas<\/span> <a href=\"https:\/\/c3t-utn.ar\/?tag=cargas\" rel=\"tag\">Cargas<\/a>, <a href=\"https:\/\/c3t-utn.ar\/?tag=informacion\" rel=\"tag\">Informaci\u00f3n<\/a>, <a href=\"https:\/\/c3t-utn.ar\/?tag=infraestructura\" rel=\"tag\">Infraestructura<\/a>, <a href=\"https:\/\/c3t-utn.ar\/?tag=interurbano\" rel=\"tag\">Interurbano<\/a>, <a href=\"https:\/\/c3t-utn.ar\/?tag=jurisdiccion-nacional\" rel=\"tag\">Jurisdicci\u00f3n nacional<\/a>, <a href=\"https:\/\/c3t-utn.ar\/?tag=puertos\" rel=\"tag\">Puertos<\/a>, <a href=\"https:\/\/c3t-utn.ar\/?tag=transporte-automotor\" rel=\"tag\">Transporte automotor<\/a>, <a href=\"https:\/\/c3t-utn.ar\/?tag=urbano\" rel=\"tag\">Urbano<\/a>\t\t\t<\/span>\n\t\t\t<!--<span class=\"meta-sep\">|<\/span>-->\n\t\t\t\t<!--<span class=\"comments-link\"><span>Comentarios desactivados<span class=\"screen-reader-text\"> en ONDaT: Ampliaci\u00f3n y actualizaci\u00f3n de la entrada \u00abTransito Medio Diario Anual en Rutas Nacionales\u00bb<\/span><\/span><\/span>-->\n\t\t\t<\/div>\n<\/div>\n<!-- \/\/ End of Post Wrap -->\n<!-- NOTE: If you need to make changes to this file, copy it to your current theme's main\n\tdirectory so your changes won't be overwritten when the plugin is upgraded. -->\n\n<!-- Start of Post Wrap -->\n<div class=\"post hentry ivycat-post\">\n\t<!-- This is the output of the post TITLE -->\n\t<h2 class=\"entry-title\"><a href=\"https:\/\/c3t-utn.ar\/?p=795\">Se realiz\u00f3 la Conferencia sobre \u201cLa huella de carbono\u201d en la UTN Avellaneda <\/a><\/h2>\n\n\t<b><i>29 abril, 2016<\/i><\/b> <!-- Agrego fecha en el POST. DAS 17\/10\/2017. Lo bajo una fila. DAS 07\/03\/2018-->\n\n\t<!-- This is the output of the META information -->\n\t<div class=\"entry-utility\">\n\t\t\t\t\t<span class=\"cat-links\">\n\t\t\t\t<span class=\"entry-utility-prep entry-utility-prep-cat-links\">Publicado en<\/span> <a href=\"https:\/\/c3t-utn.ar\/?cat=1\" rel=\"category\">Novedades<\/a>, <a href=\"https:\/\/c3t-utn.ar\/?cat=40\" rel=\"category\">Sustentable<\/a>, <a href=\"https:\/\/c3t-utn.ar\/?cat=2\" rel=\"category\">Trabajos Publicados<\/a>\t\t\t<\/span>\n\t\t\t<span class=\"meta-sep\">|<\/span>\n\t\t\t\t\t\t\t<span class=\"tag-links\">\n\t\t\t\t<span class=\"entry-utility-prep entry-utility-prep-tag-links\">Etiquetas<\/span> <a href=\"https:\/\/c3t-utn.ar\/?tag=colectivos\" rel=\"tag\">Colectivos<\/a>, <a href=\"https:\/\/c3t-utn.ar\/?tag=combustible\" rel=\"tag\">Combustible<\/a>, <a href=\"https:\/\/c3t-utn.ar\/?tag=energia\" rel=\"tag\">Energ\u00eda<\/a>, <a href=\"https:\/\/c3t-utn.ar\/?tag=intermodalidad\" rel=\"tag\">Intermodalidad<\/a>, <a href=\"https:\/\/c3t-utn.ar\/?tag=normativa\" rel=\"tag\">Normativa<\/a>, <a href=\"https:\/\/c3t-utn.ar\/?tag=pasajeros\" rel=\"tag\">Pasajeros<\/a>, <a href=\"https:\/\/c3t-utn.ar\/?tag=servicios-de-transporte-publico\" rel=\"tag\">Servicios de transporte p\u00fablico<\/a>, <a href=\"https:\/\/c3t-utn.ar\/?tag=trabajos_publicados_sustentable\" rel=\"tag\">Sustentable<\/a>, <a href=\"https:\/\/c3t-utn.ar\/?tag=transporte-automotor\" rel=\"tag\">Transporte automotor<\/a>, <a href=\"https:\/\/c3t-utn.ar\/?tag=transporte-ferroviario\" rel=\"tag\">Transporte ferroviario<\/a>, <a href=\"https:\/\/c3t-utn.ar\/?tag=urbano\" rel=\"tag\">Urbano<\/a>\t\t\t<\/span>\n\t\t\t<!--<span class=\"meta-sep\">|<\/span>-->\n\t\t\t\t<!--<span class=\"comments-link\"><span>Comentarios desactivados<span class=\"screen-reader-text\"> en Se realiz\u00f3 la Conferencia sobre \u201cLa huella de carbono\u201d en la UTN Avellaneda<\/span><\/span><\/span>-->\n\t\t\t<\/div>\n<\/div>\n<!-- \/\/ End of Post Wrap -->\n<!-- NOTE: If you need to make changes to this file, copy it to your current theme's main\n\tdirectory so your changes won't be overwritten when the plugin is upgraded. -->\n\n<!-- Start of Post Wrap -->\n<div class=\"post hentry ivycat-post\">\n\t<!-- This is the output of the post TITLE -->\n\t<h2 class=\"entry-title\"><a href=\"https:\/\/c3t-utn.ar\/?p=781\">Conferencia sobre \u201cLa huella de carbono\u201d en la Facultad Regional Avellaneda <\/a><\/h2>\n\n\t<b><i>16 abril, 2016<\/i><\/b> <!-- Agrego fecha en el POST. DAS 17\/10\/2017. Lo bajo una fila. DAS 07\/03\/2018-->\n\n\t<!-- This is the output of the META information -->\n\t<div class=\"entry-utility\">\n\t\t\t\t\t<span class=\"cat-links\">\n\t\t\t\t<span class=\"entry-utility-prep entry-utility-prep-cat-links\">Publicado en<\/span> <a href=\"https:\/\/c3t-utn.ar\/?cat=3\" rel=\"category\">Jornadas T\u00e9cnicas<\/a>, <a href=\"https:\/\/c3t-utn.ar\/?cat=1\" rel=\"category\">Novedades<\/a>\t\t\t<\/span>\n\t\t\t<span class=\"meta-sep\">|<\/span>\n\t\t\t\t\t\t\t<span class=\"tag-links\">\n\t\t\t\t<span class=\"entry-utility-prep entry-utility-prep-tag-links\">Etiquetas<\/span> <a href=\"https:\/\/c3t-utn.ar\/?tag=colectivos\" rel=\"tag\">Colectivos<\/a>, <a href=\"https:\/\/c3t-utn.ar\/?tag=combustible\" rel=\"tag\">Combustible<\/a>, <a href=\"https:\/\/c3t-utn.ar\/?tag=energia\" rel=\"tag\">Energ\u00eda<\/a>, <a href=\"https:\/\/c3t-utn.ar\/?tag=intermodalidad\" rel=\"tag\">Intermodalidad<\/a>, <a href=\"https:\/\/c3t-utn.ar\/?tag=normativa\" rel=\"tag\">Normativa<\/a>, <a href=\"https:\/\/c3t-utn.ar\/?tag=pasajeros\" rel=\"tag\">Pasajeros<\/a>, <a href=\"https:\/\/c3t-utn.ar\/?tag=servicios-de-transporte-publico\" rel=\"tag\">Servicios de transporte p\u00fablico<\/a>, <a href=\"https:\/\/c3t-utn.ar\/?tag=trabajos_publicados_sustentable\" rel=\"tag\">Sustentable<\/a>, <a href=\"https:\/\/c3t-utn.ar\/?tag=transporte-automotor\" rel=\"tag\">Transporte automotor<\/a>, <a href=\"https:\/\/c3t-utn.ar\/?tag=transporte-ferroviario\" rel=\"tag\">Transporte ferroviario<\/a>, <a href=\"https:\/\/c3t-utn.ar\/?tag=urbano\" rel=\"tag\">Urbano<\/a>\t\t\t<\/span>\n\t\t\t<!--<span class=\"meta-sep\">|<\/span>-->\n\t\t\t\t<!--<span class=\"comments-link\"><span>Comentarios desactivados<span class=\"screen-reader-text\"> en Conferencia sobre \u201cLa huella de carbono\u201d en la Facultad Regional Avellaneda<\/span><\/span><\/span>-->\n\t\t\t<\/div>\n<\/div>\n<!-- \/\/ End of Post Wrap -->\n<!-- NOTE: If you need to make changes to this file, copy it to your current theme's main\n\tdirectory so your changes won't be overwritten when the plugin is upgraded. -->\n\n<!-- Start of Post Wrap -->\n<div class=\"post hentry ivycat-post\">\n\t<!-- This is the output of the post TITLE -->\n\t<h2 class=\"entry-title\"><a href=\"https:\/\/c3t-utn.ar\/?p=777\">Maestr\u00eda en Planificaci\u00f3n y Gesti\u00f3n del Transporte UBA &#8211; Programa de Becas <\/a><\/h2>\n\n\t<b><i>29 marzo, 2016<\/i><\/b> <!-- Agrego fecha en el POST. DAS 17\/10\/2017. Lo bajo una fila. DAS 07\/03\/2018-->\n\n\t<!-- This is the output of the META information -->\n\t<div class=\"entry-utility\">\n\t\t\t\t\t<span class=\"cat-links\">\n\t\t\t\t<span class=\"entry-utility-prep entry-utility-prep-cat-links\">Publicado en<\/span> <a href=\"https:\/\/c3t-utn.ar\/?cat=1\" rel=\"category\">Novedades<\/a>\t\t\t<\/span>\n\t\t\t<span class=\"meta-sep\">|<\/span>\n\t\t\t\t\t\t<!--<span class=\"comments-link\"><span>Comentarios desactivados<span class=\"screen-reader-text\"> en Maestr\u00eda en Planificaci\u00f3n y Gesti\u00f3n del Transporte UBA &#8211; Programa de Becas<\/span><\/span><\/span>-->\n\t\t\t<\/div>\n<\/div>\n<!-- \/\/ End of Post Wrap -->\n<!-- NOTE: If you need to make changes to this file, copy it to your current theme's main\n\tdirectory so your changes won't be overwritten when the plugin is upgraded. -->\n\n<!-- Start of Post Wrap -->\n<div class=\"post hentry ivycat-post\">\n\t<!-- This is the output of the post TITLE -->\n\t<h2 class=\"entry-title\"><a href=\"https:\/\/c3t-utn.ar\/?p=771\">\u00abDe eso no se habla. El deseado renacer ferroviario de cargas y un posible impacto sobre el empleo camionero\u00bb <\/a><\/h2>\n\n\t<b><i>21 marzo, 2016<\/i><\/b> <!-- Agrego fecha en el POST. DAS 17\/10\/2017. Lo bajo una fila. DAS 07\/03\/2018-->\n\n\t<!-- This is the output of the META information -->\n\t<div class=\"entry-utility\">\n\t\t\t\t\t<span class=\"cat-links\">\n\t\t\t\t<span class=\"entry-utility-prep entry-utility-prep-cat-links\">Publicado en<\/span> <a href=\"https:\/\/c3t-utn.ar\/?cat=39\" rel=\"category\">Ferroviario<\/a>, <a href=\"https:\/\/c3t-utn.ar\/?cat=2\" rel=\"category\">Trabajos Publicados<\/a>\t\t\t<\/span>\n\t\t\t<span class=\"meta-sep\">|<\/span>\n\t\t\t\t\t\t\t<span class=\"tag-links\">\n\t\t\t\t<span class=\"entry-utility-prep entry-utility-prep-tag-links\">Etiquetas<\/span> <a href=\"https:\/\/c3t-utn.ar\/?tag=cargas\" rel=\"tag\">Cargas<\/a>, <a href=\"https:\/\/c3t-utn.ar\/?tag=distribucion-modal\" rel=\"tag\">Distribuci\u00f3n Modal<\/a>, <a href=\"https:\/\/c3t-utn.ar\/?tag=gasto\" rel=\"tag\">Gasto<\/a>, <a href=\"https:\/\/c3t-utn.ar\/?tag=intermodalidad\" rel=\"tag\">Intermodalidad<\/a>, <a href=\"https:\/\/c3t-utn.ar\/?tag=logistica\" rel=\"tag\">Log\u00edstica<\/a>, <a href=\"https:\/\/c3t-utn.ar\/?tag=transporte-automotor\" rel=\"tag\">Transporte automotor<\/a>, <a href=\"https:\/\/c3t-utn.ar\/?tag=transporte-ferroviario\" rel=\"tag\">Transporte ferroviario<\/a>, <a href=\"https:\/\/c3t-utn.ar\/?tag=trenes\" rel=\"tag\">Trenes<\/a>\t\t\t<\/span>\n\t\t\t<!--<span class=\"meta-sep\">|<\/span>-->\n\t\t\t\t<!--<span class=\"comments-link\"><span>Comentarios desactivados<span class=\"screen-reader-text\"> en \u00abDe eso no se habla. El deseado renacer ferroviario de cargas y un posible impacto sobre el empleo camionero\u00bb<\/span><\/span><\/span>-->\n\t\t\t<\/div>\n<\/div>\n<!-- \/\/ End of Post Wrap -->\n<!-- NOTE: If you need to make changes to this file, copy it to your current theme's main\n\tdirectory so your changes won't be overwritten when the plugin is upgraded. -->\n\n<!-- Start of Post Wrap -->\n<div class=\"post hentry ivycat-post\">\n\t<!-- This is the output of the post TITLE -->\n\t<h2 class=\"entry-title\"><a href=\"https:\/\/c3t-utn.ar\/?p=687\">Se present\u00f3 el trabajo \u201cDespoblamiento de peque\u00f1as localidades argentinas. \u00bfEs responsable el tren?\u201d <\/a><\/h2>\n\n\t<b><i>20 octubre, 2015<\/i><\/b> <!-- Agrego fecha en el POST. DAS 17\/10\/2017. Lo bajo una fila. DAS 07\/03\/2018-->\n\n\t<!-- This is the output of the META information -->\n\t<div class=\"entry-utility\">\n\t\t\t\t\t<span class=\"cat-links\">\n\t\t\t\t<span class=\"entry-utility-prep entry-utility-prep-cat-links\">Publicado en<\/span> <a href=\"https:\/\/c3t-utn.ar\/?cat=3\" rel=\"category\">Jornadas T\u00e9cnicas<\/a>, <a href=\"https:\/\/c3t-utn.ar\/?cat=1\" rel=\"category\">Novedades<\/a>\t\t\t<\/span>\n\t\t\t<span class=\"meta-sep\">|<\/span>\n\t\t\t\t\t\t\t<span class=\"tag-links\">\n\t\t\t\t<span class=\"entry-utility-prep entry-utility-prep-tag-links\">Etiquetas<\/span> <a href=\"https:\/\/c3t-utn.ar\/?tag=cabotaje\" rel=\"tag\">Cabotaje<\/a>, <a href=\"https:\/\/c3t-utn.ar\/?tag=cargas\" rel=\"tag\">Cargas<\/a>, <a href=\"https:\/\/c3t-utn.ar\/?tag=granos\" rel=\"tag\">Granos<\/a>, <a href=\"https:\/\/c3t-utn.ar\/?tag=historia\" rel=\"tag\">Historia<\/a>, <a href=\"https:\/\/c3t-utn.ar\/?tag=infraestructura\" rel=\"tag\">Infraestructura<\/a>, <a href=\"https:\/\/c3t-utn.ar\/?tag=interurbano\" rel=\"tag\">Interurbano<\/a>, <a href=\"https:\/\/c3t-utn.ar\/?tag=logistica\" rel=\"tag\">Log\u00edstica<\/a>, <a href=\"https:\/\/c3t-utn.ar\/?tag=pasajeros\" rel=\"tag\">Pasajeros<\/a>, <a href=\"https:\/\/c3t-utn.ar\/?tag=transporte-ferroviario\" rel=\"tag\">Transporte ferroviario<\/a>, <a href=\"https:\/\/c3t-utn.ar\/?tag=trenes\" rel=\"tag\">Trenes<\/a>\t\t\t<\/span>\n\t\t\t<!--<span class=\"meta-sep\">|<\/span>-->\n\t\t\t\t<!--<span class=\"comments-link\"><span>Comentarios desactivados<span class=\"screen-reader-text\"> en Se present\u00f3 el trabajo \u201cDespoblamiento de peque\u00f1as localidades argentinas. \u00bfEs responsable el tren?\u201d<\/span><\/span><\/span>-->\n\t\t\t<\/div>\n<\/div>\n<!-- \/\/ End of Post Wrap -->\n<!-- NOTE: If you need to make changes to this file, copy it to your current theme's main\n\tdirectory so your changes won't be overwritten when the plugin is upgraded. -->\n\n<!-- Start of Post Wrap -->\n<div class=\"post hentry ivycat-post\">\n\t<!-- This is the output of the post TITLE -->\n\t<h2 class=\"entry-title\"><a href=\"https:\/\/c3t-utn.ar\/?p=680\">25\u00aa Jornada T\u00e9cnica del C3T \u2013 UTN: \u201c\u201cDespoblamiento de peque\u00f1as localidades argentinas. \u00bfEs responsable el tren?\u201d \u201d <\/a><\/h2>\n\n\t<b><i>1 octubre, 2015<\/i><\/b> <!-- Agrego fecha en el POST. DAS 17\/10\/2017. Lo bajo una fila. DAS 07\/03\/2018-->\n\n\t<!-- This is the output of the META information -->\n\t<div class=\"entry-utility\">\n\t\t\t\t\t<span class=\"cat-links\">\n\t\t\t\t<span class=\"entry-utility-prep entry-utility-prep-cat-links\">Publicado en<\/span> <a href=\"https:\/\/c3t-utn.ar\/?cat=3\" rel=\"category\">Jornadas T\u00e9cnicas<\/a>, <a href=\"https:\/\/c3t-utn.ar\/?cat=1\" rel=\"category\">Novedades<\/a>\t\t\t<\/span>\n\t\t\t<span class=\"meta-sep\">|<\/span>\n\t\t\t\t\t\t\t<span class=\"tag-links\">\n\t\t\t\t<span class=\"entry-utility-prep entry-utility-prep-tag-links\">Etiquetas<\/span> <a href=\"https:\/\/c3t-utn.ar\/?tag=cargas\" rel=\"tag\">Cargas<\/a>, <a href=\"https:\/\/c3t-utn.ar\/?tag=historia\" rel=\"tag\">Historia<\/a>, <a href=\"https:\/\/c3t-utn.ar\/?tag=interurbano\" rel=\"tag\">Interurbano<\/a>, <a href=\"https:\/\/c3t-utn.ar\/?tag=pasajeros\" rel=\"tag\">Pasajeros<\/a>, <a href=\"https:\/\/c3t-utn.ar\/?tag=poblacion\" rel=\"tag\">Poblaci\u00f3n<\/a>, <a href=\"https:\/\/c3t-utn.ar\/?tag=transporte-ferroviario\" rel=\"tag\">Transporte ferroviario<\/a>, <a href=\"https:\/\/c3t-utn.ar\/?tag=trenes\" rel=\"tag\">Trenes<\/a>, <a href=\"https:\/\/c3t-utn.ar\/?tag=universidad\" rel=\"tag\">Universidad<\/a>\t\t\t<\/span>\n\t\t\t<!--<span class=\"meta-sep\">|<\/span>-->\n\t\t\t\t<!--<span class=\"comments-link\"><span>Comentarios desactivados<span class=\"screen-reader-text\"> en 25\u00aa Jornada T\u00e9cnica del C3T \u2013 UTN: \u201c\u201cDespoblamiento de peque\u00f1as localidades argentinas. \u00bfEs responsable el tren?\u201d \u201d<\/span><\/span><\/span>-->\n\t\t\t<\/div>\n<\/div>\n<!-- \/\/ End of Post Wrap -->\n<!-- NOTE: If you need to make changes to this file, copy it to your current theme's main\n\tdirectory so your changes won't be overwritten when the plugin is upgraded. -->\n\n<!-- Start of Post Wrap -->\n<div class=\"post hentry ivycat-post\">\n\t<!-- This is the output of the post TITLE -->\n\t<h2 class=\"entry-title\"><a href=\"https:\/\/c3t-utn.ar\/?p=675\">Nuevas actualizaciones del ONDaT: Movimiento de cargas y pasajeros por aeropuerto de Argentina &#8211; Ingreso y egreso anual de personas al territorio nacional por los pasos de mayor movimiento <\/a><\/h2>\n\n\t<b><i>15 septiembre, 2015<\/i><\/b> <!-- Agrego fecha en el POST. DAS 17\/10\/2017. Lo bajo una fila. DAS 07\/03\/2018-->\n\n\t<!-- This is the output of the META information -->\n\t<div class=\"entry-utility\">\n\t\t\t\t\t<span class=\"cat-links\">\n\t\t\t\t<span class=\"entry-utility-prep entry-utility-prep-cat-links\">Publicado en<\/span> <a href=\"https:\/\/c3t-utn.ar\/?cat=38\" rel=\"category\">Cargas<\/a>, <a href=\"https:\/\/c3t-utn.ar\/?cat=1\" rel=\"category\">Novedades<\/a>, <a href=\"https:\/\/c3t-utn.ar\/?cat=37\" rel=\"category\">Pasajeros<\/a>\t\t\t<\/span>\n\t\t\t<span class=\"meta-sep\">|<\/span>\n\t\t\t\t\t\t\t<span class=\"tag-links\">\n\t\t\t\t<span class=\"entry-utility-prep entry-utility-prep-tag-links\">Etiquetas<\/span> <a href=\"https:\/\/c3t-utn.ar\/?tag=cabotaje\" rel=\"tag\">Cabotaje<\/a>, <a href=\"https:\/\/c3t-utn.ar\/?tag=cargas\" rel=\"tag\">Cargas<\/a>, <a href=\"https:\/\/c3t-utn.ar\/?tag=colectivos\" rel=\"tag\">Colectivos<\/a>, <a href=\"https:\/\/c3t-utn.ar\/?tag=infraestructura\" rel=\"tag\">Infraestructura<\/a>, <a href=\"https:\/\/c3t-utn.ar\/?tag=interurbano\" rel=\"tag\">Interurbano<\/a>, <a href=\"https:\/\/c3t-utn.ar\/?tag=ondat\" rel=\"tag\">ONDaT<\/a>, <a href=\"https:\/\/c3t-utn.ar\/?tag=pasajeros\" rel=\"tag\">Pasajeros<\/a>, <a href=\"https:\/\/c3t-utn.ar\/?tag=transporte-aereo\" rel=\"tag\">Transporte a\u00e9reo<\/a>, <a href=\"https:\/\/c3t-utn.ar\/?tag=transporte-fluvial\" rel=\"tag\">Transporte Fluvial<\/a>, <a href=\"https:\/\/c3t-utn.ar\/?tag=urbano\" rel=\"tag\">Urbano<\/a>\t\t\t<\/span>\n\t\t\t<!--<span class=\"meta-sep\">|<\/span>-->\n\t\t\t\t<!--<span class=\"comments-link\"><span>Comentarios desactivados<span class=\"screen-reader-text\"> en Nuevas actualizaciones del ONDaT: Movimiento de cargas y pasajeros por aeropuerto de Argentina &#8211; Ingreso y egreso anual de personas al territorio nacional por los pasos de mayor movimiento<\/span><\/span><\/span>-->\n\t\t\t<\/div>\n<\/div>\n<!-- \/\/ End of Post Wrap -->\n<!-- NOTE: If you need to make changes to this file, copy it to your current theme's main\n\tdirectory so your changes won't be overwritten when the plugin is upgraded. -->\n\n<!-- Start of Post Wrap -->\n<div class=\"post hentry ivycat-post\">\n\t<!-- This is the output of the post TITLE -->\n\t<h2 class=\"entry-title\"><a href=\"https:\/\/c3t-utn.ar\/?p=677\">I Jornadas de Investigaci\u00f3n, Desarrollo e Innovaci\u00f3n <\/a><\/h2>\n\n\t<b><i>14 septiembre, 2015<\/i><\/b> <!-- Agrego fecha en el POST. DAS 17\/10\/2017. Lo bajo una fila. DAS 07\/03\/2018-->\n\n\t<!-- This is the output of the META information -->\n\t<div class=\"entry-utility\">\n\t\t\t\t\t<span class=\"cat-links\">\n\t\t\t\t<span class=\"entry-utility-prep entry-utility-prep-cat-links\">Publicado en<\/span> <a href=\"https:\/\/c3t-utn.ar\/?cat=1\" rel=\"category\">Novedades<\/a>\t\t\t<\/span>\n\t\t\t<span class=\"meta-sep\">|<\/span>\n\t\t\t\t\t\t\t<span class=\"tag-links\">\n\t\t\t\t<span class=\"entry-utility-prep entry-utility-prep-tag-links\">Etiquetas<\/span> <a href=\"https:\/\/c3t-utn.ar\/?tag=informacion\" rel=\"tag\">Informaci\u00f3n<\/a>, <a href=\"https:\/\/c3t-utn.ar\/?tag=investigacion\" rel=\"tag\">Investigaci\u00f3n<\/a>\t\t\t<\/span>\n\t\t\t<!--<span class=\"meta-sep\">|<\/span>-->\n\t\t\t\t<!--<span class=\"comments-link\"><span>Comentarios desactivados<span class=\"screen-reader-text\"> en I Jornadas de Investigaci\u00f3n, Desarrollo e Innovaci\u00f3n<\/span><\/span><\/span>-->\n\t\t\t<\/div>\n<\/div>\n<!-- \/\/ End of Post Wrap -->\n<!-- NOTE: If you need to make changes to this file, copy it to your current theme's main\n\tdirectory so your changes won't be overwritten when the plugin is upgraded. -->\n\n<!-- Start of Post Wrap -->\n<div class=\"post hentry ivycat-post\">\n\t<!-- This is the output of the post TITLE -->\n\t<h2 class=\"entry-title\"><a href=\"https:\/\/c3t-utn.ar\/?p=673\">La UTN present\u00f3 una propuesta integral para el transporte p\u00fablico de Azul <\/a><\/h2>\n\n\t<b><i>11 septiembre, 2015<\/i><\/b> <!-- Agrego fecha en el POST. DAS 17\/10\/2017. Lo bajo una fila. DAS 07\/03\/2018-->\n\n\t<!-- This is the output of the META information -->\n\t<div class=\"entry-utility\">\n\t\t\t\t\t<span class=\"cat-links\">\n\t\t\t\t<span class=\"entry-utility-prep entry-utility-prep-cat-links\">Publicado en<\/span> <a href=\"https:\/\/c3t-utn.ar\/?cat=1\" rel=\"category\">Novedades<\/a>\t\t\t<\/span>\n\t\t\t<span class=\"meta-sep\">|<\/span>\n\t\t\t\t\t\t\t<span class=\"tag-links\">\n\t\t\t\t<span class=\"entry-utility-prep entry-utility-prep-tag-links\">Etiquetas<\/span> <a href=\"https:\/\/c3t-utn.ar\/?tag=colectivos\" rel=\"tag\">Colectivos<\/a>, <a href=\"https:\/\/c3t-utn.ar\/?tag=intermodalidad\" rel=\"tag\">Intermodalidad<\/a>, <a href=\"https:\/\/c3t-utn.ar\/?tag=movilidad\" rel=\"tag\">Movilidad<\/a>, <a href=\"https:\/\/c3t-utn.ar\/?tag=normativa\" rel=\"tag\">Normativa<\/a>, <a href=\"https:\/\/c3t-utn.ar\/?tag=pasajeros\" rel=\"tag\">Pasajeros<\/a>, <a href=\"https:\/\/c3t-utn.ar\/?tag=servicios-de-transporte-publico\" rel=\"tag\">Servicios de transporte p\u00fablico<\/a>, <a href=\"https:\/\/c3t-utn.ar\/?tag=transito\" rel=\"tag\">Tr\u00e1nsito<\/a>, <a href=\"https:\/\/c3t-utn.ar\/?tag=transporte-automotor\" rel=\"tag\">Transporte automotor<\/a>, <a href=\"https:\/\/c3t-utn.ar\/?tag=urbano\" rel=\"tag\">Urbano<\/a>\t\t\t<\/span>\n\t\t\t<!--<span class=\"meta-sep\">|<\/span>-->\n\t\t\t\t<!--<span class=\"comments-link\"><span>Comentarios desactivados<span class=\"screen-reader-text\"> en La UTN present\u00f3 una propuesta integral para el transporte p\u00fablico de Azul<\/span><\/span><\/span>-->\n\t\t\t<\/div>\n<\/div>\n<!-- \/\/ End of Post Wrap -->\n<!-- NOTE: If you need to make changes to this file, copy it to your current theme's main\n\tdirectory so your changes won't be overwritten when the plugin is upgraded. -->\n\n<!-- Start of Post Wrap -->\n<div class=\"post hentry ivycat-post\">\n\t<!-- This is the output of the post TITLE -->\n\t<h2 class=\"entry-title\"><a href=\"https:\/\/c3t-utn.ar\/?p=661\">Parque m\u00f3vil de los Servicios P\u00fablicos de Transporte de Pasajeros por \u00d3mnibus en la Argentina en el primer semestre de 2015 <\/a><\/h2>\n\n\t<b><i>27 agosto, 2015<\/i><\/b> <!-- Agrego fecha en el POST. DAS 17\/10\/2017. Lo bajo una fila. DAS 07\/03\/2018-->\n\n\t<!-- This is the output of the META information -->\n\t<div class=\"entry-utility\">\n\t\t\t\t\t<span class=\"cat-links\">\n\t\t\t\t<span class=\"entry-utility-prep entry-utility-prep-cat-links\">Publicado en<\/span> <a href=\"https:\/\/c3t-utn.ar\/?cat=1\" rel=\"category\">Novedades<\/a>\t\t\t<\/span>\n\t\t\t<span class=\"meta-sep\">|<\/span>\n\t\t\t\t\t\t\t<span class=\"tag-links\">\n\t\t\t\t<span class=\"entry-utility-prep entry-utility-prep-tag-links\">Etiquetas<\/span> <a href=\"https:\/\/c3t-utn.ar\/?tag=colectivos\" rel=\"tag\">Colectivos<\/a>, <a href=\"https:\/\/c3t-utn.ar\/?tag=empresas\" rel=\"tag\">Empresas<\/a>, <a href=\"https:\/\/c3t-utn.ar\/?tag=interurbano\" rel=\"tag\">Interurbano<\/a>, <a href=\"https:\/\/c3t-utn.ar\/?tag=jurisdiccion-nacional\" rel=\"tag\">Jurisdicci\u00f3n nacional<\/a>, <a href=\"https:\/\/c3t-utn.ar\/?tag=parque-movil\" rel=\"tag\">Parque M\u00f3vil<\/a>, <a href=\"https:\/\/c3t-utn.ar\/?tag=pasajeros\" rel=\"tag\">Pasajeros<\/a>, <a href=\"https:\/\/c3t-utn.ar\/?tag=servicios-de-transporte-publico\" rel=\"tag\">Servicios de transporte p\u00fablico<\/a>, <a href=\"https:\/\/c3t-utn.ar\/?tag=subsidios\" rel=\"tag\">Subsidios<\/a>, <a href=\"https:\/\/c3t-utn.ar\/?tag=transporte-automotor\" rel=\"tag\">Transporte automotor<\/a>, <a href=\"https:\/\/c3t-utn.ar\/?tag=urbano\" rel=\"tag\">Urbano<\/a>\t\t\t<\/span>\n\t\t\t<!--<span class=\"meta-sep\">|<\/span>-->\n\t\t\t\t<!--<span class=\"comments-link\"><span>Comentarios desactivados<span class=\"screen-reader-text\"> en Parque m\u00f3vil de los Servicios P\u00fablicos de Transporte de Pasajeros por \u00d3mnibus en la Argentina en el primer semestre de 2015<\/span><\/span><\/span>-->\n\t\t\t<\/div>\n<\/div>\n<!-- \/\/ End of Post Wrap -->\n<!-- NOTE: If you need to make changes to this file, copy it to your current theme's main\n\tdirectory so your changes won't be overwritten when the plugin is upgraded. -->\n\n<!-- Start of Post Wrap -->\n<div class=\"post hentry ivycat-post\">\n\t<!-- This is the output of the post TITLE -->\n\t<h2 class=\"entry-title\"><a href=\"https:\/\/c3t-utn.ar\/?p=643\">24\u00aa Jornada T\u00e9cnica del C3T \u2013 UTN: \u00abEstrategias de gesti\u00f3n ferroviaria\u00bb <\/a><\/h2>\n\n\t<b><i>29 junio, 2015<\/i><\/b> <!-- Agrego fecha en el POST. DAS 17\/10\/2017. Lo bajo una fila. DAS 07\/03\/2018-->\n\n\t<!-- This is the output of the META information -->\n\t<div class=\"entry-utility\">\n\t\t\t\t\t<span class=\"cat-links\">\n\t\t\t\t<span class=\"entry-utility-prep entry-utility-prep-cat-links\">Publicado en<\/span> <a href=\"https:\/\/c3t-utn.ar\/?cat=3\" rel=\"category\">Jornadas T\u00e9cnicas<\/a>, <a href=\"https:\/\/c3t-utn.ar\/?cat=1\" rel=\"category\">Novedades<\/a>\t\t\t<\/span>\n\t\t\t<span class=\"meta-sep\">|<\/span>\n\t\t\t\t\t\t\t<span class=\"tag-links\">\n\t\t\t\t<span class=\"entry-utility-prep entry-utility-prep-tag-links\">Etiquetas<\/span> <a href=\"https:\/\/c3t-utn.ar\/?tag=cargas\" rel=\"tag\">Cargas<\/a>, <a href=\"https:\/\/c3t-utn.ar\/?tag=logistica\" rel=\"tag\">Log\u00edstica<\/a>, <a href=\"https:\/\/c3t-utn.ar\/?tag=normativa\" rel=\"tag\">Normativa<\/a>, <a href=\"https:\/\/c3t-utn.ar\/?tag=pasajeros\" rel=\"tag\">Pasajeros<\/a>, <a href=\"https:\/\/c3t-utn.ar\/?tag=transporte-ferroviario\" rel=\"tag\">Transporte ferroviario<\/a>\t\t\t<\/span>\n\t\t\t<!--<span class=\"meta-sep\">|<\/span>-->\n\t\t\t\t<!--<span class=\"comments-link\"><span>Comentarios desactivados<span class=\"screen-reader-text\"> en 24\u00aa Jornada T\u00e9cnica del C3T \u2013 UTN: \u00abEstrategias de gesti\u00f3n ferroviaria\u00bb<\/span><\/span><\/span>-->\n\t\t\t<\/div>\n<\/div>\n<!-- \/\/ End of Post Wrap -->\n<!-- NOTE: If you need to make changes to this file, copy it to your current theme's main\n\tdirectory so your changes won't be overwritten when the plugin is upgraded. -->\n\n<!-- Start of Post Wrap -->\n<div class=\"post hentry ivycat-post\">\n\t<!-- This is the output of the post TITLE -->\n\t<h2 class=\"entry-title\"><a href=\"https:\/\/c3t-utn.ar\/?p=629\">Serie \u00abLos Referentes\u00bb: Entrevista a Roberto Liatis <\/a><\/h2>\n\n\t<b><i>20 mayo, 2015<\/i><\/b> <!-- Agrego fecha en el POST. DAS 17\/10\/2017. Lo bajo una fila. DAS 07\/03\/2018-->\n\n\t<!-- This is the output of the META information -->\n\t<div class=\"entry-utility\">\n\t\t\t\t\t<span class=\"cat-links\">\n\t\t\t\t<span class=\"entry-utility-prep entry-utility-prep-cat-links\">Publicado en<\/span> <a href=\"https:\/\/c3t-utn.ar\/?cat=92\" rel=\"category\">Otras publicaciones<\/a>\t\t\t<\/span>\n\t\t\t<span class=\"meta-sep\">|<\/span>\n\t\t\t\t\t\t\t<span class=\"tag-links\">\n\t\t\t\t<span class=\"entry-utility-prep entry-utility-prep-tag-links\">Etiquetas<\/span> <a href=\"https:\/\/c3t-utn.ar\/?tag=cargas\" rel=\"tag\">Cargas<\/a>, <a href=\"https:\/\/c3t-utn.ar\/?tag=empresas\" rel=\"tag\">Empresas<\/a>, <a href=\"https:\/\/c3t-utn.ar\/?tag=gasto\" rel=\"tag\">Gasto<\/a>, <a href=\"https:\/\/c3t-utn.ar\/?tag=historia\" rel=\"tag\">Historia<\/a>, <a href=\"https:\/\/c3t-utn.ar\/?tag=intermodalidad\" rel=\"tag\">Intermodalidad<\/a>, <a href=\"https:\/\/c3t-utn.ar\/?tag=logistica\" rel=\"tag\">Log\u00edstica<\/a>, <a href=\"https:\/\/c3t-utn.ar\/?tag=transporte-automotor\" rel=\"tag\">Transporte automotor<\/a>\t\t\t<\/span>\n\t\t\t<!--<span class=\"meta-sep\">|<\/span>-->\n\t\t\t\t<!--<span class=\"comments-link\"><span>Comentarios desactivados<span class=\"screen-reader-text\"> en Serie \u00abLos Referentes\u00bb: Entrevista a Roberto Liatis<\/span><\/span><\/span>-->\n\t\t\t<\/div>\n<\/div>\n<!-- \/\/ End of Post Wrap -->\n<!-- NOTE: If you need to make changes to this file, copy it to your current theme's main\n\tdirectory so your changes won't be overwritten when the plugin is upgraded. -->\n\n<!-- Start of Post Wrap -->\n<div class=\"post hentry ivycat-post\">\n\t<!-- This is the output of the post TITLE -->\n\t<h2 class=\"entry-title\"><a href=\"https:\/\/c3t-utn.ar\/?p=625\">El C3T participar\u00e1 del Congreso Argentino de Transporte 2015 <\/a><\/h2>\n\n\t<b><i>18 mayo, 2015<\/i><\/b> <!-- Agrego fecha en el POST. DAS 17\/10\/2017. Lo bajo una fila. DAS 07\/03\/2018-->\n\n\t<!-- This is the output of the META information -->\n\t<div class=\"entry-utility\">\n\t\t\t\t\t<span class=\"cat-links\">\n\t\t\t\t<span class=\"entry-utility-prep entry-utility-prep-cat-links\">Publicado en<\/span> <a href=\"https:\/\/c3t-utn.ar\/?cat=1\" rel=\"category\">Novedades<\/a>\t\t\t<\/span>\n\t\t\t<span class=\"meta-sep\">|<\/span>\n\t\t\t\t\t\t\t<span class=\"tag-links\">\n\t\t\t\t<span class=\"entry-utility-prep entry-utility-prep-tag-links\">Etiquetas<\/span> <a href=\"https:\/\/c3t-utn.ar\/?tag=informacion\" rel=\"tag\">Informaci\u00f3n<\/a>, <a href=\"https:\/\/c3t-utn.ar\/?tag=universidad\" rel=\"tag\">Universidad<\/a>\t\t\t<\/span>\n\t\t\t<!--<span class=\"meta-sep\">|<\/span>-->\n\t\t\t\t<!--<span class=\"comments-link\"><span>Comentarios desactivados<span class=\"screen-reader-text\"> en El C3T participar\u00e1 del Congreso Argentino de Transporte 2015<\/span><\/span><\/span>-->\n\t\t\t<\/div>\n<\/div>\n<!-- \/\/ End of Post Wrap -->\n<!-- NOTE: If you need to make changes to this file, copy it to your current theme's main\n\tdirectory so your changes won't be overwritten when the plugin is upgraded. -->\n\n<!-- Start of Post Wrap -->\n<div class=\"post hentry ivycat-post\">\n\t<!-- This is the output of the post TITLE -->\n\t<h2 class=\"entry-title\"><a href=\"https:\/\/c3t-utn.ar\/?p=618\">Log\u00edstica Urbana en Motocicleta <\/a><\/h2>\n\n\t<b><i>4 mayo, 2015<\/i><\/b> <!-- Agrego fecha en el POST. DAS 17\/10\/2017. Lo bajo una fila. DAS 07\/03\/2018-->\n\n\t<!-- This is the output of the META information -->\n\t<div class=\"entry-utility\">\n\t\t\t\t\t<span class=\"cat-links\">\n\t\t\t\t<span class=\"entry-utility-prep entry-utility-prep-cat-links\">Publicado en<\/span> <a href=\"https:\/\/c3t-utn.ar\/?cat=42\" rel=\"category\">Apostillas T\u00e9cnicas<\/a>, <a href=\"https:\/\/c3t-utn.ar\/?cat=1\" rel=\"category\">Novedades<\/a>, <a href=\"https:\/\/c3t-utn.ar\/?cat=2\" rel=\"category\">Trabajos Publicados<\/a>\t\t\t<\/span>\n\t\t\t<span class=\"meta-sep\">|<\/span>\n\t\t\t\t\t\t\t<span class=\"tag-links\">\n\t\t\t\t<span class=\"entry-utility-prep entry-utility-prep-tag-links\">Etiquetas<\/span> <a href=\"https:\/\/c3t-utn.ar\/?tag=cargas\" rel=\"tag\">Cargas<\/a>, <a href=\"https:\/\/c3t-utn.ar\/?tag=logistica\" rel=\"tag\">Log\u00edstica<\/a>, <a href=\"https:\/\/c3t-utn.ar\/?tag=motovehiculos\" rel=\"tag\">Motoveh\u00edculos<\/a>, <a href=\"https:\/\/c3t-utn.ar\/?tag=normativa\" rel=\"tag\">Normativa<\/a>, <a href=\"https:\/\/c3t-utn.ar\/?tag=seguridad-vial\" rel=\"tag\">Seguridad vial<\/a>, <a href=\"https:\/\/c3t-utn.ar\/?tag=transporte-automotor\" rel=\"tag\">Transporte automotor<\/a>\t\t\t<\/span>\n\t\t\t<!--<span class=\"meta-sep\">|<\/span>-->\n\t\t\t\t<!--<span class=\"comments-link\"><span>Comentarios desactivados<span class=\"screen-reader-text\"> en Log\u00edstica Urbana en Motocicleta<\/span><\/span><\/span>-->\n\t\t\t<\/div>\n<\/div>\n<!-- \/\/ End of Post Wrap -->\n<!-- NOTE: If you need to make changes to this file, copy it to your current theme's main\n\tdirectory so your changes won't be overwritten when the plugin is upgraded. -->\n\n<!-- Start of Post Wrap -->\n<div class=\"post hentry ivycat-post\">\n\t<!-- This is the output of the post TITLE -->\n\t<h2 class=\"entry-title\"><a href=\"https:\/\/c3t-utn.ar\/?p=612\">El Observatorio Nacional de Datos de Transporte (ONDaT) alcanz\u00f3 los 1000 cuadros <\/a><\/h2>\n\n\t<b><i>20 abril, 2015<\/i><\/b> <!-- Agrego fecha en el POST. DAS 17\/10\/2017. Lo bajo una fila. DAS 07\/03\/2018-->\n\n\t<!-- This is the output of the META information -->\n\t<div class=\"entry-utility\">\n\t\t\t\t\t<span class=\"cat-links\">\n\t\t\t\t<span class=\"entry-utility-prep entry-utility-prep-cat-links\">Publicado en<\/span> <a href=\"https:\/\/c3t-utn.ar\/?cat=1\" rel=\"category\">Novedades<\/a>\t\t\t<\/span>\n\t\t\t<span class=\"meta-sep\">|<\/span>\n\t\t\t\t\t\t\t<span class=\"tag-links\">\n\t\t\t\t<span class=\"entry-utility-prep entry-utility-prep-tag-links\">Etiquetas<\/span> <a href=\"https:\/\/c3t-utn.ar\/?tag=agricultura\" rel=\"tag\">Agricultura<\/a>, <a href=\"https:\/\/c3t-utn.ar\/?tag=cabotaje\" rel=\"tag\">Cabotaje<\/a>, <a href=\"https:\/\/c3t-utn.ar\/?tag=cargas\" rel=\"tag\">Cargas<\/a>, <a href=\"https:\/\/c3t-utn.ar\/?tag=colectivos\" rel=\"tag\">Colectivos<\/a>, <a href=\"https:\/\/c3t-utn.ar\/?tag=combustible\" rel=\"tag\">Combustible<\/a>, <a href=\"https:\/\/c3t-utn.ar\/?tag=comercio-exterior\" rel=\"tag\">Comercio exterior<\/a>, <a href=\"https:\/\/c3t-utn.ar\/?tag=distribucion-modal\" rel=\"tag\">Distribuci\u00f3n Modal<\/a>, <a href=\"https:\/\/c3t-utn.ar\/?tag=empresas\" rel=\"tag\">Empresas<\/a>, <a href=\"https:\/\/c3t-utn.ar\/?tag=energia\" rel=\"tag\">Energ\u00eda<\/a>, <a href=\"https:\/\/c3t-utn.ar\/?tag=gasto\" rel=\"tag\">Gasto<\/a>, <a href=\"https:\/\/c3t-utn.ar\/?tag=granos\" rel=\"tag\">Granos<\/a>, <a href=\"https:\/\/c3t-utn.ar\/?tag=informacion\" rel=\"tag\">Informaci\u00f3n<\/a>, <a href=\"https:\/\/c3t-utn.ar\/?tag=infraestructura\" rel=\"tag\">Infraestructura<\/a>, <a href=\"https:\/\/c3t-utn.ar\/?tag=intermodalidad\" rel=\"tag\">Intermodalidad<\/a>, <a href=\"https:\/\/c3t-utn.ar\/?tag=interurbano\" rel=\"tag\">Interurbano<\/a>, <a href=\"https:\/\/c3t-utn.ar\/?tag=jurisdiccion-nacional\" rel=\"tag\">Jurisdicci\u00f3n nacional<\/a>, <a href=\"https:\/\/c3t-utn.ar\/?tag=logistica\" rel=\"tag\">Log\u00edstica<\/a>, <a href=\"https:\/\/c3t-utn.ar\/?tag=motovehiculos\" rel=\"tag\">Motoveh\u00edculos<\/a>, <a href=\"https:\/\/c3t-utn.ar\/?tag=parque-movil\" rel=\"tag\">Parque M\u00f3vil<\/a>, <a href=\"https:\/\/c3t-utn.ar\/?tag=pasajeros\" rel=\"tag\">Pasajeros<\/a>, <a href=\"https:\/\/c3t-utn.ar\/?tag=remises\" rel=\"tag\">Remises<\/a>, <a href=\"https:\/\/c3t-utn.ar\/?tag=servicios-de-transporte-publico\" rel=\"tag\">Servicios de transporte p\u00fablico<\/a>, <a href=\"https:\/\/c3t-utn.ar\/?tag=subsidios\" rel=\"tag\">Subsidios<\/a>, <a href=\"https:\/\/c3t-utn.ar\/?tag=subte\" rel=\"tag\">Subte<\/a>, <a href=\"https:\/\/c3t-utn.ar\/?tag=trabajos_publicados_sustentable\" rel=\"tag\">Sustentable<\/a>, <a href=\"https:\/\/c3t-utn.ar\/?tag=tasa-de-motorizacion\" rel=\"tag\">Tasa de Motorizacion<\/a>, <a href=\"https:\/\/c3t-utn.ar\/?tag=taxis\" rel=\"tag\">Taxis<\/a>, <a href=\"https:\/\/c3t-utn.ar\/?tag=transito\" rel=\"tag\">Tr\u00e1nsito<\/a>, <a href=\"https:\/\/c3t-utn.ar\/?tag=transporte-aereo\" rel=\"tag\">Transporte a\u00e9reo<\/a>, <a href=\"https:\/\/c3t-utn.ar\/?tag=transporte-automotor\" rel=\"tag\">Transporte automotor<\/a>, <a href=\"https:\/\/c3t-utn.ar\/?tag=transporte-ferroviario\" rel=\"tag\">Transporte ferroviario<\/a>, <a href=\"https:\/\/c3t-utn.ar\/?tag=transporte-fluvial\" rel=\"tag\">Transporte Fluvial<\/a>, <a href=\"https:\/\/c3t-utn.ar\/?tag=transporte-maritimo\" rel=\"tag\">Transporte mar\u00edtimo<\/a>, <a href=\"https:\/\/c3t-utn.ar\/?tag=trenes\" rel=\"tag\">Trenes<\/a>, <a href=\"https:\/\/c3t-utn.ar\/?tag=urbano\" rel=\"tag\">Urbano<\/a>\t\t\t<\/span>\n\t\t\t<!--<span class=\"meta-sep\">|<\/span>-->\n\t\t\t\t<!--<span class=\"comments-link\"><span>Comentarios desactivados<span class=\"screen-reader-text\"> en El Observatorio Nacional de Datos de Transporte (ONDaT) alcanz\u00f3 los 1000 cuadros<\/span><\/span><\/span>-->\n\t\t\t<\/div>\n<\/div>\n<!-- \/\/ End of Post Wrap -->\n<!-- NOTE: If you need to make changes to this file, copy it to your current theme's main\n\tdirectory so your changes won't be overwritten when the plugin is upgraded. -->\n\n<!-- Start of Post Wrap -->\n<div class=\"post hentry ivycat-post\">\n\t<!-- This is the output of the post TITLE -->\n\t<h2 class=\"entry-title\"><a href=\"https:\/\/c3t-utn.ar\/?p=592\">Se present\u00f3 el libro \u00abHistoria de la log\u00edstica en la Argentina. Desde la \u00e9poca prehisp\u00e1nica hasta 1914\u00bb <\/a><\/h2>\n\n\t<b><i><\/i><\/b> <!-- Agrego fecha en el POST. DAS 17\/10\/2017. Lo bajo una fila. DAS 07\/03\/2018-->\n\n\t<!-- This is the output of the META information -->\n\t<div class=\"entry-utility\">\n\t\t\t\t\t<span class=\"cat-links\">\n\t\t\t\t<span class=\"entry-utility-prep entry-utility-prep-cat-links\">Publicado en<\/span> <a href=\"https:\/\/c3t-utn.ar\/?cat=3\" rel=\"category\">Jornadas T\u00e9cnicas<\/a>, <a href=\"https:\/\/c3t-utn.ar\/?cat=1\" rel=\"category\">Novedades<\/a>, <a href=\"https:\/\/c3t-utn.ar\/?cat=2\" rel=\"category\">Trabajos Publicados<\/a>\t\t\t<\/span>\n\t\t\t<span class=\"meta-sep\">|<\/span>\n\t\t\t\t\t\t\t<span class=\"tag-links\">\n\t\t\t\t<span class=\"entry-utility-prep entry-utility-prep-tag-links\">Etiquetas<\/span> <a href=\"https:\/\/c3t-utn.ar\/?tag=cabotaje\" rel=\"tag\">Cabotaje<\/a>, <a href=\"https:\/\/c3t-utn.ar\/?tag=historia\" rel=\"tag\">Historia<\/a>, <a href=\"https:\/\/c3t-utn.ar\/?tag=logistica\" rel=\"tag\">Log\u00edstica<\/a>, <a href=\"https:\/\/c3t-utn.ar\/?tag=publicaciones\" rel=\"tag\">Publicaciones<\/a>, <a href=\"https:\/\/c3t-utn.ar\/?tag=universidad\" rel=\"tag\">Universidad<\/a>\t\t\t<\/span>\n\t\t\t<!--<span class=\"meta-sep\">|<\/span>-->\n\t\t\t\t<!--<span class=\"comments-link\"><span>Comentarios desactivados<span class=\"screen-reader-text\"> en Se present\u00f3 el libro \u00abHistoria de la log\u00edstica en la Argentina. Desde la \u00e9poca prehisp\u00e1nica hasta 1914\u00bb<\/span><\/span><\/span>-->\n\t\t\t<\/div>\n<\/div>\n<!-- \/\/ End of Post Wrap -->\n<!-- NOTE: If you need to make changes to this file, copy it to your current theme's main\n\tdirectory so your changes won't be overwritten when the plugin is upgraded. -->\n\n<!-- Start of Post Wrap -->\n<div class=\"post hentry ivycat-post\">\n\t<!-- This is the output of the post TITLE -->\n\t<h2 class=\"entry-title\"><a href=\"https:\/\/c3t-utn.ar\/?p=582\">Presentaci\u00f3n del libro: \u201cHistoria de la Log\u00edstica en la Argentina. Desde la \u00e9poca prehisp\u00e1nica hasta 1914\u201d <\/a><\/h2>\n\n\t<b><i>20 marzo, 2015<\/i><\/b> <!-- Agrego fecha en el POST. DAS 17\/10\/2017. Lo bajo una fila. DAS 07\/03\/2018-->\n\n\t<!-- This is the output of the META information -->\n\t<div class=\"entry-utility\">\n\t\t\t\t\t<span class=\"cat-links\">\n\t\t\t\t<span class=\"entry-utility-prep entry-utility-prep-cat-links\">Publicado en<\/span> <a href=\"https:\/\/c3t-utn.ar\/?cat=1\" rel=\"category\">Novedades<\/a>, <a href=\"https:\/\/c3t-utn.ar\/?cat=2\" rel=\"category\">Trabajos Publicados<\/a>\t\t\t<\/span>\n\t\t\t<span class=\"meta-sep\">|<\/span>\n\t\t\t\t\t\t\t<span class=\"tag-links\">\n\t\t\t\t<span class=\"entry-utility-prep entry-utility-prep-tag-links\">Etiquetas<\/span> <a href=\"https:\/\/c3t-utn.ar\/?tag=cargas\" rel=\"tag\">Cargas<\/a>, <a href=\"https:\/\/c3t-utn.ar\/?tag=historia\" rel=\"tag\">Historia<\/a>, <a href=\"https:\/\/c3t-utn.ar\/?tag=infraestructura\" rel=\"tag\">Infraestructura<\/a>, <a href=\"https:\/\/c3t-utn.ar\/?tag=intermodalidad\" rel=\"tag\">Intermodalidad<\/a>, <a href=\"https:\/\/c3t-utn.ar\/?tag=logistica\" rel=\"tag\">Log\u00edstica<\/a>, <a href=\"https:\/\/c3t-utn.ar\/?tag=universidad\" rel=\"tag\">Universidad<\/a>\t\t\t<\/span>\n\t\t\t<!--<span class=\"meta-sep\">|<\/span>-->\n\t\t\t\t<!--<span class=\"comments-link\"><span>Comentarios desactivados<span class=\"screen-reader-text\"> en Presentaci\u00f3n del libro: \u201cHistoria de la Log\u00edstica en la Argentina. Desde la \u00e9poca prehisp\u00e1nica hasta 1914\u201d<\/span><\/span><\/span>-->\n\t\t\t<\/div>\n<\/div>\n<!-- \/\/ End of Post Wrap -->\n<!-- NOTE: If you need to make changes to this file, copy it to your current theme's main\n\tdirectory so your changes won't be overwritten when the plugin is upgraded. -->\n\n<!-- Start of Post Wrap -->\n<div class=\"post hentry ivycat-post\">\n\t<!-- This is the output of the post TITLE -->\n\t<h2 class=\"entry-title\"><a href=\"https:\/\/c3t-utn.ar\/?p=576\">Nueva incorporaci\u00f3n al Observatorio Nacional de Datos de Transporte (ONDaT): \u201cTarifas indicativas para el transporte automotor de granos\u201d. <\/a><\/h2>\n\n\t<b><i>3 marzo, 2015<\/i><\/b> <!-- Agrego fecha en el POST. DAS 17\/10\/2017. Lo bajo una fila. DAS 07\/03\/2018-->\n\n\t<!-- This is the output of the META information -->\n\t<div class=\"entry-utility\">\n\t\t\t\t\t<span class=\"cat-links\">\n\t\t\t\t<span class=\"entry-utility-prep entry-utility-prep-cat-links\">Publicado en<\/span> <a href=\"https:\/\/c3t-utn.ar\/?cat=1\" rel=\"category\">Novedades<\/a>\t\t\t<\/span>\n\t\t\t<span class=\"meta-sep\">|<\/span>\n\t\t\t\t\t\t\t<span class=\"tag-links\">\n\t\t\t\t<span class=\"entry-utility-prep entry-utility-prep-tag-links\">Etiquetas<\/span> <a href=\"https:\/\/c3t-utn.ar\/?tag=agricultura\" rel=\"tag\">Agricultura<\/a>, <a href=\"https:\/\/c3t-utn.ar\/?tag=cabotaje\" rel=\"tag\">Cabotaje<\/a>, <a href=\"https:\/\/c3t-utn.ar\/?tag=cargas\" rel=\"tag\">Cargas<\/a>, <a href=\"https:\/\/c3t-utn.ar\/?tag=catac\" rel=\"tag\">CATAC<\/a>, <a href=\"https:\/\/c3t-utn.ar\/?tag=empresas\" rel=\"tag\">Empresas<\/a>, <a href=\"https:\/\/c3t-utn.ar\/?tag=fadeeac\" rel=\"tag\">FADEEAC<\/a>, <a href=\"https:\/\/c3t-utn.ar\/?tag=fetra\" rel=\"tag\">FETRA<\/a>, <a href=\"https:\/\/c3t-utn.ar\/?tag=granos\" rel=\"tag\">Granos<\/a>, <a href=\"https:\/\/c3t-utn.ar\/?tag=interurbano\" rel=\"tag\">Interurbano<\/a>, <a href=\"https:\/\/c3t-utn.ar\/?tag=secretaria-de-transporte\" rel=\"tag\">Secretar\u00eda de Transporte<\/a>, <a href=\"https:\/\/c3t-utn.ar\/?tag=transporte-automotor\" rel=\"tag\">Transporte automotor<\/a>\t\t\t<\/span>\n\t\t\t<!--<span class=\"meta-sep\">|<\/span>-->\n\t\t\t\t<!--<span class=\"comments-link\"><span>Comentarios desactivados<span class=\"screen-reader-text\"> en Nueva incorporaci\u00f3n al Observatorio Nacional de Datos de Transporte (ONDaT): \u201cTarifas indicativas para el transporte automotor de granos\u201d.<\/span><\/span><\/span>-->\n\t\t\t<\/div>\n<\/div>\n<!-- \/\/ End of Post Wrap -->\n<!-- NOTE: If you need to make changes to this file, copy it to your current theme's main\n\tdirectory so your changes won't be overwritten when the plugin is upgraded. -->\n\n<!-- Start of Post Wrap -->\n<div class=\"post hentry ivycat-post\">\n\t<!-- This is the output of the post TITLE -->\n\t<h2 class=\"entry-title\"><a href=\"https:\/\/c3t-utn.ar\/?p=564\">7\u00b0 Encuentro de Intercambio Profesional CEDOL <\/a><\/h2>\n\n\t<b><i>12 febrero, 2015<\/i><\/b> <!-- Agrego fecha en el POST. DAS 17\/10\/2017. Lo bajo una fila. DAS 07\/03\/2018-->\n\n\t<!-- This is the output of the META information -->\n\t<div class=\"entry-utility\">\n\t\t\t\t\t<span class=\"cat-links\">\n\t\t\t\t<span class=\"entry-utility-prep entry-utility-prep-cat-links\">Publicado en<\/span> <a href=\"https:\/\/c3t-utn.ar\/?cat=1\" rel=\"category\">Novedades<\/a>\t\t\t<\/span>\n\t\t\t<span class=\"meta-sep\">|<\/span>\n\t\t\t\t\t\t\t<span class=\"tag-links\">\n\t\t\t\t<span class=\"entry-utility-prep entry-utility-prep-tag-links\">Etiquetas<\/span> <a href=\"https:\/\/c3t-utn.ar\/?tag=cedol\" rel=\"tag\">CEDOL<\/a>, <a href=\"https:\/\/c3t-utn.ar\/?tag=logistica\" rel=\"tag\">Log\u00edstica<\/a>\t\t\t<\/span>\n\t\t\t<!--<span class=\"meta-sep\">|<\/span>-->\n\t\t\t\t<!--<span class=\"comments-link\"><span>Comentarios desactivados<span class=\"screen-reader-text\"> en 7\u00b0 Encuentro de Intercambio Profesional CEDOL<\/span><\/span><\/span>-->\n\t\t\t<\/div>\n<\/div>\n<!-- \/\/ End of Post Wrap -->\n<!-- NOTE: If you need to make changes to this file, copy it to your current theme's main\n\tdirectory so your changes won't be overwritten when the plugin is upgraded. -->\n\n<!-- Start of Post Wrap -->\n<div class=\"post hentry ivycat-post\">\n\t<!-- This is the output of the post TITLE -->\n\t<h2 class=\"entry-title\"><a href=\"https:\/\/c3t-utn.ar\/?p=570\">Parque m\u00f3vil de los Servicios P\u00fablicos de Transporte de Pasajeros por \u00d3mnibus en la Argentina en el segundo semestre de 2014 <\/a><\/h2>\n\n\t<b><i><\/i><\/b> <!-- Agrego fecha en el POST. DAS 17\/10\/2017. Lo bajo una fila. DAS 07\/03\/2018-->\n\n\t<!-- This is the output of the META information -->\n\t<div class=\"entry-utility\">\n\t\t\t\t\t<span class=\"cat-links\">\n\t\t\t\t<span class=\"entry-utility-prep entry-utility-prep-cat-links\">Publicado en<\/span> <a href=\"https:\/\/c3t-utn.ar\/?cat=1\" rel=\"category\">Novedades<\/a>\t\t\t<\/span>\n\t\t\t<span class=\"meta-sep\">|<\/span>\n\t\t\t\t\t\t\t<span class=\"tag-links\">\n\t\t\t\t<span class=\"entry-utility-prep entry-utility-prep-tag-links\">Etiquetas<\/span> <a href=\"https:\/\/c3t-utn.ar\/?tag=colectivos\" rel=\"tag\">Colectivos<\/a>, <a href=\"https:\/\/c3t-utn.ar\/?tag=empresas\" rel=\"tag\">Empresas<\/a>, <a href=\"https:\/\/c3t-utn.ar\/?tag=interurbano\" rel=\"tag\">Interurbano<\/a>, <a href=\"https:\/\/c3t-utn.ar\/?tag=jurisdiccion-nacional\" rel=\"tag\">Jurisdicci\u00f3n nacional<\/a>, <a href=\"https:\/\/c3t-utn.ar\/?tag=parque-movil\" rel=\"tag\">Parque M\u00f3vil<\/a>, <a href=\"https:\/\/c3t-utn.ar\/?tag=pasajeros\" rel=\"tag\">Pasajeros<\/a>, <a href=\"https:\/\/c3t-utn.ar\/?tag=servicios-de-transporte-publico\" rel=\"tag\">Servicios de transporte p\u00fablico<\/a>, <a href=\"https:\/\/c3t-utn.ar\/?tag=subsidios\" rel=\"tag\">Subsidios<\/a>, <a href=\"https:\/\/c3t-utn.ar\/?tag=transporte-automotor\" rel=\"tag\">Transporte automotor<\/a>, <a href=\"https:\/\/c3t-utn.ar\/?tag=urbano\" rel=\"tag\">Urbano<\/a>\t\t\t<\/span>\n\t\t\t<!--<span class=\"meta-sep\">|<\/span>-->\n\t\t\t\t<!--<span class=\"comments-link\"><span>Comentarios desactivados<span class=\"screen-reader-text\"> en Parque m\u00f3vil de los Servicios P\u00fablicos de Transporte de Pasajeros por \u00d3mnibus en la Argentina en el segundo semestre de 2014<\/span><\/span><\/span>-->\n\t\t\t<\/div>\n<\/div>\n<!-- \/\/ End of Post Wrap -->\n<!-- NOTE: If you need to make changes to this file, copy it to your current theme's main\n\tdirectory so your changes won't be overwritten when the plugin is upgraded. -->\n\n<!-- Start of Post Wrap -->\n<div class=\"post hentry ivycat-post\">\n\t<!-- This is the output of the post TITLE -->\n\t<h2 class=\"entry-title\"><a href=\"https:\/\/c3t-utn.ar\/?p=561\">ONDaT: \u00abExportaciones de granos, aceites y subproductos por puerto\u00bb <\/a><\/h2>\n\n\t<b><i>10 febrero, 2015<\/i><\/b> <!-- Agrego fecha en el POST. DAS 17\/10\/2017. Lo bajo una fila. DAS 07\/03\/2018-->\n\n\t<!-- This is the output of the META information -->\n\t<div class=\"entry-utility\">\n\t\t\t\t\t<span class=\"cat-links\">\n\t\t\t\t<span class=\"entry-utility-prep entry-utility-prep-cat-links\">Publicado en<\/span> <a href=\"https:\/\/c3t-utn.ar\/?cat=1\" rel=\"category\">Novedades<\/a>\t\t\t<\/span>\n\t\t\t<span class=\"meta-sep\">|<\/span>\n\t\t\t\t\t\t\t<span class=\"tag-links\">\n\t\t\t\t<span class=\"entry-utility-prep entry-utility-prep-tag-links\">Etiquetas<\/span> <a href=\"https:\/\/c3t-utn.ar\/?tag=agricultura\" rel=\"tag\">Agricultura<\/a>, <a href=\"https:\/\/c3t-utn.ar\/?tag=cargas\" rel=\"tag\">Cargas<\/a>, <a href=\"https:\/\/c3t-utn.ar\/?tag=comercio-exterior\" rel=\"tag\">Comercio exterior<\/a>, <a href=\"https:\/\/c3t-utn.ar\/?tag=granos\" rel=\"tag\">Granos<\/a>, <a href=\"https:\/\/c3t-utn.ar\/?tag=ondat\" rel=\"tag\">ONDaT<\/a>, <a href=\"https:\/\/c3t-utn.ar\/?tag=transporte-fluvial\" rel=\"tag\">Transporte Fluvial<\/a>, <a href=\"https:\/\/c3t-utn.ar\/?tag=transporte-maritimo\" rel=\"tag\">Transporte mar\u00edtimo<\/a>\t\t\t<\/span>\n\t\t\t<!--<span class=\"meta-sep\">|<\/span>-->\n\t\t\t\t<!--<span class=\"comments-link\"><span>Comentarios desactivados<span class=\"screen-reader-text\"> en ONDaT: \u00abExportaciones de granos, aceites y subproductos por puerto\u00bb<\/span><\/span><\/span>-->\n\t\t\t<\/div>\n<\/div>\n<!-- \/\/ End of Post Wrap -->\n<!-- NOTE: If you need to make changes to this file, copy it to your current theme's main\n\tdirectory so your changes won't be overwritten when the plugin is upgraded. -->\n\n<!-- Start of Post Wrap -->\n<div class=\"post hentry ivycat-post\">\n\t<!-- This is the output of the post TITLE -->\n\t<h2 class=\"entry-title\"><a href=\"https:\/\/c3t-utn.ar\/?p=552\">\u00abLongitud de la red nacional de caminos\u00bb: \u00faltimas actualizaciones en el Observatorio Nacional de Datos de Transporte (ONDaT) <\/a><\/h2>\n\n\t<b><i>4 febrero, 2015<\/i><\/b> <!-- Agrego fecha en el POST. DAS 17\/10\/2017. Lo bajo una fila. DAS 07\/03\/2018-->\n\n\t<!-- This is the output of the META information -->\n\t<div class=\"entry-utility\">\n\t\t\t\t\t<span class=\"cat-links\">\n\t\t\t\t<span class=\"entry-utility-prep entry-utility-prep-cat-links\">Publicado en<\/span> <a href=\"https:\/\/c3t-utn.ar\/?cat=1\" rel=\"category\">Novedades<\/a>\t\t\t<\/span>\n\t\t\t<span class=\"meta-sep\">|<\/span>\n\t\t\t\t\t\t\t<span class=\"tag-links\">\n\t\t\t\t<span class=\"entry-utility-prep entry-utility-prep-tag-links\">Etiquetas<\/span> <a href=\"https:\/\/c3t-utn.ar\/?tag=infraestructura\" rel=\"tag\">Infraestructura<\/a>, <a href=\"https:\/\/c3t-utn.ar\/?tag=rutas\" rel=\"tag\">Rutas<\/a>, <a href=\"https:\/\/c3t-utn.ar\/?tag=transporte-automotor\" rel=\"tag\">Transporte automotor<\/a>, <a href=\"https:\/\/c3t-utn.ar\/?tag=vialidad\" rel=\"tag\">Vialidad<\/a>\t\t\t<\/span>\n\t\t\t<!--<span class=\"meta-sep\">|<\/span>-->\n\t\t\t\t<!--<span class=\"comments-link\"><span>Comentarios desactivados<span class=\"screen-reader-text\"> en \u00abLongitud de la red nacional de caminos\u00bb: \u00faltimas actualizaciones en el Observatorio Nacional de Datos de Transporte (ONDaT)<\/span><\/span><\/span>-->\n\t\t\t<\/div>\n<\/div>\n<!-- \/\/ End of Post Wrap -->\n<!-- NOTE: If you need to make changes to this file, copy it to your current theme's main\n\tdirectory so your changes won't be overwritten when the plugin is upgraded. -->\n\n<!-- Start of Post Wrap -->\n<div class=\"post hentry ivycat-post\">\n\t<!-- This is the output of the post TITLE -->\n\t<h2 class=\"entry-title\"><a href=\"https:\/\/c3t-utn.ar\/?p=534\">\u00a1Bienvenido al nuevo sitio del C3T! <\/a><\/h2>\n\n\t<b><i>7 noviembre, 2014<\/i><\/b> <!-- Agrego fecha en el POST. DAS 17\/10\/2017. Lo bajo una fila. DAS 07\/03\/2018-->\n\n\t<!-- This is the output of the META information -->\n\t<div class=\"entry-utility\">\n\t\t\t\t\t<span class=\"cat-links\">\n\t\t\t\t<span class=\"entry-utility-prep entry-utility-prep-cat-links\">Publicado en<\/span> <a href=\"https:\/\/c3t-utn.ar\/?cat=1\" rel=\"category\">Novedades<\/a>\t\t\t<\/span>\n\t\t\t<span class=\"meta-sep\">|<\/span>\n\t\t\t\t\t\t<!--<span class=\"comments-link\"><span>Comentarios desactivados<span class=\"screen-reader-text\"> en \u00a1Bienvenido al nuevo sitio del C3T!<\/span><\/span><\/span>-->\n\t\t\t<\/div>\n<\/div>\n<!-- \/\/ End of Post Wrap -->\n<!-- NOTE: If you need to make changes to this file, copy it to your current theme's main\n\tdirectory so your changes won't be overwritten when the plugin is upgraded. -->\n\n<!-- Start of Post Wrap -->\n<div class=\"post hentry ivycat-post\">\n\t<!-- This is the output of the post TITLE -->\n\t<h2 class=\"entry-title\"><a href=\"https:\/\/c3t-utn.ar\/?p=540\">Informe sobre los servicios de transporte automotor de pasajeros de media y larga distancia en la provincia de Neuqu\u00e9n. An\u00e1lisis descriptivo de la situaci\u00f3n actual y en los \u00faltimos diez a\u00f1os <\/a><\/h2>\n\n\t<b><i>26 julio, 2014<\/i><\/b> <!-- Agrego fecha en el POST. DAS 17\/10\/2017. Lo bajo una fila. DAS 07\/03\/2018-->\n\n\t<!-- This is the output of the META information -->\n\t<div class=\"entry-utility\">\n\t\t\t\t\t<span class=\"cat-links\">\n\t\t\t\t<span class=\"entry-utility-prep entry-utility-prep-cat-links\">Publicado en<\/span> <a href=\"https:\/\/c3t-utn.ar\/?cat=37\" rel=\"category\">Pasajeros<\/a>, <a href=\"https:\/\/c3t-utn.ar\/?cat=2\" rel=\"category\">Trabajos Publicados<\/a>\t\t\t<\/span>\n\t\t\t<span class=\"meta-sep\">|<\/span>\n\t\t\t\t\t\t\t<span class=\"tag-links\">\n\t\t\t\t<span class=\"entry-utility-prep entry-utility-prep-tag-links\">Etiquetas<\/span> <a href=\"https:\/\/c3t-utn.ar\/?tag=colectivos\" rel=\"tag\">Colectivos<\/a>, <a href=\"https:\/\/c3t-utn.ar\/?tag=empresas\" rel=\"tag\">Empresas<\/a>, <a href=\"https:\/\/c3t-utn.ar\/?tag=gasto\" rel=\"tag\">Gasto<\/a>, <a href=\"https:\/\/c3t-utn.ar\/?tag=infraestructura\" rel=\"tag\">Infraestructura<\/a>, <a href=\"https:\/\/c3t-utn.ar\/?tag=interurbano\" rel=\"tag\">Interurbano<\/a>, <a href=\"https:\/\/c3t-utn.ar\/?tag=normativa\" rel=\"tag\">Normativa<\/a>, <a href=\"https:\/\/c3t-utn.ar\/?tag=pasajeros\" rel=\"tag\">Pasajeros<\/a>, <a href=\"https:\/\/c3t-utn.ar\/?tag=pbi\" rel=\"tag\">PBI<\/a>, <a href=\"https:\/\/c3t-utn.ar\/?tag=servicios-de-transporte-publico\" rel=\"tag\">Servicios de transporte p\u00fablico<\/a>, <a href=\"https:\/\/c3t-utn.ar\/?tag=subsidios\" rel=\"tag\">Subsidios<\/a>, <a href=\"https:\/\/c3t-utn.ar\/?tag=transito\" rel=\"tag\">Tr\u00e1nsito<\/a>, <a href=\"https:\/\/c3t-utn.ar\/?tag=transporte-automotor\" rel=\"tag\">Transporte automotor<\/a>\t\t\t<\/span>\n\t\t\t<!--<span class=\"meta-sep\">|<\/span>-->\n\t\t\t\t<!--<span class=\"comments-link\"><span>Comentarios desactivados<span class=\"screen-reader-text\"> en Informe sobre los servicios de transporte automotor de pasajeros de media y larga distancia en la provincia de Neuqu\u00e9n. An\u00e1lisis descriptivo de la situaci\u00f3n actual y en los \u00faltimos diez a\u00f1os<\/span><\/span><\/span>-->\n\t\t\t<\/div>\n<\/div>\n<!-- \/\/ End of Post Wrap -->\n<!-- NOTE: If you need to make changes to this file, copy it to your current theme's main\n\tdirectory so your changes won't be overwritten when the plugin is upgraded. -->\n\n<!-- Start of Post Wrap -->\n<div class=\"post hentry ivycat-post\">\n\t<!-- This is the output of the post TITLE -->\n\t<h2 class=\"entry-title\"><a href=\"https:\/\/c3t-utn.ar\/?p=157\">22\u00aa Jornada T\u00e9cnica en el C3T \u2013 UTN: \u00abEl subte a la Villa 31, \u00bfs\u00ed o no? La nueva traza de la l\u00ednea H en debate\u00bb <\/a><\/h2>\n\n\t<b><i>17 julio, 2014<\/i><\/b> <!-- Agrego fecha en el POST. DAS 17\/10\/2017. Lo bajo una fila. DAS 07\/03\/2018-->\n\n\t<!-- This is the output of the META information -->\n\t<div class=\"entry-utility\">\n\t\t\t\t\t<span class=\"cat-links\">\n\t\t\t\t<span class=\"entry-utility-prep entry-utility-prep-cat-links\">Publicado en<\/span> <a href=\"https:\/\/c3t-utn.ar\/?cat=3\" rel=\"category\">Jornadas T\u00e9cnicas<\/a>\t\t\t<\/span>\n\t\t\t<span class=\"meta-sep\">|<\/span>\n\t\t\t\t\t\t\t<span class=\"tag-links\">\n\t\t\t\t<span class=\"entry-utility-prep entry-utility-prep-tag-links\">Etiquetas<\/span> <a href=\"https:\/\/c3t-utn.ar\/?tag=infraestructura\" rel=\"tag\">Infraestructura<\/a>, <a href=\"https:\/\/c3t-utn.ar\/?tag=servicios-de-transporte-publico\" rel=\"tag\">Servicios de transporte p\u00fablico<\/a>, <a href=\"https:\/\/c3t-utn.ar\/?tag=subte\" rel=\"tag\">Subte<\/a>, <a href=\"https:\/\/c3t-utn.ar\/?tag=transporte-ferroviario\" rel=\"tag\">Transporte ferroviario<\/a>, <a href=\"https:\/\/c3t-utn.ar\/?tag=urbano\" rel=\"tag\">Urbano<\/a>\t\t\t<\/span>\n\t\t\t<!--<span class=\"meta-sep\">|<\/span>-->\n\t\t\t\t<!--<span class=\"comments-link\"><span>Comentarios desactivados<span class=\"screen-reader-text\"> en 22\u00aa Jornada T\u00e9cnica en el C3T \u2013 UTN: \u00abEl subte a la Villa 31, \u00bfs\u00ed o no? La nueva traza de la l\u00ednea H en debate\u00bb<\/span><\/span><\/span>-->\n\t\t\t<\/div>\n<\/div>\n<!-- \/\/ End of Post Wrap -->\n<!-- NOTE: If you need to make changes to this file, copy it to your current theme's main\n\tdirectory so your changes won't be overwritten when the plugin is upgraded. -->\n\n<!-- Start of Post Wrap -->\n<div class=\"post hentry ivycat-post\">\n\t<!-- This is the output of the post TITLE -->\n\t<h2 class=\"entry-title\"><a href=\"https:\/\/c3t-utn.ar\/?p=385\">Log\u00edstica verde: La importancia del conocimiento de la huella de carbono para una empresa de transporte <\/a><\/h2>\n\n\t<b><i>1 abril, 2014<\/i><\/b> <!-- Agrego fecha en el POST. DAS 17\/10\/2017. Lo bajo una fila. DAS 07\/03\/2018-->\n\n\t<!-- This is the output of the META information -->\n\t<div class=\"entry-utility\">\n\t\t\t\t\t<span class=\"cat-links\">\n\t\t\t\t<span class=\"entry-utility-prep entry-utility-prep-cat-links\">Publicado en<\/span> <a href=\"https:\/\/c3t-utn.ar\/?cat=40\" rel=\"category\">Sustentable<\/a>, <a href=\"https:\/\/c3t-utn.ar\/?cat=2\" rel=\"category\">Trabajos Publicados<\/a>\t\t\t<\/span>\n\t\t\t<span class=\"meta-sep\">|<\/span>\n\t\t\t\t\t\t\t<span class=\"tag-links\">\n\t\t\t\t<span class=\"entry-utility-prep entry-utility-prep-tag-links\">Etiquetas<\/span> <a href=\"https:\/\/c3t-utn.ar\/?tag=combustible\" rel=\"tag\">Combustible<\/a>, <a href=\"https:\/\/c3t-utn.ar\/?tag=energia\" rel=\"tag\">Energ\u00eda<\/a>, <a href=\"https:\/\/c3t-utn.ar\/?tag=gasto\" rel=\"tag\">Gasto<\/a>, <a href=\"https:\/\/c3t-utn.ar\/?tag=trabajos_publicados_sustentable\" rel=\"tag\">Sustentable<\/a>, <a href=\"https:\/\/c3t-utn.ar\/?tag=transporte-automotor\" rel=\"tag\">Transporte automotor<\/a>\t\t\t<\/span>\n\t\t\t<!--<span class=\"meta-sep\">|<\/span>-->\n\t\t\t\t<!--<span class=\"comments-link\"><span>Comentarios desactivados<span class=\"screen-reader-text\"> en Log\u00edstica verde: La importancia del conocimiento de la huella de carbono para una empresa de transporte<\/span><\/span><\/span>-->\n\t\t\t<\/div>\n<\/div>\n<!-- \/\/ End of Post Wrap -->\n<!-- NOTE: If you need to make changes to this file, copy it to your current theme's main\n\tdirectory so your changes won't be overwritten when the plugin is upgraded. -->\n\n<!-- Start of Post Wrap -->\n<div class=\"post hentry ivycat-post\">\n\t<!-- This is the output of the post TITLE -->\n\t<h2 class=\"entry-title\"><a href=\"https:\/\/c3t-utn.ar\/?p=270\">Hogares unipersonales: impacto sobre el transporte.  Actualizaci\u00f3n con los datos del Censo de Poblaci\u00f3n de 2010 <\/a><\/h2>\n\n\t<b><i><\/i><\/b> <!-- Agrego fecha en el POST. DAS 17\/10\/2017. Lo bajo una fila. DAS 07\/03\/2018-->\n\n\t<!-- This is the output of the META information -->\n\t<div class=\"entry-utility\">\n\t\t\t\t\t<span class=\"cat-links\">\n\t\t\t\t<span class=\"entry-utility-prep entry-utility-prep-cat-links\">Publicado en<\/span> <a href=\"https:\/\/c3t-utn.ar\/?cat=42\" rel=\"category\">Apostillas T\u00e9cnicas<\/a>, <a href=\"https:\/\/c3t-utn.ar\/?cat=2\" rel=\"category\">Trabajos Publicados<\/a>\t\t\t<\/span>\n\t\t\t<span class=\"meta-sep\">|<\/span>\n\t\t\t\t\t\t\t<span class=\"tag-links\">\n\t\t\t\t<span class=\"entry-utility-prep entry-utility-prep-tag-links\">Etiquetas<\/span> <a href=\"https:\/\/c3t-utn.ar\/?tag=gasto\" rel=\"tag\">Gasto<\/a>, <a href=\"https:\/\/c3t-utn.ar\/?tag=pbi\" rel=\"tag\">PBI<\/a>, <a href=\"https:\/\/c3t-utn.ar\/?tag=tasa-de-motorizacion\" rel=\"tag\">Tasa de Motorizacion<\/a>, <a href=\"https:\/\/c3t-utn.ar\/?tag=transito\" rel=\"tag\">Tr\u00e1nsito<\/a>, <a href=\"https:\/\/c3t-utn.ar\/?tag=transporte-automotor\" rel=\"tag\">Transporte automotor<\/a>, <a href=\"https:\/\/c3t-utn.ar\/?tag=urbano\" rel=\"tag\">Urbano<\/a>\t\t\t<\/span>\n\t\t\t<!--<span class=\"meta-sep\">|<\/span>-->\n\t\t\t\t<!--<span class=\"comments-link\"><span>Comentarios desactivados<span class=\"screen-reader-text\"> en Hogares unipersonales: impacto sobre el transporte.  Actualizaci\u00f3n con los datos del Censo de Poblaci\u00f3n de 2010<\/span><\/span><\/span>-->\n\t\t\t<\/div>\n<\/div>\n<!-- \/\/ End of Post Wrap -->\n<!-- NOTE: If you need to make changes to this file, copy it to your current theme's main\n\tdirectory so your changes won't be overwritten when the plugin is upgraded. -->\n\n<!-- Start of Post Wrap -->\n<div class=\"post hentry ivycat-post\">\n\t<!-- This is the output of the post TITLE -->\n\t<h2 class=\"entry-title\"><a href=\"https:\/\/c3t-utn.ar\/?p=369\">Ferrocarriles en la Argentina: red hist\u00f3rica completa. Estado de situaci\u00f3n al a\u00f1o 2009. <\/a><\/h2>\n\n\t<b><i>1 enero, 2014<\/i><\/b> <!-- Agrego fecha en el POST. DAS 17\/10\/2017. Lo bajo una fila. DAS 07\/03\/2018-->\n\n\t<!-- This is the output of the META information -->\n\t<div class=\"entry-utility\">\n\t\t\t\t\t<span class=\"cat-links\">\n\t\t\t\t<span class=\"entry-utility-prep entry-utility-prep-cat-links\">Publicado en<\/span> <a href=\"https:\/\/c3t-utn.ar\/?cat=39\" rel=\"category\">Ferroviario<\/a>, <a href=\"https:\/\/c3t-utn.ar\/?cat=2\" rel=\"category\">Trabajos Publicados<\/a>\t\t\t<\/span>\n\t\t\t<span class=\"meta-sep\">|<\/span>\n\t\t\t\t\t\t\t<span class=\"tag-links\">\n\t\t\t\t<span class=\"entry-utility-prep entry-utility-prep-tag-links\">Etiquetas<\/span> <a href=\"https:\/\/c3t-utn.ar\/?tag=cargas\" rel=\"tag\">Cargas<\/a>, <a href=\"https:\/\/c3t-utn.ar\/?tag=infraestructura\" rel=\"tag\">Infraestructura<\/a>, <a href=\"https:\/\/c3t-utn.ar\/?tag=interurbano\" rel=\"tag\">Interurbano<\/a>, <a href=\"https:\/\/c3t-utn.ar\/?tag=pasajeros\" rel=\"tag\">Pasajeros<\/a>, <a href=\"https:\/\/c3t-utn.ar\/?tag=transporte-ferroviario\" rel=\"tag\">Transporte ferroviario<\/a>, <a href=\"https:\/\/c3t-utn.ar\/?tag=trenes\" rel=\"tag\">Trenes<\/a>\t\t\t<\/span>\n\t\t\t<!--<span class=\"meta-sep\">|<\/span>-->\n\t\t\t\t<!--<span class=\"comments-link\"><span>Comentarios desactivados<span class=\"screen-reader-text\"> en Ferrocarriles en la Argentina: red hist\u00f3rica completa. Estado de situaci\u00f3n al a\u00f1o 2009.<\/span><\/span><\/span>-->\n\t\t\t<\/div>\n<\/div>\n<!-- \/\/ End of Post Wrap -->\n<!-- NOTE: If you need to make changes to this file, copy it to your current theme's main\n\tdirectory so your changes won't be overwritten when the plugin is upgraded. -->\n\n<!-- Start of Post Wrap -->\n<div class=\"post hentry ivycat-post\">\n\t<!-- This is the output of the post TITLE -->\n\t<h2 class=\"entry-title\"><a href=\"https:\/\/c3t-utn.ar\/?p=391\">Sistema ferroviario de carga:  \u00bfIntegraci\u00f3n vertical de las empresas o separaci\u00f3n entre \u201cInfraestructura y Operaci\u00f3n\u201d? <\/a><\/h2>\n\n\t<b><i>1 diciembre, 2013<\/i><\/b> <!-- Agrego fecha en el POST. DAS 17\/10\/2017. Lo bajo una fila. DAS 07\/03\/2018-->\n\n\t<!-- This is the output of the META information -->\n\t<div class=\"entry-utility\">\n\t\t\t\t\t<span class=\"cat-links\">\n\t\t\t\t<span class=\"entry-utility-prep entry-utility-prep-cat-links\">Publicado en<\/span> <a href=\"https:\/\/c3t-utn.ar\/?cat=92\" rel=\"category\">Otras publicaciones<\/a>\t\t\t<\/span>\n\t\t\t<span class=\"meta-sep\">|<\/span>\n\t\t\t\t\t\t\t<span class=\"tag-links\">\n\t\t\t\t<span class=\"entry-utility-prep entry-utility-prep-tag-links\">Etiquetas<\/span> <a href=\"https:\/\/c3t-utn.ar\/?tag=cargas\" rel=\"tag\">Cargas<\/a>, <a href=\"https:\/\/c3t-utn.ar\/?tag=debates\" rel=\"tag\">Debates<\/a>, <a href=\"https:\/\/c3t-utn.ar\/?tag=empresas\" rel=\"tag\">Empresas<\/a>, <a href=\"https:\/\/c3t-utn.ar\/?tag=infraestructura\" rel=\"tag\">Infraestructura<\/a>, <a href=\"https:\/\/c3t-utn.ar\/?tag=intermodalidad\" rel=\"tag\">Intermodalidad<\/a>, <a href=\"https:\/\/c3t-utn.ar\/?tag=interurbano\" rel=\"tag\">Interurbano<\/a>, <a href=\"https:\/\/c3t-utn.ar\/?tag=normativa\" rel=\"tag\">Normativa<\/a>, <a href=\"https:\/\/c3t-utn.ar\/?tag=pasajeros\" rel=\"tag\">Pasajeros<\/a>, <a href=\"https:\/\/c3t-utn.ar\/?tag=transporte-ferroviario\" rel=\"tag\">Transporte ferroviario<\/a>, <a href=\"https:\/\/c3t-utn.ar\/?tag=trenes\" rel=\"tag\">Trenes<\/a>\t\t\t<\/span>\n\t\t\t<!--<span class=\"meta-sep\">|<\/span>-->\n\t\t\t\t<!--<span class=\"comments-link\"><span>Comentarios desactivados<span class=\"screen-reader-text\"> en Sistema ferroviario de carga:  \u00bfIntegraci\u00f3n vertical de las empresas o separaci\u00f3n entre \u201cInfraestructura y Operaci\u00f3n\u201d?<\/span><\/span><\/span>-->\n\t\t\t<\/div>\n<\/div>\n<!-- \/\/ End of Post Wrap -->\n<!-- NOTE: If you need to make changes to this file, copy it to your current theme's main\n\tdirectory so your changes won't be overwritten when the plugin is upgraded. -->\n\n<!-- Start of Post Wrap -->\n<div class=\"post hentry ivycat-post\">\n\t<!-- This is the output of the post TITLE -->\n\t<h2 class=\"entry-title\"><a href=\"https:\/\/c3t-utn.ar\/?p=154\">21\u00aa Jornada T\u00e9cnica en el C3T \u2013 UTN: \u201cNormativa y regulaci\u00f3n en Seguridad Vial\u00bb <\/a><\/h2>\n\n\t<b><i>10 octubre, 2013<\/i><\/b> <!-- Agrego fecha en el POST. DAS 17\/10\/2017. Lo bajo una fila. DAS 07\/03\/2018-->\n\n\t<!-- This is the output of the META information -->\n\t<div class=\"entry-utility\">\n\t\t\t\t\t<span class=\"cat-links\">\n\t\t\t\t<span class=\"entry-utility-prep entry-utility-prep-cat-links\">Publicado en<\/span> <a href=\"https:\/\/c3t-utn.ar\/?cat=3\" rel=\"category\">Jornadas T\u00e9cnicas<\/a>\t\t\t<\/span>\n\t\t\t<span class=\"meta-sep\">|<\/span>\n\t\t\t\t\t\t\t<span class=\"tag-links\">\n\t\t\t\t<span class=\"entry-utility-prep entry-utility-prep-tag-links\">Etiquetas<\/span> <a href=\"https:\/\/c3t-utn.ar\/?tag=motovehiculos\" rel=\"tag\">Motoveh\u00edculos<\/a>, <a href=\"https:\/\/c3t-utn.ar\/?tag=normativa\" rel=\"tag\">Normativa<\/a>, <a href=\"https:\/\/c3t-utn.ar\/?tag=seguridad-vial\" rel=\"tag\">Seguridad vial<\/a>, <a href=\"https:\/\/c3t-utn.ar\/?tag=transporte-automotor\" rel=\"tag\">Transporte automotor<\/a>\t\t\t<\/span>\n\t\t\t<!--<span class=\"meta-sep\">|<\/span>-->\n\t\t\t\t<!--<span class=\"comments-link\"><span>Comentarios desactivados<span class=\"screen-reader-text\"> en 21\u00aa Jornada T\u00e9cnica en el C3T \u2013 UTN: \u201cNormativa y regulaci\u00f3n en Seguridad Vial\u00bb<\/span><\/span><\/span>-->\n\t\t\t<\/div>\n<\/div>\n<!-- \/\/ End of Post Wrap -->\n<!-- NOTE: If you need to make changes to this file, copy it to your current theme's main\n\tdirectory so your changes won't be overwritten when the plugin is upgraded. -->\n\n<!-- Start of Post Wrap -->\n<div class=\"post hentry ivycat-post\">\n\t<!-- This is the output of the post TITLE -->\n\t<h2 class=\"entry-title\"><a href=\"https:\/\/c3t-utn.ar\/?p=150\">20\u00aa Jornada T\u00e9cnica del C3T &#8211; UTN: \u00abLa importancia de la Hidrov\u00eda Paran\u00e1 &#8211; Paraguay para la econom\u00eda del pa\u00eds y la necesidad de adaptarla a las nuevas exigencias\u00bb <\/a><\/h2>\n\n\t<b><i><\/i><\/b> <!-- Agrego fecha en el POST. DAS 17\/10\/2017. Lo bajo una fila. DAS 07\/03\/2018-->\n\n\t<!-- This is the output of the META information -->\n\t<div class=\"entry-utility\">\n\t\t\t\t\t<span class=\"cat-links\">\n\t\t\t\t<span class=\"entry-utility-prep entry-utility-prep-cat-links\">Publicado en<\/span> <a href=\"https:\/\/c3t-utn.ar\/?cat=3\" rel=\"category\">Jornadas T\u00e9cnicas<\/a>\t\t\t<\/span>\n\t\t\t<span class=\"meta-sep\">|<\/span>\n\t\t\t\t\t\t\t<span class=\"tag-links\">\n\t\t\t\t<span class=\"entry-utility-prep entry-utility-prep-tag-links\">Etiquetas<\/span> <a href=\"https:\/\/c3t-utn.ar\/?tag=comercio-exterior\" rel=\"tag\">Comercio exterior<\/a>, <a href=\"https:\/\/c3t-utn.ar\/?tag=infraestructura\" rel=\"tag\">Infraestructura<\/a>, <a href=\"https:\/\/c3t-utn.ar\/?tag=logistica\" rel=\"tag\">Log\u00edstica<\/a>, <a href=\"https:\/\/c3t-utn.ar\/?tag=transporte-fluvial\" rel=\"tag\">Transporte Fluvial<\/a>, <a href=\"https:\/\/c3t-utn.ar\/?tag=transporte-maritimo\" rel=\"tag\">Transporte mar\u00edtimo<\/a>\t\t\t<\/span>\n\t\t\t<!--<span class=\"meta-sep\">|<\/span>-->\n\t\t\t\t<!--<span class=\"comments-link\"><span>Comentarios desactivados<span class=\"screen-reader-text\"> en 20\u00aa Jornada T\u00e9cnica del C3T &#8211; UTN: \u00abLa importancia de la Hidrov\u00eda Paran\u00e1 &#8211; Paraguay para la econom\u00eda del pa\u00eds y la necesidad de adaptarla a las nuevas exigencias\u00bb<\/span><\/span><\/span>-->\n\t\t\t<\/div>\n<\/div>\n<!-- \/\/ End of Post Wrap -->\n<!-- NOTE: If you need to make changes to this file, copy it to your current theme's main\n\tdirectory so your changes won't be overwritten when the plugin is upgraded. -->\n\n<!-- Start of Post Wrap -->\n<div class=\"post hentry ivycat-post\">\n\t<!-- This is the output of the post TITLE -->\n\t<h2 class=\"entry-title\"><a href=\"https:\/\/c3t-utn.ar\/?p=148\">19na. Jornada T\u00e9cnica en el C3T \u2013 UTN: \u201c\u00bfQui\u00e9n mantiene el tr\u00e1nsito fluyendo? Software para la planificaci\u00f3n, gesti\u00f3n y optimizaci\u00f3n del tr\u00e1nsito y el transporte.\u201d <\/a><\/h2>\n\n\t<b><i>10 septiembre, 2013<\/i><\/b> <!-- Agrego fecha en el POST. DAS 17\/10\/2017. Lo bajo una fila. DAS 07\/03\/2018-->\n\n\t<!-- This is the output of the META information -->\n\t<div class=\"entry-utility\">\n\t\t\t\t\t<span class=\"cat-links\">\n\t\t\t\t<span class=\"entry-utility-prep entry-utility-prep-cat-links\">Publicado en<\/span> <a href=\"https:\/\/c3t-utn.ar\/?cat=3\" rel=\"category\">Jornadas T\u00e9cnicas<\/a>\t\t\t<\/span>\n\t\t\t<span class=\"meta-sep\">|<\/span>\n\t\t\t\t\t\t\t<span class=\"tag-links\">\n\t\t\t\t<span class=\"entry-utility-prep entry-utility-prep-tag-links\">Etiquetas<\/span> <a href=\"https:\/\/c3t-utn.ar\/?tag=its\" rel=\"tag\">ITS<\/a>, <a href=\"https:\/\/c3t-utn.ar\/?tag=transito\" rel=\"tag\">Tr\u00e1nsito<\/a>\t\t\t<\/span>\n\t\t\t<!--<span class=\"meta-sep\">|<\/span>-->\n\t\t\t\t<!--<span class=\"comments-link\"><span>Comentarios desactivados<span class=\"screen-reader-text\"> en 19na. Jornada T\u00e9cnica en el C3T \u2013 UTN: \u201c\u00bfQui\u00e9n mantiene el tr\u00e1nsito fluyendo? Software para la planificaci\u00f3n, gesti\u00f3n y optimizaci\u00f3n del tr\u00e1nsito y el transporte.\u201d<\/span><\/span><\/span>-->\n\t\t\t<\/div>\n<\/div>\n<!-- \/\/ End of Post Wrap -->\n<!-- NOTE: If you need to make changes to this file, copy it to your current theme's main\n\tdirectory so your changes won't be overwritten when the plugin is upgraded. -->\n\n<!-- Start of Post Wrap -->\n<div class=\"post hentry ivycat-post\">\n\t<!-- This is the output of the post TITLE -->\n\t<h2 class=\"entry-title\"><a href=\"https:\/\/c3t-utn.ar\/?p=277\">Los colectivos de buenos aires van en tren <\/a><\/h2>\n\n\t<b><i>1 agosto, 2013<\/i><\/b> <!-- Agrego fecha en el POST. DAS 17\/10\/2017. Lo bajo una fila. DAS 07\/03\/2018-->\n\n\t<!-- This is the output of the META information -->\n\t<div class=\"entry-utility\">\n\t\t\t\t\t<span class=\"cat-links\">\n\t\t\t\t<span class=\"entry-utility-prep entry-utility-prep-cat-links\">Publicado en<\/span> <a href=\"https:\/\/c3t-utn.ar\/?cat=42\" rel=\"category\">Apostillas T\u00e9cnicas<\/a>, <a href=\"https:\/\/c3t-utn.ar\/?cat=2\" rel=\"category\">Trabajos Publicados<\/a>\t\t\t<\/span>\n\t\t\t<span class=\"meta-sep\">|<\/span>\n\t\t\t\t\t\t\t<span class=\"tag-links\">\n\t\t\t\t<span class=\"entry-utility-prep entry-utility-prep-tag-links\">Etiquetas<\/span> <a href=\"https:\/\/c3t-utn.ar\/?tag=empresas\" rel=\"tag\">Empresas<\/a>, <a href=\"https:\/\/c3t-utn.ar\/?tag=jurisdiccion-nacional\" rel=\"tag\">Jurisdicci\u00f3n nacional<\/a>, <a href=\"https:\/\/c3t-utn.ar\/?tag=pasajeros\" rel=\"tag\">Pasajeros<\/a>, <a href=\"https:\/\/c3t-utn.ar\/?tag=servicios-de-transporte-publico\" rel=\"tag\">Servicios de transporte p\u00fablico<\/a>, <a href=\"https:\/\/c3t-utn.ar\/?tag=transito\" rel=\"tag\">Tr\u00e1nsito<\/a>, <a href=\"https:\/\/c3t-utn.ar\/?tag=transporte-automotor\" rel=\"tag\">Transporte automotor<\/a>, <a href=\"https:\/\/c3t-utn.ar\/?tag=urbano\" rel=\"tag\">Urbano<\/a>\t\t\t<\/span>\n\t\t\t<!--<span class=\"meta-sep\">|<\/span>-->\n\t\t\t\t<!--<span class=\"comments-link\"><span>Comentarios desactivados<span class=\"screen-reader-text\"> en Los colectivos de buenos aires van en tren<\/span><\/span><\/span>-->\n\t\t\t<\/div>\n<\/div>\n<!-- \/\/ End of Post Wrap -->\n<!-- NOTE: If you need to make changes to this file, copy it to your current theme's main\n\tdirectory so your changes won't be overwritten when the plugin is upgraded. -->\n\n<!-- Start of Post Wrap -->\n<div class=\"post hentry ivycat-post\">\n\t<!-- This is the output of the post TITLE -->\n\t<h2 class=\"entry-title\"><a href=\"https:\/\/c3t-utn.ar\/?p=361\">La seguridad en la marcha de los trenes y el movimiento de lazo <\/a><\/h2>\n\n\t<b><i><\/i><\/b> <!-- Agrego fecha en el POST. DAS 17\/10\/2017. Lo bajo una fila. DAS 07\/03\/2018-->\n\n\t<!-- This is the output of the META information -->\n\t<div class=\"entry-utility\">\n\t\t\t\t\t<span class=\"cat-links\">\n\t\t\t\t<span class=\"entry-utility-prep entry-utility-prep-cat-links\">Publicado en<\/span> <a href=\"https:\/\/c3t-utn.ar\/?cat=39\" rel=\"category\">Ferroviario<\/a>, <a href=\"https:\/\/c3t-utn.ar\/?cat=2\" rel=\"category\">Trabajos Publicados<\/a>\t\t\t<\/span>\n\t\t\t<span class=\"meta-sep\">|<\/span>\n\t\t\t\t\t\t\t<span class=\"tag-links\">\n\t\t\t\t<span class=\"entry-utility-prep entry-utility-prep-tag-links\">Etiquetas<\/span> <a href=\"https:\/\/c3t-utn.ar\/?tag=infraestructura\" rel=\"tag\">Infraestructura<\/a>, <a href=\"https:\/\/c3t-utn.ar\/?tag=transporte-ferroviario\" rel=\"tag\">Transporte ferroviario<\/a>, <a href=\"https:\/\/c3t-utn.ar\/?tag=trenes\" rel=\"tag\">Trenes<\/a>\t\t\t<\/span>\n\t\t\t<!--<span class=\"meta-sep\">|<\/span>-->\n\t\t\t\t<!--<span class=\"comments-link\"><span>Comentarios desactivados<span class=\"screen-reader-text\"> en La seguridad en la marcha de los trenes y el movimiento de lazo<\/span><\/span><\/span>-->\n\t\t\t<\/div>\n<\/div>\n<!-- \/\/ End of Post Wrap -->\n<!-- NOTE: If you need to make changes to this file, copy it to your current theme's main\n\tdirectory so your changes won't be overwritten when the plugin is upgraded. -->\n\n<!-- Start of Post Wrap -->\n<div class=\"post hentry ivycat-post\">\n\t<!-- This is the output of the post TITLE -->\n\t<h2 class=\"entry-title\"><a href=\"https:\/\/c3t-utn.ar\/?p=280\">Silo bolsa: tecnolog\u00eda clave en la log\u00edstica de comercializaci\u00f3n y el transporte de granos <\/a><\/h2>\n\n\t<b><i>1 julio, 2013<\/i><\/b> <!-- Agrego fecha en el POST. DAS 17\/10\/2017. Lo bajo una fila. DAS 07\/03\/2018-->\n\n\t<!-- This is the output of the META information -->\n\t<div class=\"entry-utility\">\n\t\t\t\t\t<span class=\"cat-links\">\n\t\t\t\t<span class=\"entry-utility-prep entry-utility-prep-cat-links\">Publicado en<\/span> <a href=\"https:\/\/c3t-utn.ar\/?cat=42\" rel=\"category\">Apostillas T\u00e9cnicas<\/a>, <a href=\"https:\/\/c3t-utn.ar\/?cat=2\" rel=\"category\">Trabajos Publicados<\/a>\t\t\t<\/span>\n\t\t\t<span class=\"meta-sep\">|<\/span>\n\t\t\t\t\t\t\t<span class=\"tag-links\">\n\t\t\t\t<span class=\"entry-utility-prep entry-utility-prep-tag-links\">Etiquetas<\/span> <a href=\"https:\/\/c3t-utn.ar\/?tag=cargas\" rel=\"tag\">Cargas<\/a>, <a href=\"https:\/\/c3t-utn.ar\/?tag=comercio-exterior\" rel=\"tag\">Comercio exterior<\/a>, <a href=\"https:\/\/c3t-utn.ar\/?tag=granos\" rel=\"tag\">Granos<\/a>, <a href=\"https:\/\/c3t-utn.ar\/?tag=infraestructura\" rel=\"tag\">Infraestructura<\/a>, <a href=\"https:\/\/c3t-utn.ar\/?tag=interurbano\" rel=\"tag\">Interurbano<\/a>, <a href=\"https:\/\/c3t-utn.ar\/?tag=logistica\" rel=\"tag\">Log\u00edstica<\/a>\t\t\t<\/span>\n\t\t\t<!--<span class=\"meta-sep\">|<\/span>-->\n\t\t\t\t<!--<span class=\"comments-link\"><span>Comentarios desactivados<span class=\"screen-reader-text\"> en Silo bolsa: tecnolog\u00eda clave en la log\u00edstica de comercializaci\u00f3n y el transporte de granos<\/span><\/span><\/span>-->\n\t\t\t<\/div>\n<\/div>\n<!-- \/\/ End of Post Wrap -->\n<!-- NOTE: If you need to make changes to this file, copy it to your current theme's main\n\tdirectory so your changes won't be overwritten when the plugin is upgraded. -->\n\n<!-- Start of Post Wrap -->\n<div class=\"post hentry ivycat-post\">\n\t<!-- This is the output of the post TITLE -->\n\t<h2 class=\"entry-title\"><a href=\"https:\/\/c3t-utn.ar\/?p=142\">18va. Jornada T\u00e9cnica  en el C3T-UTN: \u00abPresentaci\u00f3n del Observatorio Nacional de Datos de Transporte (ONDaT)\u00bb <\/a><\/h2>\n\n\t<b><i>13 junio, 2013<\/i><\/b> <!-- Agrego fecha en el POST. DAS 17\/10\/2017. Lo bajo una fila. DAS 07\/03\/2018-->\n\n\t<!-- This is the output of the META information -->\n\t<div class=\"entry-utility\">\n\t\t\t\t\t<span class=\"cat-links\">\n\t\t\t\t<span class=\"entry-utility-prep entry-utility-prep-cat-links\">Publicado en<\/span> <a href=\"https:\/\/c3t-utn.ar\/?cat=3\" rel=\"category\">Jornadas T\u00e9cnicas<\/a>\t\t\t<\/span>\n\t\t\t<span class=\"meta-sep\">|<\/span>\n\t\t\t\t\t\t\t<span class=\"tag-links\">\n\t\t\t\t<span class=\"entry-utility-prep entry-utility-prep-tag-links\">Etiquetas<\/span> <a href=\"https:\/\/c3t-utn.ar\/?tag=cargas\" rel=\"tag\">Cargas<\/a>, <a href=\"https:\/\/c3t-utn.ar\/?tag=comercio-exterior\" rel=\"tag\">Comercio exterior<\/a>, <a href=\"https:\/\/c3t-utn.ar\/?tag=energia\" rel=\"tag\">Energ\u00eda<\/a>, <a href=\"https:\/\/c3t-utn.ar\/?tag=informacion\" rel=\"tag\">Informaci\u00f3n<\/a>, <a href=\"https:\/\/c3t-utn.ar\/?tag=infraestructura\" rel=\"tag\">Infraestructura<\/a>, <a href=\"https:\/\/c3t-utn.ar\/?tag=intermodalidad\" rel=\"tag\">Intermodalidad<\/a>, <a href=\"https:\/\/c3t-utn.ar\/?tag=interurbano\" rel=\"tag\">Interurbano<\/a>, <a href=\"https:\/\/c3t-utn.ar\/?tag=jurisdiccion-nacional\" rel=\"tag\">Jurisdicci\u00f3n nacional<\/a>, <a href=\"https:\/\/c3t-utn.ar\/?tag=logistica\" rel=\"tag\">Log\u00edstica<\/a>, <a href=\"https:\/\/c3t-utn.ar\/?tag=motovehiculos\" rel=\"tag\">Motoveh\u00edculos<\/a>, <a href=\"https:\/\/c3t-utn.ar\/?tag=pasajeros\" rel=\"tag\">Pasajeros<\/a>, <a href=\"https:\/\/c3t-utn.ar\/?tag=seguridad-vial\" rel=\"tag\">Seguridad vial<\/a>, <a href=\"https:\/\/c3t-utn.ar\/?tag=servicios-de-transporte-publico\" rel=\"tag\">Servicios de transporte p\u00fablico<\/a>, <a href=\"https:\/\/c3t-utn.ar\/?tag=subsidios\" rel=\"tag\">Subsidios<\/a>, <a href=\"https:\/\/c3t-utn.ar\/?tag=transito\" rel=\"tag\">Tr\u00e1nsito<\/a>, <a href=\"https:\/\/c3t-utn.ar\/?tag=transporte-aereo\" rel=\"tag\">Transporte a\u00e9reo<\/a>, <a href=\"https:\/\/c3t-utn.ar\/?tag=transporte-automotor\" rel=\"tag\">Transporte automotor<\/a>, <a href=\"https:\/\/c3t-utn.ar\/?tag=transporte-ferroviario\" rel=\"tag\">Transporte ferroviario<\/a>, <a href=\"https:\/\/c3t-utn.ar\/?tag=transporte-maritimo\" rel=\"tag\">Transporte mar\u00edtimo<\/a>, <a href=\"https:\/\/c3t-utn.ar\/?tag=turismo\" rel=\"tag\">Turismo<\/a>, <a href=\"https:\/\/c3t-utn.ar\/?tag=urbano\" rel=\"tag\">Urbano<\/a>\t\t\t<\/span>\n\t\t\t<!--<span class=\"meta-sep\">|<\/span>-->\n\t\t\t\t<!--<span class=\"comments-link\"><span>Comentarios desactivados<span class=\"screen-reader-text\"> en 18va. Jornada T\u00e9cnica  en el C3T-UTN: \u00abPresentaci\u00f3n del Observatorio Nacional de Datos de Transporte (ONDaT)\u00bb<\/span><\/span><\/span>-->\n\t\t\t<\/div>\n<\/div>\n<!-- \/\/ End of Post Wrap -->\n<!-- NOTE: If you need to make changes to this file, copy it to your current theme's main\n\tdirectory so your changes won't be overwritten when the plugin is upgraded. -->\n\n<!-- Start of Post Wrap -->\n<div class=\"post hentry ivycat-post\">\n\t<!-- This is the output of the post TITLE -->\n\t<h2 class=\"entry-title\"><a href=\"https:\/\/c3t-utn.ar\/?p=140\">17ma. Jornada T\u00e9cnica  en el C3T-UTN: \u00abLog\u00edstica y productividad: el debate por la formaci\u00f3n de recursos humanos\u00bb <\/a><\/h2>\n\n\t<b><i>16 mayo, 2013<\/i><\/b> <!-- Agrego fecha en el POST. DAS 17\/10\/2017. Lo bajo una fila. DAS 07\/03\/2018-->\n\n\t<!-- This is the output of the META information -->\n\t<div class=\"entry-utility\">\n\t\t\t\t\t<span class=\"cat-links\">\n\t\t\t\t<span class=\"entry-utility-prep entry-utility-prep-cat-links\">Publicado en<\/span> <a href=\"https:\/\/c3t-utn.ar\/?cat=3\" rel=\"category\">Jornadas T\u00e9cnicas<\/a>\t\t\t<\/span>\n\t\t\t<span class=\"meta-sep\">|<\/span>\n\t\t\t\t\t\t\t<span class=\"tag-links\">\n\t\t\t\t<span class=\"entry-utility-prep entry-utility-prep-tag-links\">Etiquetas<\/span> <a href=\"https:\/\/c3t-utn.ar\/?tag=cargas\" rel=\"tag\">Cargas<\/a>, <a href=\"https:\/\/c3t-utn.ar\/?tag=logistica\" rel=\"tag\">Log\u00edstica<\/a>, <a href=\"https:\/\/c3t-utn.ar\/?tag=universidad\" rel=\"tag\">Universidad<\/a>\t\t\t<\/span>\n\t\t\t<!--<span class=\"meta-sep\">|<\/span>-->\n\t\t\t\t<!--<span class=\"comments-link\"><span>Comentarios desactivados<span class=\"screen-reader-text\"> en 17ma. Jornada T\u00e9cnica  en el C3T-UTN: \u00abLog\u00edstica y productividad: el debate por la formaci\u00f3n de recursos humanos\u00bb<\/span><\/span><\/span>-->\n\t\t\t<\/div>\n<\/div>\n<!-- \/\/ End of Post Wrap -->\n<!-- NOTE: If you need to make changes to this file, copy it to your current theme's main\n\tdirectory so your changes won't be overwritten when the plugin is upgraded. -->\n\n<!-- Start of Post Wrap -->\n<div class=\"post hentry ivycat-post\">\n\t<!-- This is the output of the post TITLE -->\n\t<h2 class=\"entry-title\"><a href=\"https:\/\/c3t-utn.ar\/?p=357\">El tren de hacienda. Un relato de ficci\u00f3n, o no tanto (situado en la d\u00e9cada de 1930) <\/a><\/h2>\n\n\t<b><i>1 marzo, 2013<\/i><\/b> <!-- Agrego fecha en el POST. DAS 17\/10\/2017. Lo bajo una fila. DAS 07\/03\/2018-->\n\n\t<!-- This is the output of the META information -->\n\t<div class=\"entry-utility\">\n\t\t\t\t\t<span class=\"cat-links\">\n\t\t\t\t<span class=\"entry-utility-prep entry-utility-prep-cat-links\">Publicado en<\/span> <a href=\"https:\/\/c3t-utn.ar\/?cat=39\" rel=\"category\">Ferroviario<\/a>, <a href=\"https:\/\/c3t-utn.ar\/?cat=2\" rel=\"category\">Trabajos Publicados<\/a>\t\t\t<\/span>\n\t\t\t<span class=\"meta-sep\">|<\/span>\n\t\t\t\t\t\t\t<span class=\"tag-links\">\n\t\t\t\t<span class=\"entry-utility-prep entry-utility-prep-tag-links\">Etiquetas<\/span> <a href=\"https:\/\/c3t-utn.ar\/?tag=cargas\" rel=\"tag\">Cargas<\/a>, <a href=\"https:\/\/c3t-utn.ar\/?tag=distribucion-modal\" rel=\"tag\">Distribuci\u00f3n Modal<\/a>, <a href=\"https:\/\/c3t-utn.ar\/?tag=interurbano\" rel=\"tag\">Interurbano<\/a>, <a href=\"https:\/\/c3t-utn.ar\/?tag=logistica\" rel=\"tag\">Log\u00edstica<\/a>, <a href=\"https:\/\/c3t-utn.ar\/?tag=transporte-automotor\" rel=\"tag\">Transporte automotor<\/a>, <a href=\"https:\/\/c3t-utn.ar\/?tag=transporte-ferroviario\" rel=\"tag\">Transporte ferroviario<\/a>, <a href=\"https:\/\/c3t-utn.ar\/?tag=trenes\" rel=\"tag\">Trenes<\/a>\t\t\t<\/span>\n\t\t\t<!--<span class=\"meta-sep\">|<\/span>-->\n\t\t\t\t<!--<span class=\"comments-link\"><span>Comentarios desactivados<span class=\"screen-reader-text\"> en El tren de hacienda. Un relato de ficci\u00f3n, o no tanto (situado en la d\u00e9cada de 1930)<\/span><\/span><\/span>-->\n\t\t\t<\/div>\n<\/div>\n<!-- \/\/ End of Post Wrap -->\n<!-- NOTE: If you need to make changes to this file, copy it to your current theme's main\n\tdirectory so your changes won't be overwritten when the plugin is upgraded. -->\n\n<!-- Start of Post Wrap -->\n<div class=\"post hentry ivycat-post\">\n\t<!-- This is the output of the post TITLE -->\n\t<h2 class=\"entry-title\"><a href=\"https:\/\/c3t-utn.ar\/?p=137\">16ta. Jornada T\u00e9cnica  en el C3T- UTN: \u00abAn\u00e1lisis de la log\u00edstica en la Argentina desde el per\u00edodo prehisp\u00e1nico hasta finales del siglo XIX\u00bb <\/a><\/h2>\n\n\t<b><i>6 diciembre, 2012<\/i><\/b> <!-- Agrego fecha en el POST. DAS 17\/10\/2017. Lo bajo una fila. DAS 07\/03\/2018-->\n\n\t<!-- This is the output of the META information -->\n\t<div class=\"entry-utility\">\n\t\t\t\t\t<span class=\"cat-links\">\n\t\t\t\t<span class=\"entry-utility-prep entry-utility-prep-cat-links\">Publicado en<\/span> <a href=\"https:\/\/c3t-utn.ar\/?cat=3\" rel=\"category\">Jornadas T\u00e9cnicas<\/a>\t\t\t<\/span>\n\t\t\t<span class=\"meta-sep\">|<\/span>\n\t\t\t\t\t\t\t<span class=\"tag-links\">\n\t\t\t\t<span class=\"entry-utility-prep entry-utility-prep-tag-links\">Etiquetas<\/span> <a href=\"https:\/\/c3t-utn.ar\/?tag=cargas\" rel=\"tag\">Cargas<\/a>, <a href=\"https:\/\/c3t-utn.ar\/?tag=historia\" rel=\"tag\">Historia<\/a>, <a href=\"https:\/\/c3t-utn.ar\/?tag=logistica\" rel=\"tag\">Log\u00edstica<\/a>\t\t\t<\/span>\n\t\t\t<!--<span class=\"meta-sep\">|<\/span>-->\n\t\t\t\t<!--<span class=\"comments-link\"><span>Comentarios desactivados<span class=\"screen-reader-text\"> en 16ta. Jornada T\u00e9cnica  en el C3T- UTN: \u00abAn\u00e1lisis de la log\u00edstica en la Argentina desde el per\u00edodo prehisp\u00e1nico hasta finales del siglo XIX\u00bb<\/span><\/span><\/span>-->\n\t\t\t<\/div>\n<\/div>\n<!-- \/\/ End of Post Wrap -->\n<!-- NOTE: If you need to make changes to this file, copy it to your current theme's main\n\tdirectory so your changes won't be overwritten when the plugin is upgraded. -->\n\n<!-- Start of Post Wrap -->\n<div class=\"post hentry ivycat-post\">\n\t<!-- This is the output of the post TITLE -->\n\t<h2 class=\"entry-title\"><a href=\"https:\/\/c3t-utn.ar\/?p=128\">15ta. Jornada T\u00e9cnica  en el C3T-UTN: \u201cAgencia Metropolitana de Transporte \u2013 La experiencia de Madrid. Bases de un consorcio en Madrid y su \u00e1rea suburbana\u00bb <\/a><\/h2>\n\n\t<b><i>25 octubre, 2012<\/i><\/b> <!-- Agrego fecha en el POST. DAS 17\/10\/2017. Lo bajo una fila. DAS 07\/03\/2018-->\n\n\t<!-- This is the output of the META information -->\n\t<div class=\"entry-utility\">\n\t\t\t\t\t<span class=\"cat-links\">\n\t\t\t\t<span class=\"entry-utility-prep entry-utility-prep-cat-links\">Publicado en<\/span> <a href=\"https:\/\/c3t-utn.ar\/?cat=3\" rel=\"category\">Jornadas T\u00e9cnicas<\/a>\t\t\t<\/span>\n\t\t\t<span class=\"meta-sep\">|<\/span>\n\t\t\t\t\t\t\t<span class=\"tag-links\">\n\t\t\t\t<span class=\"entry-utility-prep entry-utility-prep-tag-links\">Etiquetas<\/span> <a href=\"https:\/\/c3t-utn.ar\/?tag=pasajeros\" rel=\"tag\">Pasajeros<\/a>, <a href=\"https:\/\/c3t-utn.ar\/?tag=transporte-ferroviario\" rel=\"tag\">Transporte ferroviario<\/a>, <a href=\"https:\/\/c3t-utn.ar\/?tag=urbano\" rel=\"tag\">Urbano<\/a>\t\t\t<\/span>\n\t\t\t<!--<span class=\"meta-sep\">|<\/span>-->\n\t\t\t\t<!--<span class=\"comments-link\"><span>Comentarios desactivados<span class=\"screen-reader-text\"> en 15ta. Jornada T\u00e9cnica  en el C3T-UTN: \u201cAgencia Metropolitana de Transporte \u2013 La experiencia de Madrid. Bases de un consorcio en Madrid y su \u00e1rea suburbana\u00bb<\/span><\/span><\/span>-->\n\t\t\t<\/div>\n<\/div>\n<!-- \/\/ End of Post Wrap -->\n<!-- NOTE: If you need to make changes to this file, copy it to your current theme's main\n\tdirectory so your changes won't be overwritten when the plugin is upgraded. -->\n\n<!-- Start of Post Wrap -->\n<div class=\"post hentry ivycat-post\">\n\t<!-- This is the output of the post TITLE -->\n\t<h2 class=\"entry-title\"><a href=\"https:\/\/c3t-utn.ar\/?p=126\">14ta. Jornada T\u00e9cnica en el C3T \u2013 UTN: \u00abAplicaciones de los Sistemas Inteligentes de Transporte (ITS)\u00bb <\/a><\/h2>\n\n\t<b><i>4 octubre, 2012<\/i><\/b> <!-- Agrego fecha en el POST. DAS 17\/10\/2017. Lo bajo una fila. DAS 07\/03\/2018-->\n\n\t<!-- This is the output of the META information -->\n\t<div class=\"entry-utility\">\n\t\t\t\t\t<span class=\"cat-links\">\n\t\t\t\t<span class=\"entry-utility-prep entry-utility-prep-cat-links\">Publicado en<\/span> <a href=\"https:\/\/c3t-utn.ar\/?cat=3\" rel=\"category\">Jornadas T\u00e9cnicas<\/a>\t\t\t<\/span>\n\t\t\t<span class=\"meta-sep\">|<\/span>\n\t\t\t\t\t\t\t<span class=\"tag-links\">\n\t\t\t\t<span class=\"entry-utility-prep entry-utility-prep-tag-links\">Etiquetas<\/span> <a href=\"https:\/\/c3t-utn.ar\/?tag=its\" rel=\"tag\">ITS<\/a>\t\t\t<\/span>\n\t\t\t<!--<span class=\"meta-sep\">|<\/span>-->\n\t\t\t\t<!--<span class=\"comments-link\"><span>Comentarios desactivados<span class=\"screen-reader-text\"> en 14ta. Jornada T\u00e9cnica en el C3T \u2013 UTN: \u00abAplicaciones de los Sistemas Inteligentes de Transporte (ITS)\u00bb<\/span><\/span><\/span>-->\n\t\t\t<\/div>\n<\/div>\n<!-- \/\/ End of Post Wrap -->\n<!-- NOTE: If you need to make changes to this file, copy it to your current theme's main\n\tdirectory so your changes won't be overwritten when the plugin is upgraded. -->\n\n<!-- Start of Post Wrap -->\n<div class=\"post hentry ivycat-post\">\n\t<!-- This is the output of the post TITLE -->\n\t<h2 class=\"entry-title\"><a href=\"https:\/\/c3t-utn.ar\/?p=123\">13ra.Jornada T\u00e9cnica en el C3T \u2013 UTN: \u00abLos Veh\u00edculos y la Seguridad Vial. Programa Latin NCAP\u00bb <\/a><\/h2>\n\n\t<b><i>2 agosto, 2012<\/i><\/b> <!-- Agrego fecha en el POST. DAS 17\/10\/2017. Lo bajo una fila. DAS 07\/03\/2018-->\n\n\t<!-- This is the output of the META information -->\n\t<div class=\"entry-utility\">\n\t\t\t\t\t<span class=\"cat-links\">\n\t\t\t\t<span class=\"entry-utility-prep entry-utility-prep-cat-links\">Publicado en<\/span> <a href=\"https:\/\/c3t-utn.ar\/?cat=3\" rel=\"category\">Jornadas T\u00e9cnicas<\/a>\t\t\t<\/span>\n\t\t\t<span class=\"meta-sep\">|<\/span>\n\t\t\t\t\t\t\t<span class=\"tag-links\">\n\t\t\t\t<span class=\"entry-utility-prep entry-utility-prep-tag-links\">Etiquetas<\/span> <a href=\"https:\/\/c3t-utn.ar\/?tag=seguridad-vial\" rel=\"tag\">Seguridad vial<\/a>\t\t\t<\/span>\n\t\t\t<!--<span class=\"meta-sep\">|<\/span>-->\n\t\t\t\t<!--<span class=\"comments-link\"><span>Comentarios desactivados<span class=\"screen-reader-text\"> en 13ra.Jornada T\u00e9cnica en el C3T \u2013 UTN: \u00abLos Veh\u00edculos y la Seguridad Vial. Programa Latin NCAP\u00bb<\/span><\/span><\/span>-->\n\t\t\t<\/div>\n<\/div>\n<!-- \/\/ End of Post Wrap -->\n<!-- NOTE: If you need to make changes to this file, copy it to your current theme's main\n\tdirectory so your changes won't be overwritten when the plugin is upgraded. -->\n\n<!-- Start of Post Wrap -->\n<div class=\"post hentry ivycat-post\">\n\t<!-- This is the output of the post TITLE -->\n\t<h2 class=\"entry-title\"><a href=\"https:\/\/c3t-utn.ar\/?p=388\">9 preguntas a 9 especialistas a ra\u00edz del proyecto de implementaci\u00f3n de un Ente Tripartito de Transporte para la Regi\u00f3n Metropolitana de Buenos Aires (RMBA) <\/a><\/h2>\n\n\t<b><i>1 agosto, 2012<\/i><\/b> <!-- Agrego fecha en el POST. DAS 17\/10\/2017. Lo bajo una fila. DAS 07\/03\/2018-->\n\n\t<!-- This is the output of the META information -->\n\t<div class=\"entry-utility\">\n\t\t\t\t\t<span class=\"cat-links\">\n\t\t\t\t<span class=\"entry-utility-prep entry-utility-prep-cat-links\">Publicado en<\/span> <a href=\"https:\/\/c3t-utn.ar\/?cat=92\" rel=\"category\">Otras publicaciones<\/a>\t\t\t<\/span>\n\t\t\t<span class=\"meta-sep\">|<\/span>\n\t\t\t\t\t\t\t<span class=\"tag-links\">\n\t\t\t\t<span class=\"entry-utility-prep entry-utility-prep-tag-links\">Etiquetas<\/span> <a href=\"https:\/\/c3t-utn.ar\/?tag=cargas\" rel=\"tag\">Cargas<\/a>, <a href=\"https:\/\/c3t-utn.ar\/?tag=debates\" rel=\"tag\">Debates<\/a>, <a href=\"https:\/\/c3t-utn.ar\/?tag=distribucion-modal\" rel=\"tag\">Distribuci\u00f3n Modal<\/a>, <a href=\"https:\/\/c3t-utn.ar\/?tag=intermodalidad\" rel=\"tag\">Intermodalidad<\/a>, <a href=\"https:\/\/c3t-utn.ar\/?tag=logistica\" rel=\"tag\">Log\u00edstica<\/a>, <a href=\"https:\/\/c3t-utn.ar\/?tag=normativa\" rel=\"tag\">Normativa<\/a>, <a href=\"https:\/\/c3t-utn.ar\/?tag=pasajeros\" rel=\"tag\">Pasajeros<\/a>, <a href=\"https:\/\/c3t-utn.ar\/?tag=transito\" rel=\"tag\">Tr\u00e1nsito<\/a>, <a href=\"https:\/\/c3t-utn.ar\/?tag=urbano\" rel=\"tag\">Urbano<\/a>\t\t\t<\/span>\n\t\t\t<!--<span class=\"meta-sep\">|<\/span>-->\n\t\t\t\t<!--<span class=\"comments-link\"><span>Comentarios desactivados<span class=\"screen-reader-text\"> en 9 preguntas a 9 especialistas a ra\u00edz del proyecto de implementaci\u00f3n de un Ente Tripartito de Transporte para la Regi\u00f3n Metropolitana de Buenos Aires (RMBA)<\/span><\/span><\/span>-->\n\t\t\t<\/div>\n<\/div>\n<!-- \/\/ End of Post Wrap -->\n<!-- NOTE: If you need to make changes to this file, copy it to your current theme's main\n\tdirectory so your changes won't be overwritten when the plugin is upgraded. -->\n\n<!-- Start of Post Wrap -->\n<div class=\"post hentry ivycat-post\">\n\t<!-- This is the output of the post TITLE -->\n\t<h2 class=\"entry-title\"><a href=\"https:\/\/c3t-utn.ar\/?p=329\">Implementaci\u00f3n del Metrobus en la ciudad de Buenos Aires Parte 2 \u2013 Reflexiones sobre el corredor de la Av. Juan B. Justo <\/a><\/h2>\n\n\t<b><i><\/i><\/b> <!-- Agrego fecha en el POST. DAS 17\/10\/2017. Lo bajo una fila. DAS 07\/03\/2018-->\n\n\t<!-- This is the output of the META information -->\n\t<div class=\"entry-utility\">\n\t\t\t\t\t<span class=\"cat-links\">\n\t\t\t\t<span class=\"entry-utility-prep entry-utility-prep-cat-links\">Publicado en<\/span> <a href=\"https:\/\/c3t-utn.ar\/?cat=36\" rel=\"category\">Automotor<\/a>, <a href=\"https:\/\/c3t-utn.ar\/?cat=37\" rel=\"category\">Pasajeros<\/a>, <a href=\"https:\/\/c3t-utn.ar\/?cat=2\" rel=\"category\">Trabajos Publicados<\/a>\t\t\t<\/span>\n\t\t\t<span class=\"meta-sep\">|<\/span>\n\t\t\t\t\t\t\t<span class=\"tag-links\">\n\t\t\t\t<span class=\"entry-utility-prep entry-utility-prep-tag-links\">Etiquetas<\/span> <a href=\"https:\/\/c3t-utn.ar\/?tag=brt\" rel=\"tag\">BRT<\/a>, <a href=\"https:\/\/c3t-utn.ar\/?tag=colectivos\" rel=\"tag\">Colectivos<\/a>, <a href=\"https:\/\/c3t-utn.ar\/?tag=infraestructura\" rel=\"tag\">Infraestructura<\/a>, <a href=\"https:\/\/c3t-utn.ar\/?tag=intermodalidad\" rel=\"tag\">Intermodalidad<\/a>, <a href=\"https:\/\/c3t-utn.ar\/?tag=pasajeros\" rel=\"tag\">Pasajeros<\/a>, <a href=\"https:\/\/c3t-utn.ar\/?tag=servicios-de-transporte-publico\" rel=\"tag\">Servicios de transporte p\u00fablico<\/a>, <a href=\"https:\/\/c3t-utn.ar\/?tag=transporte-automotor\" rel=\"tag\">Transporte automotor<\/a>, <a href=\"https:\/\/c3t-utn.ar\/?tag=urbano\" rel=\"tag\">Urbano<\/a>\t\t\t<\/span>\n\t\t\t<!--<span class=\"meta-sep\">|<\/span>-->\n\t\t\t\t<!--<span class=\"comments-link\"><span>Comentarios desactivados<span class=\"screen-reader-text\"> en Implementaci\u00f3n del Metrobus en la ciudad de Buenos Aires Parte 2 \u2013 Reflexiones sobre el corredor de la Av. Juan B. Justo<\/span><\/span><\/span>-->\n\t\t\t<\/div>\n<\/div>\n<!-- \/\/ End of Post Wrap -->\n<!-- NOTE: If you need to make changes to this file, copy it to your current theme's main\n\tdirectory so your changes won't be overwritten when the plugin is upgraded. -->\n\n<!-- Start of Post Wrap -->\n<div class=\"post hentry ivycat-post\">\n\t<!-- This is the output of the post TITLE -->\n\t<h2 class=\"entry-title\"><a href=\"https:\/\/c3t-utn.ar\/?p=121\">12da. Jornada T\u00e9cnica en el C3T \u2013 UTN: \u00abLos Motoveh\u00edculos y la Seguridad Vial\u00bb <\/a><\/h2>\n\n\t<b><i>7 junio, 2012<\/i><\/b> <!-- Agrego fecha en el POST. DAS 17\/10\/2017. Lo bajo una fila. DAS 07\/03\/2018-->\n\n\t<!-- This is the output of the META information -->\n\t<div class=\"entry-utility\">\n\t\t\t\t\t<span class=\"cat-links\">\n\t\t\t\t<span class=\"entry-utility-prep entry-utility-prep-cat-links\">Publicado en<\/span> <a href=\"https:\/\/c3t-utn.ar\/?cat=3\" rel=\"category\">Jornadas T\u00e9cnicas<\/a>\t\t\t<\/span>\n\t\t\t<span class=\"meta-sep\">|<\/span>\n\t\t\t\t\t\t\t<span class=\"tag-links\">\n\t\t\t\t<span class=\"entry-utility-prep entry-utility-prep-tag-links\">Etiquetas<\/span> <a href=\"https:\/\/c3t-utn.ar\/?tag=motovehiculos\" rel=\"tag\">Motoveh\u00edculos<\/a>, <a href=\"https:\/\/c3t-utn.ar\/?tag=seguridad-vial\" rel=\"tag\">Seguridad vial<\/a>\t\t\t<\/span>\n\t\t\t<!--<span class=\"meta-sep\">|<\/span>-->\n\t\t\t\t<!--<span class=\"comments-link\"><span>Comentarios desactivados<span class=\"screen-reader-text\"> en 12da. Jornada T\u00e9cnica en el C3T \u2013 UTN: \u00abLos Motoveh\u00edculos y la Seguridad Vial\u00bb<\/span><\/span><\/span>-->\n\t\t\t<\/div>\n<\/div>\n<!-- \/\/ End of Post Wrap -->\n<!-- NOTE: If you need to make changes to this file, copy it to your current theme's main\n\tdirectory so your changes won't be overwritten when the plugin is upgraded. -->\n\n<!-- Start of Post Wrap -->\n<div class=\"post hentry ivycat-post\">\n\t<!-- This is the output of the post TITLE -->\n\t<h2 class=\"entry-title\"><a href=\"https:\/\/c3t-utn.ar\/?p=247\">Estudio sobre centros de transbordo urbanos de pasajeros en el \u00c1rea Metropolitana de Buenos Aires <\/a><\/h2>\n\n\t<b><i>1 junio, 2012<\/i><\/b> <!-- Agrego fecha en el POST. DAS 17\/10\/2017. Lo bajo una fila. DAS 07\/03\/2018-->\n\n\t<!-- This is the output of the META information -->\n\t<div class=\"entry-utility\">\n\t\t\t\t\t<span class=\"cat-links\">\n\t\t\t\t<span class=\"entry-utility-prep entry-utility-prep-cat-links\">Publicado en<\/span> <a href=\"https:\/\/c3t-utn.ar\/?cat=42\" rel=\"category\">Apostillas T\u00e9cnicas<\/a>, <a href=\"https:\/\/c3t-utn.ar\/?cat=2\" rel=\"category\">Trabajos Publicados<\/a>\t\t\t<\/span>\n\t\t\t<span class=\"meta-sep\">|<\/span>\n\t\t\t\t\t\t\t<span class=\"tag-links\">\n\t\t\t\t<span class=\"entry-utility-prep entry-utility-prep-tag-links\">Etiquetas<\/span> <a href=\"https:\/\/c3t-utn.ar\/?tag=infraestructura\" rel=\"tag\">Infraestructura<\/a>, <a href=\"https:\/\/c3t-utn.ar\/?tag=intermodalidad\" rel=\"tag\">Intermodalidad<\/a>, <a href=\"https:\/\/c3t-utn.ar\/?tag=pasajeros\" rel=\"tag\">Pasajeros<\/a>, <a href=\"https:\/\/c3t-utn.ar\/?tag=servicios-de-transporte-publico\" rel=\"tag\">Servicios de transporte p\u00fablico<\/a>, <a href=\"https:\/\/c3t-utn.ar\/?tag=transito\" rel=\"tag\">Tr\u00e1nsito<\/a>, <a href=\"https:\/\/c3t-utn.ar\/?tag=transporte-automotor\" rel=\"tag\">Transporte automotor<\/a>, <a href=\"https:\/\/c3t-utn.ar\/?tag=urbano\" rel=\"tag\">Urbano<\/a>\t\t\t<\/span>\n\t\t\t<!--<span class=\"meta-sep\">|<\/span>-->\n\t\t\t\t<!--<span class=\"comments-link\"><span>Comentarios desactivados<span class=\"screen-reader-text\"> en Estudio sobre centros de transbordo urbanos de pasajeros en el \u00c1rea Metropolitana de Buenos Aires<\/span><\/span><\/span>-->\n\t\t\t<\/div>\n<\/div>\n<!-- \/\/ End of Post Wrap -->\n<!-- NOTE: If you need to make changes to this file, copy it to your current theme's main\n\tdirectory so your changes won't be overwritten when the plugin is upgraded. -->\n\n<!-- Start of Post Wrap -->\n<div class=\"post hentry ivycat-post\">\n\t<!-- This is the output of the post TITLE -->\n\t<h2 class=\"entry-title\"><a href=\"https:\/\/c3t-utn.ar\/?p=118\">11va. Jornada T\u00e9cnica en el C3T \u2013 UTN: \u00abLog\u00edstica Urbana. El caso del \u00c1rea Metropolitana de Buenos Aires\u00bb <\/a><\/h2>\n\n\t<b><i>8 mayo, 2012<\/i><\/b> <!-- Agrego fecha en el POST. DAS 17\/10\/2017. Lo bajo una fila. DAS 07\/03\/2018-->\n\n\t<!-- This is the output of the META information -->\n\t<div class=\"entry-utility\">\n\t\t\t\t\t<span class=\"cat-links\">\n\t\t\t\t<span class=\"entry-utility-prep entry-utility-prep-cat-links\">Publicado en<\/span> <a href=\"https:\/\/c3t-utn.ar\/?cat=3\" rel=\"category\">Jornadas T\u00e9cnicas<\/a>\t\t\t<\/span>\n\t\t\t<span class=\"meta-sep\">|<\/span>\n\t\t\t\t\t\t\t<span class=\"tag-links\">\n\t\t\t\t<span class=\"entry-utility-prep entry-utility-prep-tag-links\">Etiquetas<\/span> <a href=\"https:\/\/c3t-utn.ar\/?tag=cargas\" rel=\"tag\">Cargas<\/a>, <a href=\"https:\/\/c3t-utn.ar\/?tag=logistica\" rel=\"tag\">Log\u00edstica<\/a>, <a href=\"https:\/\/c3t-utn.ar\/?tag=transito\" rel=\"tag\">Tr\u00e1nsito<\/a>, <a href=\"https:\/\/c3t-utn.ar\/?tag=urbano\" rel=\"tag\">Urbano<\/a>\t\t\t<\/span>\n\t\t\t<!--<span class=\"meta-sep\">|<\/span>-->\n\t\t\t\t<!--<span class=\"comments-link\"><span>Comentarios desactivados<span class=\"screen-reader-text\"> en 11va. Jornada T\u00e9cnica en el C3T \u2013 UTN: \u00abLog\u00edstica Urbana. El caso del \u00c1rea Metropolitana de Buenos Aires\u00bb<\/span><\/span><\/span>-->\n\t\t\t<\/div>\n<\/div>\n<!-- \/\/ End of Post Wrap -->\n<!-- NOTE: If you need to make changes to this file, copy it to your current theme's main\n\tdirectory so your changes won't be overwritten when the plugin is upgraded. -->\n\n<!-- Start of Post Wrap -->\n<div class=\"post hentry ivycat-post\">\n\t<!-- This is the output of the post TITLE -->\n\t<h2 class=\"entry-title\"><a href=\"https:\/\/c3t-utn.ar\/?p=257\">Estudio sobre tasa de motorizaci\u00f3n. Relaciones y determinantes <\/a><\/h2>\n\n\t<b><i>1 mayo, 2012<\/i><\/b> <!-- Agrego fecha en el POST. DAS 17\/10\/2017. Lo bajo una fila. DAS 07\/03\/2018-->\n\n\t<!-- This is the output of the META information -->\n\t<div class=\"entry-utility\">\n\t\t\t\t\t<span class=\"cat-links\">\n\t\t\t\t<span class=\"entry-utility-prep entry-utility-prep-cat-links\">Publicado en<\/span> <a href=\"https:\/\/c3t-utn.ar\/?cat=42\" rel=\"category\">Apostillas T\u00e9cnicas<\/a>, <a href=\"https:\/\/c3t-utn.ar\/?cat=2\" rel=\"category\">Trabajos Publicados<\/a>\t\t\t<\/span>\n\t\t\t<span class=\"meta-sep\">|<\/span>\n\t\t\t\t\t\t\t<span class=\"tag-links\">\n\t\t\t\t<span class=\"entry-utility-prep entry-utility-prep-tag-links\">Etiquetas<\/span> <a href=\"https:\/\/c3t-utn.ar\/?tag=pbi\" rel=\"tag\">PBI<\/a>, <a href=\"https:\/\/c3t-utn.ar\/?tag=tasa-de-motorizacion\" rel=\"tag\">Tasa de Motorizacion<\/a>, <a href=\"https:\/\/c3t-utn.ar\/?tag=transito\" rel=\"tag\">Tr\u00e1nsito<\/a>\t\t\t<\/span>\n\t\t\t<!--<span class=\"meta-sep\">|<\/span>-->\n\t\t\t\t<!--<span class=\"comments-link\"><span>Comentarios desactivados<span class=\"screen-reader-text\"> en Estudio sobre tasa de motorizaci\u00f3n. Relaciones y determinantes<\/span><\/span><\/span>-->\n\t\t\t<\/div>\n<\/div>\n<!-- \/\/ End of Post Wrap -->\n<!-- NOTE: If you need to make changes to this file, copy it to your current theme's main\n\tdirectory so your changes won't be overwritten when the plugin is upgraded. -->\n\n<!-- Start of Post Wrap -->\n<div class=\"post hentry ivycat-post\">\n\t<!-- This is the output of the post TITLE -->\n\t<h2 class=\"entry-title\"><a href=\"https:\/\/c3t-utn.ar\/?p=114\">10ma. Jornada T\u00e9cnica en el C3T \u2013 UTN: \u00abProblem\u00e1tica de los pasos a nivel desde el punto de vista del transito vial y del transporte p\u00fablico ferroviario\u00bb <\/a><\/h2>\n\n\t<b><i>22 marzo, 2012<\/i><\/b> <!-- Agrego fecha en el POST. DAS 17\/10\/2017. Lo bajo una fila. DAS 07\/03\/2018-->\n\n\t<!-- This is the output of the META information -->\n\t<div class=\"entry-utility\">\n\t\t\t\t\t<span class=\"cat-links\">\n\t\t\t\t<span class=\"entry-utility-prep entry-utility-prep-cat-links\">Publicado en<\/span> <a href=\"https:\/\/c3t-utn.ar\/?cat=3\" rel=\"category\">Jornadas T\u00e9cnicas<\/a>\t\t\t<\/span>\n\t\t\t<span class=\"meta-sep\">|<\/span>\n\t\t\t\t\t\t\t<span class=\"tag-links\">\n\t\t\t\t<span class=\"entry-utility-prep entry-utility-prep-tag-links\">Etiquetas<\/span> <a href=\"https:\/\/c3t-utn.ar\/?tag=seguridad-vial\" rel=\"tag\">Seguridad vial<\/a>, <a href=\"https:\/\/c3t-utn.ar\/?tag=servicios-de-transporte-publico\" rel=\"tag\">Servicios de transporte p\u00fablico<\/a>, <a href=\"https:\/\/c3t-utn.ar\/?tag=transito\" rel=\"tag\">Tr\u00e1nsito<\/a>, <a href=\"https:\/\/c3t-utn.ar\/?tag=transporte-ferroviario\" rel=\"tag\">Transporte ferroviario<\/a>\t\t\t<\/span>\n\t\t\t<!--<span class=\"meta-sep\">|<\/span>-->\n\t\t\t\t<!--<span class=\"comments-link\"><span>Comentarios desactivados<span class=\"screen-reader-text\"> en 10ma. Jornada T\u00e9cnica en el C3T \u2013 UTN: \u00abProblem\u00e1tica de los pasos a nivel desde el punto de vista del transito vial y del transporte p\u00fablico ferroviario\u00bb<\/span><\/span><\/span>-->\n\t\t\t<\/div>\n<\/div>\n<!-- \/\/ End of Post Wrap -->\n<!-- NOTE: If you need to make changes to this file, copy it to your current theme's main\n\tdirectory so your changes won't be overwritten when the plugin is upgraded. -->\n\n<!-- Start of Post Wrap -->\n<div class=\"post hentry ivycat-post\">\n\t<!-- This is the output of the post TITLE -->\n\t<h2 class=\"entry-title\"><a href=\"https:\/\/c3t-utn.ar\/?p=267\">Gasto en transporte urbano de los habitantes de la Ciudad Aut\u00f3noma de Buenos Aires a trav\u00e9s de la Encuesta Nacional de Gastos de los Hogares del  INDEC, 2004 \u2013 2005 <\/a><\/h2>\n\n\t<b><i>1 marzo, 2012<\/i><\/b> <!-- Agrego fecha en el POST. DAS 17\/10\/2017. Lo bajo una fila. DAS 07\/03\/2018-->\n\n\t<!-- This is the output of the META information -->\n\t<div class=\"entry-utility\">\n\t\t\t\t\t<span class=\"cat-links\">\n\t\t\t\t<span class=\"entry-utility-prep entry-utility-prep-cat-links\">Publicado en<\/span> <a href=\"https:\/\/c3t-utn.ar\/?cat=42\" rel=\"category\">Apostillas T\u00e9cnicas<\/a>, <a href=\"https:\/\/c3t-utn.ar\/?cat=2\" rel=\"category\">Trabajos Publicados<\/a>\t\t\t<\/span>\n\t\t\t<span class=\"meta-sep\">|<\/span>\n\t\t\t\t\t\t\t<span class=\"tag-links\">\n\t\t\t\t<span class=\"entry-utility-prep entry-utility-prep-tag-links\">Etiquetas<\/span> <a href=\"https:\/\/c3t-utn.ar\/?tag=gasto\" rel=\"tag\">Gasto<\/a>, <a href=\"https:\/\/c3t-utn.ar\/?tag=servicios-de-transporte-publico\" rel=\"tag\">Servicios de transporte p\u00fablico<\/a>, <a href=\"https:\/\/c3t-utn.ar\/?tag=tasa-de-motorizacion\" rel=\"tag\">Tasa de Motorizacion<\/a>, <a href=\"https:\/\/c3t-utn.ar\/?tag=transporte-automotor\" rel=\"tag\">Transporte automotor<\/a>, <a href=\"https:\/\/c3t-utn.ar\/?tag=transporte-ferroviario\" rel=\"tag\">Transporte ferroviario<\/a>, <a href=\"https:\/\/c3t-utn.ar\/?tag=urbano\" rel=\"tag\">Urbano<\/a>\t\t\t<\/span>\n\t\t\t<!--<span class=\"meta-sep\">|<\/span>-->\n\t\t\t\t<!--<span class=\"comments-link\"><span>Comentarios desactivados<span class=\"screen-reader-text\"> en Gasto en transporte urbano de los habitantes de la Ciudad Aut\u00f3noma de Buenos Aires a trav\u00e9s de la Encuesta Nacional de Gastos de los Hogares del  INDEC, 2004 \u2013 2005<\/span><\/span><\/span>-->\n\t\t\t<\/div>\n<\/div>\n<!-- \/\/ End of Post Wrap -->\n<!-- NOTE: If you need to make changes to this file, copy it to your current theme's main\n\tdirectory so your changes won't be overwritten when the plugin is upgraded. -->\n\n<!-- Start of Post Wrap -->\n<div class=\"post hentry ivycat-post\">\n\t<!-- This is the output of the post TITLE -->\n\t<h2 class=\"entry-title\"><a href=\"https:\/\/c3t-utn.ar\/?p=325\">Implementaci\u00f3n del Metrobus en la ciudad de Buenos Aires Parte 1 &#8211; Reflexiones sobre los sistemas BRT (Bus Rapid Transit) <\/a><\/h2>\n\n\t<b><i>1 enero, 2012<\/i><\/b> <!-- Agrego fecha en el POST. DAS 17\/10\/2017. Lo bajo una fila. DAS 07\/03\/2018-->\n\n\t<!-- This is the output of the META information -->\n\t<div class=\"entry-utility\">\n\t\t\t\t\t<span class=\"cat-links\">\n\t\t\t\t<span class=\"entry-utility-prep entry-utility-prep-cat-links\">Publicado en<\/span> <a href=\"https:\/\/c3t-utn.ar\/?cat=36\" rel=\"category\">Automotor<\/a>, <a href=\"https:\/\/c3t-utn.ar\/?cat=37\" rel=\"category\">Pasajeros<\/a>, <a href=\"https:\/\/c3t-utn.ar\/?cat=2\" rel=\"category\">Trabajos Publicados<\/a>\t\t\t<\/span>\n\t\t\t<span class=\"meta-sep\">|<\/span>\n\t\t\t\t\t\t\t<span class=\"tag-links\">\n\t\t\t\t<span class=\"entry-utility-prep entry-utility-prep-tag-links\">Etiquetas<\/span> <a href=\"https:\/\/c3t-utn.ar\/?tag=brt\" rel=\"tag\">BRT<\/a>, <a href=\"https:\/\/c3t-utn.ar\/?tag=colectivos\" rel=\"tag\">Colectivos<\/a>, <a href=\"https:\/\/c3t-utn.ar\/?tag=infraestructura\" rel=\"tag\">Infraestructura<\/a>, <a href=\"https:\/\/c3t-utn.ar\/?tag=intermodalidad\" rel=\"tag\">Intermodalidad<\/a>, <a href=\"https:\/\/c3t-utn.ar\/?tag=pasajeros\" rel=\"tag\">Pasajeros<\/a>, <a href=\"https:\/\/c3t-utn.ar\/?tag=servicios-de-transporte-publico\" rel=\"tag\">Servicios de transporte p\u00fablico<\/a>, <a href=\"https:\/\/c3t-utn.ar\/?tag=transporte-automotor\" rel=\"tag\">Transporte automotor<\/a>, <a href=\"https:\/\/c3t-utn.ar\/?tag=urbano\" rel=\"tag\">Urbano<\/a>\t\t\t<\/span>\n\t\t\t<!--<span class=\"meta-sep\">|<\/span>-->\n\t\t\t\t<!--<span class=\"comments-link\"><span>Comentarios desactivados<span class=\"screen-reader-text\"> en Implementaci\u00f3n del Metrobus en la ciudad de Buenos Aires Parte 1 &#8211; Reflexiones sobre los sistemas BRT (Bus Rapid Transit)<\/span><\/span><\/span>-->\n\t\t\t<\/div>\n<\/div>\n<!-- \/\/ End of Post Wrap -->\n<!-- NOTE: If you need to make changes to this file, copy it to your current theme's main\n\tdirectory so your changes won't be overwritten when the plugin is upgraded. -->\n\n<!-- Start of Post Wrap -->\n<div class=\"post hentry ivycat-post\">\n\t<!-- This is the output of the post TITLE -->\n\t<h2 class=\"entry-title\"><a href=\"https:\/\/c3t-utn.ar\/?p=109\">9na. Jornada T\u00e9cnica en el C3T \u2013 UTN: \u00abLog\u00edstica, ferrocarriles y consumo de combustibles\u00bb <\/a><\/h2>\n\n\t<b><i>20 octubre, 2011<\/i><\/b> <!-- Agrego fecha en el POST. DAS 17\/10\/2017. Lo bajo una fila. DAS 07\/03\/2018-->\n\n\t<!-- This is the output of the META information -->\n\t<div class=\"entry-utility\">\n\t\t\t\t\t<span class=\"cat-links\">\n\t\t\t\t<span class=\"entry-utility-prep entry-utility-prep-cat-links\">Publicado en<\/span> <a href=\"https:\/\/c3t-utn.ar\/?cat=3\" rel=\"category\">Jornadas T\u00e9cnicas<\/a>\t\t\t<\/span>\n\t\t\t<span class=\"meta-sep\">|<\/span>\n\t\t\t\t\t\t\t<span class=\"tag-links\">\n\t\t\t\t<span class=\"entry-utility-prep entry-utility-prep-tag-links\">Etiquetas<\/span> <a href=\"https:\/\/c3t-utn.ar\/?tag=cargas\" rel=\"tag\">Cargas<\/a>, <a href=\"https:\/\/c3t-utn.ar\/?tag=comercio-exterior\" rel=\"tag\">Comercio exterior<\/a>, <a href=\"https:\/\/c3t-utn.ar\/?tag=energia\" rel=\"tag\">Energ\u00eda<\/a>, <a href=\"https:\/\/c3t-utn.ar\/?tag=intermodalidad\" rel=\"tag\">Intermodalidad<\/a>, <a href=\"https:\/\/c3t-utn.ar\/?tag=logistica\" rel=\"tag\">Log\u00edstica<\/a>, <a href=\"https:\/\/c3t-utn.ar\/?tag=pasajeros\" rel=\"tag\">Pasajeros<\/a>, <a href=\"https:\/\/c3t-utn.ar\/?tag=transporte-ferroviario\" rel=\"tag\">Transporte ferroviario<\/a>\t\t\t<\/span>\n\t\t\t<!--<span class=\"meta-sep\">|<\/span>-->\n\t\t\t\t<!--<span class=\"comments-link\"><span>Comentarios desactivados<span class=\"screen-reader-text\"> en 9na. Jornada T\u00e9cnica en el C3T \u2013 UTN: \u00abLog\u00edstica, ferrocarriles y consumo de combustibles\u00bb<\/span><\/span><\/span>-->\n\t\t\t<\/div>\n<\/div>\n<!-- \/\/ End of Post Wrap -->\n<!-- NOTE: If you need to make changes to this file, copy it to your current theme's main\n\tdirectory so your changes won't be overwritten when the plugin is upgraded. -->\n\n<!-- Start of Post Wrap -->\n<div class=\"post hentry ivycat-post\">\n\t<!-- This is the output of the post TITLE -->\n\t<h2 class=\"entry-title\"><a href=\"https:\/\/c3t-utn.ar\/?p=344\">Sistema de C\u00e1lculo de Curvas de Marcha de Trenes <\/a><\/h2>\n\n\t<b><i>1 octubre, 2011<\/i><\/b> <!-- Agrego fecha en el POST. DAS 17\/10\/2017. Lo bajo una fila. DAS 07\/03\/2018-->\n\n\t<!-- This is the output of the META information -->\n\t<div class=\"entry-utility\">\n\t\t\t\t\t<span class=\"cat-links\">\n\t\t\t\t<span class=\"entry-utility-prep entry-utility-prep-cat-links\">Publicado en<\/span> <a href=\"https:\/\/c3t-utn.ar\/?cat=39\" rel=\"category\">Ferroviario<\/a>, <a href=\"https:\/\/c3t-utn.ar\/?cat=2\" rel=\"category\">Trabajos Publicados<\/a>\t\t\t<\/span>\n\t\t\t<span class=\"meta-sep\">|<\/span>\n\t\t\t\t\t\t\t<span class=\"tag-links\">\n\t\t\t\t<span class=\"entry-utility-prep entry-utility-prep-tag-links\">Etiquetas<\/span> <a href=\"https:\/\/c3t-utn.ar\/?tag=infraestructura\" rel=\"tag\">Infraestructura<\/a>, <a href=\"https:\/\/c3t-utn.ar\/?tag=subte\" rel=\"tag\">Subte<\/a>, <a href=\"https:\/\/c3t-utn.ar\/?tag=transporte-ferroviario\" rel=\"tag\">Transporte ferroviario<\/a>, <a href=\"https:\/\/c3t-utn.ar\/?tag=trenes\" rel=\"tag\">Trenes<\/a>\t\t\t<\/span>\n\t\t\t<!--<span class=\"meta-sep\">|<\/span>-->\n\t\t\t\t<!--<span class=\"comments-link\"><span>Comentarios desactivados<span class=\"screen-reader-text\"> en Sistema de C\u00e1lculo de Curvas de Marcha de Trenes<\/span><\/span><\/span>-->\n\t\t\t<\/div>\n<\/div>\n<!-- \/\/ End of Post Wrap -->\n<!-- NOTE: If you need to make changes to this file, copy it to your current theme's main\n\tdirectory so your changes won't be overwritten when the plugin is upgraded. -->\n\n<!-- Start of Post Wrap -->\n<div class=\"post hentry ivycat-post\">\n\t<!-- This is the output of the post TITLE -->\n\t<h2 class=\"entry-title\"><a href=\"https:\/\/c3t-utn.ar\/?p=104\">8va. Jornada T\u00e9cnica en el C3T \u2013 UTN: \u00abLog\u00edstica del fin del mundo. El desaf\u00edo de Tierra del Fuego\u00bb <\/a><\/h2>\n\n\t<b><i>28 septiembre, 2011<\/i><\/b> <!-- Agrego fecha en el POST. DAS 17\/10\/2017. Lo bajo una fila. DAS 07\/03\/2018-->\n\n\t<!-- This is the output of the META information -->\n\t<div class=\"entry-utility\">\n\t\t\t\t\t<span class=\"cat-links\">\n\t\t\t\t<span class=\"entry-utility-prep entry-utility-prep-cat-links\">Publicado en<\/span> <a href=\"https:\/\/c3t-utn.ar\/?cat=3\" rel=\"category\">Jornadas T\u00e9cnicas<\/a>\t\t\t<\/span>\n\t\t\t<span class=\"meta-sep\">|<\/span>\n\t\t\t\t\t\t\t<span class=\"tag-links\">\n\t\t\t\t<span class=\"entry-utility-prep entry-utility-prep-tag-links\">Etiquetas<\/span> <a href=\"https:\/\/c3t-utn.ar\/?tag=cargas\" rel=\"tag\">Cargas<\/a>, <a href=\"https:\/\/c3t-utn.ar\/?tag=intermodalidad\" rel=\"tag\">Intermodalidad<\/a>, <a href=\"https:\/\/c3t-utn.ar\/?tag=logistica\" rel=\"tag\">Log\u00edstica<\/a>, <a href=\"https:\/\/c3t-utn.ar\/?tag=pasajeros\" rel=\"tag\">Pasajeros<\/a>, <a href=\"https:\/\/c3t-utn.ar\/?tag=turismo\" rel=\"tag\">Turismo<\/a>\t\t\t<\/span>\n\t\t\t<!--<span class=\"meta-sep\">|<\/span>-->\n\t\t\t\t<!--<span class=\"comments-link\"><span>Comentarios desactivados<span class=\"screen-reader-text\"> en 8va. Jornada T\u00e9cnica en el C3T \u2013 UTN: \u00abLog\u00edstica del fin del mundo. El desaf\u00edo de Tierra del Fuego\u00bb<\/span><\/span><\/span>-->\n\t\t\t<\/div>\n<\/div>\n<!-- \/\/ End of Post Wrap -->\n<!-- NOTE: If you need to make changes to this file, copy it to your current theme's main\n\tdirectory so your changes won't be overwritten when the plugin is upgraded. -->\n\n<!-- Start of Post Wrap -->\n<div class=\"post hentry ivycat-post\">\n\t<!-- This is the output of the post TITLE -->\n\t<h2 class=\"entry-title\"><a href=\"https:\/\/c3t-utn.ar\/?p=354\">El empleo y la demanda de transporte: un an\u00e1lisis estad\u00edstico sencillo circunscripto al ferrocarril metropolitano de pasajeros ex Belgrano Norte <\/a><\/h2>\n\n\t<b><i>1 agosto, 2011<\/i><\/b> <!-- Agrego fecha en el POST. DAS 17\/10\/2017. Lo bajo una fila. DAS 07\/03\/2018-->\n\n\t<!-- This is the output of the META information -->\n\t<div class=\"entry-utility\">\n\t\t\t\t\t<span class=\"cat-links\">\n\t\t\t\t<span class=\"entry-utility-prep entry-utility-prep-cat-links\">Publicado en<\/span> <a href=\"https:\/\/c3t-utn.ar\/?cat=39\" rel=\"category\">Ferroviario<\/a>, <a href=\"https:\/\/c3t-utn.ar\/?cat=2\" rel=\"category\">Trabajos Publicados<\/a>\t\t\t<\/span>\n\t\t\t<span class=\"meta-sep\">|<\/span>\n\t\t\t\t\t\t\t<span class=\"tag-links\">\n\t\t\t\t<span class=\"entry-utility-prep entry-utility-prep-tag-links\">Etiquetas<\/span> <a href=\"https:\/\/c3t-utn.ar\/?tag=pasajeros\" rel=\"tag\">Pasajeros<\/a>, <a href=\"https:\/\/c3t-utn.ar\/?tag=servicios-de-transporte-publico\" rel=\"tag\">Servicios de transporte p\u00fablico<\/a>, <a href=\"https:\/\/c3t-utn.ar\/?tag=trabajo\" rel=\"tag\">Trabajo<\/a>, <a href=\"https:\/\/c3t-utn.ar\/?tag=transporte-ferroviario\" rel=\"tag\">Transporte ferroviario<\/a>, <a href=\"https:\/\/c3t-utn.ar\/?tag=trenes\" rel=\"tag\">Trenes<\/a>, <a href=\"https:\/\/c3t-utn.ar\/?tag=urbano\" rel=\"tag\">Urbano<\/a>\t\t\t<\/span>\n\t\t\t<!--<span class=\"meta-sep\">|<\/span>-->\n\t\t\t\t<!--<span class=\"comments-link\"><span>Comentarios desactivados<span class=\"screen-reader-text\"> en El empleo y la demanda de transporte: un an\u00e1lisis estad\u00edstico sencillo circunscripto al ferrocarril metropolitano de pasajeros ex Belgrano Norte<\/span><\/span><\/span>-->\n\t\t\t<\/div>\n<\/div>\n<!-- \/\/ End of Post Wrap -->\n<!-- NOTE: If you need to make changes to this file, copy it to your current theme's main\n\tdirectory so your changes won't be overwritten when the plugin is upgraded. -->\n\n<!-- Start of Post Wrap -->\n<div class=\"post hentry ivycat-post\">\n\t<!-- This is the output of the post TITLE -->\n\t<h2 class=\"entry-title\"><a href=\"https:\/\/c3t-utn.ar\/?p=382\">El Mercado de Carbono y el Ferrocarril <\/a><\/h2>\n\n\t<b><i><\/i><\/b> <!-- Agrego fecha en el POST. DAS 17\/10\/2017. Lo bajo una fila. DAS 07\/03\/2018-->\n\n\t<!-- This is the output of the META information -->\n\t<div class=\"entry-utility\">\n\t\t\t\t\t<span class=\"cat-links\">\n\t\t\t\t<span class=\"entry-utility-prep entry-utility-prep-cat-links\">Publicado en<\/span> <a href=\"https:\/\/c3t-utn.ar\/?cat=40\" rel=\"category\">Sustentable<\/a>, <a href=\"https:\/\/c3t-utn.ar\/?cat=2\" rel=\"category\">Trabajos Publicados<\/a>\t\t\t<\/span>\n\t\t\t<span class=\"meta-sep\">|<\/span>\n\t\t\t\t\t\t\t<span class=\"tag-links\">\n\t\t\t\t<span class=\"entry-utility-prep entry-utility-prep-tag-links\">Etiquetas<\/span> <a href=\"https:\/\/c3t-utn.ar\/?tag=combustible\" rel=\"tag\">Combustible<\/a>, <a href=\"https:\/\/c3t-utn.ar\/?tag=energia\" rel=\"tag\">Energ\u00eda<\/a>, <a href=\"https:\/\/c3t-utn.ar\/?tag=trabajos_publicados_sustentable\" rel=\"tag\">Sustentable<\/a>, <a href=\"https:\/\/c3t-utn.ar\/?tag=transporte-ferroviario\" rel=\"tag\">Transporte ferroviario<\/a>, <a href=\"https:\/\/c3t-utn.ar\/?tag=trenes\" rel=\"tag\">Trenes<\/a>\t\t\t<\/span>\n\t\t\t<!--<span class=\"meta-sep\">|<\/span>-->\n\t\t\t\t<!--<span class=\"comments-link\"><span>Comentarios desactivados<span class=\"screen-reader-text\"> en El Mercado de Carbono y el Ferrocarril<\/span><\/span><\/span>-->\n\t\t\t<\/div>\n<\/div>\n<!-- \/\/ End of Post Wrap -->\n<!-- NOTE: If you need to make changes to this file, copy it to your current theme's main\n\tdirectory so your changes won't be overwritten when the plugin is upgraded. -->\n\n<!-- Start of Post Wrap -->\n<div class=\"post hentry ivycat-post\">\n\t<!-- This is the output of the post TITLE -->\n\t<h2 class=\"entry-title\"><a href=\"https:\/\/c3t-utn.ar\/?p=98\">7ma. Jornada T\u00e9cnica en el C3T \u2013 UTN: \u00abEl Futuro del Ferrocarril de Pasajeros de Larga Distancia. Perspectivas.\u00bb <\/a><\/h2>\n\n\t<b><i>14 julio, 2011<\/i><\/b> <!-- Agrego fecha en el POST. DAS 17\/10\/2017. Lo bajo una fila. DAS 07\/03\/2018-->\n\n\t<!-- This is the output of the META information -->\n\t<div class=\"entry-utility\">\n\t\t\t\t\t<span class=\"cat-links\">\n\t\t\t\t<span class=\"entry-utility-prep entry-utility-prep-cat-links\">Publicado en<\/span> <a href=\"https:\/\/c3t-utn.ar\/?cat=3\" rel=\"category\">Jornadas T\u00e9cnicas<\/a>\t\t\t<\/span>\n\t\t\t<span class=\"meta-sep\">|<\/span>\n\t\t\t\t\t\t\t<span class=\"tag-links\">\n\t\t\t\t<span class=\"entry-utility-prep entry-utility-prep-tag-links\">Etiquetas<\/span> <a href=\"https:\/\/c3t-utn.ar\/?tag=interurbano\" rel=\"tag\">Interurbano<\/a>, <a href=\"https:\/\/c3t-utn.ar\/?tag=pasajeros\" rel=\"tag\">Pasajeros<\/a>, <a href=\"https:\/\/c3t-utn.ar\/?tag=servicios-de-transporte-publico\" rel=\"tag\">Servicios de transporte p\u00fablico<\/a>, <a href=\"https:\/\/c3t-utn.ar\/?tag=transporte-ferroviario\" rel=\"tag\">Transporte ferroviario<\/a>\t\t\t<\/span>\n\t\t\t<!--<span class=\"meta-sep\">|<\/span>-->\n\t\t\t\t<!--<span class=\"comments-link\"><span>Comentarios desactivados<span class=\"screen-reader-text\"> en 7ma. Jornada T\u00e9cnica en el C3T \u2013 UTN: \u00abEl Futuro del Ferrocarril de Pasajeros de Larga Distancia. Perspectivas.\u00bb<\/span><\/span><\/span>-->\n\t\t\t<\/div>\n<\/div>\n<!-- \/\/ End of Post Wrap -->\n<!-- NOTE: If you need to make changes to this file, copy it to your current theme's main\n\tdirectory so your changes won't be overwritten when the plugin is upgraded. -->\n\n<!-- Start of Post Wrap -->\n<div class=\"post hentry ivycat-post\">\n\t<!-- This is the output of the post TITLE -->\n\t<h2 class=\"entry-title\"><a href=\"https:\/\/c3t-utn.ar\/?p=274\">Hogares unipersonales: impacto sobre el transporte <\/a><\/h2>\n\n\t<b><i>1 julio, 2011<\/i><\/b> <!-- Agrego fecha en el POST. DAS 17\/10\/2017. Lo bajo una fila. DAS 07\/03\/2018-->\n\n\t<!-- This is the output of the META information -->\n\t<div class=\"entry-utility\">\n\t\t\t\t\t<span class=\"cat-links\">\n\t\t\t\t<span class=\"entry-utility-prep entry-utility-prep-cat-links\">Publicado en<\/span> <a href=\"https:\/\/c3t-utn.ar\/?cat=42\" rel=\"category\">Apostillas T\u00e9cnicas<\/a>, <a href=\"https:\/\/c3t-utn.ar\/?cat=2\" rel=\"category\">Trabajos Publicados<\/a>\t\t\t<\/span>\n\t\t\t<span class=\"meta-sep\">|<\/span>\n\t\t\t\t\t\t\t<span class=\"tag-links\">\n\t\t\t\t<span class=\"entry-utility-prep entry-utility-prep-tag-links\">Etiquetas<\/span> <a href=\"https:\/\/c3t-utn.ar\/?tag=gasto\" rel=\"tag\">Gasto<\/a>, <a href=\"https:\/\/c3t-utn.ar\/?tag=pbi\" rel=\"tag\">PBI<\/a>, <a href=\"https:\/\/c3t-utn.ar\/?tag=tasa-de-motorizacion\" rel=\"tag\">Tasa de Motorizacion<\/a>, <a href=\"https:\/\/c3t-utn.ar\/?tag=transito\" rel=\"tag\">Tr\u00e1nsito<\/a>, <a href=\"https:\/\/c3t-utn.ar\/?tag=transporte-automotor\" rel=\"tag\">Transporte automotor<\/a>, <a href=\"https:\/\/c3t-utn.ar\/?tag=urbano\" rel=\"tag\">Urbano<\/a>\t\t\t<\/span>\n\t\t\t<!--<span class=\"meta-sep\">|<\/span>-->\n\t\t\t\t<!--<span class=\"comments-link\"><span>Comentarios desactivados<span class=\"screen-reader-text\"> en Hogares unipersonales: impacto sobre el transporte<\/span><\/span><\/span>-->\n\t\t\t<\/div>\n<\/div>\n<!-- \/\/ End of Post Wrap -->\n<!-- NOTE: If you need to make changes to this file, copy it to your current theme's main\n\tdirectory so your changes won't be overwritten when the plugin is upgraded. -->\n\n<!-- Start of Post Wrap -->\n<div class=\"post hentry ivycat-post\">\n\t<!-- This is the output of the post TITLE -->\n\t<h2 class=\"entry-title\"><a href=\"https:\/\/c3t-utn.ar\/?p=260\">Evoluci\u00f3n del gasto de los hogares en transporte a partir de los resultados de las Encuestas de Gastos de los Hogares <\/a><\/h2>\n\n\t<b><i>1 junio, 2011<\/i><\/b> <!-- Agrego fecha en el POST. DAS 17\/10\/2017. Lo bajo una fila. DAS 07\/03\/2018-->\n\n\t<!-- This is the output of the META information -->\n\t<div class=\"entry-utility\">\n\t\t\t\t\t<span class=\"cat-links\">\n\t\t\t\t<span class=\"entry-utility-prep entry-utility-prep-cat-links\">Publicado en<\/span> <a href=\"https:\/\/c3t-utn.ar\/?cat=42\" rel=\"category\">Apostillas T\u00e9cnicas<\/a>, <a href=\"https:\/\/c3t-utn.ar\/?cat=2\" rel=\"category\">Trabajos Publicados<\/a>\t\t\t<\/span>\n\t\t\t<span class=\"meta-sep\">|<\/span>\n\t\t\t\t\t\t\t<span class=\"tag-links\">\n\t\t\t\t<span class=\"entry-utility-prep entry-utility-prep-tag-links\">Etiquetas<\/span> <a href=\"https:\/\/c3t-utn.ar\/?tag=gasto\" rel=\"tag\">Gasto<\/a>, <a href=\"https:\/\/c3t-utn.ar\/?tag=interurbano\" rel=\"tag\">Interurbano<\/a>, <a href=\"https:\/\/c3t-utn.ar\/?tag=pasajeros\" rel=\"tag\">Pasajeros<\/a>, <a href=\"https:\/\/c3t-utn.ar\/?tag=servicios-de-transporte-publico\" rel=\"tag\">Servicios de transporte p\u00fablico<\/a>, <a href=\"https:\/\/c3t-utn.ar\/?tag=urbano\" rel=\"tag\">Urbano<\/a>\t\t\t<\/span>\n\t\t\t<!--<span class=\"meta-sep\">|<\/span>-->\n\t\t\t\t<!--<span class=\"comments-link\"><span>Comentarios desactivados<span class=\"screen-reader-text\"> en Evoluci\u00f3n del gasto de los hogares en transporte a partir de los resultados de las Encuestas de Gastos de los Hogares<\/span><\/span><\/span>-->\n\t\t\t<\/div>\n<\/div>\n<!-- \/\/ End of Post Wrap -->\n<!-- NOTE: If you need to make changes to this file, copy it to your current theme's main\n\tdirectory so your changes won't be overwritten when the plugin is upgraded. -->\n\n<!-- Start of Post Wrap -->\n<div class=\"post hentry ivycat-post\">\n\t<!-- This is the output of the post TITLE -->\n\t<h2 class=\"entry-title\"><a href=\"https:\/\/c3t-utn.ar\/?p=409\">Mendoza. \u00cdndice de costos de transporte carretero de cargas generales de cabotaje e internacional <\/a><\/h2>\n\n\t<b><i><\/i><\/b> <!-- Agrego fecha en el POST. DAS 17\/10\/2017. Lo bajo una fila. DAS 07\/03\/2018-->\n\n\t<!-- This is the output of the META information -->\n\t<div class=\"entry-utility\">\n\t\t\t\t\t<span class=\"cat-links\">\n\t\t\t\t<span class=\"entry-utility-prep entry-utility-prep-cat-links\">Publicado en<\/span> <a href=\"https:\/\/c3t-utn.ar\/?cat=43\" rel=\"category\">Indicadores<\/a>\t\t\t<\/span>\n\t\t\t<span class=\"meta-sep\">|<\/span>\n\t\t\t\t\t\t\t<span class=\"tag-links\">\n\t\t\t\t<span class=\"entry-utility-prep entry-utility-prep-tag-links\">Etiquetas<\/span> <a href=\"https:\/\/c3t-utn.ar\/?tag=cabotaje\" rel=\"tag\">Cabotaje<\/a>, <a href=\"https:\/\/c3t-utn.ar\/?tag=cargas\" rel=\"tag\">Cargas<\/a>, <a href=\"https:\/\/c3t-utn.ar\/?tag=comercio-exterior\" rel=\"tag\">Comercio exterior<\/a>, <a href=\"https:\/\/c3t-utn.ar\/?tag=empresas\" rel=\"tag\">Empresas<\/a>, <a href=\"https:\/\/c3t-utn.ar\/?tag=interurbano\" rel=\"tag\">Interurbano<\/a>, <a href=\"https:\/\/c3t-utn.ar\/?tag=logistica\" rel=\"tag\">Log\u00edstica<\/a>, <a href=\"https:\/\/c3t-utn.ar\/?tag=transporte-automotor\" rel=\"tag\">Transporte automotor<\/a>\t\t\t<\/span>\n\t\t\t<!--<span class=\"meta-sep\">|<\/span>-->\n\t\t\t\t<!--<span class=\"comments-link\"><span>Comentarios desactivados<span class=\"screen-reader-text\"> en Mendoza. \u00cdndice de costos de transporte carretero de cargas generales de cabotaje e internacional<\/span><\/span><\/span>-->\n\t\t\t<\/div>\n<\/div>\n<!-- \/\/ End of Post Wrap -->\n<!-- NOTE: If you need to make changes to this file, copy it to your current theme's main\n\tdirectory so your changes won't be overwritten when the plugin is upgraded. -->\n\n<!-- Start of Post Wrap -->\n<div class=\"post hentry ivycat-post\">\n\t<!-- This is the output of the post TITLE -->\n\t<h2 class=\"entry-title\"><a href=\"https:\/\/c3t-utn.ar\/?p=94\">6ta. Jornada T\u00e9cnica en el C3T &#8211; UTN: \u00abEl Transporte A\u00e9reo Argentino: Diagn\u00f3stico y Perspectivas\u00bb <\/a><\/h2>\n\n\t<b><i>28 abril, 2011<\/i><\/b> <!-- Agrego fecha en el POST. DAS 17\/10\/2017. Lo bajo una fila. DAS 07\/03\/2018-->\n\n\t<!-- This is the output of the META information -->\n\t<div class=\"entry-utility\">\n\t\t\t\t\t<span class=\"cat-links\">\n\t\t\t\t<span class=\"entry-utility-prep entry-utility-prep-cat-links\">Publicado en<\/span> <a href=\"https:\/\/c3t-utn.ar\/?cat=3\" rel=\"category\">Jornadas T\u00e9cnicas<\/a>\t\t\t<\/span>\n\t\t\t<span class=\"meta-sep\">|<\/span>\n\t\t\t\t\t\t\t<span class=\"tag-links\">\n\t\t\t\t<span class=\"entry-utility-prep entry-utility-prep-tag-links\">Etiquetas<\/span> <a href=\"https:\/\/c3t-utn.ar\/?tag=cargas\" rel=\"tag\">Cargas<\/a>, <a href=\"https:\/\/c3t-utn.ar\/?tag=pasajeros\" rel=\"tag\">Pasajeros<\/a>, <a href=\"https:\/\/c3t-utn.ar\/?tag=transporte-aereo\" rel=\"tag\">Transporte a\u00e9reo<\/a>\t\t\t<\/span>\n\t\t\t<!--<span class=\"meta-sep\">|<\/span>-->\n\t\t\t\t<!--<span class=\"comments-link\"><span>Comentarios desactivados<span class=\"screen-reader-text\"> en 6ta. Jornada T\u00e9cnica en el C3T &#8211; UTN: \u00abEl Transporte A\u00e9reo Argentino: Diagn\u00f3stico y Perspectivas\u00bb<\/span><\/span><\/span>-->\n\t\t\t<\/div>\n<\/div>\n<!-- \/\/ End of Post Wrap -->\n<!-- NOTE: If you need to make changes to this file, copy it to your current theme's main\n\tdirectory so your changes won't be overwritten when the plugin is upgraded. -->\n\n<!-- Start of Post Wrap -->\n<div class=\"post hentry ivycat-post\">\n\t<!-- This is the output of the post TITLE -->\n\t<h2 class=\"entry-title\"><a href=\"https:\/\/c3t-utn.ar\/?p=251\">Distribuci\u00f3n modal de las cargas de cabotaje de larga distancia en Argentina y un conjunto de pa\u00edses seleccionados <\/a><\/h2>\n\n\t<b><i>1 abril, 2011<\/i><\/b> <!-- Agrego fecha en el POST. DAS 17\/10\/2017. Lo bajo una fila. DAS 07\/03\/2018-->\n\n\t<!-- This is the output of the META information -->\n\t<div class=\"entry-utility\">\n\t\t\t\t\t<span class=\"cat-links\">\n\t\t\t\t<span class=\"entry-utility-prep entry-utility-prep-cat-links\">Publicado en<\/span> <a href=\"https:\/\/c3t-utn.ar\/?cat=42\" rel=\"category\">Apostillas T\u00e9cnicas<\/a>, <a href=\"https:\/\/c3t-utn.ar\/?cat=2\" rel=\"category\">Trabajos Publicados<\/a>\t\t\t<\/span>\n\t\t\t<span class=\"meta-sep\">|<\/span>\n\t\t\t\t\t\t\t<span class=\"tag-links\">\n\t\t\t\t<span class=\"entry-utility-prep entry-utility-prep-tag-links\">Etiquetas<\/span> <a href=\"https:\/\/c3t-utn.ar\/?tag=cabotaje\" rel=\"tag\">Cabotaje<\/a>, <a href=\"https:\/\/c3t-utn.ar\/?tag=cargas\" rel=\"tag\">Cargas<\/a>, <a href=\"https:\/\/c3t-utn.ar\/?tag=distribucion-modal\" rel=\"tag\">Distribuci\u00f3n Modal<\/a>, <a href=\"https:\/\/c3t-utn.ar\/?tag=interurbano\" rel=\"tag\">Interurbano<\/a>, <a href=\"https:\/\/c3t-utn.ar\/?tag=transporte-automotor\" rel=\"tag\">Transporte automotor<\/a>, <a href=\"https:\/\/c3t-utn.ar\/?tag=transporte-ferroviario\" rel=\"tag\">Transporte ferroviario<\/a>, <a href=\"https:\/\/c3t-utn.ar\/?tag=transporte-fluvial\" rel=\"tag\">Transporte Fluvial<\/a>\t\t\t<\/span>\n\t\t\t<!--<span class=\"meta-sep\">|<\/span>-->\n\t\t\t\t<!--<span class=\"comments-link\"><span>Comentarios desactivados<span class=\"screen-reader-text\"> en Distribuci\u00f3n modal de las cargas de cabotaje de larga distancia en Argentina y un conjunto de pa\u00edses seleccionados<\/span><\/span><\/span>-->\n\t\t\t<\/div>\n<\/div>\n<!-- \/\/ End of Post Wrap -->\n<!-- NOTE: If you need to make changes to this file, copy it to your current theme's main\n\tdirectory so your changes won't be overwritten when the plugin is upgraded. -->\n\n<!-- Start of Post Wrap -->\n<div class=\"post hentry ivycat-post\">\n\t<!-- This is the output of the post TITLE -->\n\t<h2 class=\"entry-title\"><a href=\"https:\/\/c3t-utn.ar\/?p=84\">5ta. Jornada T\u00e9cnica en el C3T &#8211; UTN: \u00abInfraestructuras Terrestres: Nodos de Transferencia de Carga\u00bb <\/a><\/h2>\n\n\t<b><i>3 marzo, 2011<\/i><\/b> <!-- Agrego fecha en el POST. DAS 17\/10\/2017. Lo bajo una fila. DAS 07\/03\/2018-->\n\n\t<!-- This is the output of the META information -->\n\t<div class=\"entry-utility\">\n\t\t\t\t\t<span class=\"cat-links\">\n\t\t\t\t<span class=\"entry-utility-prep entry-utility-prep-cat-links\">Publicado en<\/span> <a href=\"https:\/\/c3t-utn.ar\/?cat=3\" rel=\"category\">Jornadas T\u00e9cnicas<\/a>\t\t\t<\/span>\n\t\t\t<span class=\"meta-sep\">|<\/span>\n\t\t\t\t\t\t\t<span class=\"tag-links\">\n\t\t\t\t<span class=\"entry-utility-prep entry-utility-prep-tag-links\">Etiquetas<\/span> <a href=\"https:\/\/c3t-utn.ar\/?tag=cargas\" rel=\"tag\">Cargas<\/a>, <a href=\"https:\/\/c3t-utn.ar\/?tag=infraestructura\" rel=\"tag\">Infraestructura<\/a>, <a href=\"https:\/\/c3t-utn.ar\/?tag=logistica\" rel=\"tag\">Log\u00edstica<\/a>, <a href=\"https:\/\/c3t-utn.ar\/?tag=transporte-maritimo\" rel=\"tag\">Transporte mar\u00edtimo<\/a>\t\t\t<\/span>\n\t\t\t<!--<span class=\"meta-sep\">|<\/span>-->\n\t\t\t\t<!--<span class=\"comments-link\"><span>Comentarios desactivados<span class=\"screen-reader-text\"> en 5ta. Jornada T\u00e9cnica en el C3T &#8211; UTN: \u00abInfraestructuras Terrestres: Nodos de Transferencia de Carga\u00bb<\/span><\/span><\/span>-->\n\t\t\t<\/div>\n<\/div>\n<!-- \/\/ End of Post Wrap -->\n<!-- NOTE: If you need to make changes to this file, copy it to your current theme's main\n\tdirectory so your changes won't be overwritten when the plugin is upgraded. -->\n\n<!-- Start of Post Wrap -->\n<div class=\"post hentry ivycat-post\">\n\t<!-- This is the output of the post TITLE -->\n\t<h2 class=\"entry-title\"><a href=\"https:\/\/c3t-utn.ar\/?p=307\">El poder al volante: relaciones laborales en el sector transporte automotor de cargas en la post-convertibilidad <\/a><\/h2>\n\n\t<b><i>1 marzo, 2011<\/i><\/b> <!-- Agrego fecha en el POST. DAS 17\/10\/2017. Lo bajo una fila. DAS 07\/03\/2018-->\n\n\t<!-- This is the output of the META information -->\n\t<div class=\"entry-utility\">\n\t\t\t\t\t<span class=\"cat-links\">\n\t\t\t\t<span class=\"entry-utility-prep entry-utility-prep-cat-links\">Publicado en<\/span> <a href=\"https:\/\/c3t-utn.ar\/?cat=36\" rel=\"category\">Automotor<\/a>, <a href=\"https:\/\/c3t-utn.ar\/?cat=38\" rel=\"category\">Cargas<\/a>, <a href=\"https:\/\/c3t-utn.ar\/?cat=2\" rel=\"category\">Trabajos Publicados<\/a>\t\t\t<\/span>\n\t\t\t<span class=\"meta-sep\">|<\/span>\n\t\t\t\t\t\t\t<span class=\"tag-links\">\n\t\t\t\t<span class=\"entry-utility-prep entry-utility-prep-tag-links\">Etiquetas<\/span> <a href=\"https:\/\/c3t-utn.ar\/?tag=cabotaje\" rel=\"tag\">Cabotaje<\/a>, <a href=\"https:\/\/c3t-utn.ar\/?tag=cargas\" rel=\"tag\">Cargas<\/a>, <a href=\"https:\/\/c3t-utn.ar\/?tag=empresas\" rel=\"tag\">Empresas<\/a>, <a href=\"https:\/\/c3t-utn.ar\/?tag=interurbano\" rel=\"tag\">Interurbano<\/a>, <a href=\"https:\/\/c3t-utn.ar\/?tag=logistica\" rel=\"tag\">Log\u00edstica<\/a>, <a href=\"https:\/\/c3t-utn.ar\/?tag=trabajo\" rel=\"tag\">Trabajo<\/a>, <a href=\"https:\/\/c3t-utn.ar\/?tag=transporte-automotor\" rel=\"tag\">Transporte automotor<\/a>\t\t\t<\/span>\n\t\t\t<!--<span class=\"meta-sep\">|<\/span>-->\n\t\t\t\t<!--<span class=\"comments-link\"><span>Comentarios desactivados<span class=\"screen-reader-text\"> en El poder al volante: relaciones laborales en el sector transporte automotor de cargas en la post-convertibilidad<\/span><\/span><\/span>-->\n\t\t\t<\/div>\n<\/div>\n<!-- \/\/ End of Post Wrap -->\n<!-- NOTE: If you need to make changes to this file, copy it to your current theme's main\n\tdirectory so your changes won't be overwritten when the plugin is upgraded. -->\n\n<!-- Start of Post Wrap -->\n<div class=\"post hentry ivycat-post\">\n\t<!-- This is the output of the post TITLE -->\n\t<h2 class=\"entry-title\"><a href=\"https:\/\/c3t-utn.ar\/?p=379\">El caso Smartway: incremento en la eficiencia energ\u00e9tica a partir de la reducci\u00f3n en el consumo de combustibles <\/a><\/h2>\n\n\t<b><i>1 noviembre, 2010<\/i><\/b> <!-- Agrego fecha en el POST. DAS 17\/10\/2017. Lo bajo una fila. DAS 07\/03\/2018-->\n\n\t<!-- This is the output of the META information -->\n\t<div class=\"entry-utility\">\n\t\t\t\t\t<span class=\"cat-links\">\n\t\t\t\t<span class=\"entry-utility-prep entry-utility-prep-cat-links\">Publicado en<\/span> <a href=\"https:\/\/c3t-utn.ar\/?cat=40\" rel=\"category\">Sustentable<\/a>, <a href=\"https:\/\/c3t-utn.ar\/?cat=2\" rel=\"category\">Trabajos Publicados<\/a>\t\t\t<\/span>\n\t\t\t<span class=\"meta-sep\">|<\/span>\n\t\t\t\t\t\t\t<span class=\"tag-links\">\n\t\t\t\t<span class=\"entry-utility-prep entry-utility-prep-tag-links\">Etiquetas<\/span> <a href=\"https:\/\/c3t-utn.ar\/?tag=combustible\" rel=\"tag\">Combustible<\/a>, <a href=\"https:\/\/c3t-utn.ar\/?tag=energia\" rel=\"tag\">Energ\u00eda<\/a>, <a href=\"https:\/\/c3t-utn.ar\/?tag=normativa\" rel=\"tag\">Normativa<\/a>, <a href=\"https:\/\/c3t-utn.ar\/?tag=trabajos_publicados_sustentable\" rel=\"tag\">Sustentable<\/a>, <a href=\"https:\/\/c3t-utn.ar\/?tag=transporte-automotor\" rel=\"tag\">Transporte automotor<\/a>\t\t\t<\/span>\n\t\t\t<!--<span class=\"meta-sep\">|<\/span>-->\n\t\t\t\t<!--<span class=\"comments-link\"><span>Comentarios desactivados<span class=\"screen-reader-text\"> en El caso Smartway: incremento en la eficiencia energ\u00e9tica a partir de la reducci\u00f3n en el consumo de combustibles<\/span><\/span><\/span>-->\n\t\t\t<\/div>\n<\/div>\n<!-- \/\/ End of Post Wrap -->\n<!-- NOTE: If you need to make changes to this file, copy it to your current theme's main\n\tdirectory so your changes won't be overwritten when the plugin is upgraded. -->\n\n<!-- Start of Post Wrap -->\n<div class=\"post hentry ivycat-post\">\n\t<!-- This is the output of the post TITLE -->\n\t<h2 class=\"entry-title\"><a href=\"https:\/\/c3t-utn.ar\/?p=80\">4ta. Jornada T\u00e9cnica en el C3T-UTN: \u00abProyecto de creaci\u00f3n del Centro de Reservas de pasajes para personas con discapacidad en el transporte p\u00fablico automotor de larga distancia de Jurisdicci\u00f3n Nacional\u00bb <\/a><\/h2>\n\n\t<b><i>14 octubre, 2010<\/i><\/b> <!-- Agrego fecha en el POST. DAS 17\/10\/2017. Lo bajo una fila. DAS 07\/03\/2018-->\n\n\t<!-- This is the output of the META information -->\n\t<div class=\"entry-utility\">\n\t\t\t\t\t<span class=\"cat-links\">\n\t\t\t\t<span class=\"entry-utility-prep entry-utility-prep-cat-links\">Publicado en<\/span> <a href=\"https:\/\/c3t-utn.ar\/?cat=3\" rel=\"category\">Jornadas T\u00e9cnicas<\/a>\t\t\t<\/span>\n\t\t\t<span class=\"meta-sep\">|<\/span>\n\t\t\t\t\t\t\t<span class=\"tag-links\">\n\t\t\t\t<span class=\"entry-utility-prep entry-utility-prep-tag-links\">Etiquetas<\/span> <a href=\"https:\/\/c3t-utn.ar\/?tag=interurbano\" rel=\"tag\">Interurbano<\/a>, <a href=\"https:\/\/c3t-utn.ar\/?tag=jurisdiccion-nacional\" rel=\"tag\">Jurisdicci\u00f3n nacional<\/a>, <a href=\"https:\/\/c3t-utn.ar\/?tag=pasajeros\" rel=\"tag\">Pasajeros<\/a>, <a href=\"https:\/\/c3t-utn.ar\/?tag=servicios-de-transporte-publico\" rel=\"tag\">Servicios de transporte p\u00fablico<\/a>\t\t\t<\/span>\n\t\t\t<!--<span class=\"meta-sep\">|<\/span>-->\n\t\t\t\t<!--<span class=\"comments-link\"><span>Comentarios desactivados<span class=\"screen-reader-text\"> en 4ta. Jornada T\u00e9cnica en el C3T-UTN: \u00abProyecto de creaci\u00f3n del Centro de Reservas de pasajes para personas con discapacidad en el transporte p\u00fablico automotor de larga distancia de Jurisdicci\u00f3n Nacional\u00bb<\/span><\/span><\/span>-->\n\t\t\t<\/div>\n<\/div>\n<!-- \/\/ End of Post Wrap -->\n<!-- NOTE: If you need to make changes to this file, copy it to your current theme's main\n\tdirectory so your changes won't be overwritten when the plugin is upgraded. -->\n\n<!-- Start of Post Wrap -->\n<div class=\"post hentry ivycat-post\">\n\t<!-- This is the output of the post TITLE -->\n\t<h2 class=\"entry-title\"><a href=\"https:\/\/c3t-utn.ar\/?p=376\">Limitaci\u00f3n de velocidad de unidades de transporte por automotor <\/a><\/h2>\n\n\t<b><i>1 octubre, 2010<\/i><\/b> <!-- Agrego fecha en el POST. DAS 17\/10\/2017. Lo bajo una fila. DAS 07\/03\/2018-->\n\n\t<!-- This is the output of the META information -->\n\t<div class=\"entry-utility\">\n\t\t\t\t\t<span class=\"cat-links\">\n\t\t\t\t<span class=\"entry-utility-prep entry-utility-prep-cat-links\">Publicado en<\/span> <a href=\"https:\/\/c3t-utn.ar\/?cat=40\" rel=\"category\">Sustentable<\/a>, <a href=\"https:\/\/c3t-utn.ar\/?cat=2\" rel=\"category\">Trabajos Publicados<\/a>\t\t\t<\/span>\n\t\t\t<span class=\"meta-sep\">|<\/span>\n\t\t\t\t\t\t\t<span class=\"tag-links\">\n\t\t\t\t<span class=\"entry-utility-prep entry-utility-prep-tag-links\">Etiquetas<\/span> <a href=\"https:\/\/c3t-utn.ar\/?tag=cargas\" rel=\"tag\">Cargas<\/a>, <a href=\"https:\/\/c3t-utn.ar\/?tag=combustible\" rel=\"tag\">Combustible<\/a>, <a href=\"https:\/\/c3t-utn.ar\/?tag=energia\" rel=\"tag\">Energ\u00eda<\/a>, <a href=\"https:\/\/c3t-utn.ar\/?tag=pasajeros\" rel=\"tag\">Pasajeros<\/a>, <a href=\"https:\/\/c3t-utn.ar\/?tag=seguridad-vial\" rel=\"tag\">Seguridad vial<\/a>, <a href=\"https:\/\/c3t-utn.ar\/?tag=trabajos_publicados_sustentable\" rel=\"tag\">Sustentable<\/a>, <a href=\"https:\/\/c3t-utn.ar\/?tag=transito\" rel=\"tag\">Tr\u00e1nsito<\/a>, <a href=\"https:\/\/c3t-utn.ar\/?tag=transporte-automotor\" rel=\"tag\">Transporte automotor<\/a>\t\t\t<\/span>\n\t\t\t<!--<span class=\"meta-sep\">|<\/span>-->\n\t\t\t\t<!--<span class=\"comments-link\"><span>Comentarios desactivados<span class=\"screen-reader-text\"> en Limitaci\u00f3n de velocidad de unidades de transporte por automotor<\/span><\/span><\/span>-->\n\t\t\t<\/div>\n<\/div>\n<!-- \/\/ End of Post Wrap -->\n<!-- NOTE: If you need to make changes to this file, copy it to your current theme's main\n\tdirectory so your changes won't be overwritten when the plugin is upgraded. -->\n\n<!-- Start of Post Wrap -->\n<div class=\"post hentry ivycat-post\">\n\t<!-- This is the output of the post TITLE -->\n\t<h2 class=\"entry-title\"><a href=\"https:\/\/c3t-utn.ar\/?p=407\">\u00cdndice de costos log\u00edsticos de CEDOL <\/a><\/h2>\n\n\t<b><i>1 septiembre, 2010<\/i><\/b> <!-- Agrego fecha en el POST. DAS 17\/10\/2017. Lo bajo una fila. DAS 07\/03\/2018-->\n\n\t<!-- This is the output of the META information -->\n\t<div class=\"entry-utility\">\n\t\t\t\t\t<span class=\"cat-links\">\n\t\t\t\t<span class=\"entry-utility-prep entry-utility-prep-cat-links\">Publicado en<\/span> <a href=\"https:\/\/c3t-utn.ar\/?cat=43\" rel=\"category\">Indicadores<\/a>\t\t\t<\/span>\n\t\t\t<span class=\"meta-sep\">|<\/span>\n\t\t\t\t\t\t\t<span class=\"tag-links\">\n\t\t\t\t<span class=\"entry-utility-prep entry-utility-prep-tag-links\">Etiquetas<\/span> <a href=\"https:\/\/c3t-utn.ar\/?tag=cargas\" rel=\"tag\">Cargas<\/a>, <a href=\"https:\/\/c3t-utn.ar\/?tag=empresas\" rel=\"tag\">Empresas<\/a>, <a href=\"https:\/\/c3t-utn.ar\/?tag=logistica\" rel=\"tag\">Log\u00edstica<\/a>, <a href=\"https:\/\/c3t-utn.ar\/?tag=transporte-automotor\" rel=\"tag\">Transporte automotor<\/a>\t\t\t<\/span>\n\t\t\t<!--<span class=\"meta-sep\">|<\/span>-->\n\t\t\t\t<!--<span class=\"comments-link\"><span>Comentarios desactivados<span class=\"screen-reader-text\"> en \u00cdndice de costos log\u00edsticos de CEDOL<\/span><\/span><\/span>-->\n\t\t\t<\/div>\n<\/div>\n<!-- \/\/ End of Post Wrap -->\n<!-- NOTE: If you need to make changes to this file, copy it to your current theme's main\n\tdirectory so your changes won't be overwritten when the plugin is upgraded. -->\n\n<!-- Start of Post Wrap -->\n<div class=\"post hentry ivycat-post\">\n\t<!-- This is the output of the post TITLE -->\n\t<h2 class=\"entry-title\"><a href=\"https:\/\/c3t-utn.ar\/?p=77\">3ra. Jornada T\u00e9cnica en el C3T-UTN: \u00abProcedimiento de c\u00e1lculo para la determinaci\u00f3n de  los cupos de gas oil a precio diferencial destinado al transporte p\u00fablico por automotor de pasajeros.\u00bb <\/a><\/h2>\n\n\t<b><i>17 junio, 2010<\/i><\/b> <!-- Agrego fecha en el POST. DAS 17\/10\/2017. Lo bajo una fila. DAS 07\/03\/2018-->\n\n\t<!-- This is the output of the META information -->\n\t<div class=\"entry-utility\">\n\t\t\t\t\t<span class=\"cat-links\">\n\t\t\t\t<span class=\"entry-utility-prep entry-utility-prep-cat-links\">Publicado en<\/span> <a href=\"https:\/\/c3t-utn.ar\/?cat=3\" rel=\"category\">Jornadas T\u00e9cnicas<\/a>\t\t\t<\/span>\n\t\t\t<span class=\"meta-sep\">|<\/span>\n\t\t\t\t\t\t\t<span class=\"tag-links\">\n\t\t\t\t<span class=\"entry-utility-prep entry-utility-prep-tag-links\">Etiquetas<\/span> <a href=\"https:\/\/c3t-utn.ar\/?tag=pasajeros\" rel=\"tag\">Pasajeros<\/a>, <a href=\"https:\/\/c3t-utn.ar\/?tag=servicios-de-transporte-publico\" rel=\"tag\">Servicios de transporte p\u00fablico<\/a>, <a href=\"https:\/\/c3t-utn.ar\/?tag=subsidios\" rel=\"tag\">Subsidios<\/a>, <a href=\"https:\/\/c3t-utn.ar\/?tag=transporte-automotor\" rel=\"tag\">Transporte automotor<\/a>\t\t\t<\/span>\n\t\t\t<!--<span class=\"meta-sep\">|<\/span>-->\n\t\t\t\t<!--<span class=\"comments-link\"><span>Comentarios desactivados<span class=\"screen-reader-text\"> en 3ra. Jornada T\u00e9cnica en el C3T-UTN: \u00abProcedimiento de c\u00e1lculo para la determinaci\u00f3n de  los cupos de gas oil a precio diferencial destinado al transporte p\u00fablico por automotor de pasajeros.\u00bb<\/span><\/span><\/span>-->\n\t\t\t<\/div>\n<\/div>\n<!-- \/\/ End of Post Wrap -->\n<!-- NOTE: If you need to make changes to this file, copy it to your current theme's main\n\tdirectory so your changes won't be overwritten when the plugin is upgraded. -->\n\n<!-- Start of Post Wrap -->\n<div class=\"post hentry ivycat-post\">\n\t<!-- This is the output of the post TITLE -->\n\t<h2 class=\"entry-title\"><a href=\"https:\/\/c3t-utn.ar\/?p=75\">2da. Jornada T\u00e9cnica en el C3T-UTN: \u00abSistemas de Control de Tr\u00e1nsito Urbano\u00bb <\/a><\/h2>\n\n\t<b><i>7 junio, 2010<\/i><\/b> <!-- Agrego fecha en el POST. DAS 17\/10\/2017. Lo bajo una fila. DAS 07\/03\/2018-->\n\n\t<!-- This is the output of the META information -->\n\t<div class=\"entry-utility\">\n\t\t\t\t\t<span class=\"cat-links\">\n\t\t\t\t<span class=\"entry-utility-prep entry-utility-prep-cat-links\">Publicado en<\/span> <a href=\"https:\/\/c3t-utn.ar\/?cat=3\" rel=\"category\">Jornadas T\u00e9cnicas<\/a>\t\t\t<\/span>\n\t\t\t<span class=\"meta-sep\">|<\/span>\n\t\t\t\t\t\t\t<span class=\"tag-links\">\n\t\t\t\t<span class=\"entry-utility-prep entry-utility-prep-tag-links\">Etiquetas<\/span> <a href=\"https:\/\/c3t-utn.ar\/?tag=transito\" rel=\"tag\">Tr\u00e1nsito<\/a>, <a href=\"https:\/\/c3t-utn.ar\/?tag=urbano\" rel=\"tag\">Urbano<\/a>\t\t\t<\/span>\n\t\t\t<!--<span class=\"meta-sep\">|<\/span>-->\n\t\t\t\t<!--<span class=\"comments-link\"><span>Comentarios desactivados<span class=\"screen-reader-text\"> en 2da. Jornada T\u00e9cnica en el C3T-UTN: \u00abSistemas de Control de Tr\u00e1nsito Urbano\u00bb<\/span><\/span><\/span>-->\n\t\t\t<\/div>\n<\/div>\n<!-- \/\/ End of Post Wrap -->\n<!-- NOTE: If you need to make changes to this file, copy it to your current theme's main\n\tdirectory so your changes won't be overwritten when the plugin is upgraded. -->\n\n<!-- Start of Post Wrap -->\n<div class=\"post hentry ivycat-post\">\n\t<!-- This is the output of the post TITLE -->\n\t<h2 class=\"entry-title\"><a href=\"https:\/\/c3t-utn.ar\/?p=364\">Control integral de malezas en Infraestructuras ferro-viarias <\/a><\/h2>\n\n\t<b><i>1 junio, 2010<\/i><\/b> <!-- Agrego fecha en el POST. DAS 17\/10\/2017. Lo bajo una fila. DAS 07\/03\/2018-->\n\n\t<!-- This is the output of the META information -->\n\t<div class=\"entry-utility\">\n\t\t\t\t\t<span class=\"cat-links\">\n\t\t\t\t<span class=\"entry-utility-prep entry-utility-prep-cat-links\">Publicado en<\/span> <a href=\"https:\/\/c3t-utn.ar\/?cat=39\" rel=\"category\">Ferroviario<\/a>, <a href=\"https:\/\/c3t-utn.ar\/?cat=2\" rel=\"category\">Trabajos Publicados<\/a>\t\t\t<\/span>\n\t\t\t<span class=\"meta-sep\">|<\/span>\n\t\t\t\t\t\t\t<span class=\"tag-links\">\n\t\t\t\t<span class=\"entry-utility-prep entry-utility-prep-tag-links\">Etiquetas<\/span> <a href=\"https:\/\/c3t-utn.ar\/?tag=infraestructura\" rel=\"tag\">Infraestructura<\/a>, <a href=\"https:\/\/c3t-utn.ar\/?tag=transporte-ferroviario\" rel=\"tag\">Transporte ferroviario<\/a>, <a href=\"https:\/\/c3t-utn.ar\/?tag=trenes\" rel=\"tag\">Trenes<\/a>\t\t\t<\/span>\n\t\t\t<!--<span class=\"meta-sep\">|<\/span>-->\n\t\t\t\t<!--<span class=\"comments-link\"><span>Comentarios desactivados<span class=\"screen-reader-text\"> en Control integral de malezas en Infraestructuras ferro-viarias<\/span><\/span><\/span>-->\n\t\t\t<\/div>\n<\/div>\n<!-- \/\/ End of Post Wrap -->\n<!-- NOTE: If you need to make changes to this file, copy it to your current theme's main\n\tdirectory so your changes won't be overwritten when the plugin is upgraded. -->\n\n<!-- Start of Post Wrap -->\n<div class=\"post hentry ivycat-post\">\n\t<!-- This is the output of the post TITLE -->\n\t<h2 class=\"entry-title\"><a href=\"https:\/\/c3t-utn.ar\/?p=65\">1ra. Jornada T\u00e9cnica del C3T-UTN: \u00abTarifas de Servicios de Transporte P\u00fablico de Pasajeros de larga distancia de jurisdicci\u00f3n nacional. Nuevo esquema de c\u00e1lculo.\u00bb <\/a><\/h2>\n\n\t<b><i>27 mayo, 2010<\/i><\/b> <!-- Agrego fecha en el POST. DAS 17\/10\/2017. Lo bajo una fila. DAS 07\/03\/2018-->\n\n\t<!-- This is the output of the META information -->\n\t<div class=\"entry-utility\">\n\t\t\t\t\t<span class=\"cat-links\">\n\t\t\t\t<span class=\"entry-utility-prep entry-utility-prep-cat-links\">Publicado en<\/span> <a href=\"https:\/\/c3t-utn.ar\/?cat=3\" rel=\"category\">Jornadas T\u00e9cnicas<\/a>\t\t\t<\/span>\n\t\t\t<span class=\"meta-sep\">|<\/span>\n\t\t\t\t\t\t\t<span class=\"tag-links\">\n\t\t\t\t<span class=\"entry-utility-prep entry-utility-prep-tag-links\">Etiquetas<\/span> <a href=\"https:\/\/c3t-utn.ar\/?tag=interurbano\" rel=\"tag\">Interurbano<\/a>, <a href=\"https:\/\/c3t-utn.ar\/?tag=jurisdiccion-nacional\" rel=\"tag\">Jurisdicci\u00f3n nacional<\/a>, <a href=\"https:\/\/c3t-utn.ar\/?tag=pasajeros\" rel=\"tag\">Pasajeros<\/a>, <a href=\"https:\/\/c3t-utn.ar\/?tag=servicios-de-transporte-publico\" rel=\"tag\">Servicios de transporte p\u00fablico<\/a>\t\t\t<\/span>\n\t\t\t<!--<span class=\"meta-sep\">|<\/span>-->\n\t\t\t\t<!--<span class=\"comments-link\"><span>Comentarios desactivados<span class=\"screen-reader-text\"> en 1ra. Jornada T\u00e9cnica del C3T-UTN: \u00abTarifas de Servicios de Transporte P\u00fablico de Pasajeros de larga distancia de jurisdicci\u00f3n nacional. Nuevo esquema de c\u00e1lculo.\u00bb<\/span><\/span><\/span>-->\n\t\t\t<\/div>\n<\/div>\n<!-- \/\/ End of Post Wrap -->\n<!-- NOTE: If you need to make changes to this file, copy it to your current theme's main\n\tdirectory so your changes won't be overwritten when the plugin is upgraded. -->\n\n<!-- Start of Post Wrap -->\n<div class=\"post hentry ivycat-post\">\n\t<!-- This is the output of the post TITLE -->\n\t<h2 class=\"entry-title\"><a href=\"https:\/\/c3t-utn.ar\/?p=335\">Informe t\u00e9cnico sobre tr\u00e1nsito de cargas en avda. Ing. Huergo de la C.A.B.A.\u201d <\/a><\/h2>\n\n\t<b><i>1 enero, 2010<\/i><\/b> <!-- Agrego fecha en el POST. DAS 17\/10\/2017. Lo bajo una fila. DAS 07\/03\/2018-->\n\n\t<!-- This is the output of the META information -->\n\t<div class=\"entry-utility\">\n\t\t\t\t\t<span class=\"cat-links\">\n\t\t\t\t<span class=\"entry-utility-prep entry-utility-prep-cat-links\">Publicado en<\/span> <a href=\"https:\/\/c3t-utn.ar\/?cat=41\" rel=\"category\">Tr\u00e1nsito y Seguridad Vial<\/a>\t\t\t<\/span>\n\t\t\t<span class=\"meta-sep\">|<\/span>\n\t\t\t\t\t\t\t<span class=\"tag-links\">\n\t\t\t\t<span class=\"entry-utility-prep entry-utility-prep-tag-links\">Etiquetas<\/span> <a href=\"https:\/\/c3t-utn.ar\/?tag=cargas\" rel=\"tag\">Cargas<\/a>, <a href=\"https:\/\/c3t-utn.ar\/?tag=infraestructura\" rel=\"tag\">Infraestructura<\/a>, <a href=\"https:\/\/c3t-utn.ar\/?tag=logistica\" rel=\"tag\">Log\u00edstica<\/a>, <a href=\"https:\/\/c3t-utn.ar\/?tag=puertos\" rel=\"tag\">Puertos<\/a>, <a href=\"https:\/\/c3t-utn.ar\/?tag=seguridad-vial\" rel=\"tag\">Seguridad vial<\/a>, <a href=\"https:\/\/c3t-utn.ar\/?tag=transito\" rel=\"tag\">Tr\u00e1nsito<\/a>, <a href=\"https:\/\/c3t-utn.ar\/?tag=transporte-automotor\" rel=\"tag\">Transporte automotor<\/a>, <a href=\"https:\/\/c3t-utn.ar\/?tag=urbano\" rel=\"tag\">Urbano<\/a>\t\t\t<\/span>\n\t\t\t<!--<span class=\"meta-sep\">|<\/span>-->\n\t\t\t\t<!--<span class=\"comments-link\"><span>Comentarios desactivados<span class=\"screen-reader-text\"> en Informe t\u00e9cnico sobre tr\u00e1nsito de cargas en avda. Ing. Huergo de la C.A.B.A.\u201d<\/span><\/span><\/span>-->\n\t\t\t<\/div>\n<\/div>\n<!-- \/\/ End of Post Wrap -->\n<!-- NOTE: If you need to make changes to this file, copy it to your current theme's main\n\tdirectory so your changes won't be overwritten when the plugin is upgraded. -->\n\n<!-- Start of Post Wrap -->\n<div class=\"post hentry ivycat-post\">\n\t<!-- This is the output of the post TITLE -->\n\t<h2 class=\"entry-title\"><a href=\"https:\/\/c3t-utn.ar\/?p=351\">Una metodolog\u00eda para dar transparencia y rapidez a la evaluaci\u00f3n de los aspectos t\u00e9cnicos de ofertas en un proceso licitatorio <\/a><\/h2>\n\n\t<b><i>1 diciembre, 2009<\/i><\/b> <!-- Agrego fecha en el POST. DAS 17\/10\/2017. Lo bajo una fila. DAS 07\/03\/2018-->\n\n\t<!-- This is the output of the META information -->\n\t<div class=\"entry-utility\">\n\t\t\t\t\t<span class=\"cat-links\">\n\t\t\t\t<span class=\"entry-utility-prep entry-utility-prep-cat-links\">Publicado en<\/span> <a href=\"https:\/\/c3t-utn.ar\/?cat=39\" rel=\"category\">Ferroviario<\/a>, <a href=\"https:\/\/c3t-utn.ar\/?cat=2\" rel=\"category\">Trabajos Publicados<\/a>\t\t\t<\/span>\n\t\t\t<span class=\"meta-sep\">|<\/span>\n\t\t\t\t\t\t\t<span class=\"tag-links\">\n\t\t\t\t<span class=\"entry-utility-prep entry-utility-prep-tag-links\">Etiquetas<\/span> <a href=\"https:\/\/c3t-utn.ar\/?tag=infraestructura\" rel=\"tag\">Infraestructura<\/a>, <a href=\"https:\/\/c3t-utn.ar\/?tag=normativa\" rel=\"tag\">Normativa<\/a>, <a href=\"https:\/\/c3t-utn.ar\/?tag=transporte-ferroviario\" rel=\"tag\">Transporte ferroviario<\/a>, <a href=\"https:\/\/c3t-utn.ar\/?tag=trenes\" rel=\"tag\">Trenes<\/a>\t\t\t<\/span>\n\t\t\t<!--<span class=\"meta-sep\">|<\/span>-->\n\t\t\t\t<!--<span class=\"comments-link\"><span>Comentarios desactivados<span class=\"screen-reader-text\"> en Una metodolog\u00eda para dar transparencia y rapidez a la evaluaci\u00f3n de los aspectos t\u00e9cnicos de ofertas en un proceso licitatorio<\/span><\/span><\/span>-->\n\t\t\t<\/div>\n<\/div>\n<!-- \/\/ End of Post Wrap -->\n<!-- NOTE: If you need to make changes to this file, copy it to your current theme's main\n\tdirectory so your changes won't be overwritten when the plugin is upgraded. -->\n\n<!-- Start of Post Wrap -->\n<div class=\"post hentry ivycat-post\">\n\t<!-- This is the output of the post TITLE -->\n\t<h2 class=\"entry-title\"><a href=\"https:\/\/c3t-utn.ar\/?p=304\">El transporte de ganado bovino en la Rep\u00fablica Argentina <\/a><\/h2>\n\n\t<b><i>1 septiembre, 2009<\/i><\/b> <!-- Agrego fecha en el POST. DAS 17\/10\/2017. Lo bajo una fila. DAS 07\/03\/2018-->\n\n\t<!-- This is the output of the META information -->\n\t<div class=\"entry-utility\">\n\t\t\t\t\t<span class=\"cat-links\">\n\t\t\t\t<span class=\"entry-utility-prep entry-utility-prep-cat-links\">Publicado en<\/span> <a href=\"https:\/\/c3t-utn.ar\/?cat=36\" rel=\"category\">Automotor<\/a>, <a href=\"https:\/\/c3t-utn.ar\/?cat=38\" rel=\"category\">Cargas<\/a>, <a href=\"https:\/\/c3t-utn.ar\/?cat=2\" rel=\"category\">Trabajos Publicados<\/a>\t\t\t<\/span>\n\t\t\t<span class=\"meta-sep\">|<\/span>\n\t\t\t\t\t\t\t<span class=\"tag-links\">\n\t\t\t\t<span class=\"entry-utility-prep entry-utility-prep-tag-links\">Etiquetas<\/span> <a href=\"https:\/\/c3t-utn.ar\/?tag=cabotaje\" rel=\"tag\">Cabotaje<\/a>, <a href=\"https:\/\/c3t-utn.ar\/?tag=cargas\" rel=\"tag\">Cargas<\/a>, <a href=\"https:\/\/c3t-utn.ar\/?tag=empresas\" rel=\"tag\">Empresas<\/a>, <a href=\"https:\/\/c3t-utn.ar\/?tag=hacienda\" rel=\"tag\">Hacienda<\/a>, <a href=\"https:\/\/c3t-utn.ar\/?tag=intermodalidad\" rel=\"tag\">Intermodalidad<\/a>, <a href=\"https:\/\/c3t-utn.ar\/?tag=normativa\" rel=\"tag\">Normativa<\/a>, <a href=\"https:\/\/c3t-utn.ar\/?tag=transporte-automotor\" rel=\"tag\">Transporte automotor<\/a>, <a href=\"https:\/\/c3t-utn.ar\/?tag=transporte-fluvial\" rel=\"tag\">Transporte Fluvial<\/a>\t\t\t<\/span>\n\t\t\t<!--<span class=\"meta-sep\">|<\/span>-->\n\t\t\t\t<!--<span class=\"comments-link\"><span>Comentarios desactivados<span class=\"screen-reader-text\"> en El transporte de ganado bovino en la Rep\u00fablica Argentina<\/span><\/span><\/span>-->\n\t\t\t<\/div>\n<\/div>\n<!-- \/\/ End of Post Wrap -->\n<!-- NOTE: If you need to make changes to this file, copy it to your current theme's main\n\tdirectory so your changes won't be overwritten when the plugin is upgraded. -->\n\n<!-- Start of Post Wrap -->\n<div class=\"post hentry ivycat-post\">\n\t<!-- This is the output of the post TITLE -->\n\t<h2 class=\"entry-title\"><a href=\"https:\/\/c3t-utn.ar\/?p=1035\">\u00abTransporte p\u00fablico automotor de pasajeros en la Argentina\u00bb (2009) <\/a><\/h2>\n\n\t<b><i>1 junio, 2009<\/i><\/b> <!-- Agrego fecha en el POST. DAS 17\/10\/2017. Lo bajo una fila. DAS 07\/03\/2018-->\n\n\t<!-- This is the output of the META information -->\n\t<div class=\"entry-utility\">\n\t\t\t\t\t<span class=\"cat-links\">\n\t\t\t\t<span class=\"entry-utility-prep entry-utility-prep-cat-links\">Publicado en<\/span> <a href=\"https:\/\/c3t-utn.ar\/?cat=94\" rel=\"category\">Libros<\/a>, <a href=\"https:\/\/c3t-utn.ar\/?cat=2\" rel=\"category\">Trabajos Publicados<\/a>\t\t\t<\/span>\n\t\t\t<span class=\"meta-sep\">|<\/span>\n\t\t\t\t\t\t\t<span class=\"tag-links\">\n\t\t\t\t<span class=\"entry-utility-prep entry-utility-prep-tag-links\">Etiquetas<\/span> <a href=\"https:\/\/c3t-utn.ar\/?tag=colectivos\" rel=\"tag\">Colectivos<\/a>, <a href=\"https:\/\/c3t-utn.ar\/?tag=empresas\" rel=\"tag\">Empresas<\/a>, <a href=\"https:\/\/c3t-utn.ar\/?tag=historia\" rel=\"tag\">Historia<\/a>, <a href=\"https:\/\/c3t-utn.ar\/?tag=interurbano\" rel=\"tag\">Interurbano<\/a>, <a href=\"https:\/\/c3t-utn.ar\/?tag=jurisdiccion-nacional\" rel=\"tag\">Jurisdicci\u00f3n nacional<\/a>, <a href=\"https:\/\/c3t-utn.ar\/?tag=normativa\" rel=\"tag\">Normativa<\/a>, <a href=\"https:\/\/c3t-utn.ar\/?tag=parque-movil\" rel=\"tag\">Parque M\u00f3vil<\/a>, <a href=\"https:\/\/c3t-utn.ar\/?tag=pasajeros\" rel=\"tag\">Pasajeros<\/a>, <a href=\"https:\/\/c3t-utn.ar\/?tag=servicios-de-transporte-publico\" rel=\"tag\">Servicios de transporte p\u00fablico<\/a>, <a href=\"https:\/\/c3t-utn.ar\/?tag=transporte-automotor\" rel=\"tag\">Transporte automotor<\/a>\t\t\t<\/span>\n\t\t\t<!--<span class=\"meta-sep\">|<\/span>-->\n\t\t\t\t<!--<span class=\"comments-link\"><span>Comentarios desactivados<span class=\"screen-reader-text\"> en \u00abTransporte p\u00fablico automotor de pasajeros en la Argentina\u00bb (2009)<\/span><\/span><\/span>-->\n\t\t\t<\/div>\n<\/div>\n<!-- \/\/ End of Post Wrap -->\n<!-- NOTE: If you need to make changes to this file, copy it to your current theme's main\n\tdirectory so your changes won't be overwritten when the plugin is upgraded. -->\n\n<!-- Start of Post Wrap -->\n<div class=\"post hentry ivycat-post\">\n\t<!-- This is the output of the post TITLE -->\n\t<h2 class=\"entry-title\"><a href=\"https:\/\/c3t-utn.ar\/?p=301\">Mapa PyME: caracterizaci\u00f3n del sector de transporte de cargas <\/a><\/h2>\n\n\t<b><i>1 mayo, 2009<\/i><\/b> <!-- Agrego fecha en el POST. DAS 17\/10\/2017. Lo bajo una fila. DAS 07\/03\/2018-->\n\n\t<!-- This is the output of the META information -->\n\t<div class=\"entry-utility\">\n\t\t\t\t\t<span class=\"cat-links\">\n\t\t\t\t<span class=\"entry-utility-prep entry-utility-prep-cat-links\">Publicado en<\/span> <a href=\"https:\/\/c3t-utn.ar\/?cat=36\" rel=\"category\">Automotor<\/a>, <a href=\"https:\/\/c3t-utn.ar\/?cat=38\" rel=\"category\">Cargas<\/a>, <a href=\"https:\/\/c3t-utn.ar\/?cat=2\" rel=\"category\">Trabajos Publicados<\/a>\t\t\t<\/span>\n\t\t\t<span class=\"meta-sep\">|<\/span>\n\t\t\t\t\t\t\t<span class=\"tag-links\">\n\t\t\t\t<span class=\"entry-utility-prep entry-utility-prep-tag-links\">Etiquetas<\/span> <a href=\"https:\/\/c3t-utn.ar\/?tag=cargas\" rel=\"tag\">Cargas<\/a>, <a href=\"https:\/\/c3t-utn.ar\/?tag=empresas\" rel=\"tag\">Empresas<\/a>, <a href=\"https:\/\/c3t-utn.ar\/?tag=gasto\" rel=\"tag\">Gasto<\/a>, <a href=\"https:\/\/c3t-utn.ar\/?tag=industria\" rel=\"tag\">Industria<\/a>, <a href=\"https:\/\/c3t-utn.ar\/?tag=infraestructura\" rel=\"tag\">Infraestructura<\/a>, <a href=\"https:\/\/c3t-utn.ar\/?tag=transporte-automotor\" rel=\"tag\">Transporte automotor<\/a>\t\t\t<\/span>\n\t\t\t<!--<span class=\"meta-sep\">|<\/span>-->\n\t\t\t\t<!--<span class=\"comments-link\"><span>Comentarios desactivados<span class=\"screen-reader-text\"> en Mapa PyME: caracterizaci\u00f3n del sector de transporte de cargas<\/span><\/span><\/span>-->\n\t\t\t<\/div>\n<\/div>\n<!-- \/\/ End of Post Wrap -->\n<!-- NOTE: If you need to make changes to this file, copy it to your current theme's main\n\tdirectory so your changes won't be overwritten when the plugin is upgraded. -->\n\n<!-- Start of Post Wrap -->\n<div class=\"post hentry ivycat-post\">\n\t<!-- This is the output of the post TITLE -->\n\t<h2 class=\"entry-title\"><a href=\"https:\/\/c3t-utn.ar\/?p=319\">Las cuentas provinciales del transporte automotor de pasajeros en la Argentina: Servicios P\u00fablicos Urbanos e Interurbanos y Servicios de Taxis y Remises <\/a><\/h2>\n\n\t<b><i>1 marzo, 2009<\/i><\/b> <!-- Agrego fecha en el POST. DAS 17\/10\/2017. Lo bajo una fila. DAS 07\/03\/2018-->\n\n\t<!-- This is the output of the META information -->\n\t<div class=\"entry-utility\">\n\t\t\t\t\t<span class=\"cat-links\">\n\t\t\t\t<span class=\"entry-utility-prep entry-utility-prep-cat-links\">Publicado en<\/span> <a href=\"https:\/\/c3t-utn.ar\/?cat=36\" rel=\"category\">Automotor<\/a>, <a href=\"https:\/\/c3t-utn.ar\/?cat=37\" rel=\"category\">Pasajeros<\/a>, <a href=\"https:\/\/c3t-utn.ar\/?cat=2\" rel=\"category\">Trabajos Publicados<\/a>\t\t\t<\/span>\n\t\t\t<span class=\"meta-sep\">|<\/span>\n\t\t\t\t\t\t\t<span class=\"tag-links\">\n\t\t\t\t<span class=\"entry-utility-prep entry-utility-prep-tag-links\">Etiquetas<\/span> <a href=\"https:\/\/c3t-utn.ar\/?tag=charter\" rel=\"tag\">Charter<\/a>, <a href=\"https:\/\/c3t-utn.ar\/?tag=interurbano\" rel=\"tag\">Interurbano<\/a>, <a href=\"https:\/\/c3t-utn.ar\/?tag=remises\" rel=\"tag\">Remises<\/a>, <a href=\"https:\/\/c3t-utn.ar\/?tag=taxis\" rel=\"tag\">Taxis<\/a>, <a href=\"https:\/\/c3t-utn.ar\/?tag=transporte-automotor\" rel=\"tag\">Transporte automotor<\/a>, <a href=\"https:\/\/c3t-utn.ar\/?tag=urbano\" rel=\"tag\">Urbano<\/a>\t\t\t<\/span>\n\t\t\t<!--<span class=\"meta-sep\">|<\/span>-->\n\t\t\t\t<!--<span class=\"comments-link\"><span>Comentarios desactivados<span class=\"screen-reader-text\"> en Las cuentas provinciales del transporte automotor de pasajeros en la Argentina: Servicios P\u00fablicos Urbanos e Interurbanos y Servicios de Taxis y Remises<\/span><\/span><\/span>-->\n\t\t\t<\/div>\n<\/div>\n<!-- \/\/ End of Post Wrap -->\n<!-- NOTE: If you need to make changes to this file, copy it to your current theme's main\n\tdirectory so your changes won't be overwritten when the plugin is upgraded. -->\n\n<!-- Start of Post Wrap -->\n<div class=\"post hentry ivycat-post\">\n\t<!-- This is the output of the post TITLE -->\n\t<h2 class=\"entry-title\"><a href=\"https:\/\/c3t-utn.ar\/?p=293\">Cosechas Agr\u00edcolas Argentinas: producci\u00f3n y estacionalidad por provincia <\/a><\/h2>\n\n\t<b><i><\/i><\/b> <!-- Agrego fecha en el POST. DAS 17\/10\/2017. Lo bajo una fila. DAS 07\/03\/2018-->\n\n\t<!-- This is the output of the META information -->\n\t<div class=\"entry-utility\">\n\t\t\t\t\t<span class=\"cat-links\">\n\t\t\t\t<span class=\"entry-utility-prep entry-utility-prep-cat-links\">Publicado en<\/span> <a href=\"https:\/\/c3t-utn.ar\/?cat=36\" rel=\"category\">Automotor<\/a>, <a href=\"https:\/\/c3t-utn.ar\/?cat=38\" rel=\"category\">Cargas<\/a>, <a href=\"https:\/\/c3t-utn.ar\/?cat=2\" rel=\"category\">Trabajos Publicados<\/a>\t\t\t<\/span>\n\t\t\t<span class=\"meta-sep\">|<\/span>\n\t\t\t\t\t\t\t<span class=\"tag-links\">\n\t\t\t\t<span class=\"entry-utility-prep entry-utility-prep-tag-links\">Etiquetas<\/span> <a href=\"https:\/\/c3t-utn.ar\/?tag=cabotaje\" rel=\"tag\">Cabotaje<\/a>, <a href=\"https:\/\/c3t-utn.ar\/?tag=cargas\" rel=\"tag\">Cargas<\/a>, <a href=\"https:\/\/c3t-utn.ar\/?tag=combustible\" rel=\"tag\">Combustible<\/a>, <a href=\"https:\/\/c3t-utn.ar\/?tag=comercio-exterior\" rel=\"tag\">Comercio exterior<\/a>, <a href=\"https:\/\/c3t-utn.ar\/?tag=granos\" rel=\"tag\">Granos<\/a>, <a href=\"https:\/\/c3t-utn.ar\/?tag=infraestructura\" rel=\"tag\">Infraestructura<\/a>, <a href=\"https:\/\/c3t-utn.ar\/?tag=interurbano\" rel=\"tag\">Interurbano<\/a>, <a href=\"https:\/\/c3t-utn.ar\/?tag=logistica\" rel=\"tag\">Log\u00edstica<\/a>, <a href=\"https:\/\/c3t-utn.ar\/?tag=transporte-automotor\" rel=\"tag\">Transporte automotor<\/a>\t\t\t<\/span>\n\t\t\t<!--<span class=\"meta-sep\">|<\/span>-->\n\t\t\t\t<!--<span class=\"comments-link\"><span>Comentarios desactivados<span class=\"screen-reader-text\"> en Cosechas Agr\u00edcolas Argentinas: producci\u00f3n y estacionalidad por provincia<\/span><\/span><\/span>-->\n\t\t\t<\/div>\n<\/div>\n<!-- \/\/ End of Post Wrap -->\n<!-- NOTE: If you need to make changes to this file, copy it to your current theme's main\n\tdirectory so your changes won't be overwritten when the plugin is upgraded. -->\n\n<!-- Start of Post Wrap -->\n<div class=\"post hentry ivycat-post\">\n\t<!-- This is the output of the post TITLE -->\n\t<h2 class=\"entry-title\"><a href=\"https:\/\/c3t-utn.ar\/?p=322\">Taxis y Remises de Argentina. Estimaci\u00f3n de la flota en operaci\u00f3n y de su recaudaci\u00f3n. A\u00f1o 2007 <\/a><\/h2>\n\n\t<b><i>1 diciembre, 2008<\/i><\/b> <!-- Agrego fecha en el POST. DAS 17\/10\/2017. Lo bajo una fila. DAS 07\/03\/2018-->\n\n\t<!-- This is the output of the META information -->\n\t<div class=\"entry-utility\">\n\t\t\t\t\t<span class=\"cat-links\">\n\t\t\t\t<span class=\"entry-utility-prep entry-utility-prep-cat-links\">Publicado en<\/span> <a href=\"https:\/\/c3t-utn.ar\/?cat=36\" rel=\"category\">Automotor<\/a>, <a href=\"https:\/\/c3t-utn.ar\/?cat=37\" rel=\"category\">Pasajeros<\/a>, <a href=\"https:\/\/c3t-utn.ar\/?cat=2\" rel=\"category\">Trabajos Publicados<\/a>\t\t\t<\/span>\n\t\t\t<span class=\"meta-sep\">|<\/span>\n\t\t\t\t\t\t\t<span class=\"tag-links\">\n\t\t\t\t<span class=\"entry-utility-prep entry-utility-prep-tag-links\">Etiquetas<\/span> <a href=\"https:\/\/c3t-utn.ar\/?tag=parque-movil\" rel=\"tag\">Parque M\u00f3vil<\/a>, <a href=\"https:\/\/c3t-utn.ar\/?tag=pasajeros\" rel=\"tag\">Pasajeros<\/a>, <a href=\"https:\/\/c3t-utn.ar\/?tag=remises\" rel=\"tag\">Remises<\/a>, <a href=\"https:\/\/c3t-utn.ar\/?tag=servicios-de-transporte-publico\" rel=\"tag\">Servicios de transporte p\u00fablico<\/a>, <a href=\"https:\/\/c3t-utn.ar\/?tag=taxis\" rel=\"tag\">Taxis<\/a>, <a href=\"https:\/\/c3t-utn.ar\/?tag=urbano\" rel=\"tag\">Urbano<\/a>\t\t\t<\/span>\n\t\t\t<!--<span class=\"meta-sep\">|<\/span>-->\n\t\t\t\t<!--<span class=\"comments-link\"><span>Comentarios desactivados<span class=\"screen-reader-text\"> en Taxis y Remises de Argentina. Estimaci\u00f3n de la flota en operaci\u00f3n y de su recaudaci\u00f3n. A\u00f1o 2007<\/span><\/span><\/span>-->\n\t\t\t<\/div>\n<\/div>\n<!-- \/\/ End of Post Wrap -->\n<!-- NOTE: If you need to make changes to this file, copy it to your current theme's main\n\tdirectory so your changes won't be overwritten when the plugin is upgraded. -->\n\n<!-- Start of Post Wrap -->\n<div class=\"post hentry ivycat-post\">\n\t<!-- This is the output of the post TITLE -->\n\t<h2 class=\"entry-title\"><a href=\"https:\/\/c3t-utn.ar\/?p=316\">An\u00e1lisis del servicio de charter en la zona sur de la Regi\u00f3n Metropolitana de Buenos Aires: Adrogu\u00e9 \/ M\u00e1rmol <\/a><\/h2>\n\n\t<b><i>1 noviembre, 2008<\/i><\/b> <!-- Agrego fecha en el POST. DAS 17\/10\/2017. Lo bajo una fila. DAS 07\/03\/2018-->\n\n\t<!-- This is the output of the META information -->\n\t<div class=\"entry-utility\">\n\t\t\t\t\t<span class=\"cat-links\">\n\t\t\t\t<span class=\"entry-utility-prep entry-utility-prep-cat-links\">Publicado en<\/span> <a href=\"https:\/\/c3t-utn.ar\/?cat=36\" rel=\"category\">Automotor<\/a>, <a href=\"https:\/\/c3t-utn.ar\/?cat=37\" rel=\"category\">Pasajeros<\/a>, <a href=\"https:\/\/c3t-utn.ar\/?cat=2\" rel=\"category\">Trabajos Publicados<\/a>\t\t\t<\/span>\n\t\t\t<span class=\"meta-sep\">|<\/span>\n\t\t\t\t\t\t\t<span class=\"tag-links\">\n\t\t\t\t<span class=\"entry-utility-prep entry-utility-prep-tag-links\">Etiquetas<\/span> <a href=\"https:\/\/c3t-utn.ar\/?tag=charter\" rel=\"tag\">Charter<\/a>, <a href=\"https:\/\/c3t-utn.ar\/?tag=normativa\" rel=\"tag\">Normativa<\/a>, <a href=\"https:\/\/c3t-utn.ar\/?tag=servicios-de-transporte-publico\" rel=\"tag\">Servicios de transporte p\u00fablico<\/a>, <a href=\"https:\/\/c3t-utn.ar\/?tag=transporte-automotor\" rel=\"tag\">Transporte automotor<\/a>, <a href=\"https:\/\/c3t-utn.ar\/?tag=urbano\" rel=\"tag\">Urbano<\/a>\t\t\t<\/span>\n\t\t\t<!--<span class=\"meta-sep\">|<\/span>-->\n\t\t\t\t<!--<span class=\"comments-link\"><span>Comentarios desactivados<span class=\"screen-reader-text\"> en An\u00e1lisis del servicio de charter en la zona sur de la Regi\u00f3n Metropolitana de Buenos Aires: Adrogu\u00e9 \/ M\u00e1rmol<\/span><\/span><\/span>-->\n\t\t\t<\/div>\n<\/div>\n<!-- \/\/ End of Post Wrap -->\n<!-- NOTE: If you need to make changes to this file, copy it to your current theme's main\n\tdirectory so your changes won't be overwritten when the plugin is upgraded. -->\n\n<!-- Start of Post Wrap -->\n<div class=\"post hentry ivycat-post\">\n\t<!-- This is the output of the post TITLE -->\n\t<h2 class=\"entry-title\"><a href=\"https:\/\/c3t-utn.ar\/?p=313\">El transporte urbano de pasajeros en el aglomerado urbano Santiago del Estero \u2013 La Banda <\/a><\/h2>\n\n\t<b><i>1 octubre, 2008<\/i><\/b> <!-- Agrego fecha en el POST. DAS 17\/10\/2017. Lo bajo una fila. DAS 07\/03\/2018-->\n\n\t<!-- This is the output of the META information -->\n\t<div class=\"entry-utility\">\n\t\t\t\t\t<span class=\"cat-links\">\n\t\t\t\t<span class=\"entry-utility-prep entry-utility-prep-cat-links\">Publicado en<\/span> <a href=\"https:\/\/c3t-utn.ar\/?cat=36\" rel=\"category\">Automotor<\/a>, <a href=\"https:\/\/c3t-utn.ar\/?cat=37\" rel=\"category\">Pasajeros<\/a>, <a href=\"https:\/\/c3t-utn.ar\/?cat=2\" rel=\"category\">Trabajos Publicados<\/a>\t\t\t<\/span>\n\t\t\t<span class=\"meta-sep\">|<\/span>\n\t\t\t\t\t\t\t<span class=\"tag-links\">\n\t\t\t\t<span class=\"entry-utility-prep entry-utility-prep-tag-links\">Etiquetas<\/span> <a href=\"https:\/\/c3t-utn.ar\/?tag=distribucion-modal\" rel=\"tag\">Distribuci\u00f3n Modal<\/a>, <a href=\"https:\/\/c3t-utn.ar\/?tag=intermodalidad\" rel=\"tag\">Intermodalidad<\/a>, <a href=\"https:\/\/c3t-utn.ar\/?tag=pasajeros\" rel=\"tag\">Pasajeros<\/a>, <a href=\"https:\/\/c3t-utn.ar\/?tag=servicios-de-transporte-publico\" rel=\"tag\">Servicios de transporte p\u00fablico<\/a>, <a href=\"https:\/\/c3t-utn.ar\/?tag=transporte-automotor\" rel=\"tag\">Transporte automotor<\/a>, <a href=\"https:\/\/c3t-utn.ar\/?tag=urbano\" rel=\"tag\">Urbano<\/a>\t\t\t<\/span>\n\t\t\t<!--<span class=\"meta-sep\">|<\/span>-->\n\t\t\t\t<!--<span class=\"comments-link\"><span>Comentarios desactivados<span class=\"screen-reader-text\"> en El transporte urbano de pasajeros en el aglomerado urbano Santiago del Estero \u2013 La Banda<\/span><\/span><\/span>-->\n\t\t\t<\/div>\n<\/div>\n<!-- \/\/ End of Post Wrap -->\n<!-- NOTE: If you need to make changes to this file, copy it to your current theme's main\n\tdirectory so your changes won't be overwritten when the plugin is upgraded. -->\n\n<!-- Start of Post Wrap -->\n<div class=\"post hentry ivycat-post\">\n\t<!-- This is the output of the post TITLE -->\n\t<h2 class=\"entry-title\"><a href=\"https:\/\/c3t-utn.ar\/?p=287\">El transporte de c\u00edtricos en la Argentina <\/a><\/h2>\n\n\t<b><i>1 junio, 2007<\/i><\/b> <!-- Agrego fecha en el POST. DAS 17\/10\/2017. Lo bajo una fila. DAS 07\/03\/2018-->\n\n\t<!-- This is the output of the META information -->\n\t<div class=\"entry-utility\">\n\t\t\t\t\t<span class=\"cat-links\">\n\t\t\t\t<span class=\"entry-utility-prep entry-utility-prep-cat-links\">Publicado en<\/span> <a href=\"https:\/\/c3t-utn.ar\/?cat=36\" rel=\"category\">Automotor<\/a>, <a href=\"https:\/\/c3t-utn.ar\/?cat=38\" rel=\"category\">Cargas<\/a>, <a href=\"https:\/\/c3t-utn.ar\/?cat=2\" rel=\"category\">Trabajos Publicados<\/a>\t\t\t<\/span>\n\t\t\t<span class=\"meta-sep\">|<\/span>\n\t\t\t\t\t\t\t<span class=\"tag-links\">\n\t\t\t\t<span class=\"entry-utility-prep entry-utility-prep-tag-links\">Etiquetas<\/span> <a href=\"https:\/\/c3t-utn.ar\/?tag=agricultura\" rel=\"tag\">Agricultura<\/a>, <a href=\"https:\/\/c3t-utn.ar\/?tag=cargas\" rel=\"tag\">Cargas<\/a>, <a href=\"https:\/\/c3t-utn.ar\/?tag=comercio-exterior\" rel=\"tag\">Comercio exterior<\/a>, <a href=\"https:\/\/c3t-utn.ar\/?tag=distribucion-modal\" rel=\"tag\">Distribuci\u00f3n Modal<\/a>, <a href=\"https:\/\/c3t-utn.ar\/?tag=intermodalidad\" rel=\"tag\">Intermodalidad<\/a>, <a href=\"https:\/\/c3t-utn.ar\/?tag=interurbano\" rel=\"tag\">Interurbano<\/a>, <a href=\"https:\/\/c3t-utn.ar\/?tag=logistica\" rel=\"tag\">Log\u00edstica<\/a>\t\t\t<\/span>\n\t\t\t<!--<span class=\"meta-sep\">|<\/span>-->\n\t\t\t\t<!--<span class=\"comments-link\"><span>Comentarios desactivados<span class=\"screen-reader-text\"> en El transporte de c\u00edtricos en la Argentina<\/span><\/span><\/span>-->\n\t\t\t<\/div>\n<\/div>\n<!-- \/\/ End of Post Wrap -->\n<!-- NOTE: If you need to make changes to this file, copy it to your current theme's main\n\tdirectory so your changes won't be overwritten when the plugin is upgraded. -->\n\n<!-- Start of Post Wrap -->\n<div class=\"post hentry ivycat-post\">\n\t<!-- This is the output of the post TITLE -->\n\t<h2 class=\"entry-title\"><a href=\"https:\/\/c3t-utn.ar\/?p=290\">Naftas y gasoil: El transporte automotor en la Argentina <\/a><\/h2>\n\n\t<b><i>1 mayo, 2007<\/i><\/b> <!-- Agrego fecha en el POST. DAS 17\/10\/2017. Lo bajo una fila. DAS 07\/03\/2018-->\n\n\t<!-- This is the output of the META information -->\n\t<div class=\"entry-utility\">\n\t\t\t\t\t<span class=\"cat-links\">\n\t\t\t\t<span class=\"entry-utility-prep entry-utility-prep-cat-links\">Publicado en<\/span> <a href=\"https:\/\/c3t-utn.ar\/?cat=36\" rel=\"category\">Automotor<\/a>, <a href=\"https:\/\/c3t-utn.ar\/?cat=38\" rel=\"category\">Cargas<\/a>, <a href=\"https:\/\/c3t-utn.ar\/?cat=2\" rel=\"category\">Trabajos Publicados<\/a>\t\t\t<\/span>\n\t\t\t<span class=\"meta-sep\">|<\/span>\n\t\t\t\t\t\t\t<span class=\"tag-links\">\n\t\t\t\t<span class=\"entry-utility-prep entry-utility-prep-tag-links\">Etiquetas<\/span> <a href=\"https:\/\/c3t-utn.ar\/?tag=combustible\" rel=\"tag\">Combustible<\/a>, <a href=\"https:\/\/c3t-utn.ar\/?tag=comercio-exterior\" rel=\"tag\">Comercio exterior<\/a>, <a href=\"https:\/\/c3t-utn.ar\/?tag=energia\" rel=\"tag\">Energ\u00eda<\/a>, <a href=\"https:\/\/c3t-utn.ar\/?tag=interurbano\" rel=\"tag\">Interurbano<\/a>, <a href=\"https:\/\/c3t-utn.ar\/?tag=normativa\" rel=\"tag\">Normativa<\/a>, <a href=\"https:\/\/c3t-utn.ar\/?tag=parque-movil\" rel=\"tag\">Parque M\u00f3vil<\/a>, <a href=\"https:\/\/c3t-utn.ar\/?tag=tasa-de-motorizacion\" rel=\"tag\">Tasa de Motorizacion<\/a>, <a href=\"https:\/\/c3t-utn.ar\/?tag=transporte-automotor\" rel=\"tag\">Transporte automotor<\/a>\t\t\t<\/span>\n\t\t\t<!--<span class=\"meta-sep\">|<\/span>-->\n\t\t\t\t<!--<span class=\"comments-link\"><span>Comentarios desactivados<span class=\"screen-reader-text\"> en Naftas y gasoil: El transporte automotor en la Argentina<\/span><\/span><\/span>-->\n\t\t\t<\/div>\n<\/div>\n<!-- \/\/ End of Post Wrap -->\n<!-- NOTE: If you need to make changes to this file, copy it to your current theme's main\n\tdirectory so your changes won't be overwritten when the plugin is upgraded. -->\n\n<!-- Start of Post Wrap -->\n<div class=\"post hentry ivycat-post\">\n\t<!-- This is the output of the post TITLE -->\n\t<h2 class=\"entry-title\"><a href=\"https:\/\/c3t-utn.ar\/?p=283\">\u00abEl transporte automotor de cargas en la Argentina\u00bb (2007) <\/a><\/h2>\n\n\t<b><i><\/i><\/b> <!-- Agrego fecha en el POST. DAS 17\/10\/2017. Lo bajo una fila. DAS 07\/03\/2018-->\n\n\t<!-- This is the output of the META information -->\n\t<div class=\"entry-utility\">\n\t\t\t\t\t<span class=\"cat-links\">\n\t\t\t\t<span class=\"entry-utility-prep entry-utility-prep-cat-links\">Publicado en<\/span> <a href=\"https:\/\/c3t-utn.ar\/?cat=36\" rel=\"category\">Automotor<\/a>, <a href=\"https:\/\/c3t-utn.ar\/?cat=38\" rel=\"category\">Cargas<\/a>, <a href=\"https:\/\/c3t-utn.ar\/?cat=94\" rel=\"category\">Libros<\/a>, <a href=\"https:\/\/c3t-utn.ar\/?cat=2\" rel=\"category\">Trabajos Publicados<\/a>\t\t\t<\/span>\n\t\t\t<span class=\"meta-sep\">|<\/span>\n\t\t\t\t\t\t\t<span class=\"tag-links\">\n\t\t\t\t<span class=\"entry-utility-prep entry-utility-prep-tag-links\">Etiquetas<\/span> <a href=\"https:\/\/c3t-utn.ar\/?tag=cabotaje\" rel=\"tag\">Cabotaje<\/a>, <a href=\"https:\/\/c3t-utn.ar\/?tag=cargas\" rel=\"tag\">Cargas<\/a>, <a href=\"https:\/\/c3t-utn.ar\/?tag=comercio-exterior\" rel=\"tag\">Comercio exterior<\/a>, <a href=\"https:\/\/c3t-utn.ar\/?tag=distribucion-modal\" rel=\"tag\">Distribuci\u00f3n Modal<\/a>, <a href=\"https:\/\/c3t-utn.ar\/?tag=empresas\" rel=\"tag\">Empresas<\/a>, <a href=\"https:\/\/c3t-utn.ar\/?tag=energia\" rel=\"tag\">Energ\u00eda<\/a>, <a href=\"https:\/\/c3t-utn.ar\/?tag=granos\" rel=\"tag\">Granos<\/a>, <a href=\"https:\/\/c3t-utn.ar\/?tag=infraestructura\" rel=\"tag\">Infraestructura<\/a>, <a href=\"https:\/\/c3t-utn.ar\/?tag=interurbano\" rel=\"tag\">Interurbano<\/a>, <a href=\"https:\/\/c3t-utn.ar\/?tag=jurisdiccion-nacional\" rel=\"tag\">Jurisdicci\u00f3n nacional<\/a>, <a href=\"https:\/\/c3t-utn.ar\/?tag=logistica\" rel=\"tag\">Log\u00edstica<\/a>, <a href=\"https:\/\/c3t-utn.ar\/?tag=normativa\" rel=\"tag\">Normativa<\/a>, <a href=\"https:\/\/c3t-utn.ar\/?tag=pbi\" rel=\"tag\">PBI<\/a>, <a href=\"https:\/\/c3t-utn.ar\/?tag=seguridad-vial\" rel=\"tag\">Seguridad vial<\/a>, <a href=\"https:\/\/c3t-utn.ar\/?tag=subsidios\" rel=\"tag\">Subsidios<\/a>, <a href=\"https:\/\/c3t-utn.ar\/?tag=transito\" rel=\"tag\">Tr\u00e1nsito<\/a>, <a href=\"https:\/\/c3t-utn.ar\/?tag=transporte-automotor\" rel=\"tag\">Transporte automotor<\/a>, <a href=\"https:\/\/c3t-utn.ar\/?tag=urbano\" rel=\"tag\">Urbano<\/a>\t\t\t<\/span>\n\t\t\t<!--<span class=\"meta-sep\">|<\/span>-->\n\t\t\t\t<!--<span class=\"comments-link\"><span>Comentarios desactivados<span class=\"screen-reader-text\"> en \u00abEl transporte automotor de cargas en la Argentina\u00bb (2007)<\/span><\/span><\/span>-->\n\t\t\t<\/div>\n<\/div>\n<!-- \/\/ End of Post Wrap -->\n<!-- NOTE: If you need to make changes to this file, copy it to your current theme's main\n\tdirectory so your changes won't be overwritten when the plugin is upgraded. -->\n\n<!-- Start of Post Wrap -->\n<div class=\"post hentry ivycat-post\">\n\t<!-- This is the output of the post TITLE -->\n\t<h2 class=\"entry-title\"><a href=\"https:\/\/c3t-utn.ar\/?p=340\">Veh\u00edculos de transporte automotor de pasajeros de doble piso. Estudio t\u00e9cnico: evaluaci\u00f3n de las condiciones de seguridad\u201d <\/a><\/h2>\n\n\t<b><i>1 marzo, 2007<\/i><\/b> <!-- Agrego fecha en el POST. DAS 17\/10\/2017. Lo bajo una fila. DAS 07\/03\/2018-->\n\n\t<!-- This is the output of the META information -->\n\t<div class=\"entry-utility\">\n\t\t\t\t\t<span class=\"cat-links\">\n\t\t\t\t<span class=\"entry-utility-prep entry-utility-prep-cat-links\">Publicado en<\/span> <a href=\"https:\/\/c3t-utn.ar\/?cat=41\" rel=\"category\">Tr\u00e1nsito y Seguridad Vial<\/a>\t\t\t<\/span>\n\t\t\t<span class=\"meta-sep\">|<\/span>\n\t\t\t\t\t\t\t<span class=\"tag-links\">\n\t\t\t\t<span class=\"entry-utility-prep entry-utility-prep-tag-links\">Etiquetas<\/span> <a href=\"https:\/\/c3t-utn.ar\/?tag=colectivos\" rel=\"tag\">Colectivos<\/a>, <a href=\"https:\/\/c3t-utn.ar\/?tag=infraestructura\" rel=\"tag\">Infraestructura<\/a>, <a href=\"https:\/\/c3t-utn.ar\/?tag=interurbano\" rel=\"tag\">Interurbano<\/a>, <a href=\"https:\/\/c3t-utn.ar\/?tag=normativa\" rel=\"tag\">Normativa<\/a>, <a href=\"https:\/\/c3t-utn.ar\/?tag=pasajeros\" rel=\"tag\">Pasajeros<\/a>, <a href=\"https:\/\/c3t-utn.ar\/?tag=seguridad-vial\" rel=\"tag\">Seguridad vial<\/a>, <a href=\"https:\/\/c3t-utn.ar\/?tag=transito\" rel=\"tag\">Tr\u00e1nsito<\/a>, <a href=\"https:\/\/c3t-utn.ar\/?tag=transporte-automotor\" rel=\"tag\">Transporte automotor<\/a>\t\t\t<\/span>\n\t\t\t<!--<span class=\"meta-sep\">|<\/span>-->\n\t\t\t\t<!--<span class=\"comments-link\"><span>Comentarios desactivados<span class=\"screen-reader-text\"> en Veh\u00edculos de transporte automotor de pasajeros de doble piso. Estudio t\u00e9cnico: evaluaci\u00f3n de las condiciones de seguridad\u201d<\/span><\/span><\/span>-->\n\t\t\t<\/div>\n<\/div>\n<!-- \/\/ End of Post Wrap -->\n\n","protected":false},"excerpt":{"rendered":"","protected":false},"author":1,"featured_media":0,"parent":0,"menu_order":1,"comment_status":"open","ping_status":"closed","template":"","meta":[],"_links":{"self":[{"href":"https:\/\/c3t-utn.ar\/index.php?rest_route=\/wp\/v2\/pages\/9"}],"collection":[{"href":"https:\/\/c3t-utn.ar\/index.php?rest_route=\/wp\/v2\/pages"}],"about":[{"href":"https:\/\/c3t-utn.ar\/index.php?rest_route=\/wp\/v2\/types\/page"}],"author":[{"embeddable":true,"href":"https:\/\/c3t-utn.ar\/index.php?rest_route=\/wp\/v2\/users\/1"}],"replies":[{"embeddable":true,"href":"https:\/\/c3t-utn.ar\/index.php?rest_route=%2Fwp%2Fv2%2Fcomments&post=9"}],"version-history":[{"count":16,"href":"https:\/\/c3t-utn.ar\/index.php?rest_route=\/wp\/v2\/pages\/9\/revisions"}],"predecessor-version":[{"id":1374,"href":"https:\/\/c3t-utn.ar\/index.php?rest_route=\/wp\/v2\/pages\/9\/revisions\/1374"}],"wp:attachment":[{"href":"https:\/\/c3t-utn.ar\/index.php?rest_route=%2Fwp%2Fv2%2Fmedia&parent=9"}],"curies":[{"name":"wp","href":"https:\/\/api.w.org\/{rel}","templated":true}]}}